{"id":40,"date":"2011-04-23T08:00:25","date_gmt":"2011-04-23T08:00:25","guid":{"rendered":"http:\/\/www.cliniquedentairedeneuchatel.ch\/?page_id=40"},"modified":"2024-06-06T08:44:17","modified_gmt":"2024-06-06T08:44:17","slug":"traitements-esthetiques","status":"publish","type":"page","link":"https:\/\/www.cliniquedentairedeneuchatel.ch\/ru\/traitements-esthetiques\/","title":{"rendered":"\u042d\u0441\u0442\u0435\u0442\u0438\u0447\u0435\u0441\u043a\u0438\u0435 \u043f\u0440\u043e\u0446\u0435\u0434\u0443\u0440\u044b"},"content":{"rendered":"<p>[et_pb_section fb_built=\u00a0\u00bb1&Prime; custom_padding_last_edited=\u00a0\u00bbon|phone\u00a0\u00bb _builder_version=\u00a0\u00bb4.18.0&Prime; _module_preset=\u00a0\u00bbdefault\u00a0\u00bb background_color=\u00a0\u00bb#000000&Prime; background_image=\u00a0\u00bbhttps:\/\/www.cliniquedentairedeneuchatel.ch\/wp-content\/uploads\/Image_Couple_-en_train_de_rire.jpg\u00a0\u00bb width_tablet=\u00a0\u00bb\u00a0\u00bb width_phone=\u00a0\u00bb\u00a0\u00bb width_last_edited=\u00a0\u00bbon|desktop\u00a0\u00bb min_height=\u00a0\u00bb720px\u00a0\u00bb min_height_tablet=\u00a0\u00bb450px\u00a0\u00bb min_height_phone=\u00a0\u00bb420px\u00a0\u00bb min_height_last_edited=\u00a0\u00bbon|phone\u00a0\u00bb custom_margin_tablet=\u00a0\u00bb\u00a0\u00bb custom_margin_phone=\u00a0\u00bb\u00a0\u00bb custom_margin_last_edited=\u00a0\u00bbon|desktop\u00a0\u00bb custom_padding=\u00a0\u00bb||||false|false\u00a0\u00bb custom_padding_tablet=\u00a0\u00bb25px||||false|false\u00a0\u00bb custom_padding_phone=\u00a0\u00bb||||false|false\u00a0\u00bb background_last_edited=\u00a0\u00bbon|phone\u00a0\u00bb parallax_tablet=\u00a0\u00bboff\u00a0\u00bb parallax_method_tablet=\u00a0\u00bboff\u00a0\u00bb background_size_tablet=\u00a0\u00bbcover\u00a0\u00bb background_position_tablet=\u00a0\u00bbtop_left\u00a0\u00bb background_position_phone=\u00a0\u00bbtop_center\u00a0\u00bb da_disable_devices=\u00a0\u00bboff|off|off\u00a0\u00bb locked=\u00a0\u00bboff\u00a0\u00bb global_colors_info=\u00a0\u00bb{}\u00a0\u00bb da_is_popup=\u00a0\u00bboff\u00a0\u00bb da_exit_intent=\u00a0\u00bboff\u00a0\u00bb da_has_close=\u00a0\u00bbon\u00a0\u00bb da_alt_close=\u00a0\u00bboff\u00a0\u00bb da_dark_close=\u00a0\u00bboff\u00a0\u00bb da_not_modal=\u00a0\u00bbon\u00a0\u00bb da_is_singular=\u00a0\u00bboff\u00a0\u00bb da_with_loader=\u00a0\u00bboff\u00a0\u00bb da_has_shadow=\u00a0\u00bbon\u00a0\u00bb][et_pb_row _builder_version=\u00a0\u00bb4.18.0&Prime; _module_preset=\u00a0\u00bbdefault\u00a0\u00bb custom_margin=\u00a0\u00bb13%|10%|||false|false\u00a0\u00bb custom_margin_tablet=\u00a0\u00bb25%||||false|false\u00a0\u00bb custom_margin_phone=\u00a0\u00bb50%||||false|false\u00a0\u00bb custom_margin_last_edited=\u00a0\u00bbon|phone\u00a0\u00bb custom_padding=\u00a0\u00bb||||false|false\u00a0\u00bb global_colors_info=\u00a0\u00bb{}\u00a0\u00bb][et_pb_column type=\u00a0\u00bb4_4&Prime; _builder_version=\u00a0\u00bb4.16&Prime; _module_preset=\u00a0\u00bbdefault\u00a0\u00bb global_colors_info=\u00a0\u00bb{}\u00a0\u00bb][et_pb_text _builder_version=\u00a0\u00bb4.18.0&Prime; _module_preset=\u00a0\u00bbdefault\u00a0\u00bb header_text_align=\u00a0\u00bbright\u00a0\u00bb header_text_color=\u00a0\u00bb#ffffff\u00a0\u00bb header_font_size=\u00a0\u00bb80px\u00a0\u00bb header_letter_spacing=\u00a0\u00bb1px\u00a0\u00bb custom_margin=\u00a0\u00bb||0px|||\u00a0\u00bb custom_padding=\u00a0\u00bb||0px|||\u00a0\u00bb header_text_color_tablet=\u00a0\u00bb#ffffff\u00a0\u00bb header_text_color_phone=\u00a0\u00bb\u00a0\u00bb header_text_color_last_edited=\u00a0\u00bbon|tablet\u00a0\u00bb header_font_size_tablet=\u00a0\u00bb56px\u00a0\u00bb header_font_size_phone=\u00a0\u00bb36px\u00a0\u00bb header_font_size_last_edited=\u00a0\u00bbon|phone\u00a0\u00bb header_text_shadow_style=\u00a0\u00bbpreset2&Prime; global_colors_info=\u00a0\u00bb{}\u00a0\u00bb]<\/p>\n<h1>Traitements<br \/>esth\u00e9tiques<\/h1>\n<h2 style=\"text-align: right;\"><em><span class=\"et_pb_fullwidth_header_subhead\"><\/span><\/em><\/h2>\n<p>[\/et_pb_text][et_pb_button button_url=\u00a0\u00bbhttps:\/\/rdv.dentagest.ch\/fr\/#\/gid\/D28549C8733093428B8246200CB6E38F\/cid\/DD829FB7064940499A9AE030BC61C6E1\/step\/1&Prime; button_text=\u00a0\u00bbAgenda en ligne\u00a0\u00bb button_alignment=\u00a0\u00bbright\u00a0\u00bb _builder_version=\u00a0\u00bb4.18.0&Prime; _module_preset=\u00a0\u00bbdefault\u00a0\u00bb custom_button=\u00a0\u00bbon\u00a0\u00bb button_text_color=\u00a0\u00bb#000000&Prime; button_bg_color=\u00a0\u00bb#FFFFFF\u00a0\u00bb button_border_width=\u00a0\u00bb0px\u00a0\u00bb button_border_radius=\u00a0\u00bb10px\u00a0\u00bb animation_style=\u00a0\u00bbflip\u00a0\u00bb button_text_size_tablet=\u00a0\u00bb\u00a0\u00bb button_text_size_phone=\u00a0\u00bb16px\u00a0\u00bb button_text_size_last_edited=\u00a0\u00bbon|tablet\u00a0\u00bb global_colors_info=\u00a0\u00bb{}\u00a0\u00bb][\/et_pb_button][\/et_pb_column][\/et_pb_row][\/et_pb_section][et_pb_section fb_built=\u00a0\u00bb1&Prime; _builder_version=\u00a0\u00bb4.25.1&Prime; _module_preset=\u00a0\u00bbdefault\u00a0\u00bb da_disable_devices=\u00a0\u00bboff|off|off\u00a0\u00bb global_colors_info=\u00a0\u00bb{}\u00a0\u00bb da_is_popup=\u00a0\u00bboff\u00a0\u00bb da_exit_intent=\u00a0\u00bboff\u00a0\u00bb da_has_close=\u00a0\u00bbon\u00a0\u00bb da_alt_close=\u00a0\u00bboff\u00a0\u00bb da_dark_close=\u00a0\u00bboff\u00a0\u00bb da_not_modal=\u00a0\u00bbon\u00a0\u00bb da_is_singular=\u00a0\u00bboff\u00a0\u00bb da_with_loader=\u00a0\u00bboff\u00a0\u00bb da_has_shadow=\u00a0\u00bbon\u00a0\u00bb][et_pb_row _builder_version=\u00a0\u00bb4.25.1&Prime; _module_preset=\u00a0\u00bbdefault\u00a0\u00bb global_colors_info=\u00a0\u00bb{}\u00a0\u00bb][et_pb_column type=\u00a0\u00bb4_4&Prime; _builder_version=\u00a0\u00bb4.25.1&Prime; _module_preset=\u00a0\u00bbdefault\u00a0\u00bb global_colors_info=\u00a0\u00bb{}\u00a0\u00bb][et_pb_text _builder_version=\u00a0\u00bb4.25.1&Prime; _module_preset=\u00a0\u00bbdefault\u00a0\u00bb header_font_size=\u00a0\u00bb50px\u00a0\u00bb header_line_height=\u00a0\u00bb1.2em\u00a0\u00bb animation_style=\u00a0\u00bbfade\u00a0\u00bb header_font_size_tablet=\u00a0\u00bb60px\u00a0\u00bb header_font_size_phone=\u00a0\u00bb50px\u00a0\u00bb header_font_size_last_edited=\u00a0\u00bbon|phone\u00a0\u00bb global_colors_info=\u00a0\u00bb{}\u00a0\u00bb]<\/p>\n<h1 style=\"text-align: center;\"><span class=\"color_15\">D\u00e9couvrez comment l&rsquo;esth\u00e9tique dentaire \u00e0 chang\u00e9 la vie de nos patients<\/span><\/h1>\n<p>[\/et_pb_text][\/et_pb_column][\/et_pb_row][et_pb_row column_structure=\u00a0\u00bb1_4,1_4,1_4,1_4&Prime; use_custom_gutter=\u00a0\u00bbon\u00a0\u00bb make_equal=\u00a0\u00bbon\u00a0\u00bb _builder_version=\u00a0\u00bb4.25.1&Prime; _module_preset=\u00a0\u00bbdefault\u00a0\u00bb locked=\u00a0\u00bboff\u00a0\u00bb global_colors_info=\u00a0\u00bb{}\u00a0\u00bb][et_pb_column type=\u00a0\u00bb1_4&Prime; _builder_version=\u00a0\u00bb4.16&Prime; _module_preset=\u00a0\u00bbdefault\u00a0\u00bb global_colors_info=\u00a0\u00bb{}\u00a0\u00bb][et_pb_team_member name=\u00a0\u00bbGilbert\u00a0\u00bb image_url=\u00a0\u00bbhttps:\/\/www.cliniquedentairedeneuchatel.ch\/wp-content\/uploads\/IMG_0713.jpg\u00a0\u00bb _builder_version=\u00a0\u00bb4.25.1&Prime; _module_preset=\u00a0\u00bbdefault\u00a0\u00bb text_orientation=\u00a0\u00bbcenter\u00a0\u00bb custom_padding=\u00a0\u00bb||0px|||\u00a0\u00bb link_option_url=\u00a0\u00bbhttps:\/\/youtu.be\/ybjisCp59FI\u00a0\u00bb global_colors_info=\u00a0\u00bb{}\u00a0\u00bb]<\/p>\n<p style=\"text-align: left;\"><span>Gr\u00e2ce \u00e0 un traitement esth\u00e9tique en c\u00e9ramique rapide et en douceur, Gilbert a enfin un sourire qui refl\u00e8te sa personnalit\u00e9 sociable et souriante. Regardez comment il se sent \u00e0 l&rsquo;aise avec son nouveau sourire.<\/span><\/p>\n<p>[\/et_pb_team_member][\/et_pb_column][et_pb_column type=\u00a0\u00bb1_4&Prime; _builder_version=\u00a0\u00bb4.16&Prime; _module_preset=\u00a0\u00bbdefault\u00a0\u00bb global_colors_info=\u00a0\u00bb{}\u00a0\u00bb][et_pb_team_member name=\u00a0\u00bbUrbalina\u00a0\u00bb image_url=\u00a0\u00bbhttps:\/\/www.cliniquedentairedeneuchatel.ch\/wp-content\/uploads\/IMG_0712.jpg\u00a0\u00bb _builder_version=\u00a0\u00bb4.25.1&Prime; _module_preset=\u00a0\u00bbdefault\u00a0\u00bb text_orientation=\u00a0\u00bbcenter\u00a0\u00bb link_option_url=\u00a0\u00bbhttps:\/\/youtu.be\/nIBLp3MuJ4s\u00a0\u00bb global_colors_info=\u00a0\u00bb{}\u00a0\u00bb]<\/p>\n<p style=\"text-align: left;\"><span>Des facettes dentaires peuvent-ils changer votre personnalit\u00e9s ? Oui ! D\u00e9couvrez comment notre patiente est devenue joviale et souriante depuis qu\u2019elle a retrouv\u00e9 confiance en elle.<\/span><\/p>\n<p>[\/et_pb_team_member][\/et_pb_column][et_pb_column type=\u00a0\u00bb1_4&Prime; _builder_version=\u00a0\u00bb4.16&Prime; _module_preset=\u00a0\u00bbdefault\u00a0\u00bb global_colors_info=\u00a0\u00bb{}\u00a0\u00bb][et_pb_team_member name=\u00a0\u00bbJeremy\u00a0\u00bb image_url=\u00a0\u00bbhttps:\/\/www.cliniquedentairedeneuchatel.ch\/wp-content\/uploads\/IMG_0711.jpg\u00a0\u00bb _builder_version=\u00a0\u00bb4.25.1&Prime; _module_preset=\u00a0\u00bbdefault\u00a0\u00bb text_orientation=\u00a0\u00bbcenter\u00a0\u00bb link_option_url=\u00a0\u00bbhttps:\/\/youtu.be\/9jJIihVFkiA\u00a0\u00bb global_colors_info=\u00a0\u00bb{}\u00a0\u00bb]<\/p>\n<p style=\"text-align: left;\"><span>D\u00e9couvrez la transformation du sourire de Jeremy gr\u00e2ce aux implants dentaires, \u00e0 la greffe osseuse et aux facettes dentaires, r\u00e9alis\u00e9s sans douleurs.<\/span><\/p>\n<p>[\/et_pb_team_member][\/et_pb_column][et_pb_column type=\u00a0\u00bb1_4&Prime; _builder_version=\u00a0\u00bb4.16&Prime; _module_preset=\u00a0\u00bbdefault\u00a0\u00bb global_colors_info=\u00a0\u00bb{}\u00a0\u00bb][et_pb_team_member name=\u00a0\u00bbDaniel\u00a0\u00bb image_url=\u00a0\u00bbhttps:\/\/www.cliniquedentairedeneuchatel.ch\/wp-content\/uploads\/IMG_0714.jpg\u00a0\u00bb _builder_version=\u00a0\u00bb4.25.1&Prime; _module_preset=\u00a0\u00bbdefault\u00a0\u00bb text_orientation=\u00a0\u00bbcenter\u00a0\u00bb link_option_url=\u00a0\u00bbhttps:\/\/youtu.be\/11wYk_IgjUo\u00a0\u00bb global_colors_info=\u00a0\u00bb{}\u00a0\u00bb]<\/p>\n<p style=\"text-align: left;\"><span>Traitement obtenu en 2 s\u00e9ances. Plastie des gencives et correction de la forme des dents en r\u00e9sine composite.<\/span><\/p>\n<p>[\/et_pb_team_member][\/et_pb_column][\/et_pb_row][\/et_pb_section][et_pb_section fb_built=\u00a0\u00bb1&Prime; _builder_version=\u00a0\u00bb4.16&Prime; _module_preset=\u00a0\u00bbdefault\u00a0\u00bb custom_padding=\u00a0\u00bb||0px|||\u00a0\u00bb da_disable_devices=\u00a0\u00bboff|off|off\u00a0\u00bb global_colors_info=\u00a0\u00bb{}\u00a0\u00bb da_is_popup=\u00a0\u00bboff\u00a0\u00bb da_exit_intent=\u00a0\u00bboff\u00a0\u00bb da_has_close=\u00a0\u00bbon\u00a0\u00bb da_alt_close=\u00a0\u00bboff\u00a0\u00bb da_dark_close=\u00a0\u00bboff\u00a0\u00bb da_not_modal=\u00a0\u00bbon\u00a0\u00bb da_is_singular=\u00a0\u00bboff\u00a0\u00bb da_with_loader=\u00a0\u00bboff\u00a0\u00bb da_has_shadow=\u00a0\u00bbon\u00a0\u00bb][et_pb_row _builder_version=\u00a0\u00bb4.16&Prime; _module_preset=\u00a0\u00bbdefault\u00a0\u00bb custom_padding=\u00a0\u00bb0px|||||\u00a0\u00bb locked=\u00a0\u00bboff\u00a0\u00bb global_colors_info=\u00a0\u00bb{}\u00a0\u00bb][et_pb_column type=\u00a0\u00bb4_4&Prime; _builder_version=\u00a0\u00bb4.16&Prime; _module_preset=\u00a0\u00bbdefault\u00a0\u00bb global_colors_info=\u00a0\u00bb{}\u00a0\u00bb][et_pb_text _builder_version=\u00a0\u00bb4.18.0&Prime; _module_preset=\u00a0\u00bbdefault\u00a0\u00bb header_font_size=\u00a0\u00bb50px\u00a0\u00bb header_line_height=\u00a0\u00bb1.2em\u00a0\u00bb animation_style=\u00a0\u00bbfade\u00a0\u00bb header_font_size_tablet=\u00a0\u00bb60px\u00a0\u00bb header_font_size_phone=\u00a0\u00bb50px\u00a0\u00bb header_font_size_last_edited=\u00a0\u00bbon|phone\u00a0\u00bb global_colors_info=\u00a0\u00bb{}\u00a0\u00bb]<\/p>\n<h1 style=\"text-align: center;\"><span class=\"color_15\">Qu&rsquo;est-ce que la beaut\u00e9 ?<\/span><\/h1>\n<p>[\/et_pb_text][et_pb_text _builder_version=\u00a0\u00bb4.16&Prime; _module_preset=\u00a0\u00bbdefault\u00a0\u00bb global_colors_info=\u00a0\u00bb{}\u00a0\u00bb]<\/p>\n<p class=\"font_8\" style=\"text-align: justify;\"><span class=\"color_15\">La perception de la beaut\u00e9 est personnelle, elle est bas\u00e9e sur notre exp\u00e9rience de vie, nos pr\u00e9dispositions et l&rsquo;alchimie. Si l&rsquo;on ne peut mesurer la beaut\u00e9 d&rsquo;une personne, on peut mesurer l&rsquo;harmonie d&rsquo;un visage. Les canons de beaut\u00e9 peuvent \u00eatre diff\u00e9rents selon les cultures ou l&rsquo;\u00e9poque. Cependant, l&rsquo;harmonie du visage est intemporelle. Il est prouv\u00e9 scientifiquement que la sym\u00e9trie est attractive. La perception de la beaut\u00e9 provient de l&rsquo;ensemble du visage, cependant, les diff\u00e9rentes parties du visage ne contribuent pas de mani\u00e8re \u00e9gale a\u0300 la beaut\u00e9. Selon le professeur Gordon Patzer, sp\u00e9cialiste de l&rsquo;attractivit\u00e9 physique, cinq \u00e9l\u00e9ments pr\u00e9dominent dans la beaut\u00e9 d&rsquo;un visage le rendant ainsi attirant :<\/span><\/p>\n<p class=\"font_8\" style=\"text-align: justify;\"><span class=\"color_15\"><span class=\"wixGuard\">\u200b<\/span><\/span><\/p>\n<ul class=\"font_8 color_15\" style=\"text-align: justify;\">\n<li>\n<p class=\"font_8\"><span class=\"color_15\">Les dents 76%<\/span><\/p>\n<\/li>\n<li>\n<p class=\"font_8\"><span class=\"color_15\">Le sourire 75%<\/span><\/p>\n<\/li>\n<li>\n<p class=\"font_8\"><span class=\"color_15\">Les l\u00e8vres 73%<\/span><\/p>\n<\/li>\n<li>\n<p class=\"font_8\"><span class=\"color_15\">Les yeux 63%<\/span><\/p>\n<\/li>\n<li>\n<p class=\"font_8\"><span class=\"color_15\">Le nez 58%<\/span><\/p>\n<\/li>\n<\/ul>\n<p class=\"font_8\" style=\"text-align: justify;\"><span class=\"color_15\"><span class=\"wixGuard\">\u200b<\/span><\/span><\/p>\n<p class=\"font_8\" style=\"text-align: justify;\"><span class=\"color_15\">L&rsquo;harmonie du visage peut \u00eatre atteinte en prenant en compte tous ces diff\u00e9rents \u00e9l\u00e9ments. A la clinique dentaire de Neuch\u00e2tel, diff\u00e9rentes solutions esth\u00e9tiques s&rsquo;offrent aux patients afin de cr\u00e9er un beau sourire et une harmonie du visage.\u00a0<\/span><\/p>\n<p>[\/et_pb_text][\/et_pb_column][\/et_pb_row][et_pb_row _builder_version=\u00a0\u00bb4.16&Prime; _module_preset=\u00a0\u00bbdefault\u00a0\u00bb custom_padding=\u00a0\u00bb0px|||||\u00a0\u00bb global_colors_info=\u00a0\u00bb{}\u00a0\u00bb][et_pb_column type=\u00a0\u00bb4_4&Prime; _builder_version=\u00a0\u00bb4.16&Prime; _module_preset=\u00a0\u00bbdefault\u00a0\u00bb global_colors_info=\u00a0\u00bb{}\u00a0\u00bb][et_pb_image src=\u00a0\u00bbhttps:\/\/www.cliniquedentairedeneuchatel.ch\/wp-content\/uploads\/image_Traiteent_Esthetique_2-1024&#215;626.jpg\u00a0\u00bb alt=\u00a0\u00bbSourire d&rsquo;un traitement esth\u00e9tique\u00a0\u00bb title_text=\u00a0\u00bbPhoto sourire\u00a0\u00bb _builder_version=\u00a0\u00bb4.16&Prime; _module_preset=\u00a0\u00bbdefault\u00a0\u00bb global_colors_info=\u00a0\u00bb{}\u00a0\u00bb][\/et_pb_image][\/et_pb_column][\/et_pb_row][\/et_pb_section][et_pb_section fb_built=\u00a0\u00bb1&Prime; admin_label=\u00a0\u00bbsection\u00a0\u00bb _builder_version=\u00a0\u00bb4.16&Prime; min_height=\u00a0\u00bb862px\u00a0\u00bb custom_margin=\u00a0\u00bb1px|||||\u00a0\u00bb custom_padding=\u00a0\u00bb0px||0px|||\u00a0\u00bb da_disable_devices=\u00a0\u00bboff|off|off\u00a0\u00bb global_colors_info=\u00a0\u00bb{}\u00a0\u00bb da_is_popup=\u00a0\u00bboff\u00a0\u00bb da_exit_intent=\u00a0\u00bboff\u00a0\u00bb da_has_close=\u00a0\u00bbon\u00a0\u00bb da_alt_close=\u00a0\u00bboff\u00a0\u00bb da_dark_close=\u00a0\u00bboff\u00a0\u00bb da_not_modal=\u00a0\u00bbon\u00a0\u00bb da_is_singular=\u00a0\u00bboff\u00a0\u00bb da_with_loader=\u00a0\u00bboff\u00a0\u00bb da_has_shadow=\u00a0\u00bbon\u00a0\u00bb][et_pb_row _builder_version=\u00a0\u00bb4.16&Prime; _module_preset=\u00a0\u00bbdefault\u00a0\u00bb custom_padding=\u00a0\u00bb0px|||||\u00a0\u00bb global_colors_info=\u00a0\u00bb{}\u00a0\u00bb][et_pb_column type=\u00a0\u00bb4_4&Prime; _builder_version=\u00a0\u00bb4.16&Prime; _module_preset=\u00a0\u00bbdefault\u00a0\u00bb global_colors_info=\u00a0\u00bb{}\u00a0\u00bb][et_pb_text _builder_version=\u00a0\u00bb4.16&Prime; _module_preset=\u00a0\u00bbdefault\u00a0\u00bb global_colors_info=\u00a0\u00bb{}\u00a0\u00bb]<\/p>\n<div data-packed=\"true\" data-vertical-text=\"false\" class=\"txtNew\" id=\"comp-kh3guzbb1\">\n<h2 class=\"font_2\"><span class=\"color_15\">Aimez-vous votre sourire\u00a0?<\/span><\/h2>\n<\/div>\n<div data-packed=\"true\" data-vertical-text=\"false\" class=\"txtNew\" id=\"comp-kh3guzbb2\"><\/div>\n<p>[\/et_pb_text][et_pb_text _builder_version=\u00a0\u00bb4.16&Prime; _module_preset=\u00a0\u00bbdefault\u00a0\u00bb global_colors_info=\u00a0\u00bb{}\u00a0\u00bb]<\/p>\n<p style=\"text-align: justify;\"><span>Un beau sourire illumine un visage, embellit la personne, rehausse l\u2019estime de soi et projette une image de confiance et d\u2019assurance rendant ainsi la personne plus attirante et bien dans sa peau. Parfois une simple correction suffit \u00e0 r\u00e9tablir l\u2019harmonie du visage. Une question se pose \u00e0 vous : \u00abaimez-vous votre sourire? \u00bb si ce n\u2019est pas le cas, fa\u00eetes-vous plaisir et m\u00e9tamorphosez votre sourire gr\u00e2ce \u00e0 la dentisterie esth\u00e9tique.<\/span><br \/><span>A la clinique dentaire de Neuch\u00e2tel, nous vous proposons toute une gamme de traitements esth\u00e9tiques sur mesure\u00a0:<\/span><\/p>\n<p>[\/et_pb_text][et_pb_toggle title=\u00a0\u00bbCorrections des taches blanches\u00a0\u00bb icon_color=\u00a0\u00bb#000000&Prime; use_icon_font_size=\u00a0\u00bbon\u00a0\u00bb icon_font_size=\u00a0\u00bb20px\u00a0\u00bb open_icon_color=\u00a0\u00bb#000000&Prime; open_use_icon_font_size=\u00a0\u00bbon\u00a0\u00bb open_icon_font_size=\u00a0\u00bb20px\u00a0\u00bb _builder_version=\u00a0\u00bb4.18.0&Prime; _module_preset=\u00a0\u00bbdefault\u00a0\u00bb title_font_size=\u00a0\u00bb18px\u00a0\u00bb use_background_color_gradient=\u00a0\u00bbon\u00a0\u00bb background_color_gradient_type=\u00a0\u00bbcircular\u00a0\u00bb background_color_gradient_direction_radial=\u00a0\u00bbleft\u00a0\u00bb background_color_gradient_stops=\u00a0\u00bb#ffffff 0%|#cbb5a9 100%\u00a0\u00bb background_color_gradient_start=\u00a0\u00bb#ffffff\u00a0\u00bb background_color_gradient_end=\u00a0\u00bb#d9bdb2&Prime; title_font_size_tablet=\u00a0\u00bb18px\u00a0\u00bb title_font_size_phone=\u00a0\u00bb16px\u00a0\u00bb title_font_size_last_edited=\u00a0\u00bbon|desktop\u00a0\u00bb global_colors_info=\u00a0\u00bb{}\u00a0\u00bb]<\/p>\n<p style=\"text-align: justify;\">A la clinique dentaire de Neuch\u00e2tel, nous avons recours a une nouvelle technologie permettant de faire disparaitre d\u00e9finitivement vos taches blanch\u00e2tres et renforcer votre email.<br \/>Ces taches blanch\u00e2tres, parfois marrons, sont des zones d\u2019hypomin\u00e9ralisation de l\u2019email (fluorose, MIH, hypoplasies\u2026)<\/p>\n<p>[\/et_pb_toggle][et_pb_toggle title=\u00a0\u00bbBlanchiment dentaire\u00a0\u00bb icon_color=\u00a0\u00bb#000000&Prime; use_icon_font_size=\u00a0\u00bbon\u00a0\u00bb icon_font_size=\u00a0\u00bb20px\u00a0\u00bb open_icon_color=\u00a0\u00bb#000000&Prime; open_use_icon_font_size=\u00a0\u00bbon\u00a0\u00bb open_icon_font_size=\u00a0\u00bb20px\u00a0\u00bb _builder_version=\u00a0\u00bb4.16&Prime; _module_preset=\u00a0\u00bbdefault\u00a0\u00bb title_font_size=\u00a0\u00bb18px\u00a0\u00bb use_background_color_gradient=\u00a0\u00bbon\u00a0\u00bb background_color_gradient_type=\u00a0\u00bbcircular\u00a0\u00bb background_color_gradient_direction_radial=\u00a0\u00bbleft\u00a0\u00bb background_color_gradient_stops=\u00a0\u00bb#ffffff 0%|#cbb5a9 100%\u00a0\u00bb background_color_gradient_start=\u00a0\u00bb#ffffff\u00a0\u00bb background_color_gradient_end=\u00a0\u00bb#d9bdb2&Prime; title_font_size_tablet=\u00a0\u00bb18px\u00a0\u00bb title_font_size_phone=\u00a0\u00bb16px\u00a0\u00bb title_font_size_last_edited=\u00a0\u00bbon|desktop\u00a0\u00bb global_colors_info=\u00a0\u00bb{}\u00a0\u00bb]<\/p>\n<p style=\"text-align: justify;\">L\u2019\u00e9claircissement des dents est obtenu gr\u00e2ce \u00e0 une technologie d\u2019activation du produit blanchissant \u00e0 l\u2019aide d\u2019une lampe sp\u00e9cifique qui permet un blanchiment rapide et durable en une s\u00e9ance.<\/p>\n<p style=\"text-align: justify;\">Il existe \u00e9galement une technique de blanchiment a domicile \u00e0 l\u2019aide de goutti\u00e8res transparentes, sur mesure. La dur\u00e9e du traitement varie de 2 semaines \u00e0 1 mois selon le r\u00e9sultat attendu.<\/p>\n<p style=\"text-align: justify;\">Pour les dents devenues grises suite \u00e0 un traitement de racine, nous proposons le blanchiment interne.<\/p>\n<p>[\/et_pb_toggle][et_pb_toggle title=\u00a0\u00bbGingivoplastie\u00a0\u00bb icon_color=\u00a0\u00bb#000000&Prime; use_icon_font_size=\u00a0\u00bbon\u00a0\u00bb icon_font_size=\u00a0\u00bb20px\u00a0\u00bb open_icon_color=\u00a0\u00bb#000000&Prime; open_use_icon_font_size=\u00a0\u00bbon\u00a0\u00bb open_icon_font_size=\u00a0\u00bb20px\u00a0\u00bb _builder_version=\u00a0\u00bb4.18.0&Prime; _module_preset=\u00a0\u00bbdefault\u00a0\u00bb title_font_size=\u00a0\u00bb18px\u00a0\u00bb use_background_color_gradient=\u00a0\u00bbon\u00a0\u00bb background_color_gradient_type=\u00a0\u00bbcircular\u00a0\u00bb background_color_gradient_direction_radial=\u00a0\u00bbleft\u00a0\u00bb background_color_gradient_stops=\u00a0\u00bb#ffffff 0%|#cbb5a9 100%\u00a0\u00bb background_color_gradient_start=\u00a0\u00bb#ffffff\u00a0\u00bb background_color_gradient_end=\u00a0\u00bb#d9bdb2&Prime; title_font_size_tablet=\u00a0\u00bb18px\u00a0\u00bb title_font_size_phone=\u00a0\u00bb16px\u00a0\u00bb title_font_size_last_edited=\u00a0\u00bbon|desktop\u00a0\u00bb global_colors_info=\u00a0\u00bb{}\u00a0\u00bb]<\/p>\n<p style=\"text-align: justify;\">La gingivoplastie correspond \u00e0 l&rsquo;\u00e9limination de l&rsquo;exc\u00e8s de gencive qui rend les dents petites. Cette intervention permet d&rsquo;agrandir le sourire.<\/p>\n<p>[\/et_pb_toggle][et_pb_toggle title=\u00a0\u00bbAmeloplastie\u00a0\u00bb icon_color=\u00a0\u00bb#000000&Prime; use_icon_font_size=\u00a0\u00bbon\u00a0\u00bb icon_font_size=\u00a0\u00bb20px\u00a0\u00bb open_icon_color=\u00a0\u00bb#000000&Prime; open_use_icon_font_size=\u00a0\u00bbon\u00a0\u00bb open_icon_font_size=\u00a0\u00bb20px\u00a0\u00bb _builder_version=\u00a0\u00bb4.16&Prime; _module_preset=\u00a0\u00bbdefault\u00a0\u00bb title_font_size=\u00a0\u00bb18px\u00a0\u00bb use_background_color_gradient=\u00a0\u00bbon\u00a0\u00bb background_color_gradient_type=\u00a0\u00bbcircular\u00a0\u00bb background_color_gradient_direction_radial=\u00a0\u00bbleft\u00a0\u00bb background_color_gradient_stops=\u00a0\u00bb#ffffff 0%|#cbb5a9 100%\u00a0\u00bb background_color_gradient_start=\u00a0\u00bb#ffffff\u00a0\u00bb background_color_gradient_end=\u00a0\u00bb#d9bdb2&Prime; title_font_size_tablet=\u00a0\u00bb18px\u00a0\u00bb title_font_size_phone=\u00a0\u00bb16px\u00a0\u00bb title_font_size_last_edited=\u00a0\u00bbon|desktop\u00a0\u00bb global_colors_info=\u00a0\u00bb{}\u00a0\u00bb]<\/p>\n<p style=\"text-align: justify;\">L&rsquo;am\u00e9loplastie correspond \u00e0 des retouches ponctuelles et pr\u00e9cises de l&#8217;email afin d&rsquo;aligner les dents, en une seule s\u00e9ance et sans anesth\u00e9sie.<\/p>\n<p>[\/et_pb_toggle][et_pb_toggle title=\u00a0\u00bbRemplacement des amalgames\u00a0\u00bb icon_color=\u00a0\u00bb#000000&Prime; use_icon_font_size=\u00a0\u00bbon\u00a0\u00bb icon_font_size=\u00a0\u00bb20px\u00a0\u00bb open_icon_color=\u00a0\u00bb#000000&Prime; open_use_icon_font_size=\u00a0\u00bbon\u00a0\u00bb open_icon_font_size=\u00a0\u00bb20px\u00a0\u00bb _builder_version=\u00a0\u00bb4.16&Prime; _module_preset=\u00a0\u00bbdefault\u00a0\u00bb title_font_size=\u00a0\u00bb18px\u00a0\u00bb use_background_color_gradient=\u00a0\u00bbon\u00a0\u00bb background_color_gradient_type=\u00a0\u00bbcircular\u00a0\u00bb background_color_gradient_direction_radial=\u00a0\u00bbleft\u00a0\u00bb background_color_gradient_stops=\u00a0\u00bb#ffffff 0%|#cbb5a9 100%\u00a0\u00bb background_color_gradient_start=\u00a0\u00bb#ffffff\u00a0\u00bb background_color_gradient_end=\u00a0\u00bb#d9bdb2&Prime; title_font_size_tablet=\u00a0\u00bb18px\u00a0\u00bb title_font_size_phone=\u00a0\u00bb16px\u00a0\u00bb title_font_size_last_edited=\u00a0\u00bbon|desktop\u00a0\u00bb global_colors_info=\u00a0\u00bb{}\u00a0\u00bb]<\/p>\n<p style=\"text-align: justify;\">Appel\u00e9s \u00ab\u00a0plombages\u00a0\u00bb, les amalgames sont des restaurations inesth\u00e9tiques qui contiennent du mercure. Si n\u00e9cessaire, on peut les remplacer par des r\u00e9sines composites qui miment la couleur et la morphologie des dents naturelles.<\/p>\n<p>[\/et_pb_toggle][et_pb_toggle title=\u00a0\u00bbFacette\u00a0\u00bb icon_color=\u00a0\u00bb#000000&Prime; use_icon_font_size=\u00a0\u00bbon\u00a0\u00bb icon_font_size=\u00a0\u00bb20px\u00a0\u00bb open_icon_color=\u00a0\u00bb#000000&Prime; open_use_icon_font_size=\u00a0\u00bbon\u00a0\u00bb open_icon_font_size=\u00a0\u00bb20px\u00a0\u00bb _builder_version=\u00a0\u00bb4.16&Prime; _module_preset=\u00a0\u00bbdefault\u00a0\u00bb title_font_size=\u00a0\u00bb18px\u00a0\u00bb use_background_color_gradient=\u00a0\u00bbon\u00a0\u00bb background_color_gradient_type=\u00a0\u00bbcircular\u00a0\u00bb background_color_gradient_direction_radial=\u00a0\u00bbleft\u00a0\u00bb background_color_gradient_stops=\u00a0\u00bb#ffffff 0%|#cbb5a9 100%\u00a0\u00bb background_color_gradient_start=\u00a0\u00bb#ffffff\u00a0\u00bb background_color_gradient_end=\u00a0\u00bb#d9bdb2&Prime; title_font_size_tablet=\u00a0\u00bb18px\u00a0\u00bb title_font_size_phone=\u00a0\u00bb16px\u00a0\u00bb title_font_size_last_edited=\u00a0\u00bbon|desktop\u00a0\u00bb global_colors_info=\u00a0\u00bb{}\u00a0\u00bb]<\/p>\n<p style=\"text-align: justify;\">Les facettes sont des fines pellicules de c\u00e9ramique ou r\u00e9sine composite souvent compar\u00e9es aux lentilles de contact, qui une fois coll\u00e9es \u00e0 la surface de la dent permettent de corriger les d\u00e9fauts de forme, couleur, et d\u2019alignement des dents. Elles permettent de cr\u00e9er des sourires individualis\u00e9es et sur mesure. Il en existe diff\u00e9rents types\u00a0:<\/p>\n<p style=\"text-align: justify;\"><strong>Facettes en c\u00e9ramique<br \/> <\/strong>Ce sont des fines pellicules de c\u00e9ramique, coll\u00e9es \u00e0 la surface des dents avec ou sans retouches de la dent sous jacente.<\/p>\n<p style=\"text-align: justify;\"><strong>Facettes en composite<\/strong><br \/> Avec un rendu tout aussi esth\u00e9tique que les facettes en c\u00e9ramique et moins on\u00e9reuses, elles sont r\u00e9alis\u00e9es dans la s\u00e9ance sans empreinte. Elles sont n\u00e9anmoins moins durables que celles en c\u00e9ramique.<\/p>\n<p>[\/et_pb_toggle][et_pb_toggle title=\u00a0\u00bbCouronnes\u00a0\u00bb icon_color=\u00a0\u00bb#000000&Prime; use_icon_font_size=\u00a0\u00bbon\u00a0\u00bb icon_font_size=\u00a0\u00bb20px\u00a0\u00bb open_icon_color=\u00a0\u00bb#000000&Prime; open_use_icon_font_size=\u00a0\u00bbon\u00a0\u00bb open_icon_font_size=\u00a0\u00bb20px\u00a0\u00bb _builder_version=\u00a0\u00bb4.16&Prime; _module_preset=\u00a0\u00bbdefault\u00a0\u00bb title_font_size=\u00a0\u00bb18px\u00a0\u00bb use_background_color_gradient=\u00a0\u00bbon\u00a0\u00bb background_color_gradient_type=\u00a0\u00bbcircular\u00a0\u00bb background_color_gradient_direction_radial=\u00a0\u00bbleft\u00a0\u00bb background_color_gradient_stops=\u00a0\u00bb#ffffff 0%|#cbb5a9 100%\u00a0\u00bb background_color_gradient_start=\u00a0\u00bb#ffffff\u00a0\u00bb background_color_gradient_end=\u00a0\u00bb#d9bdb2&Prime; title_font_size_tablet=\u00a0\u00bb18px\u00a0\u00bb title_font_size_phone=\u00a0\u00bb16px\u00a0\u00bb title_font_size_last_edited=\u00a0\u00bbon|desktop\u00a0\u00bb global_colors_info=\u00a0\u00bb{}\u00a0\u00bb]<\/p>\n<p style=\"text-align: justify;\">Contrairement aux facettes dentaires qui recouvrent qu\u2019une face de la dent, la couronne recouvre la totalit\u00e9 de la dent qui a \u00e9t\u00e9 pr\u00e9alablement pr\u00e9par\u00e9e. Les couronnes dentaires permettent \u00e9galement de renforcer les dents fragilis\u00e9es par exemple suite \u00e0 un traitement de racine. Il existe diff\u00e9rents types de couronnes selon l\u2019indication.<\/p>\n<p>[\/et_pb_toggle][\/et_pb_column][\/et_pb_row][\/et_pb_section][et_pb_section fb_built=\u00a0\u00bb1&Prime; _builder_version=\u00a0\u00bb4.18.0&Prime; _module_preset=\u00a0\u00bbdefault\u00a0\u00bb background_color=\u00a0\u00bb#cbb5a9&Prime; da_disable_devices=\u00a0\u00bboff|off|off\u00a0\u00bb locked=\u00a0\u00bboff\u00a0\u00bb global_colors_info=\u00a0\u00bb{}\u00a0\u00bb da_is_popup=\u00a0\u00bboff\u00a0\u00bb da_exit_intent=\u00a0\u00bboff\u00a0\u00bb da_has_close=\u00a0\u00bbon\u00a0\u00bb da_alt_close=\u00a0\u00bboff\u00a0\u00bb da_dark_close=\u00a0\u00bboff\u00a0\u00bb da_not_modal=\u00a0\u00bbon\u00a0\u00bb da_is_singular=\u00a0\u00bboff\u00a0\u00bb da_with_loader=\u00a0\u00bboff\u00a0\u00bb da_has_shadow=\u00a0\u00bbon\u00a0\u00bb][et_pb_row column_structure=\u00a0\u00bb1_3,1_3,1_3&Prime; use_custom_gutter=\u00a0\u00bbon\u00a0\u00bb make_equal=\u00a0\u00bbon\u00a0\u00bb _builder_version=\u00a0\u00bb4.18.0&Prime; _module_preset=\u00a0\u00bbdefault\u00a0\u00bb width=\u00a0\u00bb70%\u00a0\u00bb max_width=\u00a0\u00bb100%\u00a0\u00bb custom_padding=\u00a0\u00bb||||false|false\u00a0\u00bb global_colors_info=\u00a0\u00bb{}\u00a0\u00bb][et_pb_column type=\u00a0\u00bb1_3&Prime; _builder_version=\u00a0\u00bb4.18.0&Prime; _module_preset=\u00a0\u00bbdefault\u00a0\u00bb global_colors_info=\u00a0\u00bb{}\u00a0\u00bb][et_pb_blurb title=\u00a0\u00bbNos horaires\u00a0\u00bb use_icon=\u00a0\u00bbon\u00a0\u00bb font_icon=\u00a0\u00bb&#xf017;||fa||400&Prime; icon_color=\u00a0\u00bb#FFFFFF\u00a0\u00bb image_icon_background_color=\u00a0\u00bbRGBA(255,255,255,0)\u00a0\u00bb image_icon_width=\u00a0\u00bb65px\u00a0\u00bb image_icon_width_tablet=\u00a0\u00bb85px\u00a0\u00bb image_icon_width_phone=\u00a0\u00bb68px\u00a0\u00bb image_icon_width_last_edited=\u00a0\u00bbon|phone\u00a0\u00bb _builder_version=\u00a0\u00bb4.18.0&Prime; _module_preset=\u00a0\u00bbdefault\u00a0\u00bb header_level=\u00a0\u00bbh2&Prime; header_text_align=\u00a0\u00bbcenter\u00a0\u00bb header_text_color=\u00a0\u00bb#FFFFFF\u00a0\u00bb header_font_size=\u00a0\u00bb38px\u00a0\u00bb body_font_size=\u00a0\u00bb20px\u00a0\u00bb body_line_height=\u00a0\u00bb1.8em\u00a0\u00bb text_orientation=\u00a0\u00bbcenter\u00a0\u00bb module_alignment=\u00a0\u00bbright\u00a0\u00bb custom_margin=\u00a0\u00bb0px||||false|false\u00a0\u00bb custom_padding=\u00a0\u00bb0px||||false|false\u00a0\u00bb animation_style=\u00a0\u00bbfade\u00a0\u00bb header_font_size_tablet=\u00a0\u00bb38px\u00a0\u00bb header_font_size_phone=\u00a0\u00bb48px\u00a0\u00bb header_font_size_last_edited=\u00a0\u00bbon|phone\u00a0\u00bb body_font_size_tablet=\u00a0\u00bb16px\u00a0\u00bb body_font_size_phone=\u00a0\u00bb16px\u00a0\u00bb body_font_size_last_edited=\u00a0\u00bbon|phone\u00a0\u00bb global_colors_info=\u00a0\u00bb{}\u00a0\u00bb]<\/p>\n<p style=\"text-align: center;\"><span style=\"color: #ffffff;\">Du lundi au vendredi<\/span><br \/><span style=\"color: #ffffff;\">8h00 \u2013 13h00 | 14h00 \u2013 18h00<\/span><\/p>\n<p>[\/et_pb_blurb][\/et_pb_column][et_pb_column type=\u00a0\u00bb1_3&Prime; _builder_version=\u00a0\u00bb4.18.0&Prime; _module_preset=\u00a0\u00bbdefault\u00a0\u00bb global_colors_info=\u00a0\u00bb{}\u00a0\u00bb][et_pb_blurb title=\u00a0\u00bbAdresse\u00a0\u00bb use_icon=\u00a0\u00bbon\u00a0\u00bb font_icon=\u00a0\u00bb&#xe074;||divi||400&Prime; icon_color=\u00a0\u00bb#FFFFFF\u00a0\u00bb image_icon_background_color=\u00a0\u00bbRGBA(255,255,255,0)\u00a0\u00bb image_icon_width=\u00a0\u00bb65px\u00a0\u00bb image_icon_width_tablet=\u00a0\u00bb85px\u00a0\u00bb image_icon_width_phone=\u00a0\u00bb68px\u00a0\u00bb image_icon_width_last_edited=\u00a0\u00bbon|phone\u00a0\u00bb _builder_version=\u00a0\u00bb4.18.0&Prime; _module_preset=\u00a0\u00bbdefault\u00a0\u00bb header_level=\u00a0\u00bbh2&Prime; header_text_align=\u00a0\u00bbcenter\u00a0\u00bb header_text_color=\u00a0\u00bb#FFFFFF\u00a0\u00bb header_font_size=\u00a0\u00bb38px\u00a0\u00bb body_font_size=\u00a0\u00bb20px\u00a0\u00bb body_line_height=\u00a0\u00bb1.8em\u00a0\u00bb text_orientation=\u00a0\u00bbcenter\u00a0\u00bb module_alignment=\u00a0\u00bbright\u00a0\u00bb custom_margin=\u00a0\u00bb0px||||false|false\u00a0\u00bb custom_padding=\u00a0\u00bb0px||||false|false\u00a0\u00bb animation_style=\u00a0\u00bbfade\u00a0\u00bb header_font_size_tablet=\u00a0\u00bb38px\u00a0\u00bb header_font_size_phone=\u00a0\u00bb48px\u00a0\u00bb header_font_size_last_edited=\u00a0\u00bbon|phone\u00a0\u00bb body_font_size_tablet=\u00a0\u00bb16px\u00a0\u00bb body_font_size_phone=\u00a0\u00bb16px\u00a0\u00bb body_font_size_last_edited=\u00a0\u00bbon|tablet\u00a0\u00bb global_colors_info=\u00a0\u00bb{}\u00a0\u00bb]<\/p>\n<p style=\"text-align: center;\"><span style=\"color: #ffffff;\">Place Pury 7<br \/><\/span><span style=\"color: #ffffff;\">2000 Neuch\u00e2tel<\/span><\/p>\n<p>[\/et_pb_blurb][\/et_pb_column][et_pb_column type=\u00a0\u00bb1_3&Prime; _builder_version=\u00a0\u00bb4.18.0&Prime; _module_preset=\u00a0\u00bbdefault\u00a0\u00bb global_colors_info=\u00a0\u00bb{}\u00a0\u00bb][et_pb_blurb title=\u00a0\u00bbContact\u00a0\u00bb use_icon=\u00a0\u00bbon\u00a0\u00bb font_icon=\u00a0\u00bb&#xf87b;||fa||900&Prime; icon_color=\u00a0\u00bb#FFFFFF\u00a0\u00bb image_icon_background_color=\u00a0\u00bbRGBA(255,255,255,0)\u00a0\u00bb image_icon_width=\u00a0\u00bb65px\u00a0\u00bb image_icon_width_tablet=\u00a0\u00bb85px\u00a0\u00bb image_icon_width_phone=\u00a0\u00bb68px\u00a0\u00bb image_icon_width_last_edited=\u00a0\u00bbon|phone\u00a0\u00bb _builder_version=\u00a0\u00bb4.18.0&Prime; _module_preset=\u00a0\u00bbdefault\u00a0\u00bb header_level=\u00a0\u00bbh2&Prime; header_text_align=\u00a0\u00bbcenter\u00a0\u00bb header_text_color=\u00a0\u00bb#FFFFFF\u00a0\u00bb header_font_size=\u00a0\u00bb38px\u00a0\u00bb body_font_size=\u00a0\u00bb20px\u00a0\u00bb body_line_height=\u00a0\u00bb1.8em\u00a0\u00bb text_orientation=\u00a0\u00bbcenter\u00a0\u00bb module_alignment=\u00a0\u00bbright\u00a0\u00bb custom_margin=\u00a0\u00bb0px||||false|false\u00a0\u00bb custom_padding=\u00a0\u00bb0px||||false|false\u00a0\u00bb animation_style=\u00a0\u00bbfade\u00a0\u00bb header_font_size_tablet=\u00a0\u00bb38px\u00a0\u00bb header_font_size_phone=\u00a0\u00bb48px\u00a0\u00bb header_font_size_last_edited=\u00a0\u00bbon|phone\u00a0\u00bb body_font_size_tablet=\u00a0\u00bb16px\u00a0\u00bb body_font_size_phone=\u00a0\u00bb16px\u00a0\u00bb body_font_size_last_edited=\u00a0\u00bbon|phone\u00a0\u00bb global_colors_info=\u00a0\u00bb{}\u00a0\u00bb]<\/p>\n<p><span style=\"color: #ffffff;\"><a href=\"tel:+41327241924\" style=\"color: #ffffff;\">+41 32 724 19 24<\/a><br \/><\/span><span style=\"color: #ffffff;\"><\/span><a href=\"mailto:info@c-d-n.ch\" style=\"color: #ffffff;\"><\/a><a href=\"mailto:info@c-d-n.ch\" style=\"color: #ffffff;\">info@c-d-n.ch<\/a><\/p>\n<p>[\/et_pb_blurb][\/et_pb_column][\/et_pb_row][\/et_pb_section][et_pb_section fb_built=\u00a0\u00bb1&Prime; _builder_version=\u00a0\u00bb4.18.0&Prime; _module_preset=\u00a0\u00bbdefault\u00a0\u00bb min_height=\u00a0\u00bb280px\u00a0\u00bb custom_padding=\u00a0\u00bb0px||29px|||\u00a0\u00bb background_last_edited=\u00a0\u00bbon|phone\u00a0\u00bb background_color_gradient_type_phone=\u00a0\u00bblinear\u00a0\u00bb background_color_gradient_direction_radial_phone=\u00a0\u00bbcenter\u00a0\u00bb da_disable_devices=\u00a0\u00bboff|off|off\u00a0\u00bb locked=\u00a0\u00bboff\u00a0\u00bb global_colors_info=\u00a0\u00bb{}\u00a0\u00bb da_is_popup=\u00a0\u00bboff\u00a0\u00bb da_exit_intent=\u00a0\u00bboff\u00a0\u00bb da_has_close=\u00a0\u00bbon\u00a0\u00bb da_alt_close=\u00a0\u00bboff\u00a0\u00bb da_dark_close=\u00a0\u00bboff\u00a0\u00bb da_not_modal=\u00a0\u00bbon\u00a0\u00bb da_is_singular=\u00a0\u00bboff\u00a0\u00bb da_with_loader=\u00a0\u00bboff\u00a0\u00bb da_has_shadow=\u00a0\u00bbon\u00a0\u00bb][et_pb_row _builder_version=\u00a0\u00bb4.16&Prime; _module_preset=\u00a0\u00bbdefault\u00a0\u00bb custom_padding=\u00a0\u00bb||0px|||\u00a0\u00bb global_colors_info=\u00a0\u00bb{}\u00a0\u00bb][et_pb_column type=\u00a0\u00bb4_4&Prime; _builder_version=\u00a0\u00bb4.16&Prime; _module_preset=\u00a0\u00bbdefault\u00a0\u00bb global_colors_info=\u00a0\u00bb{}\u00a0\u00bb][et_pb_text _builder_version=\u00a0\u00bb4.18.0&Prime; _module_preset=\u00a0\u00bbdefault\u00a0\u00bb header_text_align=\u00a0\u00bbleft\u00a0\u00bb header_2_text_align=\u00a0\u00bbcenter\u00a0\u00bb header_2_font_size=\u00a0\u00bb50px\u00a0\u00bb module_alignment=\u00a0\u00bbcenter\u00a0\u00bb custom_margin=\u00a0\u00bb5%||||false|false\u00a0\u00bb custom_margin_tablet=\u00a0\u00bb10%||||false|false\u00a0\u00bb custom_margin_phone=\u00a0\u00bb10%||||false|false\u00a0\u00bb custom_margin_last_edited=\u00a0\u00bbon|tablet\u00a0\u00bb custom_padding=\u00a0\u00bb||||false|false\u00a0\u00bb animation_style=\u00a0\u00bbfade\u00a0\u00bb global_colors_info=\u00a0\u00bb{}\u00a0\u00bb]<\/p>\n<div class=\"et_pb_module et_pb_text et_pb_text_12  et_pb_text_align_left et_pb_bg_layout_light\">\n<div class=\"et_pb_text_inner\">\n<h2>Traitements dentaires<\/h2>\n<\/div>\n<\/div>\n<div class=\"et_pb_module et_pb_text et_pb_text_13  et_pb_text_align_left et_pb_bg_layout_light\">\n<div class=\"et_pb_text_inner\"><\/div>\n<\/div>\n<p>[\/et_pb_text][\/et_pb_column][\/et_pb_row][et_pb_row column_structure=\u00a0\u00bb1_4,1_4,1_4,1_4&Prime; _builder_version=\u00a0\u00bb4.18.0&Prime; _module_preset=\u00a0\u00bbdefault\u00a0\u00bb custom_padding=\u00a0\u00bb||0px|||\u00a0\u00bb animation_style=\u00a0\u00bbfade\u00a0\u00bb locked=\u00a0\u00bboff\u00a0\u00bb global_colors_info=\u00a0\u00bb{}\u00a0\u00bb][et_pb_column type=\u00a0\u00bb1_4&Prime; _builder_version=\u00a0\u00bb4.16&Prime; _module_preset=\u00a0\u00bbdefault\u00a0\u00bb global_colors_info=\u00a0\u00bb{}\u00a0\u00bb][et_pb_blurb title=\u00a0\u00bbEsth\u00e9tique Dentaire\u00a0\u00bb url=\u00a0\u00bb@ET-DC@eyJkeW5hbWljIjp0cnVlLCJjb250ZW50IjoicG9zdF9saW5rX3VybF9wYWdlIiwic2V0dGluZ3MiOnsicG9zdF9pZCI6IjQwIn19@\u00a0\u00bb alt=\u00a0\u00bbSoins des caries\u00a0\u00bb icon_placement=\u00a0\u00bbleft\u00a0\u00bb icon_placement_tablet=\u00a0\u00bb\u00a0\u00bb icon_placement_phone=\u00a0\u00bbleft\u00a0\u00bb icon_placement_last_edited=\u00a0\u00bbon|phone\u00a0\u00bb _builder_version=\u00a0\u00bb4.23.1&Prime; _dynamic_attributes=\u00a0\u00bburl\u00a0\u00bb _module_preset=\u00a0\u00bbdefault\u00a0\u00bb header_font=\u00a0\u00bb||||||||\u00a0\u00bb header_text_align=\u00a0\u00bbleft\u00a0\u00bb header_font_size=\u00a0\u00bb20px\u00a0\u00bb text_orientation=\u00a0\u00bbcenter\u00a0\u00bb header_text_align_tablet=\u00a0\u00bbcenter\u00a0\u00bb header_text_align_phone=\u00a0\u00bbcenter\u00a0\u00bb header_text_align_last_edited=\u00a0\u00bbon|phone\u00a0\u00bb header_font_size_tablet=\u00a0\u00bb\u00a0\u00bb header_font_size_phone=\u00a0\u00bb14px\u00a0\u00bb header_font_size_last_edited=\u00a0\u00bbon|phone\u00a0\u00bb global_colors_info=\u00a0\u00bb{}\u00a0\u00bb filter_opacity__hover_enabled=\u00a0\u00bbon|hover\u00a0\u00bb filter_opacity__hover=\u00a0\u00bb40%\u00a0\u00bb][\/et_pb_blurb][\/et_pb_column][et_pb_column type=\u00a0\u00bb1_4&Prime; _builder_version=\u00a0\u00bb4.16&Prime; _module_preset=\u00a0\u00bbdefault\u00a0\u00bb global_colors_info=\u00a0\u00bb{}\u00a0\u00bb][et_pb_blurb title=\u00a0\u00bbImplantologie Traditionnelle\u00a0\u00bb url=\u00a0\u00bb@ET-DC@eyJkeW5hbWljIjp0cnVlLCJjb250ZW50IjoicG9zdF9saW5rX3VybF9wYWdlIiwic2V0dGluZ3MiOnsicG9zdF9pZCI6IjE2In19@\u00a0\u00bb alt=\u00a0\u00bbTraitement de racine\u00a0\u00bb icon_placement=\u00a0\u00bbleft\u00a0\u00bb icon_placement_tablet=\u00a0\u00bb\u00a0\u00bb icon_placement_phone=\u00a0\u00bbleft\u00a0\u00bb icon_placement_last_edited=\u00a0\u00bbon|phone\u00a0\u00bb _builder_version=\u00a0\u00bb4.23.1&Prime; _dynamic_attributes=\u00a0\u00bburl\u00a0\u00bb _module_preset=\u00a0\u00bbdefault\u00a0\u00bb header_font=\u00a0\u00bb||||||||\u00a0\u00bb header_text_align=\u00a0\u00bbleft\u00a0\u00bb header_font_size=\u00a0\u00bb20px\u00a0\u00bb text_orientation=\u00a0\u00bbcenter\u00a0\u00bb header_text_align_tablet=\u00a0\u00bbcenter\u00a0\u00bb header_text_align_phone=\u00a0\u00bbcenter\u00a0\u00bb header_text_align_last_edited=\u00a0\u00bbon|phone\u00a0\u00bb header_font_size_tablet=\u00a0\u00bb\u00a0\u00bb header_font_size_phone=\u00a0\u00bb14px\u00a0\u00bb header_font_size_last_edited=\u00a0\u00bbon|phone\u00a0\u00bb global_colors_info=\u00a0\u00bb{}\u00a0\u00bb filter_opacity__hover_enabled=\u00a0\u00bbon|hover\u00a0\u00bb filter_opacity__hover=\u00a0\u00bb40%\u00a0\u00bb][\/et_pb_blurb][\/et_pb_column][et_pb_column type=\u00a0\u00bb1_4&Prime; _builder_version=\u00a0\u00bb4.16&Prime; _module_preset=\u00a0\u00bbdefault\u00a0\u00bb global_colors_info=\u00a0\u00bb{}\u00a0\u00bb][et_pb_blurb title=\u00a0\u00bbParodontologie\u00a0\u00bb url=\u00a0\u00bb@ET-DC@eyJkeW5hbWljIjp0cnVlLCJjb250ZW50IjoicG9zdF9saW5rX3VybF9wYWdlIiwic2V0dGluZ3MiOnsicG9zdF9pZCI6IjIyIn19@\u00a0\u00bb alt=\u00a0\u00bbSoins aux enfants\u00a0\u00bb icon_placement=\u00a0\u00bbleft\u00a0\u00bb icon_placement_tablet=\u00a0\u00bb\u00a0\u00bb icon_placement_phone=\u00a0\u00bbleft\u00a0\u00bb icon_placement_last_edited=\u00a0\u00bbon|phone\u00a0\u00bb _builder_version=\u00a0\u00bb4.18.0&Prime; _dynamic_attributes=\u00a0\u00bburl\u00a0\u00bb _module_preset=\u00a0\u00bbdefault\u00a0\u00bb header_font=\u00a0\u00bb||||||||\u00a0\u00bb header_text_align=\u00a0\u00bbleft\u00a0\u00bb header_font_size=\u00a0\u00bb20px\u00a0\u00bb text_orientation=\u00a0\u00bbcenter\u00a0\u00bb header_text_align_tablet=\u00a0\u00bbcenter\u00a0\u00bb header_text_align_phone=\u00a0\u00bbcenter\u00a0\u00bb header_text_align_last_edited=\u00a0\u00bbon|phone\u00a0\u00bb header_font_size_tablet=\u00a0\u00bb\u00a0\u00bb header_font_size_phone=\u00a0\u00bb14px\u00a0\u00bb header_font_size_last_edited=\u00a0\u00bbon|phone\u00a0\u00bb global_colors_info=\u00a0\u00bb{}\u00a0\u00bb filter_opacity__hover_enabled=\u00a0\u00bbon|hover\u00a0\u00bb filter_opacity__hover=\u00a0\u00bb40%\u00a0\u00bb][\/et_pb_blurb][\/et_pb_column][et_pb_column type=\u00a0\u00bb1_4&Prime; _builder_version=\u00a0\u00bb4.16&Prime; _module_preset=\u00a0\u00bbdefault\u00a0\u00bb global_colors_info=\u00a0\u00bb{}\u00a0\u00bb][et_pb_blurb title=\u00a0\u00bbChirugie orale\u00a0\u00bb url=\u00a0\u00bb@ET-DC@eyJkeW5hbWljIjp0cnVlLCJjb250ZW50IjoicG9zdF9saW5rX3VybF9wYWdlIiwic2V0dGluZ3MiOnsicG9zdF9pZCI6IjkxNCJ9fQ==@\u00a0\u00bb alt=\u00a0\u00bbD\u00e9tartrage et blanchiment\u00a0\u00bb icon_placement=\u00a0\u00bbleft\u00a0\u00bb icon_placement_tablet=\u00a0\u00bb\u00a0\u00bb icon_placement_phone=\u00a0\u00bbleft\u00a0\u00bb icon_placement_last_edited=\u00a0\u00bbon|phone\u00a0\u00bb _builder_version=\u00a0\u00bb4.23.1&Prime; _dynamic_attributes=\u00a0\u00bburl\u00a0\u00bb _module_preset=\u00a0\u00bbdefault\u00a0\u00bb header_font=\u00a0\u00bb||||||||\u00a0\u00bb header_text_align=\u00a0\u00bbleft\u00a0\u00bb header_font_size=\u00a0\u00bb20px\u00a0\u00bb text_orientation=\u00a0\u00bbcenter\u00a0\u00bb header_text_align_tablet=\u00a0\u00bbcenter\u00a0\u00bb header_text_align_phone=\u00a0\u00bbcenter\u00a0\u00bb header_text_align_last_edited=\u00a0\u00bbon|phone\u00a0\u00bb header_font_size_tablet=\u00a0\u00bb\u00a0\u00bb header_font_size_phone=\u00a0\u00bb14px\u00a0\u00bb header_font_size_last_edited=\u00a0\u00bbon|phone\u00a0\u00bb global_colors_info=\u00a0\u00bb{}\u00a0\u00bb filter_opacity__hover_enabled=\u00a0\u00bbon|hover\u00a0\u00bb filter_opacity__hover=\u00a0\u00bb40%\u00a0\u00bb][\/et_pb_blurb][\/et_pb_column][\/et_pb_row][et_pb_row column_structure=\u00a0\u00bb1_4,1_4,1_4,1_4&Prime; _builder_version=\u00a0\u00bb4.18.0&Prime; _module_preset=\u00a0\u00bbdefault\u00a0\u00bb custom_padding=\u00a0\u00bb||0px|||\u00a0\u00bb animation_style=\u00a0\u00bbfade\u00a0\u00bb global_colors_info=\u00a0\u00bb{}\u00a0\u00bb][et_pb_column type=\u00a0\u00bb1_4&Prime; _builder_version=\u00a0\u00bb4.16&Prime; _module_preset=\u00a0\u00bbdefault\u00a0\u00bb global_colors_info=\u00a0\u00bb{}\u00a0\u00bb][et_pb_blurb title=\u00a0\u00bbSoins des caries\u00a0\u00bb url=\u00a0\u00bb@ET-DC@eyJkeW5hbWljIjp0cnVlLCJjb250ZW50IjoicG9zdF9saW5rX3VybF9wYWdlIiwic2V0dGluZ3MiOnsicG9zdF9pZCI6IjIwIn19@\u00a0\u00bb alt=\u00a0\u00bbSoins des caries\u00a0\u00bb icon_placement=\u00a0\u00bbleft\u00a0\u00bb icon_placement_tablet=\u00a0\u00bb\u00a0\u00bb icon_placement_phone=\u00a0\u00bbleft\u00a0\u00bb icon_placement_last_edited=\u00a0\u00bbon|phone\u00a0\u00bb _builder_version=\u00a0\u00bb4.18.0&Prime; _dynamic_attributes=\u00a0\u00bburl\u00a0\u00bb _module_preset=\u00a0\u00bbdefault\u00a0\u00bb header_font=\u00a0\u00bb||||||||\u00a0\u00bb header_text_align=\u00a0\u00bbleft\u00a0\u00bb header_font_size=\u00a0\u00bb20px\u00a0\u00bb text_orientation=\u00a0\u00bbcenter\u00a0\u00bb header_text_align_tablet=\u00a0\u00bbcenter\u00a0\u00bb header_text_align_phone=\u00a0\u00bbcenter\u00a0\u00bb header_text_align_last_edited=\u00a0\u00bbon|phone\u00a0\u00bb header_font_size_tablet=\u00a0\u00bb\u00a0\u00bb header_font_size_phone=\u00a0\u00bb14px\u00a0\u00bb header_font_size_last_edited=\u00a0\u00bbon|phone\u00a0\u00bb global_colors_info=\u00a0\u00bb{}\u00a0\u00bb filter_opacity__hover_enabled=\u00a0\u00bbon|hover\u00a0\u00bb filter_opacity__hover=\u00a0\u00bb40%\u00a0\u00bb][\/et_pb_blurb][\/et_pb_column][et_pb_column type=\u00a0\u00bb1_4&Prime; _builder_version=\u00a0\u00bb4.16&Prime; _module_preset=\u00a0\u00bbdefault\u00a0\u00bb global_colors_info=\u00a0\u00bb{}\u00a0\u00bb][et_pb_blurb title=\u00a0\u00bbTraitement de racine\u00a0\u00bb url=\u00a0\u00bb@ET-DC@eyJkeW5hbWljIjp0cnVlLCJjb250ZW50IjoicG9zdF9saW5rX3VybF9wYWdlIiwic2V0dGluZ3MiOnsicG9zdF9pZCI6IjkyNCJ9fQ==@\u00a0\u00bb alt=\u00a0\u00bbTraitement de racine\u00a0\u00bb icon_placement=\u00a0\u00bbleft\u00a0\u00bb icon_placement_tablet=\u00a0\u00bb\u00a0\u00bb icon_placement_phone=\u00a0\u00bbleft\u00a0\u00bb icon_placement_last_edited=\u00a0\u00bbon|phone\u00a0\u00bb _builder_version=\u00a0\u00bb4.18.0&Prime; _dynamic_attributes=\u00a0\u00bburl\u00a0\u00bb _module_preset=\u00a0\u00bbdefault\u00a0\u00bb header_font=\u00a0\u00bb||||||||\u00a0\u00bb header_text_align=\u00a0\u00bbleft\u00a0\u00bb header_font_size=\u00a0\u00bb20px\u00a0\u00bb text_orientation=\u00a0\u00bbcenter\u00a0\u00bb header_text_align_tablet=\u00a0\u00bbcenter\u00a0\u00bb header_text_align_phone=\u00a0\u00bbcenter\u00a0\u00bb header_text_align_last_edited=\u00a0\u00bbon|phone\u00a0\u00bb header_font_size_tablet=\u00a0\u00bb\u00a0\u00bb header_font_size_phone=\u00a0\u00bb14px\u00a0\u00bb header_font_size_last_edited=\u00a0\u00bbon|phone\u00a0\u00bb global_colors_info=\u00a0\u00bb{}\u00a0\u00bb filter_opacity__hover_enabled=\u00a0\u00bbon|hover\u00a0\u00bb filter_opacity__hover=\u00a0\u00bb40%\u00a0\u00bb][\/et_pb_blurb][\/et_pb_column][et_pb_column type=\u00a0\u00bb1_4&Prime; _builder_version=\u00a0\u00bb4.16&Prime; _module_preset=\u00a0\u00bbdefault\u00a0\u00bb global_colors_info=\u00a0\u00bb{}\u00a0\u00bb][et_pb_blurb title=\u00a0\u00bbSoins aux enfants\u00a0\u00bb url=\u00a0\u00bb@ET-DC@eyJkeW5hbWljIjp0cnVlLCJjb250ZW50IjoicG9zdF9saW5rX3VybF9wYWdlIiwic2V0dGluZ3MiOnsicG9zdF9pZCI6IjkzMiJ9fQ==@\u00a0\u00bb alt=\u00a0\u00bbSoins aux enfants\u00a0\u00bb icon_placement=\u00a0\u00bbleft\u00a0\u00bb icon_placement_tablet=\u00a0\u00bb\u00a0\u00bb icon_placement_phone=\u00a0\u00bbleft\u00a0\u00bb icon_placement_last_edited=\u00a0\u00bbon|phone\u00a0\u00bb _builder_version=\u00a0\u00bb4.18.0&Prime; _dynamic_attributes=\u00a0\u00bburl\u00a0\u00bb _module_preset=\u00a0\u00bbdefault\u00a0\u00bb header_font=\u00a0\u00bb||||||||\u00a0\u00bb header_text_align=\u00a0\u00bbleft\u00a0\u00bb header_font_size=\u00a0\u00bb20px\u00a0\u00bb text_orientation=\u00a0\u00bbcenter\u00a0\u00bb header_text_align_tablet=\u00a0\u00bbcenter\u00a0\u00bb header_text_align_phone=\u00a0\u00bbcenter\u00a0\u00bb header_text_align_last_edited=\u00a0\u00bbon|phone\u00a0\u00bb header_font_size_tablet=\u00a0\u00bb\u00a0\u00bb header_font_size_phone=\u00a0\u00bb14px\u00a0\u00bb header_font_size_last_edited=\u00a0\u00bbon|phone\u00a0\u00bb global_colors_info=\u00a0\u00bb{}\u00a0\u00bb filter_opacity__hover_enabled=\u00a0\u00bbon|hover\u00a0\u00bb filter_opacity__hover=\u00a0\u00bb40%\u00a0\u00bb][\/et_pb_blurb][\/et_pb_column][et_pb_column type=\u00a0\u00bb1_4&Prime; _builder_version=\u00a0\u00bb4.16&Prime; _module_preset=\u00a0\u00bbdefault\u00a0\u00bb global_colors_info=\u00a0\u00bb{}\u00a0\u00bb][et_pb_blurb title=\u00a0\u00bbD\u00e9tartrage et blanchiment\u00a0\u00bb url=\u00a0\u00bb@ET-DC@eyJkeW5hbWljIjp0cnVlLCJjb250ZW50IjoicG9zdF9saW5rX3VybF9wYWdlIiwic2V0dGluZ3MiOnsicG9zdF9pZCI6IjkzNyJ9fQ==@\u00a0\u00bb alt=\u00a0\u00bbD\u00e9tartrage et blanchiment\u00a0\u00bb icon_placement=\u00a0\u00bbleft\u00a0\u00bb icon_placement_tablet=\u00a0\u00bb\u00a0\u00bb icon_placement_phone=\u00a0\u00bbleft\u00a0\u00bb icon_placement_last_edited=\u00a0\u00bbon|phone\u00a0\u00bb _builder_version=\u00a0\u00bb4.18.0&Prime; _dynamic_attributes=\u00a0\u00bburl\u00a0\u00bb _module_preset=\u00a0\u00bbdefault\u00a0\u00bb header_font=\u00a0\u00bb||||||||\u00a0\u00bb header_text_align=\u00a0\u00bbleft\u00a0\u00bb header_font_size=\u00a0\u00bb20px\u00a0\u00bb text_orientation=\u00a0\u00bbcenter\u00a0\u00bb header_text_align_tablet=\u00a0\u00bbcenter\u00a0\u00bb header_text_align_phone=\u00a0\u00bbcenter\u00a0\u00bb header_text_align_last_edited=\u00a0\u00bbon|phone\u00a0\u00bb header_font_size_tablet=\u00a0\u00bb\u00a0\u00bb header_font_size_phone=\u00a0\u00bb14px\u00a0\u00bb header_font_size_last_edited=\u00a0\u00bbon|phone\u00a0\u00bb global_colors_info=\u00a0\u00bb{}\u00a0\u00bb filter_opacity__hover_enabled=\u00a0\u00bbon|hover\u00a0\u00bb filter_opacity__hover=\u00a0\u00bb40%\u00a0\u00bb][\/et_pb_blurb][\/et_pb_column][\/et_pb_row][et_pb_row column_structure=\u00a0\u00bb1_4,1_4,1_4,1_4&Prime; _builder_version=\u00a0\u00bb4.18.0&Prime; _module_preset=\u00a0\u00bbdefault\u00a0\u00bb custom_padding=\u00a0\u00bb||0px|||\u00a0\u00bb animation_style=\u00a0\u00bbfade\u00a0\u00bb global_colors_info=\u00a0\u00bb{}\u00a0\u00bb][et_pb_column type=\u00a0\u00bb1_4&Prime; _builder_version=\u00a0\u00bb4.16&Prime; _module_preset=\u00a0\u00bbdefault\u00a0\u00bb global_colors_info=\u00a0\u00bb{}\u00a0\u00bb][et_pb_blurb title=\u00a0\u00bbProth\u00e8se dentaire\u00a0\u00bb url=\u00a0\u00bb@ET-DC@eyJkeW5hbWljIjp0cnVlLCJjb250ZW50IjoicG9zdF9saW5rX3VybF9wYWdlIiwic2V0dGluZ3MiOnsicG9zdF9pZCI6Ijk0MyJ9fQ==@\u00a0\u00bb alt=\u00a0\u00bbProth\u00e8se dentaire fix\u00e9es\u00a0\u00bb icon_placement=\u00a0\u00bbleft\u00a0\u00bb icon_placement_tablet=\u00a0\u00bb\u00a0\u00bb icon_placement_phone=\u00a0\u00bbleft\u00a0\u00bb icon_placement_last_edited=\u00a0\u00bbon|phone\u00a0\u00bb _builder_version=\u00a0\u00bb4.18.0&Prime; _dynamic_attributes=\u00a0\u00bburl\u00a0\u00bb _module_preset=\u00a0\u00bbdefault\u00a0\u00bb header_font=\u00a0\u00bb||||||||\u00a0\u00bb header_text_align=\u00a0\u00bbleft\u00a0\u00bb header_font_size=\u00a0\u00bb20px\u00a0\u00bb text_orientation=\u00a0\u00bbcenter\u00a0\u00bb header_text_align_tablet=\u00a0\u00bbcenter\u00a0\u00bb header_text_align_phone=\u00a0\u00bbcenter\u00a0\u00bb header_text_align_last_edited=\u00a0\u00bbon|phone\u00a0\u00bb header_font_size_tablet=\u00a0\u00bb\u00a0\u00bb header_font_size_phone=\u00a0\u00bb14px\u00a0\u00bb header_font_size_last_edited=\u00a0\u00bbon|phone\u00a0\u00bb global_colors_info=\u00a0\u00bb{}\u00a0\u00bb filter_opacity__hover_enabled=\u00a0\u00bbon|hover\u00a0\u00bb filter_opacity__hover=\u00a0\u00bb40%\u00a0\u00bb][\/et_pb_blurb][\/et_pb_column][et_pb_column type=\u00a0\u00bb1_4&Prime; _builder_version=\u00a0\u00bb4.16&Prime; _module_preset=\u00a0\u00bbdefault\u00a0\u00bb global_colors_info=\u00a0\u00bb{}\u00a0\u00bb][et_pb_blurb title=\u00a0\u00bbTroubles de l&rsquo;ATM\u00a0\u00bb url=\u00a0\u00bb@ET-DC@eyJkeW5hbWljIjp0cnVlLCJjb250ZW50IjoicG9zdF9saW5rX3VybF9wYWdlIiwic2V0dGluZ3MiOnsicG9zdF9pZCI6Ijk4MiJ9fQ==@\u00a0\u00bb alt=\u00a0\u00bbTraitement articulation\u00a0\u00bb icon_placement=\u00a0\u00bbleft\u00a0\u00bb icon_placement_tablet=\u00a0\u00bb\u00a0\u00bb icon_placement_phone=\u00a0\u00bbleft\u00a0\u00bb icon_placement_last_edited=\u00a0\u00bbon|phone\u00a0\u00bb _builder_version=\u00a0\u00bb4.18.0&Prime; _dynamic_attributes=\u00a0\u00bburl\u00a0\u00bb _module_preset=\u00a0\u00bbdefault\u00a0\u00bb header_font=\u00a0\u00bb||||||||\u00a0\u00bb header_text_align=\u00a0\u00bbleft\u00a0\u00bb header_font_size=\u00a0\u00bb20px\u00a0\u00bb text_orientation=\u00a0\u00bbcenter\u00a0\u00bb header_text_align_tablet=\u00a0\u00bbcenter\u00a0\u00bb header_text_align_phone=\u00a0\u00bbcenter\u00a0\u00bb header_text_align_last_edited=\u00a0\u00bbon|phone\u00a0\u00bb header_font_size_tablet=\u00a0\u00bb\u00a0\u00bb header_font_size_phone=\u00a0\u00bb14px\u00a0\u00bb header_font_size_last_edited=\u00a0\u00bbon|phone\u00a0\u00bb global_colors_info=\u00a0\u00bb{}\u00a0\u00bb filter_opacity__hover_enabled=\u00a0\u00bbon|hover\u00a0\u00bb filter_opacity__hover=\u00a0\u00bb40%\u00a0\u00bb][\/et_pb_blurb][\/et_pb_column][et_pb_column type=\u00a0\u00bb1_4&Prime; _builder_version=\u00a0\u00bb4.16&Prime; _module_preset=\u00a0\u00bbdefault\u00a0\u00bb global_colors_info=\u00a0\u00bb{}\u00a0\u00bb][et_pb_blurb title=\u00a0\u00bbTraitement du bruxisme\u00a0\u00bb url=\u00a0\u00bb@ET-DC@eyJkeW5hbWljIjp0cnVlLCJjb250ZW50IjoicG9zdF9saW5rX3VybF9wYWdlIiwic2V0dGluZ3MiOnsicG9zdF9pZCI6Ijk4OSJ9fQ==@\u00a0\u00bb alt=\u00a0\u00bbTraitement bruxisme\u00a0\u00bb icon_placement=\u00a0\u00bbleft\u00a0\u00bb icon_placement_tablet=\u00a0\u00bb\u00a0\u00bb icon_placement_phone=\u00a0\u00bbleft\u00a0\u00bb icon_placement_last_edited=\u00a0\u00bbon|phone\u00a0\u00bb _builder_version=\u00a0\u00bb4.18.0&Prime; _dynamic_attributes=\u00a0\u00bburl\u00a0\u00bb _module_preset=\u00a0\u00bbdefault\u00a0\u00bb header_font=\u00a0\u00bb||||||||\u00a0\u00bb header_text_align=\u00a0\u00bbleft\u00a0\u00bb header_font_size=\u00a0\u00bb20px\u00a0\u00bb text_orientation=\u00a0\u00bbcenter\u00a0\u00bb header_text_align_tablet=\u00a0\u00bbcenter\u00a0\u00bb header_text_align_phone=\u00a0\u00bbcenter\u00a0\u00bb header_text_align_last_edited=\u00a0\u00bbon|phone\u00a0\u00bb header_font_size_tablet=\u00a0\u00bb\u00a0\u00bb header_font_size_phone=\u00a0\u00bb14px\u00a0\u00bb header_font_size_last_edited=\u00a0\u00bbon|phone\u00a0\u00bb global_colors_info=\u00a0\u00bb{}\u00a0\u00bb filter_opacity__hover_enabled=\u00a0\u00bbon|hover\u00a0\u00bb filter_opacity__hover=\u00a0\u00bb40%\u00a0\u00bb][\/et_pb_blurb][\/et_pb_column][et_pb_column type=\u00a0\u00bb1_4&Prime; _builder_version=\u00a0\u00bb4.16&Prime; _module_preset=\u00a0\u00bbdefault\u00a0\u00bb global_colors_info=\u00a0\u00bb{}\u00a0\u00bb][et_pb_blurb title=\u00a0\u00bbApn\u00e9es du sommeil\u00a0\u00bb url=\u00a0\u00bb@ET-DC@eyJkeW5hbWljIjp0cnVlLCJjb250ZW50IjoicG9zdF9saW5rX3VybF9wYWdlIiwic2V0dGluZ3MiOnsicG9zdF9pZCI6IjEwMTEifX0=@\u00a0\u00bb alt=\u00a0\u00bbOrth\u00e8se d\u2019avanc\u00e9e mandibulaire NARVAL\u00a0\u00bb icon_placement=\u00a0\u00bbleft\u00a0\u00bb icon_placement_tablet=\u00a0\u00bb\u00a0\u00bb icon_placement_phone=\u00a0\u00bbleft\u00a0\u00bb icon_placement_last_edited=\u00a0\u00bbon|phone\u00a0\u00bb _builder_version=\u00a0\u00bb4.18.0&Prime; _dynamic_attributes=\u00a0\u00bburl\u00a0\u00bb _module_preset=\u00a0\u00bbdefault\u00a0\u00bb header_font=\u00a0\u00bb||||||||\u00a0\u00bb header_text_align=\u00a0\u00bbleft\u00a0\u00bb header_font_size=\u00a0\u00bb20px\u00a0\u00bb text_orientation=\u00a0\u00bbcenter\u00a0\u00bb header_text_align_tablet=\u00a0\u00bbcenter\u00a0\u00bb header_text_align_phone=\u00a0\u00bbcenter\u00a0\u00bb header_text_align_last_edited=\u00a0\u00bbon|phone\u00a0\u00bb header_font_size_tablet=\u00a0\u00bb\u00a0\u00bb header_font_size_phone=\u00a0\u00bb14px\u00a0\u00bb header_font_size_last_edited=\u00a0\u00bbon|phone\u00a0\u00bb global_colors_info=\u00a0\u00bb{}\u00a0\u00bb filter_opacity__hover_enabled=\u00a0\u00bbon|hover\u00a0\u00bb filter_opacity__hover=\u00a0\u00bb40%\u00a0\u00bb][\/et_pb_blurb][\/et_pb_column][\/et_pb_row][\/et_pb_section]<\/p>\n","protected":false},"excerpt":{"rendered":"<p>Traitementsesth\u00e9tiques D\u00e9couvrez comment l&rsquo;esth\u00e9tique dentaire \u00e0 chang\u00e9 la vie de nos patientsGr\u00e2ce \u00e0 un traitement esth\u00e9tique en c\u00e9ramique rapide et en douceur, Gilbert a enfin un sourire qui refl\u00e8te sa personnalit\u00e9 sociable et souriante. Regardez comment il se sent \u00e0 l&rsquo;aise avec son nouveau sourire.Des facettes dentaires peuvent-ils changer votre personnalit\u00e9s ? Oui ! D\u00e9couvrez [&hellip;]<\/p>\n","protected":false},"author":1,"featured_media":811,"parent":0,"menu_order":0,"comment_status":"open","ping_status":"closed","template":"","meta":{"_et_pb_use_builder":"on","_et_pb_old_content":"Un beau sourire illumine un visage, embellit la personne, rehausse l'estime de soi et projette une image de confiance et d'assurance rendant ainsi la personne plus attirante. Cependant, un simple d\u00e9faut dentaire peut compromettre toute l'harmonie du visage.Alors, une question se pose \u00e0 vous: \u00abaimez-vous votre sourire? \u00bb si ce n'est pas le cas, fa\u00eetes-vous plaisir et m\u00e9tamorphosez votre sourire gr\u00e2ce \u00e0 la dentisterie esth\u00e9tique.Les diff\u00e9rents types de traitements esth\u00e9tiques:\r\n\r\n<strong>Blanchiment dentaire au fauteuil en une s\u00e9ance<\/strong>\r\n\r\n<strong><a href=\"http:\/\/www.cliniquedentairedeneuchatel.ch\/wp-content\/uploads\/blanchiment.png\"><img class=\"size-full wp-image-91 alignnone\" title=\"blanchiment\" src=\"http:\/\/www.cliniquedentairedeneuchatel.ch\/wp-content\/uploads\/blanchiment.png\" alt=\"\" width=\"275\" height=\"98\" \/><\/a><\/strong>\r\n\r\n<strong>[youtube width=\"340\" height=\"200\"]http:\/\/www.youtube.com\/watch?v=lI8ub9ShPik[\/youtube]<\/strong>\r\n\r\nL'\u00e9claircissement des dents est obtenu \u00e0 l'aide des techniques de blanchiment au cabinet (en une s\u00e9ance) ou \u00e0 l'aide de goutti\u00e8res de blanchiment \u00e0 domicile (env. 2 semaines \u00e0 1 mois). Chacune de ces deux techniques est rendue s\u00fbre et s\u00e9curis\u00e9e gr\u00e2ce \u00e0 un contr\u00f4le dentaire rigoureux au pr\u00e9alable.\r\n\r\n<strong>Couronnes et facettes<\/strong>\r\n\r\n<strong>[slideshow id=1]<\/strong>\r\n\r\n[dailymotion width=\"340\" height=\"200\"]http:\/\/www.dailymotion.com\/video\/x28b56_dentisterie-cosmetique_tech[\/dailymotion]\r\n\r\nIl est possible de corriger ais\u00e9ment les d\u00e9fauts de forme, d'alignement, de couleur, d'usure et d'\u00e9cartements inesth\u00e9tiques des dents \u00e0 l'aide de facettes ou de couronnes en c\u00e9ramique.Le traitement consiste \u00e0 recouvrir la surface de vos dents \u00e0 l'aide d'une fine couche de c\u00e9ramique. Le r\u00e9sultat est esth\u00e9tiquement parfait et d'une tr\u00e8s grande durabilit\u00e9.\r\n\r\n<strong>Remplacement des amalgames (plombages) par des r\u00e9sines composites<\/strong>\r\n\r\n<strong><a href=\"http:\/\/www.cliniquedentairedeneuchatel.ch\/wp-content\/uploads\/Amalgames_a2.jpg\"><img class=\"alignnone size-full wp-image-96\" title=\"Amalgames_a2\" src=\"http:\/\/www.cliniquedentairedeneuchatel.ch\/wp-content\/uploads\/Amalgames_a2.jpg\" alt=\"\" width=\"220\" height=\"152\" \/><\/a>\r\n<\/strong>\r\n\r\nLes amalgames dentaires utilis\u00e9s autrefois et encore aujourd'hui par certains praticiens contiennent 50%25 de mercure qui est un neurotoxique tr\u00e8s puissant.\u00a0Les amalgames laissent \u00e9chapper du mercure dans la salive qui sera rapidement stock\u00e9 dans le cerveau et les diff\u00e9rents organes du corps humain provoquant de nombreux sympt\u00f4mes pathologiques \u00e0 moyen ou long terme tels que:\r\n<ul>\r\n\t<li>fatigue chronique<\/li>\r\n\t<li>migraine<\/li>\r\n\t<li>anxi\u00e9t\u00e9<\/li>\r\n\t<li>perte de m\u00e9moire<\/li>\r\n\t<li>scl\u00e9rose en plaque, etc<\/li>\r\n<\/ul>\r\nCependant, la plupart des personnes ayant des amalgames en bouche ne d\u00e9velopperont jamais de sympt\u00f4me.Actuellement, gr\u00e2ce au progr\u00e8s de la m\u00e9decine et des biomat\u00e9riaux, nous avons l'opportunit\u00e9 de remplacer les amalgames par des r\u00e9sines composites de derni\u00e8re g\u00e9n\u00e9ration, robustes, de couleur similaire \u00e0 la dentition naturelle et esth\u00e9tiquement parfaites.\r\n\r\n<strong>Bijoux dentaires<\/strong>\r\n\r\n<strong><a href=\"http:\/\/www.cliniquedentairedeneuchatel.ch\/wp-content\/uploads\/diamant.png\"><img class=\"alignnone size-full wp-image-99\" title=\"diamant\" src=\"http:\/\/www.cliniquedentairedeneuchatel.ch\/wp-content\/uploads\/diamant.png\" alt=\"\" width=\"275\" height=\"100\" \/><\/a>\r\n<\/strong>\r\n\r\nCollage d'un petit brillant sur la surface d'une dent ant\u00e9rieure.","_et_gb_content_width":"","footnotes":""},"class_list":["post-40","page","type-page","status-publish","has-post-thumbnail","hentry"],"yoast_head":"<!-- This site is optimized with the Yoast SEO plugin v26.8 - https:\/\/yoast.com\/product\/yoast-seo-wordpress\/ -->\n<title>Traitements esth\u00e9tiques | Clinique Dentaire de Neuch\u00e2tel | Dentiste d&#039;urgence | Sourire | beaut\u00e9<\/title>\n<meta name=\"description\" content=\"La perception de la beaut\u00e9 est personnelle, elle est bas\u00e9e sur notre exp\u00e9rience de vie, nos pr\u00e9dispositions et l\u2019alchimie. Si l\u2019on ne peut mesurer la beaut\u00e9 d\u2019une personne, on peut mesurer l\u2019harmonie d\u2019un visage.\" \/>\n<meta name=\"robots\" content=\"index, follow, max-snippet:-1, max-image-preview:large, max-video-preview:-1\" \/>\n<link rel=\"canonical\" href=\"https:\/\/www.cliniquedentairedeneuchatel.ch\/ru\/traitements-esthetiques\/\" \/>\n<meta property=\"og:locale\" content=\"ru_RU\" \/>\n<meta property=\"og:type\" content=\"article\" \/>\n<meta property=\"og:title\" content=\"Traitements esth\u00e9tiques | Clinique Dentaire de Neuch\u00e2tel | Dentiste d&#039;urgence | Sourire | beaut\u00e9\" \/>\n<meta property=\"og:description\" content=\"La perception de la beaut\u00e9 est personnelle, elle est bas\u00e9e sur notre exp\u00e9rience de vie, nos pr\u00e9dispositions et l\u2019alchimie. Si l\u2019on ne peut mesurer la beaut\u00e9 d\u2019une personne, on peut mesurer l\u2019harmonie d\u2019un visage.\" \/>\n<meta property=\"og:url\" content=\"https:\/\/www.cliniquedentairedeneuchatel.ch\/ru\/traitements-esthetiques\/\" \/>\n<meta property=\"og:site_name\" content=\"Clinique Dentaire de Neuch\u00e2tel | Dentiste d&#039;urgence\" \/>\n<meta property=\"article:publisher\" content=\"https:\/\/www.facebook.com\/cliniquedentaireNeuchatel\" \/>\n<meta property=\"article:modified_time\" content=\"2024-06-06T08:44:17+00:00\" \/>\n<meta property=\"og:image\" content=\"https:\/\/www.cliniquedentairedeneuchatel.ch\/wp-content\/uploads\/Image_Couple_-en_train_de_rire.jpg\" \/>\n\t<meta property=\"og:image:width\" content=\"1920\" \/>\n\t<meta property=\"og:image:height\" content=\"1080\" \/>\n\t<meta property=\"og:image:type\" content=\"image\/jpeg\" \/>\n<meta name=\"twitter:card\" content=\"summary_large_image\" \/>\n<meta name=\"twitter:label1\" content=\"\u041f\u0440\u0438\u043c\u0435\u0440\u043d\u043e\u0435 \u0432\u0440\u0435\u043c\u044f \u0434\u043b\u044f \u0447\u0442\u0435\u043d\u0438\u044f\" \/>\n\t<meta name=\"twitter:data1\" content=\"25 \u043c\u0438\u043d\u0443\u0442\" \/>\n<script type=\"application\/ld+json\" class=\"yoast-schema-graph\">{\"@context\":\"https:\/\/schema.org\",\"@graph\":[{\"@type\":\"WebPage\",\"@id\":\"https:\/\/www.cliniquedentairedeneuchatel.ch\/traitements-esthetiques\/\",\"url\":\"https:\/\/www.cliniquedentairedeneuchatel.ch\/traitements-esthetiques\/\",\"name\":\"Traitements esth\u00e9tiques | Clinique Dentaire de Neuch\u00e2tel | Dentiste d&#039;urgence | Sourire | beaut\u00e9\",\"isPartOf\":{\"@id\":\"https:\/\/www.cliniquedentairedeneuchatel.ch\/#website\"},\"primaryImageOfPage\":{\"@id\":\"https:\/\/www.cliniquedentairedeneuchatel.ch\/traitements-esthetiques\/#primaryimage\"},\"image\":{\"@id\":\"https:\/\/www.cliniquedentairedeneuchatel.ch\/traitements-esthetiques\/#primaryimage\"},\"thumbnailUrl\":\"https:\/\/www.cliniquedentairedeneuchatel.ch\/wp-content\/uploads\/Image_Couple_-en_train_de_rire.jpg\",\"datePublished\":\"2011-04-23T08:00:25+00:00\",\"dateModified\":\"2024-06-06T08:44:17+00:00\",\"description\":\"La perception de la beaut\u00e9 est personnelle, elle est bas\u00e9e sur notre exp\u00e9rience de vie, nos pr\u00e9dispositions et l\u2019alchimie. Si l\u2019on ne peut mesurer la beaut\u00e9 d\u2019une personne, on peut mesurer l\u2019harmonie d\u2019un visage.\",\"breadcrumb\":{\"@id\":\"https:\/\/www.cliniquedentairedeneuchatel.ch\/traitements-esthetiques\/#breadcrumb\"},\"inLanguage\":\"ru-RU\",\"potentialAction\":[{\"@type\":\"ReadAction\",\"target\":[\"https:\/\/www.cliniquedentairedeneuchatel.ch\/traitements-esthetiques\/\"]}]},{\"@type\":\"ImageObject\",\"inLanguage\":\"ru-RU\",\"@id\":\"https:\/\/www.cliniquedentairedeneuchatel.ch\/traitements-esthetiques\/#primaryimage\",\"url\":\"https:\/\/www.cliniquedentairedeneuchatel.ch\/wp-content\/uploads\/Image_Couple_-en_train_de_rire.jpg\",\"contentUrl\":\"https:\/\/www.cliniquedentairedeneuchatel.ch\/wp-content\/uploads\/Image_Couple_-en_train_de_rire.jpg\",\"width\":1920,\"height\":1080,\"caption\":\"Couple amusant en train de rire avec un sourire blanc parfait et se regardant dehors\"},{\"@type\":\"BreadcrumbList\",\"@id\":\"https:\/\/www.cliniquedentairedeneuchatel.ch\/traitements-esthetiques\/#breadcrumb\",\"itemListElement\":[{\"@type\":\"ListItem\",\"position\":1,\"name\":\"Accueil\",\"item\":\"https:\/\/www.cliniquedentairedeneuchatel.ch\/\"},{\"@type\":\"ListItem\",\"position\":2,\"name\":\"Traitements esth\u00e9tiques\"}]},{\"@type\":\"WebSite\",\"@id\":\"https:\/\/www.cliniquedentairedeneuchatel.ch\/#website\",\"url\":\"https:\/\/www.cliniquedentairedeneuchatel.ch\/\",\"name\":\"Clinique Dentaire de Neuch\u00e2tel | Dentiste d&#039;urgence\",\"description\":\"&quot;Votre clinique... tout en douceur...&quot;\",\"publisher\":{\"@id\":\"https:\/\/www.cliniquedentairedeneuchatel.ch\/#organization\"},\"potentialAction\":[{\"@type\":\"SearchAction\",\"target\":{\"@type\":\"EntryPoint\",\"urlTemplate\":\"https:\/\/www.cliniquedentairedeneuchatel.ch\/?s={search_term_string}\"},\"query-input\":{\"@type\":\"PropertyValueSpecification\",\"valueRequired\":true,\"valueName\":\"search_term_string\"}}],\"inLanguage\":\"ru-RU\"},{\"@type\":\"Organization\",\"@id\":\"https:\/\/www.cliniquedentairedeneuchatel.ch\/#organization\",\"name\":\"Clinique Dentaire de Neuch\u00e2tel | Votre dentiste \u00e0 Neuch\u00e2tel\",\"url\":\"https:\/\/www.cliniquedentairedeneuchatel.ch\/\",\"logo\":{\"@type\":\"ImageObject\",\"inLanguage\":\"ru-RU\",\"@id\":\"https:\/\/www.cliniquedentairedeneuchatel.ch\/#\/schema\/logo\/image\/\",\"url\":\"https:\/\/www.cliniquedentairedeneuchatel.ch\/wp-content\/uploads\/logo_wordpress.png\",\"contentUrl\":\"https:\/\/www.cliniquedentairedeneuchatel.ch\/wp-content\/uploads\/logo_wordpress.png\",\"width\":869,\"height\":402,\"caption\":\"Clinique Dentaire de Neuch\u00e2tel | Votre dentiste \u00e0 Neuch\u00e2tel\"},\"image\":{\"@id\":\"https:\/\/www.cliniquedentairedeneuchatel.ch\/#\/schema\/logo\/image\/\"},\"sameAs\":[\"https:\/\/www.facebook.com\/cliniquedentaireNeuchatel\"]}]}<\/script>\n<!-- \/ Yoast SEO plugin. -->","yoast_head_json":{"title":"Traitements esth\u00e9tiques | Clinique Dentaire de Neuch\u00e2tel | Dentiste d&#039;urgence | Sourire | beaut\u00e9","description":"\u0412\u043e\u0441\u043f\u0440\u0438\u044f\u0442\u0438\u0435 \u043a\u0440\u0430\u0441\u043e\u0442\u044b \u0438\u043d\u0434\u0438\u0432\u0438\u0434\u0443\u0430\u043b\u044c\u043d\u043e, \u043e\u043d\u043e \u043e\u0441\u043d\u043e\u0432\u0430\u043d\u043e \u043d\u0430 \u043d\u0430\u0448\u0435\u043c \u0436\u0438\u0437\u043d\u0435\u043d\u043d\u043e\u043c \u043e\u043f\u044b\u0442\u0435, \u043d\u0430\u0448\u0438\u0445 \u043f\u0440\u0435\u0434\u0440\u0430\u0441\u043f\u043e\u043b\u043e\u0436\u0435\u043d\u043d\u043e\u0441\u0442\u044f\u0445 \u0438 \u0430\u043b\u0445\u0438\u043c\u0438\u0438. \u0415\u0441\u043b\u0438 \u043c\u044b \u043d\u0435 \u043c\u043e\u0436\u0435\u043c \u0438\u0437\u043c\u0435\u0440\u0438\u0442\u044c \u043a\u0440\u0430\u0441\u043e\u0442\u0443 \u0447\u0435\u043b\u043e\u0432\u0435\u043a\u0430, \u043c\u044b \u043c\u043e\u0436\u0435\u043c \u0438\u0437\u043c\u0435\u0440\u0438\u0442\u044c \u0433\u0430\u0440\u043c\u043e\u043d\u0438\u044e \u043b\u0438\u0446\u0430.","robots":{"index":"index","follow":"follow","max-snippet":"max-snippet:-1","max-image-preview":"max-image-preview:large","max-video-preview":"max-video-preview:-1"},"canonical":"https:\/\/www.cliniquedentairedeneuchatel.ch\/ru\/traitements-esthetiques\/","og_locale":"ru_RU","og_type":"article","og_title":"Traitements esth\u00e9tiques | Clinique Dentaire de Neuch\u00e2tel | Dentiste d&#039;urgence | Sourire | beaut\u00e9","og_description":"La perception de la beaut\u00e9 est personnelle, elle est bas\u00e9e sur notre exp\u00e9rience de vie, nos pr\u00e9dispositions et l\u2019alchimie. Si l\u2019on ne peut mesurer la beaut\u00e9 d\u2019une personne, on peut mesurer l\u2019harmonie d\u2019un visage.","og_url":"https:\/\/www.cliniquedentairedeneuchatel.ch\/ru\/traitements-esthetiques\/","og_site_name":"Clinique Dentaire de Neuch\u00e2tel | Dentiste d&#039;urgence","article_publisher":"https:\/\/www.facebook.com\/cliniquedentaireNeuchatel","article_modified_time":"2024-06-06T08:44:17+00:00","og_image":[{"width":1920,"height":1080,"url":"https:\/\/www.cliniquedentairedeneuchatel.ch\/wp-content\/uploads\/Image_Couple_-en_train_de_rire.jpg","type":"image\/jpeg"}],"twitter_card":"summary_large_image","twitter_misc":{"\u041f\u0440\u0438\u043c\u0435\u0440\u043d\u043e\u0435 \u0432\u0440\u0435\u043c\u044f \u0434\u043b\u044f \u0447\u0442\u0435\u043d\u0438\u044f":"25 \u043c\u0438\u043d\u0443\u0442"},"schema":{"@context":"https:\/\/schema.org","@graph":[{"@type":"WebPage","@id":"https:\/\/www.cliniquedentairedeneuchatel.ch\/traitements-esthetiques\/","url":"https:\/\/www.cliniquedentairedeneuchatel.ch\/traitements-esthetiques\/","name":"Traitements esth\u00e9tiques | Clinique Dentaire de Neuch\u00e2tel | Dentiste d&#039;urgence | Sourire | beaut\u00e9","isPartOf":{"@id":"https:\/\/www.cliniquedentairedeneuchatel.ch\/#website"},"primaryImageOfPage":{"@id":"https:\/\/www.cliniquedentairedeneuchatel.ch\/traitements-esthetiques\/#primaryimage"},"image":{"@id":"https:\/\/www.cliniquedentairedeneuchatel.ch\/traitements-esthetiques\/#primaryimage"},"thumbnailUrl":"https:\/\/www.cliniquedentairedeneuchatel.ch\/wp-content\/uploads\/Image_Couple_-en_train_de_rire.jpg","datePublished":"2011-04-23T08:00:25+00:00","dateModified":"2024-06-06T08:44:17+00:00","description":"\u0412\u043e\u0441\u043f\u0440\u0438\u044f\u0442\u0438\u0435 \u043a\u0440\u0430\u0441\u043e\u0442\u044b \u0438\u043d\u0434\u0438\u0432\u0438\u0434\u0443\u0430\u043b\u044c\u043d\u043e, \u043e\u043d\u043e \u043e\u0441\u043d\u043e\u0432\u0430\u043d\u043e \u043d\u0430 \u043d\u0430\u0448\u0435\u043c \u0436\u0438\u0437\u043d\u0435\u043d\u043d\u043e\u043c \u043e\u043f\u044b\u0442\u0435, \u043d\u0430\u0448\u0438\u0445 \u043f\u0440\u0435\u0434\u0440\u0430\u0441\u043f\u043e\u043b\u043e\u0436\u0435\u043d\u043d\u043e\u0441\u0442\u044f\u0445 \u0438 \u0430\u043b\u0445\u0438\u043c\u0438\u0438. \u0415\u0441\u043b\u0438 \u043c\u044b \u043d\u0435 \u043c\u043e\u0436\u0435\u043c \u0438\u0437\u043c\u0435\u0440\u0438\u0442\u044c \u043a\u0440\u0430\u0441\u043e\u0442\u0443 \u0447\u0435\u043b\u043e\u0432\u0435\u043a\u0430, \u043c\u044b \u043c\u043e\u0436\u0435\u043c \u0438\u0437\u043c\u0435\u0440\u0438\u0442\u044c \u0433\u0430\u0440\u043c\u043e\u043d\u0438\u044e \u043b\u0438\u0446\u0430.","breadcrumb":{"@id":"https:\/\/www.cliniquedentairedeneuchatel.ch\/traitements-esthetiques\/#breadcrumb"},"inLanguage":"ru-RU","potentialAction":[{"@type":"ReadAction","target":["https:\/\/www.cliniquedentairedeneuchatel.ch\/traitements-esthetiques\/"]}]},{"@type":"ImageObject","inLanguage":"ru-RU","@id":"https:\/\/www.cliniquedentairedeneuchatel.ch\/traitements-esthetiques\/#primaryimage","url":"https:\/\/www.cliniquedentairedeneuchatel.ch\/wp-content\/uploads\/Image_Couple_-en_train_de_rire.jpg","contentUrl":"https:\/\/www.cliniquedentairedeneuchatel.ch\/wp-content\/uploads\/Image_Couple_-en_train_de_rire.jpg","width":1920,"height":1080,"caption":"Couple amusant en train de rire avec un sourire blanc parfait et se regardant dehors"},{"@type":"BreadcrumbList","@id":"https:\/\/www.cliniquedentairedeneuchatel.ch\/traitements-esthetiques\/#breadcrumb","itemListElement":[{"@type":"ListItem","position":1,"name":"Accueil","item":"https:\/\/www.cliniquedentairedeneuchatel.ch\/"},{"@type":"ListItem","position":2,"name":"Traitements esth\u00e9tiques"}]},{"@type":"WebSite","@id":"https:\/\/www.cliniquedentairedeneuchatel.ch\/#website","url":"https:\/\/www.cliniquedentairedeneuchatel.ch\/","name":"Clinique Dentaire de Neuch\u00e2tel | Dentiste d&#039;urgence","description":"\u00ab\u0412\u0430\u0448\u0430 \u043a\u043b\u0438\u043d\u0438\u043a\u0430\u2026 \u0441 \u0437\u0430\u0431\u043e\u0442\u043e\u0439 \u043e \u0432\u0430\u0448\u0435\u043c \u0437\u0434\u043e\u0440\u043e\u0432\u044c\u0435\u2026\u00bb","publisher":{"@id":"https:\/\/www.cliniquedentairedeneuchatel.ch\/#organization"},"potentialAction":[{"@type":"SearchAction","target":{"@type":"EntryPoint","urlTemplate":"https:\/\/www.cliniquedentairedeneuchatel.ch\/?s={search_term_string}"},"query-input":{"@type":"PropertyValueSpecification","valueRequired":true,"valueName":"search_term_string"}}],"inLanguage":"ru-RU"},{"@type":"Organization","@id":"https:\/\/www.cliniquedentairedeneuchatel.ch\/#organization","name":"Clinique Dentaire de Neuch\u00e2tel | Votre dentiste \u00e0 Neuch\u00e2tel","url":"https:\/\/www.cliniquedentairedeneuchatel.ch\/","logo":{"@type":"ImageObject","inLanguage":"ru-RU","@id":"https:\/\/www.cliniquedentairedeneuchatel.ch\/#\/schema\/logo\/image\/","url":"https:\/\/www.cliniquedentairedeneuchatel.ch\/wp-content\/uploads\/logo_wordpress.png","contentUrl":"https:\/\/www.cliniquedentairedeneuchatel.ch\/wp-content\/uploads\/logo_wordpress.png","width":869,"height":402,"caption":"Clinique Dentaire de Neuch\u00e2tel | Votre dentiste \u00e0 Neuch\u00e2tel"},"image":{"@id":"https:\/\/www.cliniquedentairedeneuchatel.ch\/#\/schema\/logo\/image\/"},"sameAs":["https:\/\/www.facebook.com\/cliniquedentaireNeuchatel"]}]}},"_links":{"self":[{"href":"https:\/\/www.cliniquedentairedeneuchatel.ch\/ru\/wp-json\/wp\/v2\/pages\/40","targetHints":{"allow":["GET"]}}],"collection":[{"href":"https:\/\/www.cliniquedentairedeneuchatel.ch\/ru\/wp-json\/wp\/v2\/pages"}],"about":[{"href":"https:\/\/www.cliniquedentairedeneuchatel.ch\/ru\/wp-json\/wp\/v2\/types\/page"}],"author":[{"embeddable":true,"href":"https:\/\/www.cliniquedentairedeneuchatel.ch\/ru\/wp-json\/wp\/v2\/users\/1"}],"replies":[{"embeddable":true,"href":"https:\/\/www.cliniquedentairedeneuchatel.ch\/ru\/wp-json\/wp\/v2\/comments?post=40"}],"version-history":[{"count":0,"href":"https:\/\/www.cliniquedentairedeneuchatel.ch\/ru\/wp-json\/wp\/v2\/pages\/40\/revisions"}],"wp:featuredmedia":[{"embeddable":true,"href":"https:\/\/www.cliniquedentairedeneuchatel.ch\/ru\/wp-json\/wp\/v2\/media\/811"}],"wp:attachment":[{"href":"https:\/\/www.cliniquedentairedeneuchatel.ch\/ru\/wp-json\/wp\/v2\/media?parent=40"}],"curies":[{"name":"wp","href":"https:\/\/api.w.org\/{rel}","templated":true}]}}