{"id":1899,"date":"2020-12-15T08:13:24","date_gmt":"2020-12-15T08:13:24","guid":{"rendered":"https:\/\/www.cliniquedentairedeneuchatel.ch\/?page_id=1899"},"modified":"2023-11-14T11:03:58","modified_gmt":"2023-11-14T11:03:58","slug":"cas-cliniques","status":"publish","type":"page","link":"https:\/\/www.cliniquedentairedeneuchatel.ch\/ru\/cas-cliniques\/","title":{"rendered":"\u0414\u043e\/\u041f\u043e\u0441\u043b\u0435"},"content":{"rendered":"<p>[et_pb_section fb_built=\u00a0\u00bb1&Prime; admin_label=\u00a0\u00bbsection\u00a0\u00bb _builder_version=\u00a0\u00bb4.16&Prime; custom_padding=\u00a0\u00bb||0px|||\u00a0\u00bb da_disable_devices=\u00a0\u00bboff|off|off\u00a0\u00bb global_colors_info=\u00a0\u00bb{}\u00a0\u00bb da_is_popup=\u00a0\u00bboff\u00a0\u00bb da_exit_intent=\u00a0\u00bboff\u00a0\u00bb da_has_close=\u00a0\u00bbon\u00a0\u00bb da_alt_close=\u00a0\u00bboff\u00a0\u00bb da_dark_close=\u00a0\u00bboff\u00a0\u00bb da_not_modal=\u00a0\u00bbon\u00a0\u00bb da_is_singular=\u00a0\u00bboff\u00a0\u00bb da_with_loader=\u00a0\u00bboff\u00a0\u00bb da_has_shadow=\u00a0\u00bbon\u00a0\u00bb][et_pb_row _builder_version=\u00a0\u00bb4.16&Prime; _module_preset=\u00a0\u00bbdefault\u00a0\u00bb global_colors_info=\u00a0\u00bb{}\u00a0\u00bb][et_pb_column type=\u00a0\u00bb4_4&Prime; _builder_version=\u00a0\u00bb4.16&Prime; _module_preset=\u00a0\u00bbdefault\u00a0\u00bb global_colors_info=\u00a0\u00bb{}\u00a0\u00bb][et_pb_text _builder_version=\u00a0\u00bb4.16&Prime; _module_preset=\u00a0\u00bbdefault\u00a0\u00bb global_colors_info=\u00a0\u00bb{}\u00a0\u00bb]<\/p>\n<h1>Photos de cas cliniques<\/h1>\n<p>[\/et_pb_text][\/et_pb_column][\/et_pb_row][et_pb_row column_structure=\u00a0\u00bb1_2,1_2&Prime; _builder_version=\u00a0\u00bb4.16&Prime; _module_preset=\u00a0\u00bbdefault\u00a0\u00bb custom_padding=\u00a0\u00bb0px|||||\u00a0\u00bb global_colors_info=\u00a0\u00bb{}\u00a0\u00bb][et_pb_column type=\u00a0\u00bb1_2&Prime; _builder_version=\u00a0\u00bb4.16&Prime; _module_preset=\u00a0\u00bbdefault\u00a0\u00bb global_colors_info=\u00a0\u00bb{}\u00a0\u00bb][et_pb_blurb title=\u00a0\u00bbBlanchiment dentaire\u00a0\u00bb image=\u00a0\u00bbhttps:\/\/www.cliniquedentairedeneuchatel.ch\/wp-content\/uploads\/blanchiment-dentaire-min-1024&#215;684.jpg\u00a0\u00bb alt=\u00a0\u00bbblanchiment dentaire\u00a0\u00bb _builder_version=\u00a0\u00bb4.16&Prime; _module_preset=\u00a0\u00bbdefault\u00a0\u00bb global_colors_info=\u00a0\u00bb{}\u00a0\u00bb][\/et_pb_blurb][\/et_pb_column][et_pb_column type=\u00a0\u00bb1_2&Prime; _builder_version=\u00a0\u00bb4.16&Prime; _module_preset=\u00a0\u00bbdefault\u00a0\u00bb global_colors_info=\u00a0\u00bb{}\u00a0\u00bb][et_pb_blurb title=\u00a0\u00bbBlanchiment dentaire et correction d\u2019espace en composite\u00a0\u00bb image=\u00a0\u00bbhttps:\/\/www.cliniquedentairedeneuchatel.ch\/wp-content\/uploads\/blanchiment-dentaire-et-correction-despace-en-composite-min-1024&#215;684.jpg\u00a0\u00bb alt=\u00a0\u00bbGros Plan D\u00e9tail Des Dents D&rsquo;Homme Avant Et Apr\u00e8s Le Blanchiment\u00a0\u00bb _builder_version=\u00a0\u00bb4.16&Prime; _module_preset=\u00a0\u00bbdefault\u00a0\u00bb global_colors_info=\u00a0\u00bb{}\u00a0\u00bb][\/et_pb_blurb][\/et_pb_column][\/et_pb_row][et_pb_row custom_padding_last_edited=\u00a0\u00bbon|tablet\u00a0\u00bb _builder_version=\u00a0\u00bb4.16&Prime; _module_preset=\u00a0\u00bbdefault\u00a0\u00bb background_image=\u00a0\u00bbhttps:\/\/www.cliniquedentairedeneuchatel.ch\/wp-content\/uploads\/blanchiment-dentaire-et-reconstruction-en-composite-de-collets-min-1024&#215;355.jpg\u00a0\u00bb custom_padding=\u00a0\u00bb||300px||false|false\u00a0\u00bb custom_padding_tablet=\u00a0\u00bb||100px||false|false\u00a0\u00bb custom_padding_phone=\u00a0\u00bb||50px||false|false\u00a0\u00bb animation_style=\u00a0\u00bbfade\u00a0\u00bb global_colors_info=\u00a0\u00bb{}\u00a0\u00bb][et_pb_column type=\u00a0\u00bb4_4&Prime; _builder_version=\u00a0\u00bb4.16&Prime; _module_preset=\u00a0\u00bbdefault\u00a0\u00bb global_colors_info=\u00a0\u00bb{}\u00a0\u00bb][\/et_pb_column][\/et_pb_row][et_pb_row _builder_version=\u00a0\u00bb4.16&Prime; _module_preset=\u00a0\u00bbdefault\u00a0\u00bb custom_padding=\u00a0\u00bb0px|||||\u00a0\u00bb global_colors_info=\u00a0\u00bb{}\u00a0\u00bb][et_pb_column type=\u00a0\u00bb4_4&Prime; _builder_version=\u00a0\u00bb4.16&Prime; _module_preset=\u00a0\u00bbdefault\u00a0\u00bb global_colors_info=\u00a0\u00bb{}\u00a0\u00bb][et_pb_text _builder_version=\u00a0\u00bb4.16&Prime; _module_preset=\u00a0\u00bbdefault\u00a0\u00bb custom_margin=\u00a0\u00bb30px|||||\u00a0\u00bb global_colors_info=\u00a0\u00bb{}\u00a0\u00bb]<\/p>\n<h4>Blanchiment dentaire et reconstruction en composite de collets<\/h4>\n<p>[\/et_pb_text][\/et_pb_column][\/et_pb_row][et_pb_row column_structure=\u00a0\u00bb1_2,1_2&Prime; _builder_version=\u00a0\u00bb4.16&Prime; _module_preset=\u00a0\u00bbdefault\u00a0\u00bb custom_padding=\u00a0\u00bb0px|||||\u00a0\u00bb global_colors_info=\u00a0\u00bb{}\u00a0\u00bb][et_pb_column type=\u00a0\u00bb1_2&Prime; _builder_version=\u00a0\u00bb4.16&Prime; _module_preset=\u00a0\u00bbdefault\u00a0\u00bb global_colors_info=\u00a0\u00bb{}\u00a0\u00bb][et_pb_blurb title=\u00a0\u00bbRestauration esth\u00e9tique en c\u00e9ramique sur 5 dents ( 22 \u00e0 13)\u00a0\u00bb image=\u00a0\u00bbhttps:\/\/www.cliniquedentairedeneuchatel.ch\/wp-content\/uploads\/restauration-esthetique-en-ceramique-sur-5-dents-min-1022&#215;1024.jpg\u00a0\u00bb alt=\u00a0\u00bbrestauration esth\u00e9tique en c\u00e9ramique sur 5 dents ( 22 \u00e0 13)\u00a0\u00bb _builder_version=\u00a0\u00bb4.16&Prime; _module_preset=\u00a0\u00bbdefault\u00a0\u00bb global_colors_info=\u00a0\u00bb{}\u00a0\u00bb][\/et_pb_blurb][\/et_pb_column][et_pb_column type=\u00a0\u00bb1_2&Prime; _builder_version=\u00a0\u00bb4.16&Prime; _module_preset=\u00a0\u00bbdefault\u00a0\u00bb global_colors_info=\u00a0\u00bb{}\u00a0\u00bb][et_pb_blurb title=\u00a0\u00bbFermeture de diast\u00e8me central \u00e0 l\u2019aide de 2 facettes en c\u00e9ramique ( 11\/21 )\u00a0\u00bb image=\u00a0\u00bbhttps:\/\/www.cliniquedentairedeneuchatel.ch\/wp-content\/uploads\/fermeture-de-diasteme-central-a-laide-de-2-facettes-en-ceramique-min-1024&#215;1024.jpg\u00a0\u00bb alt=\u00a0\u00bbfermeture de diast\u00e8me central \u00e0 l\u2019aide de 2 facettes en c\u00e9ramique ( 11\/21 )\u00a0\u00bb _builder_version=\u00a0\u00bb4.16&Prime; _module_preset=\u00a0\u00bbdefault\u00a0\u00bb global_colors_info=\u00a0\u00bb{}\u00a0\u00bb][\/et_pb_blurb][\/et_pb_column][\/et_pb_row][et_pb_row column_structure=\u00a0\u00bb1_2,1_2&Prime; _builder_version=\u00a0\u00bb4.16&Prime; _module_preset=\u00a0\u00bbdefault\u00a0\u00bb custom_padding=\u00a0\u00bb0px|||||\u00a0\u00bb global_colors_info=\u00a0\u00bb{}\u00a0\u00bb][et_pb_column type=\u00a0\u00bb1_2&Prime; _builder_version=\u00a0\u00bb4.16&Prime; _module_preset=\u00a0\u00bbdefault\u00a0\u00bb global_colors_info=\u00a0\u00bb{}\u00a0\u00bb][et_pb_blurb title=\u00a0\u00bbFermeture de diast\u00e8mes multiples \u00e0 l\u2019aide de 4 facettes en c\u00e9ramique ( 12\u00e022)\u00a0\u00bb image=\u00a0\u00bbhttps:\/\/www.cliniquedentairedeneuchatel.ch\/wp-content\/uploads\/fermeture-de-diastemes-multiples-a-laide-de-4-facettes-en-ceramique-min-1024&#215;1024.jpg\u00a0\u00bb alt=\u00a0\u00bbfermeture de diast\u00e8mes multiples \u00e0 l\u2019aide de 4 facettes en c\u00e9ramique ( 12\u00e022)\u00a0\u00bb _builder_version=\u00a0\u00bb4.16&Prime; _module_preset=\u00a0\u00bbdefault\u00a0\u00bb global_colors_info=\u00a0\u00bb{}\u00a0\u00bb][\/et_pb_blurb][\/et_pb_column][et_pb_column type=\u00a0\u00bb1_2&Prime; _builder_version=\u00a0\u00bb4.16&Prime; _module_preset=\u00a0\u00bbdefault\u00a0\u00bb global_colors_info=\u00a0\u00bb{}\u00a0\u00bb][et_pb_blurb title=\u00a0\u00bbTransformation du sourire \u00e0 l\u2019aide de restaurations en c\u00e9ramique\u00a0\u00bb image=\u00a0\u00bbhttps:\/\/www.cliniquedentairedeneuchatel.ch\/wp-content\/uploads\/transformation-du-sourire-a-laide-de-restaurations-en-ceramique-min-1024&#215;1024.jpg\u00a0\u00bb alt=\u00a0\u00bbtransformation du sourire \u00e0 l\u2019aide de restaurations en c\u00e9ramique\u00a0\u00bb _builder_version=\u00a0\u00bb4.16&Prime; _module_preset=\u00a0\u00bbdefault\u00a0\u00bb global_colors_info=\u00a0\u00bb{}\u00a0\u00bb][\/et_pb_blurb][\/et_pb_column][\/et_pb_row][et_pb_row custom_padding_last_edited=\u00a0\u00bbon|phone\u00a0\u00bb _builder_version=\u00a0\u00bb4.16&Prime; _module_preset=\u00a0\u00bbdefault\u00a0\u00bb background_image=\u00a0\u00bbhttps:\/\/www.cliniquedentairedeneuchatel.ch\/wp-content\/uploads\/Creation-dun-nouveau-sourire-sur-mesure-grace-aux-restaurations-en-ceramique-min-1024&#215;283.jpg\u00a0\u00bb custom_padding=\u00a0\u00bb||200px||false|false\u00a0\u00bb custom_padding_tablet=\u00a0\u00bb||100px||false|false\u00a0\u00bb custom_padding_phone=\u00a0\u00bb||15px||false|false\u00a0\u00bb animation_style=\u00a0\u00bbfade\u00a0\u00bb locked=\u00a0\u00bboff\u00a0\u00bb global_colors_info=\u00a0\u00bb{}\u00a0\u00bb][et_pb_column type=\u00a0\u00bb4_4&Prime; _builder_version=\u00a0\u00bb4.16&Prime; _module_preset=\u00a0\u00bbdefault\u00a0\u00bb global_colors_info=\u00a0\u00bb{}\u00a0\u00bb][\/et_pb_column][\/et_pb_row][et_pb_row _builder_version=\u00a0\u00bb4.16&Prime; _module_preset=\u00a0\u00bbdefault\u00a0\u00bb custom_padding=\u00a0\u00bb0px|||||\u00a0\u00bb locked=\u00a0\u00bboff\u00a0\u00bb global_colors_info=\u00a0\u00bb{}\u00a0\u00bb][et_pb_column type=\u00a0\u00bb4_4&Prime; _builder_version=\u00a0\u00bb4.16&Prime; _module_preset=\u00a0\u00bbdefault\u00a0\u00bb global_colors_info=\u00a0\u00bb{}\u00a0\u00bb][et_pb_text _builder_version=\u00a0\u00bb4.16&Prime; _module_preset=\u00a0\u00bbdefault\u00a0\u00bb custom_margin=\u00a0\u00bb30px|||||\u00a0\u00bb global_colors_info=\u00a0\u00bb{}\u00a0\u00bb]<\/p>\n<h4>Cr\u00e9ation d\u2019un nouveau sourire sur mesure gr\u00e2ce aux restaurations en c\u00e9ramique<\/h4>\n<p>[\/et_pb_text][\/et_pb_column][\/et_pb_row][et_pb_row custom_padding_last_edited=\u00a0\u00bbon|phone\u00a0\u00bb _builder_version=\u00a0\u00bb4.16&Prime; _module_preset=\u00a0\u00bbdefault\u00a0\u00bb background_image=\u00a0\u00bbhttps:\/\/www.cliniquedentairedeneuchatel.ch\/wp-content\/uploads\/correction-des-dents-anterieures-grace-a-des-facettes-en-composite-min.jpg\u00a0\u00bb custom_padding=\u00a0\u00bb||500px||false|false\u00a0\u00bb custom_padding_tablet=\u00a0\u00bb||300px||false|false\u00a0\u00bb custom_padding_phone=\u00a0\u00bb||100px||false|false\u00a0\u00bb animation_style=\u00a0\u00bbfade\u00a0\u00bb locked=\u00a0\u00bboff\u00a0\u00bb global_colors_info=\u00a0\u00bb{}\u00a0\u00bb][et_pb_column type=\u00a0\u00bb4_4&Prime; _builder_version=\u00a0\u00bb4.16&Prime; _module_preset=\u00a0\u00bbdefault\u00a0\u00bb global_colors_info=\u00a0\u00bb{}\u00a0\u00bb][\/et_pb_column][\/et_pb_row][et_pb_row _builder_version=\u00a0\u00bb4.16&Prime; _module_preset=\u00a0\u00bbdefault\u00a0\u00bb custom_padding=\u00a0\u00bb0px|||||\u00a0\u00bb locked=\u00a0\u00bboff\u00a0\u00bb global_colors_info=\u00a0\u00bb{}\u00a0\u00bb][et_pb_column type=\u00a0\u00bb4_4&Prime; _builder_version=\u00a0\u00bb4.16&Prime; _module_preset=\u00a0\u00bbdefault\u00a0\u00bb global_colors_info=\u00a0\u00bb{}\u00a0\u00bb][et_pb_text _builder_version=\u00a0\u00bb4.16&Prime; _module_preset=\u00a0\u00bbdefault\u00a0\u00bb custom_margin=\u00a0\u00bb30px|||||\u00a0\u00bb global_colors_info=\u00a0\u00bb{}\u00a0\u00bb]<\/p>\n<h4>Correction des dents ant\u00e9rieures gr\u00e2ce \u00e0 des facettes en composite<\/h4>\n<p>[\/et_pb_text][\/et_pb_column][\/et_pb_row][et_pb_row column_structure=\u00a0\u00bb1_2,1_2&Prime; _builder_version=\u00a0\u00bb4.16&Prime; _module_preset=\u00a0\u00bbdefault\u00a0\u00bb custom_padding=\u00a0\u00bb0px|||||\u00a0\u00bb locked=\u00a0\u00bboff\u00a0\u00bb global_colors_info=\u00a0\u00bb{}\u00a0\u00bb][et_pb_column type=\u00a0\u00bb1_2&Prime; _builder_version=\u00a0\u00bb4.16&Prime; _module_preset=\u00a0\u00bbdefault\u00a0\u00bb global_colors_info=\u00a0\u00bb{}\u00a0\u00bb][et_pb_blurb title=\u00a0\u00bbReconstruction compl\u00e8te du sourire et de la fonction masticatoire \u00a0\u00bb image=\u00a0\u00bbhttps:\/\/www.cliniquedentairedeneuchatel.ch\/wp-content\/uploads\/reconstruction-complete-du-sourire-et-de-la-fonction-masticatoire-min-970&#215;1024.jpg\u00a0\u00bb alt=\u00a0\u00bbreconstruction compl\u00e8te du sourire et de la fonction masticatoire \u00a0\u00bb _builder_version=\u00a0\u00bb4.16&Prime; _module_preset=\u00a0\u00bbdefault\u00a0\u00bb global_colors_info=\u00a0\u00bb{}\u00a0\u00bb][\/et_pb_blurb][\/et_pb_column][et_pb_column type=\u00a0\u00bb1_2&Prime; _builder_version=\u00a0\u00bb4.16&Prime; _module_preset=\u00a0\u00bbdefault\u00a0\u00bb global_colors_info=\u00a0\u00bb{}\u00a0\u00bb][et_pb_blurb title=\u00a0\u00bbChangement d\u2019un amalgame en restauration esth\u00e9tique en composite directe\u00a0\u00bb image=\u00a0\u00bbhttps:\/\/www.cliniquedentairedeneuchatel.ch\/wp-content\/uploads\/changement-dun-amalgame-en-restauration-esthetique-en-composite-directe-min-1024&#215;1024.jpg\u00a0\u00bb alt=\u00a0\u00bbchangement d\u2019un amalgame en restauration esth\u00e9tique en composite directe\u00a0\u00bb _builder_version=\u00a0\u00bb4.16&Prime; _module_preset=\u00a0\u00bbdefault\u00a0\u00bb global_colors_info=\u00a0\u00bb{}\u00a0\u00bb][\/et_pb_blurb][\/et_pb_column][\/et_pb_row][et_pb_row custom_padding_last_edited=\u00a0\u00bbon|phone\u00a0\u00bb _builder_version=\u00a0\u00bb4.16&Prime; _module_preset=\u00a0\u00bbdefault\u00a0\u00bb background_image=\u00a0\u00bbhttps:\/\/www.cliniquedentairedeneuchatel.ch\/wp-content\/uploads\/creation-dun-nouveau-sourire-sur-mesure-min-1024&#215;321.jpg\u00a0\u00bb custom_padding=\u00a0\u00bb||200px||false|false\u00a0\u00bb custom_padding_tablet=\u00a0\u00bb||100px||false|false\u00a0\u00bb custom_padding_phone=\u00a0\u00bb||20px||false|false\u00a0\u00bb animation_style=\u00a0\u00bbfade\u00a0\u00bb locked=\u00a0\u00bboff\u00a0\u00bb global_colors_info=\u00a0\u00bb{}\u00a0\u00bb][et_pb_column type=\u00a0\u00bb4_4&Prime; _builder_version=\u00a0\u00bb4.16&Prime; _module_preset=\u00a0\u00bbdefault\u00a0\u00bb global_colors_info=\u00a0\u00bb{}\u00a0\u00bb][\/et_pb_column][\/et_pb_row][et_pb_row _builder_version=\u00a0\u00bb4.16&Prime; _module_preset=\u00a0\u00bbdefault\u00a0\u00bb custom_padding=\u00a0\u00bb0px|||||\u00a0\u00bb locked=\u00a0\u00bboff\u00a0\u00bb global_colors_info=\u00a0\u00bb{}\u00a0\u00bb][et_pb_column type=\u00a0\u00bb4_4&Prime; _builder_version=\u00a0\u00bb4.16&Prime; _module_preset=\u00a0\u00bbdefault\u00a0\u00bb global_colors_info=\u00a0\u00bb{}\u00a0\u00bb][et_pb_text _builder_version=\u00a0\u00bb4.16&Prime; _module_preset=\u00a0\u00bbdefault\u00a0\u00bb custom_margin=\u00a0\u00bb30px|||||\u00a0\u00bb global_colors_info=\u00a0\u00bb{}\u00a0\u00bb]<\/p>\n<h4>Cr\u00e9ation d\u2019un nouveau sourire sur mesure<\/h4>\n<p>[\/et_pb_text][\/et_pb_column][\/et_pb_row][\/et_pb_section][et_pb_section fb_built=\u00a0\u00bb1&Prime; _builder_version=\u00a0\u00bb4.18.0&Prime; _module_preset=\u00a0\u00bbdefault\u00a0\u00bb background_color=\u00a0\u00bb#cbb5a9&Prime; da_disable_devices=\u00a0\u00bboff|off|off\u00a0\u00bb locked=\u00a0\u00bboff\u00a0\u00bb global_colors_info=\u00a0\u00bb{}\u00a0\u00bb da_is_popup=\u00a0\u00bboff\u00a0\u00bb da_exit_intent=\u00a0\u00bboff\u00a0\u00bb da_has_close=\u00a0\u00bbon\u00a0\u00bb da_alt_close=\u00a0\u00bboff\u00a0\u00bb da_dark_close=\u00a0\u00bboff\u00a0\u00bb da_not_modal=\u00a0\u00bbon\u00a0\u00bb da_is_singular=\u00a0\u00bboff\u00a0\u00bb da_with_loader=\u00a0\u00bboff\u00a0\u00bb da_has_shadow=\u00a0\u00bbon\u00a0\u00bb][et_pb_row column_structure=\u00a0\u00bb1_3,1_3,1_3&Prime; use_custom_gutter=\u00a0\u00bbon\u00a0\u00bb make_equal=\u00a0\u00bbon\u00a0\u00bb _builder_version=\u00a0\u00bb4.18.0&Prime; _module_preset=\u00a0\u00bbdefault\u00a0\u00bb width=\u00a0\u00bb70%\u00a0\u00bb max_width=\u00a0\u00bb100%\u00a0\u00bb custom_padding=\u00a0\u00bb||||false|false\u00a0\u00bb global_colors_info=\u00a0\u00bb{}\u00a0\u00bb][et_pb_column type=\u00a0\u00bb1_3&Prime; _builder_version=\u00a0\u00bb4.18.0&Prime; _module_preset=\u00a0\u00bbdefault\u00a0\u00bb global_colors_info=\u00a0\u00bb{}\u00a0\u00bb][et_pb_blurb title=\u00a0\u00bbNos horaires\u00a0\u00bb use_icon=\u00a0\u00bbon\u00a0\u00bb font_icon=\u00a0\u00bb&#xf017;||fa||400&Prime; icon_color=\u00a0\u00bb#FFFFFF\u00a0\u00bb image_icon_background_color=\u00a0\u00bbRGBA(255,255,255,0)\u00a0\u00bb image_icon_width=\u00a0\u00bb65px\u00a0\u00bb image_icon_width_tablet=\u00a0\u00bb85px\u00a0\u00bb image_icon_width_phone=\u00a0\u00bb68px\u00a0\u00bb image_icon_width_last_edited=\u00a0\u00bbon|phone\u00a0\u00bb _builder_version=\u00a0\u00bb4.18.0&Prime; _module_preset=\u00a0\u00bbdefault\u00a0\u00bb header_level=\u00a0\u00bbh2&Prime; header_text_align=\u00a0\u00bbcenter\u00a0\u00bb header_text_color=\u00a0\u00bb#FFFFFF\u00a0\u00bb header_font_size=\u00a0\u00bb38px\u00a0\u00bb body_font_size=\u00a0\u00bb20px\u00a0\u00bb body_line_height=\u00a0\u00bb1.8em\u00a0\u00bb text_orientation=\u00a0\u00bbcenter\u00a0\u00bb module_alignment=\u00a0\u00bbright\u00a0\u00bb custom_margin=\u00a0\u00bb0px||||false|false\u00a0\u00bb custom_padding=\u00a0\u00bb0px||||false|false\u00a0\u00bb animation_style=\u00a0\u00bbfade\u00a0\u00bb header_font_size_tablet=\u00a0\u00bb38px\u00a0\u00bb header_font_size_phone=\u00a0\u00bb48px\u00a0\u00bb header_font_size_last_edited=\u00a0\u00bbon|phone\u00a0\u00bb body_font_size_tablet=\u00a0\u00bb16px\u00a0\u00bb body_font_size_phone=\u00a0\u00bb16px\u00a0\u00bb body_font_size_last_edited=\u00a0\u00bbon|phone\u00a0\u00bb global_colors_info=\u00a0\u00bb{}\u00a0\u00bb]<\/p>\n<p style=\"text-align: center;\"><span style=\"color: #ffffff;\">Du lundi au vendredi<\/span><br \/><span style=\"color: #ffffff;\">8h00 \u2013 13h00 | 14h00 \u2013 18h00<\/span><\/p>\n<p>[\/et_pb_blurb][\/et_pb_column][et_pb_column type=\u00a0\u00bb1_3&Prime; _builder_version=\u00a0\u00bb4.18.0&Prime; _module_preset=\u00a0\u00bbdefault\u00a0\u00bb global_colors_info=\u00a0\u00bb{}\u00a0\u00bb][et_pb_blurb title=\u00a0\u00bbAdresse\u00a0\u00bb use_icon=\u00a0\u00bbon\u00a0\u00bb font_icon=\u00a0\u00bb&#xe074;||divi||400&Prime; icon_color=\u00a0\u00bb#FFFFFF\u00a0\u00bb image_icon_background_color=\u00a0\u00bbRGBA(255,255,255,0)\u00a0\u00bb image_icon_width=\u00a0\u00bb65px\u00a0\u00bb image_icon_width_tablet=\u00a0\u00bb85px\u00a0\u00bb image_icon_width_phone=\u00a0\u00bb68px\u00a0\u00bb image_icon_width_last_edited=\u00a0\u00bbon|phone\u00a0\u00bb _builder_version=\u00a0\u00bb4.18.0&Prime; _module_preset=\u00a0\u00bbdefault\u00a0\u00bb header_level=\u00a0\u00bbh2&Prime; header_text_align=\u00a0\u00bbcenter\u00a0\u00bb header_text_color=\u00a0\u00bb#FFFFFF\u00a0\u00bb header_font_size=\u00a0\u00bb38px\u00a0\u00bb body_font_size=\u00a0\u00bb20px\u00a0\u00bb body_line_height=\u00a0\u00bb1.8em\u00a0\u00bb text_orientation=\u00a0\u00bbcenter\u00a0\u00bb module_alignment=\u00a0\u00bbright\u00a0\u00bb custom_margin=\u00a0\u00bb0px||||false|false\u00a0\u00bb custom_padding=\u00a0\u00bb0px||||false|false\u00a0\u00bb animation_style=\u00a0\u00bbfade\u00a0\u00bb header_font_size_tablet=\u00a0\u00bb38px\u00a0\u00bb header_font_size_phone=\u00a0\u00bb48px\u00a0\u00bb header_font_size_last_edited=\u00a0\u00bbon|phone\u00a0\u00bb body_font_size_tablet=\u00a0\u00bb16px\u00a0\u00bb body_font_size_phone=\u00a0\u00bb16px\u00a0\u00bb body_font_size_last_edited=\u00a0\u00bbon|tablet\u00a0\u00bb global_colors_info=\u00a0\u00bb{}\u00a0\u00bb]<\/p>\n<p style=\"text-align: center;\"><span style=\"color: #ffffff;\">Place Pury 7<br \/><\/span><span style=\"color: #ffffff;\">2000 Neuch\u00e2tel<\/span><\/p>\n<p>[\/et_pb_blurb][\/et_pb_column][et_pb_column type=\u00a0\u00bb1_3&Prime; _builder_version=\u00a0\u00bb4.18.0&Prime; _module_preset=\u00a0\u00bbdefault\u00a0\u00bb global_colors_info=\u00a0\u00bb{}\u00a0\u00bb][et_pb_blurb title=\u00a0\u00bbContact\u00a0\u00bb use_icon=\u00a0\u00bbon\u00a0\u00bb font_icon=\u00a0\u00bb&#xf87b;||fa||900&Prime; icon_color=\u00a0\u00bb#FFFFFF\u00a0\u00bb image_icon_background_color=\u00a0\u00bbRGBA(255,255,255,0)\u00a0\u00bb image_icon_width=\u00a0\u00bb65px\u00a0\u00bb image_icon_width_tablet=\u00a0\u00bb85px\u00a0\u00bb image_icon_width_phone=\u00a0\u00bb68px\u00a0\u00bb image_icon_width_last_edited=\u00a0\u00bbon|phone\u00a0\u00bb _builder_version=\u00a0\u00bb4.18.0&Prime; _module_preset=\u00a0\u00bbdefault\u00a0\u00bb header_level=\u00a0\u00bbh2&Prime; header_text_align=\u00a0\u00bbcenter\u00a0\u00bb header_text_color=\u00a0\u00bb#FFFFFF\u00a0\u00bb header_font_size=\u00a0\u00bb38px\u00a0\u00bb body_font_size=\u00a0\u00bb20px\u00a0\u00bb body_line_height=\u00a0\u00bb1.8em\u00a0\u00bb text_orientation=\u00a0\u00bbcenter\u00a0\u00bb module_alignment=\u00a0\u00bbright\u00a0\u00bb custom_margin=\u00a0\u00bb0px||||false|false\u00a0\u00bb custom_padding=\u00a0\u00bb0px||||false|false\u00a0\u00bb animation_style=\u00a0\u00bbfade\u00a0\u00bb header_font_size_tablet=\u00a0\u00bb38px\u00a0\u00bb header_font_size_phone=\u00a0\u00bb48px\u00a0\u00bb header_font_size_last_edited=\u00a0\u00bbon|phone\u00a0\u00bb body_font_size_tablet=\u00a0\u00bb16px\u00a0\u00bb body_font_size_phone=\u00a0\u00bb16px\u00a0\u00bb body_font_size_last_edited=\u00a0\u00bbon|phone\u00a0\u00bb global_colors_info=\u00a0\u00bb{}\u00a0\u00bb]<\/p>\n<p><span style=\"color: #ffffff;\"><a href=\"tel:+41327241924\" style=\"color: #ffffff;\">+41 32 724 19 24<\/a><br \/><\/span><span style=\"color: #ffffff;\"><\/span><a href=\"mailto:info@c-d-n.ch\" style=\"color: #ffffff;\"><\/a><a href=\"mailto:info@c-d-n.ch\" style=\"color: #ffffff;\">info@c-d-n.ch<\/a><\/p>\n<p>[\/et_pb_blurb][\/et_pb_column][\/et_pb_row][\/et_pb_section][et_pb_section fb_built=\u00a0\u00bb1&Prime; _builder_version=\u00a0\u00bb4.18.0&Prime; _module_preset=\u00a0\u00bbdefault\u00a0\u00bb min_height=\u00a0\u00bb280px\u00a0\u00bb custom_padding=\u00a0\u00bb0px||29px|||\u00a0\u00bb background_last_edited=\u00a0\u00bbon|phone\u00a0\u00bb background_color_gradient_type_phone=\u00a0\u00bblinear\u00a0\u00bb background_color_gradient_direction_radial_phone=\u00a0\u00bbcenter\u00a0\u00bb da_disable_devices=\u00a0\u00bboff|off|off\u00a0\u00bb locked=\u00a0\u00bboff\u00a0\u00bb global_colors_info=\u00a0\u00bb{}\u00a0\u00bb da_is_popup=\u00a0\u00bboff\u00a0\u00bb da_exit_intent=\u00a0\u00bboff\u00a0\u00bb da_has_close=\u00a0\u00bbon\u00a0\u00bb da_alt_close=\u00a0\u00bboff\u00a0\u00bb da_dark_close=\u00a0\u00bboff\u00a0\u00bb da_not_modal=\u00a0\u00bbon\u00a0\u00bb da_is_singular=\u00a0\u00bboff\u00a0\u00bb da_with_loader=\u00a0\u00bboff\u00a0\u00bb da_has_shadow=\u00a0\u00bbon\u00a0\u00bb][et_pb_row _builder_version=\u00a0\u00bb4.16&Prime; _module_preset=\u00a0\u00bbdefault\u00a0\u00bb custom_padding=\u00a0\u00bb||0px|||\u00a0\u00bb global_colors_info=\u00a0\u00bb{}\u00a0\u00bb][et_pb_column type=\u00a0\u00bb4_4&Prime; _builder_version=\u00a0\u00bb4.16&Prime; _module_preset=\u00a0\u00bbdefault\u00a0\u00bb global_colors_info=\u00a0\u00bb{}\u00a0\u00bb][et_pb_text _builder_version=\u00a0\u00bb4.18.0&Prime; _module_preset=\u00a0\u00bbdefault\u00a0\u00bb header_text_align=\u00a0\u00bbleft\u00a0\u00bb header_2_text_align=\u00a0\u00bbcenter\u00a0\u00bb header_2_font_size=\u00a0\u00bb50px\u00a0\u00bb module_alignment=\u00a0\u00bbcenter\u00a0\u00bb custom_margin=\u00a0\u00bb5%||||false|false\u00a0\u00bb custom_margin_tablet=\u00a0\u00bb10%||||false|false\u00a0\u00bb custom_margin_phone=\u00a0\u00bb10%||||false|false\u00a0\u00bb custom_margin_last_edited=\u00a0\u00bbon|tablet\u00a0\u00bb custom_padding=\u00a0\u00bb||||false|false\u00a0\u00bb animation_style=\u00a0\u00bbfade\u00a0\u00bb global_colors_info=\u00a0\u00bb{}\u00a0\u00bb]<\/p>\n<div class=\"et_pb_module et_pb_text et_pb_text_12  et_pb_text_align_left et_pb_bg_layout_light\">\n<div class=\"et_pb_text_inner\">\n<h2>Traitements dentaires<\/h2>\n<\/div>\n<\/div>\n<div class=\"et_pb_module et_pb_text et_pb_text_13  et_pb_text_align_left et_pb_bg_layout_light\">\n<div class=\"et_pb_text_inner\"><\/div>\n<\/div>\n<p>[\/et_pb_text][\/et_pb_column][\/et_pb_row][et_pb_row column_structure=\u00a0\u00bb1_4,1_4,1_4,1_4&Prime; _builder_version=\u00a0\u00bb4.18.0&Prime; _module_preset=\u00a0\u00bbdefault\u00a0\u00bb custom_padding=\u00a0\u00bb||0px|||\u00a0\u00bb animation_style=\u00a0\u00bbfade\u00a0\u00bb locked=\u00a0\u00bboff\u00a0\u00bb global_colors_info=\u00a0\u00bb{}\u00a0\u00bb][et_pb_column type=\u00a0\u00bb1_4&Prime; _builder_version=\u00a0\u00bb4.16&Prime; _module_preset=\u00a0\u00bbdefault\u00a0\u00bb global_colors_info=\u00a0\u00bb{}\u00a0\u00bb][et_pb_blurb title=\u00a0\u00bbEsth\u00e9tique Dentaire\u00a0\u00bb url=\u00a0\u00bb@ET-DC@eyJkeW5hbWljIjp0cnVlLCJjb250ZW50IjoicG9zdF9saW5rX3VybF9wYWdlIiwic2V0dGluZ3MiOnsicG9zdF9pZCI6IjQwIn19@\u00a0\u00bb alt=\u00a0\u00bbSoins des caries\u00a0\u00bb icon_placement=\u00a0\u00bbleft\u00a0\u00bb icon_placement_tablet=\u00a0\u00bb\u00a0\u00bb icon_placement_phone=\u00a0\u00bbleft\u00a0\u00bb icon_placement_last_edited=\u00a0\u00bbon|phone\u00a0\u00bb _builder_version=\u00a0\u00bb4.23.1&Prime; _dynamic_attributes=\u00a0\u00bburl\u00a0\u00bb _module_preset=\u00a0\u00bbdefault\u00a0\u00bb header_font=\u00a0\u00bb||||||||\u00a0\u00bb header_text_align=\u00a0\u00bbleft\u00a0\u00bb header_font_size=\u00a0\u00bb20px\u00a0\u00bb text_orientation=\u00a0\u00bbcenter\u00a0\u00bb hover_enabled=\u00a0\u00bb0&Prime; header_text_align_tablet=\u00a0\u00bbcenter\u00a0\u00bb header_text_align_phone=\u00a0\u00bbcenter\u00a0\u00bb header_text_align_last_edited=\u00a0\u00bbon|phone\u00a0\u00bb header_font_size_tablet=\u00a0\u00bb\u00a0\u00bb header_font_size_phone=\u00a0\u00bb14px\u00a0\u00bb header_font_size_last_edited=\u00a0\u00bbon|phone\u00a0\u00bb global_colors_info=\u00a0\u00bb{}\u00a0\u00bb filter_opacity__hover_enabled=\u00a0\u00bbon|hover\u00a0\u00bb filter_opacity__hover=\u00a0\u00bb40%\u00a0\u00bb sticky_enabled=\u00a0\u00bb0&Prime;][\/et_pb_blurb][\/et_pb_column][et_pb_column type=\u00a0\u00bb1_4&Prime; _builder_version=\u00a0\u00bb4.16&Prime; _module_preset=\u00a0\u00bbdefault\u00a0\u00bb global_colors_info=\u00a0\u00bb{}\u00a0\u00bb][et_pb_blurb title=\u00a0\u00bbImplantologie Traditionnelle\u00a0\u00bb url=\u00a0\u00bb@ET-DC@eyJkeW5hbWljIjp0cnVlLCJjb250ZW50IjoicG9zdF9saW5rX3VybF9wYWdlIiwic2V0dGluZ3MiOnsicG9zdF9pZCI6IjE2In19@\u00a0\u00bb alt=\u00a0\u00bbTraitement de racine\u00a0\u00bb icon_placement=\u00a0\u00bbleft\u00a0\u00bb icon_placement_tablet=\u00a0\u00bb\u00a0\u00bb icon_placement_phone=\u00a0\u00bbleft\u00a0\u00bb icon_placement_last_edited=\u00a0\u00bbon|phone\u00a0\u00bb _builder_version=\u00a0\u00bb4.23.1&Prime; _dynamic_attributes=\u00a0\u00bburl\u00a0\u00bb _module_preset=\u00a0\u00bbdefault\u00a0\u00bb header_font=\u00a0\u00bb||||||||\u00a0\u00bb header_text_align=\u00a0\u00bbleft\u00a0\u00bb header_font_size=\u00a0\u00bb20px\u00a0\u00bb text_orientation=\u00a0\u00bbcenter\u00a0\u00bb hover_enabled=\u00a0\u00bb0&Prime; header_text_align_tablet=\u00a0\u00bbcenter\u00a0\u00bb header_text_align_phone=\u00a0\u00bbcenter\u00a0\u00bb header_text_align_last_edited=\u00a0\u00bbon|phone\u00a0\u00bb header_font_size_tablet=\u00a0\u00bb\u00a0\u00bb header_font_size_phone=\u00a0\u00bb14px\u00a0\u00bb header_font_size_last_edited=\u00a0\u00bbon|phone\u00a0\u00bb global_colors_info=\u00a0\u00bb{}\u00a0\u00bb filter_opacity__hover_enabled=\u00a0\u00bbon|hover\u00a0\u00bb filter_opacity__hover=\u00a0\u00bb40%\u00a0\u00bb sticky_enabled=\u00a0\u00bb0&Prime;][\/et_pb_blurb][\/et_pb_column][et_pb_column type=\u00a0\u00bb1_4&Prime; _builder_version=\u00a0\u00bb4.16&Prime; _module_preset=\u00a0\u00bbdefault\u00a0\u00bb global_colors_info=\u00a0\u00bb{}\u00a0\u00bb][et_pb_blurb title=\u00a0\u00bbParodontologie\u00a0\u00bb url=\u00a0\u00bb@ET-DC@eyJkeW5hbWljIjp0cnVlLCJjb250ZW50IjoicG9zdF9saW5rX3VybF9wYWdlIiwic2V0dGluZ3MiOnsicG9zdF9pZCI6IjIyIn19@\u00a0\u00bb alt=\u00a0\u00bbSoins aux enfants\u00a0\u00bb icon_placement=\u00a0\u00bbleft\u00a0\u00bb icon_placement_tablet=\u00a0\u00bb\u00a0\u00bb icon_placement_phone=\u00a0\u00bbleft\u00a0\u00bb icon_placement_last_edited=\u00a0\u00bbon|phone\u00a0\u00bb _builder_version=\u00a0\u00bb4.18.0&Prime; _dynamic_attributes=\u00a0\u00bburl\u00a0\u00bb _module_preset=\u00a0\u00bbdefault\u00a0\u00bb header_font=\u00a0\u00bb||||||||\u00a0\u00bb header_text_align=\u00a0\u00bbleft\u00a0\u00bb header_font_size=\u00a0\u00bb20px\u00a0\u00bb text_orientation=\u00a0\u00bbcenter\u00a0\u00bb header_text_align_tablet=\u00a0\u00bbcenter\u00a0\u00bb header_text_align_phone=\u00a0\u00bbcenter\u00a0\u00bb header_text_align_last_edited=\u00a0\u00bbon|phone\u00a0\u00bb header_font_size_tablet=\u00a0\u00bb\u00a0\u00bb header_font_size_phone=\u00a0\u00bb14px\u00a0\u00bb header_font_size_last_edited=\u00a0\u00bbon|phone\u00a0\u00bb global_colors_info=\u00a0\u00bb{}\u00a0\u00bb filter_opacity__hover_enabled=\u00a0\u00bbon|hover\u00a0\u00bb filter_opacity__hover=\u00a0\u00bb40%\u00a0\u00bb][\/et_pb_blurb][\/et_pb_column][et_pb_column type=\u00a0\u00bb1_4&Prime; _builder_version=\u00a0\u00bb4.16&Prime; _module_preset=\u00a0\u00bbdefault\u00a0\u00bb global_colors_info=\u00a0\u00bb{}\u00a0\u00bb][et_pb_blurb title=\u00a0\u00bbChirugie orale\u00a0\u00bb url=\u00a0\u00bb@ET-DC@eyJkeW5hbWljIjp0cnVlLCJjb250ZW50IjoicG9zdF9saW5rX3VybF9wYWdlIiwic2V0dGluZ3MiOnsicG9zdF9pZCI6IjkxNCJ9fQ==@\u00a0\u00bb alt=\u00a0\u00bbD\u00e9tartrage et blanchiment\u00a0\u00bb icon_placement=\u00a0\u00bbleft\u00a0\u00bb icon_placement_tablet=\u00a0\u00bb\u00a0\u00bb icon_placement_phone=\u00a0\u00bbleft\u00a0\u00bb icon_placement_last_edited=\u00a0\u00bbon|phone\u00a0\u00bb _builder_version=\u00a0\u00bb4.23.1&Prime; _dynamic_attributes=\u00a0\u00bburl\u00a0\u00bb _module_preset=\u00a0\u00bbdefault\u00a0\u00bb header_font=\u00a0\u00bb||||||||\u00a0\u00bb header_text_align=\u00a0\u00bbleft\u00a0\u00bb header_font_size=\u00a0\u00bb20px\u00a0\u00bb text_orientation=\u00a0\u00bbcenter\u00a0\u00bb hover_enabled=\u00a0\u00bb0&Prime; header_text_align_tablet=\u00a0\u00bbcenter\u00a0\u00bb header_text_align_phone=\u00a0\u00bbcenter\u00a0\u00bb header_text_align_last_edited=\u00a0\u00bbon|phone\u00a0\u00bb header_font_size_tablet=\u00a0\u00bb\u00a0\u00bb header_font_size_phone=\u00a0\u00bb14px\u00a0\u00bb header_font_size_last_edited=\u00a0\u00bbon|phone\u00a0\u00bb global_colors_info=\u00a0\u00bb{}\u00a0\u00bb filter_opacity__hover_enabled=\u00a0\u00bbon|hover\u00a0\u00bb filter_opacity__hover=\u00a0\u00bb40%\u00a0\u00bb sticky_enabled=\u00a0\u00bb0&Prime;][\/et_pb_blurb][\/et_pb_column][\/et_pb_row][et_pb_row column_structure=\u00a0\u00bb1_4,1_4,1_4,1_4&Prime; _builder_version=\u00a0\u00bb4.18.0&Prime; _module_preset=\u00a0\u00bbdefault\u00a0\u00bb custom_padding=\u00a0\u00bb||0px|||\u00a0\u00bb animation_style=\u00a0\u00bbfade\u00a0\u00bb global_colors_info=\u00a0\u00bb{}\u00a0\u00bb][et_pb_column type=\u00a0\u00bb1_4&Prime; _builder_version=\u00a0\u00bb4.16&Prime; _module_preset=\u00a0\u00bbdefault\u00a0\u00bb global_colors_info=\u00a0\u00bb{}\u00a0\u00bb][et_pb_blurb title=\u00a0\u00bbSoins des caries\u00a0\u00bb url=\u00a0\u00bb@ET-DC@eyJkeW5hbWljIjp0cnVlLCJjb250ZW50IjoicG9zdF9saW5rX3VybF9wYWdlIiwic2V0dGluZ3MiOnsicG9zdF9pZCI6IjIwIn19@\u00a0\u00bb alt=\u00a0\u00bbSoins des caries\u00a0\u00bb icon_placement=\u00a0\u00bbleft\u00a0\u00bb icon_placement_tablet=\u00a0\u00bb\u00a0\u00bb icon_placement_phone=\u00a0\u00bbleft\u00a0\u00bb icon_placement_last_edited=\u00a0\u00bbon|phone\u00a0\u00bb _builder_version=\u00a0\u00bb4.18.0&Prime; _dynamic_attributes=\u00a0\u00bburl\u00a0\u00bb _module_preset=\u00a0\u00bbdefault\u00a0\u00bb header_font=\u00a0\u00bb||||||||\u00a0\u00bb header_text_align=\u00a0\u00bbleft\u00a0\u00bb header_font_size=\u00a0\u00bb20px\u00a0\u00bb text_orientation=\u00a0\u00bbcenter\u00a0\u00bb header_text_align_tablet=\u00a0\u00bbcenter\u00a0\u00bb header_text_align_phone=\u00a0\u00bbcenter\u00a0\u00bb header_text_align_last_edited=\u00a0\u00bbon|phone\u00a0\u00bb header_font_size_tablet=\u00a0\u00bb\u00a0\u00bb header_font_size_phone=\u00a0\u00bb14px\u00a0\u00bb header_font_size_last_edited=\u00a0\u00bbon|phone\u00a0\u00bb global_colors_info=\u00a0\u00bb{}\u00a0\u00bb filter_opacity__hover_enabled=\u00a0\u00bbon|hover\u00a0\u00bb filter_opacity__hover=\u00a0\u00bb40%\u00a0\u00bb][\/et_pb_blurb][\/et_pb_column][et_pb_column type=\u00a0\u00bb1_4&Prime; _builder_version=\u00a0\u00bb4.16&Prime; _module_preset=\u00a0\u00bbdefault\u00a0\u00bb global_colors_info=\u00a0\u00bb{}\u00a0\u00bb][et_pb_blurb title=\u00a0\u00bbTraitement de racine\u00a0\u00bb url=\u00a0\u00bb@ET-DC@eyJkeW5hbWljIjp0cnVlLCJjb250ZW50IjoicG9zdF9saW5rX3VybF9wYWdlIiwic2V0dGluZ3MiOnsicG9zdF9pZCI6IjkyNCJ9fQ==@\u00a0\u00bb alt=\u00a0\u00bbTraitement de racine\u00a0\u00bb icon_placement=\u00a0\u00bbleft\u00a0\u00bb icon_placement_tablet=\u00a0\u00bb\u00a0\u00bb icon_placement_phone=\u00a0\u00bbleft\u00a0\u00bb icon_placement_last_edited=\u00a0\u00bbon|phone\u00a0\u00bb _builder_version=\u00a0\u00bb4.18.0&Prime; _dynamic_attributes=\u00a0\u00bburl\u00a0\u00bb _module_preset=\u00a0\u00bbdefault\u00a0\u00bb header_font=\u00a0\u00bb||||||||\u00a0\u00bb header_text_align=\u00a0\u00bbleft\u00a0\u00bb header_font_size=\u00a0\u00bb20px\u00a0\u00bb text_orientation=\u00a0\u00bbcenter\u00a0\u00bb header_text_align_tablet=\u00a0\u00bbcenter\u00a0\u00bb header_text_align_phone=\u00a0\u00bbcenter\u00a0\u00bb header_text_align_last_edited=\u00a0\u00bbon|phone\u00a0\u00bb header_font_size_tablet=\u00a0\u00bb\u00a0\u00bb header_font_size_phone=\u00a0\u00bb14px\u00a0\u00bb header_font_size_last_edited=\u00a0\u00bbon|phone\u00a0\u00bb global_colors_info=\u00a0\u00bb{}\u00a0\u00bb filter_opacity__hover_enabled=\u00a0\u00bbon|hover\u00a0\u00bb filter_opacity__hover=\u00a0\u00bb40%\u00a0\u00bb][\/et_pb_blurb][\/et_pb_column][et_pb_column type=\u00a0\u00bb1_4&Prime; _builder_version=\u00a0\u00bb4.16&Prime; _module_preset=\u00a0\u00bbdefault\u00a0\u00bb global_colors_info=\u00a0\u00bb{}\u00a0\u00bb][et_pb_blurb title=\u00a0\u00bbSoins aux enfants\u00a0\u00bb url=\u00a0\u00bb@ET-DC@eyJkeW5hbWljIjp0cnVlLCJjb250ZW50IjoicG9zdF9saW5rX3VybF9wYWdlIiwic2V0dGluZ3MiOnsicG9zdF9pZCI6IjkzMiJ9fQ==@\u00a0\u00bb alt=\u00a0\u00bbSoins aux enfants\u00a0\u00bb icon_placement=\u00a0\u00bbleft\u00a0\u00bb icon_placement_tablet=\u00a0\u00bb\u00a0\u00bb icon_placement_phone=\u00a0\u00bbleft\u00a0\u00bb icon_placement_last_edited=\u00a0\u00bbon|phone\u00a0\u00bb _builder_version=\u00a0\u00bb4.18.0&Prime; _dynamic_attributes=\u00a0\u00bburl\u00a0\u00bb _module_preset=\u00a0\u00bbdefault\u00a0\u00bb header_font=\u00a0\u00bb||||||||\u00a0\u00bb header_text_align=\u00a0\u00bbleft\u00a0\u00bb header_font_size=\u00a0\u00bb20px\u00a0\u00bb text_orientation=\u00a0\u00bbcenter\u00a0\u00bb header_text_align_tablet=\u00a0\u00bbcenter\u00a0\u00bb header_text_align_phone=\u00a0\u00bbcenter\u00a0\u00bb header_text_align_last_edited=\u00a0\u00bbon|phone\u00a0\u00bb header_font_size_tablet=\u00a0\u00bb\u00a0\u00bb header_font_size_phone=\u00a0\u00bb14px\u00a0\u00bb header_font_size_last_edited=\u00a0\u00bbon|phone\u00a0\u00bb global_colors_info=\u00a0\u00bb{}\u00a0\u00bb filter_opacity__hover_enabled=\u00a0\u00bbon|hover\u00a0\u00bb filter_opacity__hover=\u00a0\u00bb40%\u00a0\u00bb][\/et_pb_blurb][\/et_pb_column][et_pb_column type=\u00a0\u00bb1_4&Prime; _builder_version=\u00a0\u00bb4.16&Prime; _module_preset=\u00a0\u00bbdefault\u00a0\u00bb global_colors_info=\u00a0\u00bb{}\u00a0\u00bb][et_pb_blurb title=\u00a0\u00bbD\u00e9tartrage et blanchiment\u00a0\u00bb url=\u00a0\u00bb@ET-DC@eyJkeW5hbWljIjp0cnVlLCJjb250ZW50IjoicG9zdF9saW5rX3VybF9wYWdlIiwic2V0dGluZ3MiOnsicG9zdF9pZCI6IjkzNyJ9fQ==@\u00a0\u00bb alt=\u00a0\u00bbD\u00e9tartrage et blanchiment\u00a0\u00bb icon_placement=\u00a0\u00bbleft\u00a0\u00bb icon_placement_tablet=\u00a0\u00bb\u00a0\u00bb icon_placement_phone=\u00a0\u00bbleft\u00a0\u00bb icon_placement_last_edited=\u00a0\u00bbon|phone\u00a0\u00bb _builder_version=\u00a0\u00bb4.18.0&Prime; _dynamic_attributes=\u00a0\u00bburl\u00a0\u00bb _module_preset=\u00a0\u00bbdefault\u00a0\u00bb header_font=\u00a0\u00bb||||||||\u00a0\u00bb header_text_align=\u00a0\u00bbleft\u00a0\u00bb header_font_size=\u00a0\u00bb20px\u00a0\u00bb text_orientation=\u00a0\u00bbcenter\u00a0\u00bb header_text_align_tablet=\u00a0\u00bbcenter\u00a0\u00bb header_text_align_phone=\u00a0\u00bbcenter\u00a0\u00bb header_text_align_last_edited=\u00a0\u00bbon|phone\u00a0\u00bb header_font_size_tablet=\u00a0\u00bb\u00a0\u00bb header_font_size_phone=\u00a0\u00bb14px\u00a0\u00bb header_font_size_last_edited=\u00a0\u00bbon|phone\u00a0\u00bb global_colors_info=\u00a0\u00bb{}\u00a0\u00bb filter_opacity__hover_enabled=\u00a0\u00bbon|hover\u00a0\u00bb filter_opacity__hover=\u00a0\u00bb40%\u00a0\u00bb][\/et_pb_blurb][\/et_pb_column][\/et_pb_row][et_pb_row column_structure=\u00a0\u00bb1_4,1_4,1_4,1_4&Prime; _builder_version=\u00a0\u00bb4.18.0&Prime; _module_preset=\u00a0\u00bbdefault\u00a0\u00bb custom_padding=\u00a0\u00bb||0px|||\u00a0\u00bb animation_style=\u00a0\u00bbfade\u00a0\u00bb global_colors_info=\u00a0\u00bb{}\u00a0\u00bb][et_pb_column type=\u00a0\u00bb1_4&Prime; _builder_version=\u00a0\u00bb4.16&Prime; _module_preset=\u00a0\u00bbdefault\u00a0\u00bb global_colors_info=\u00a0\u00bb{}\u00a0\u00bb][et_pb_blurb title=\u00a0\u00bbProth\u00e8se dentaire\u00a0\u00bb url=\u00a0\u00bb@ET-DC@eyJkeW5hbWljIjp0cnVlLCJjb250ZW50IjoicG9zdF9saW5rX3VybF9wYWdlIiwic2V0dGluZ3MiOnsicG9zdF9pZCI6Ijk0MyJ9fQ==@\u00a0\u00bb alt=\u00a0\u00bbProth\u00e8se dentaire fix\u00e9es\u00a0\u00bb icon_placement=\u00a0\u00bbleft\u00a0\u00bb icon_placement_tablet=\u00a0\u00bb\u00a0\u00bb icon_placement_phone=\u00a0\u00bbleft\u00a0\u00bb icon_placement_last_edited=\u00a0\u00bbon|phone\u00a0\u00bb _builder_version=\u00a0\u00bb4.18.0&Prime; _dynamic_attributes=\u00a0\u00bburl\u00a0\u00bb _module_preset=\u00a0\u00bbdefault\u00a0\u00bb header_font=\u00a0\u00bb||||||||\u00a0\u00bb header_text_align=\u00a0\u00bbleft\u00a0\u00bb header_font_size=\u00a0\u00bb20px\u00a0\u00bb text_orientation=\u00a0\u00bbcenter\u00a0\u00bb header_text_align_tablet=\u00a0\u00bbcenter\u00a0\u00bb header_text_align_phone=\u00a0\u00bbcenter\u00a0\u00bb header_text_align_last_edited=\u00a0\u00bbon|phone\u00a0\u00bb header_font_size_tablet=\u00a0\u00bb\u00a0\u00bb header_font_size_phone=\u00a0\u00bb14px\u00a0\u00bb header_font_size_last_edited=\u00a0\u00bbon|phone\u00a0\u00bb global_colors_info=\u00a0\u00bb{}\u00a0\u00bb filter_opacity__hover_enabled=\u00a0\u00bbon|hover\u00a0\u00bb filter_opacity__hover=\u00a0\u00bb40%\u00a0\u00bb][\/et_pb_blurb][\/et_pb_column][et_pb_column type=\u00a0\u00bb1_4&Prime; _builder_version=\u00a0\u00bb4.16&Prime; _module_preset=\u00a0\u00bbdefault\u00a0\u00bb global_colors_info=\u00a0\u00bb{}\u00a0\u00bb][et_pb_blurb title=\u00a0\u00bbTroubles de l&rsquo;ATM\u00a0\u00bb url=\u00a0\u00bb@ET-DC@eyJkeW5hbWljIjp0cnVlLCJjb250ZW50IjoicG9zdF9saW5rX3VybF9wYWdlIiwic2V0dGluZ3MiOnsicG9zdF9pZCI6Ijk4MiJ9fQ==@\u00a0\u00bb alt=\u00a0\u00bbTraitement articulation\u00a0\u00bb icon_placement=\u00a0\u00bbleft\u00a0\u00bb icon_placement_tablet=\u00a0\u00bb\u00a0\u00bb icon_placement_phone=\u00a0\u00bbleft\u00a0\u00bb icon_placement_last_edited=\u00a0\u00bbon|phone\u00a0\u00bb _builder_version=\u00a0\u00bb4.18.0&Prime; _dynamic_attributes=\u00a0\u00bburl\u00a0\u00bb _module_preset=\u00a0\u00bbdefault\u00a0\u00bb header_font=\u00a0\u00bb||||||||\u00a0\u00bb header_text_align=\u00a0\u00bbleft\u00a0\u00bb header_font_size=\u00a0\u00bb20px\u00a0\u00bb text_orientation=\u00a0\u00bbcenter\u00a0\u00bb header_text_align_tablet=\u00a0\u00bbcenter\u00a0\u00bb header_text_align_phone=\u00a0\u00bbcenter\u00a0\u00bb header_text_align_last_edited=\u00a0\u00bbon|phone\u00a0\u00bb header_font_size_tablet=\u00a0\u00bb\u00a0\u00bb header_font_size_phone=\u00a0\u00bb14px\u00a0\u00bb header_font_size_last_edited=\u00a0\u00bbon|phone\u00a0\u00bb global_colors_info=\u00a0\u00bb{}\u00a0\u00bb filter_opacity__hover_enabled=\u00a0\u00bbon|hover\u00a0\u00bb filter_opacity__hover=\u00a0\u00bb40%\u00a0\u00bb][\/et_pb_blurb][\/et_pb_column][et_pb_column type=\u00a0\u00bb1_4&Prime; _builder_version=\u00a0\u00bb4.16&Prime; _module_preset=\u00a0\u00bbdefault\u00a0\u00bb global_colors_info=\u00a0\u00bb{}\u00a0\u00bb][et_pb_blurb title=\u00a0\u00bbTraitement du bruxisme\u00a0\u00bb url=\u00a0\u00bb@ET-DC@eyJkeW5hbWljIjp0cnVlLCJjb250ZW50IjoicG9zdF9saW5rX3VybF9wYWdlIiwic2V0dGluZ3MiOnsicG9zdF9pZCI6Ijk4OSJ9fQ==@\u00a0\u00bb alt=\u00a0\u00bbTraitement bruxisme\u00a0\u00bb icon_placement=\u00a0\u00bbleft\u00a0\u00bb icon_placement_tablet=\u00a0\u00bb\u00a0\u00bb icon_placement_phone=\u00a0\u00bbleft\u00a0\u00bb icon_placement_last_edited=\u00a0\u00bbon|phone\u00a0\u00bb _builder_version=\u00a0\u00bb4.18.0&Prime; _dynamic_attributes=\u00a0\u00bburl\u00a0\u00bb _module_preset=\u00a0\u00bbdefault\u00a0\u00bb header_font=\u00a0\u00bb||||||||\u00a0\u00bb header_text_align=\u00a0\u00bbleft\u00a0\u00bb header_font_size=\u00a0\u00bb20px\u00a0\u00bb text_orientation=\u00a0\u00bbcenter\u00a0\u00bb header_text_align_tablet=\u00a0\u00bbcenter\u00a0\u00bb header_text_align_phone=\u00a0\u00bbcenter\u00a0\u00bb header_text_align_last_edited=\u00a0\u00bbon|phone\u00a0\u00bb header_font_size_tablet=\u00a0\u00bb\u00a0\u00bb header_font_size_phone=\u00a0\u00bb14px\u00a0\u00bb header_font_size_last_edited=\u00a0\u00bbon|phone\u00a0\u00bb global_colors_info=\u00a0\u00bb{}\u00a0\u00bb filter_opacity__hover_enabled=\u00a0\u00bbon|hover\u00a0\u00bb filter_opacity__hover=\u00a0\u00bb40%\u00a0\u00bb][\/et_pb_blurb][\/et_pb_column][et_pb_column type=\u00a0\u00bb1_4&Prime; _builder_version=\u00a0\u00bb4.16&Prime; _module_preset=\u00a0\u00bbdefault\u00a0\u00bb global_colors_info=\u00a0\u00bb{}\u00a0\u00bb][et_pb_blurb title=\u00a0\u00bbApn\u00e9es du sommeil\u00a0\u00bb url=\u00a0\u00bb@ET-DC@eyJkeW5hbWljIjp0cnVlLCJjb250ZW50IjoicG9zdF9saW5rX3VybF9wYWdlIiwic2V0dGluZ3MiOnsicG9zdF9pZCI6IjEwMTEifX0=@\u00a0\u00bb alt=\u00a0\u00bbOrth\u00e8se d\u2019avanc\u00e9e mandibulaire NARVAL\u00a0\u00bb icon_placement=\u00a0\u00bbleft\u00a0\u00bb icon_placement_tablet=\u00a0\u00bb\u00a0\u00bb icon_placement_phone=\u00a0\u00bbleft\u00a0\u00bb icon_placement_last_edited=\u00a0\u00bbon|phone\u00a0\u00bb _builder_version=\u00a0\u00bb4.18.0&Prime; _dynamic_attributes=\u00a0\u00bburl\u00a0\u00bb _module_preset=\u00a0\u00bbdefault\u00a0\u00bb header_font=\u00a0\u00bb||||||||\u00a0\u00bb header_text_align=\u00a0\u00bbleft\u00a0\u00bb header_font_size=\u00a0\u00bb20px\u00a0\u00bb text_orientation=\u00a0\u00bbcenter\u00a0\u00bb header_text_align_tablet=\u00a0\u00bbcenter\u00a0\u00bb header_text_align_phone=\u00a0\u00bbcenter\u00a0\u00bb header_text_align_last_edited=\u00a0\u00bbon|phone\u00a0\u00bb header_font_size_tablet=\u00a0\u00bb\u00a0\u00bb header_font_size_phone=\u00a0\u00bb14px\u00a0\u00bb header_font_size_last_edited=\u00a0\u00bbon|phone\u00a0\u00bb global_colors_info=\u00a0\u00bb{}\u00a0\u00bb filter_opacity__hover_enabled=\u00a0\u00bbon|hover\u00a0\u00bb filter_opacity__hover=\u00a0\u00bb40%\u00a0\u00bb][\/et_pb_blurb][\/et_pb_column][\/et_pb_row][\/et_pb_section]<\/p>\n","protected":false},"excerpt":{"rendered":"<p>Photos de cas cliniquesBlanchiment dentaire et reconstruction en composite de colletsCr\u00e9ation d\u2019un nouveau sourire sur mesure gr\u00e2ce aux restaurations en c\u00e9ramiqueCorrection des dents ant\u00e9rieures gr\u00e2ce \u00e0 des facettes en compositeCr\u00e9ation d\u2019un nouveau sourire sur mesureDu lundi au vendredi8h00 \u2013 13h00 | 14h00 \u2013 18h00Place Pury 72000 Neuch\u00e2tel+41 32 724 19 24info@c-d-n.ch Traitements dentaires<\/p>","protected":false},"author":1,"featured_media":1930,"parent":0,"menu_order":0,"comment_status":"open","ping_status":"closed","template":"","meta":{"_et_pb_use_builder":"on","_et_pb_old_content":"La parodontite est une maladie d'origine bact\u00e9rienne caus\u00e9e par le tartre provoquant la destruction des tissus de soutien de la dent (gencives, os, ligaments et c\u00e9ment).Le traitement consiste \u00e0 nettoyer la surface radiculaire des dents (d\u00e9tartrage en profondeur) diminuant le saignement, la douleur et la mobilit\u00e9 des dents.","_et_gb_content_width":"","footnotes":""},"class_list":["post-1899","page","type-page","status-publish","has-post-thumbnail","hentry"],"yoast_head":"<!-- This site is optimized with the Yoast SEO plugin v26.8 - https:\/\/yoast.com\/product\/yoast-seo-wordpress\/ -->\n<title>Avant\/Apr\u00e8s | Clinique Dentaire de Neuch\u00e2tel | Dentiste d&#039;urgence | Sourire | Avant\/Apr\u00e8s<\/title>\n<meta name=\"description\" content=\"Dans notre clinique dentaire, nous croyons qu\u2019un sourire sain est la cl\u00e9 pour se sentir bien dans sa peau et avoir une vie r\u00e9ussie. Avant\/Apr\u00e8s\" \/>\n<meta name=\"robots\" content=\"index, follow, max-snippet:-1, max-image-preview:large, max-video-preview:-1\" \/>\n<link rel=\"canonical\" href=\"https:\/\/www.cliniquedentairedeneuchatel.ch\/ru\/cas-cliniques\/\" \/>\n<meta property=\"og:locale\" content=\"ru_RU\" \/>\n<meta property=\"og:type\" content=\"article\" \/>\n<meta property=\"og:title\" content=\"Avant\/Apr\u00e8s | Clinique Dentaire de Neuch\u00e2tel | Dentiste d&#039;urgence | Sourire | Avant\/Apr\u00e8s\" \/>\n<meta property=\"og:description\" content=\"Dans notre clinique dentaire, nous croyons qu\u2019un sourire sain est la cl\u00e9 pour se sentir bien dans sa peau et avoir une vie r\u00e9ussie. Avant\/Apr\u00e8s\" \/>\n<meta property=\"og:url\" content=\"https:\/\/www.cliniquedentairedeneuchatel.ch\/ru\/cas-cliniques\/\" \/>\n<meta property=\"og:site_name\" content=\"Clinique Dentaire de Neuch\u00e2tel | Dentiste d&#039;urgence\" \/>\n<meta property=\"article:publisher\" content=\"https:\/\/www.facebook.com\/cliniquedentaireNeuchatel\" \/>\n<meta property=\"article:modified_time\" content=\"2023-11-14T11:03:58+00:00\" \/>\n<meta property=\"og:image\" content=\"https:\/\/www.cliniquedentairedeneuchatel.ch\/wp-content\/uploads\/transformation-du-sourire-a-laide-de-restaurations-en-ceramique-min.jpg\" \/>\n\t<meta property=\"og:image:width\" content=\"1080\" \/>\n\t<meta property=\"og:image:height\" content=\"1080\" \/>\n\t<meta property=\"og:image:type\" content=\"image\/jpeg\" \/>\n<meta name=\"twitter:card\" content=\"summary_large_image\" \/>\n<meta name=\"twitter:label1\" content=\"\u041f\u0440\u0438\u043c\u0435\u0440\u043d\u043e\u0435 \u0432\u0440\u0435\u043c\u044f \u0434\u043b\u044f \u0447\u0442\u0435\u043d\u0438\u044f\" \/>\n\t<meta name=\"twitter:data1\" content=\"18 \u043c\u0438\u043d\u0443\u0442\" \/>\n<script type=\"application\/ld+json\" class=\"yoast-schema-graph\">{\"@context\":\"https:\/\/schema.org\",\"@graph\":[{\"@type\":\"WebPage\",\"@id\":\"https:\/\/www.cliniquedentairedeneuchatel.ch\/cas-cliniques\/\",\"url\":\"https:\/\/www.cliniquedentairedeneuchatel.ch\/cas-cliniques\/\",\"name\":\"Avant\/Apr\u00e8s | Clinique Dentaire de Neuch\u00e2tel | Dentiste d&#039;urgence | Sourire | Avant\/Apr\u00e8s\",\"isPartOf\":{\"@id\":\"https:\/\/www.cliniquedentairedeneuchatel.ch\/#website\"},\"primaryImageOfPage\":{\"@id\":\"https:\/\/www.cliniquedentairedeneuchatel.ch\/cas-cliniques\/#primaryimage\"},\"image\":{\"@id\":\"https:\/\/www.cliniquedentairedeneuchatel.ch\/cas-cliniques\/#primaryimage\"},\"thumbnailUrl\":\"https:\/\/www.cliniquedentairedeneuchatel.ch\/wp-content\/uploads\/transformation-du-sourire-a-laide-de-restaurations-en-ceramique-min.jpg\",\"datePublished\":\"2020-12-15T08:13:24+00:00\",\"dateModified\":\"2023-11-14T11:03:58+00:00\",\"description\":\"Dans notre clinique dentaire, nous croyons qu\u2019un sourire sain est la cl\u00e9 pour se sentir bien dans sa peau et avoir une vie r\u00e9ussie. Avant\/Apr\u00e8s\",\"breadcrumb\":{\"@id\":\"https:\/\/www.cliniquedentairedeneuchatel.ch\/cas-cliniques\/#breadcrumb\"},\"inLanguage\":\"ru-RU\",\"potentialAction\":[{\"@type\":\"ReadAction\",\"target\":[\"https:\/\/www.cliniquedentairedeneuchatel.ch\/cas-cliniques\/\"]}]},{\"@type\":\"ImageObject\",\"inLanguage\":\"ru-RU\",\"@id\":\"https:\/\/www.cliniquedentairedeneuchatel.ch\/cas-cliniques\/#primaryimage\",\"url\":\"https:\/\/www.cliniquedentairedeneuchatel.ch\/wp-content\/uploads\/transformation-du-sourire-a-laide-de-restaurations-en-ceramique-min.jpg\",\"contentUrl\":\"https:\/\/www.cliniquedentairedeneuchatel.ch\/wp-content\/uploads\/transformation-du-sourire-a-laide-de-restaurations-en-ceramique-min.jpg\",\"width\":1080,\"height\":1080,\"caption\":\"transformation du sourire \u00e0 l\u2019aide de restaurations en c\u00e9ramique\"},{\"@type\":\"BreadcrumbList\",\"@id\":\"https:\/\/www.cliniquedentairedeneuchatel.ch\/cas-cliniques\/#breadcrumb\",\"itemListElement\":[{\"@type\":\"ListItem\",\"position\":1,\"name\":\"Accueil\",\"item\":\"https:\/\/www.cliniquedentairedeneuchatel.ch\/\"},{\"@type\":\"ListItem\",\"position\":2,\"name\":\"Avant\/Apr\u00e8s\"}]},{\"@type\":\"WebSite\",\"@id\":\"https:\/\/www.cliniquedentairedeneuchatel.ch\/#website\",\"url\":\"https:\/\/www.cliniquedentairedeneuchatel.ch\/\",\"name\":\"Clinique Dentaire de Neuch\u00e2tel | Dentiste d&#039;urgence\",\"description\":\"&quot;Votre clinique... tout en douceur...&quot;\",\"publisher\":{\"@id\":\"https:\/\/www.cliniquedentairedeneuchatel.ch\/#organization\"},\"potentialAction\":[{\"@type\":\"SearchAction\",\"target\":{\"@type\":\"EntryPoint\",\"urlTemplate\":\"https:\/\/www.cliniquedentairedeneuchatel.ch\/?s={search_term_string}\"},\"query-input\":{\"@type\":\"PropertyValueSpecification\",\"valueRequired\":true,\"valueName\":\"search_term_string\"}}],\"inLanguage\":\"ru-RU\"},{\"@type\":\"Organization\",\"@id\":\"https:\/\/www.cliniquedentairedeneuchatel.ch\/#organization\",\"name\":\"Clinique Dentaire de Neuch\u00e2tel | Votre dentiste \u00e0 Neuch\u00e2tel\",\"url\":\"https:\/\/www.cliniquedentairedeneuchatel.ch\/\",\"logo\":{\"@type\":\"ImageObject\",\"inLanguage\":\"ru-RU\",\"@id\":\"https:\/\/www.cliniquedentairedeneuchatel.ch\/#\/schema\/logo\/image\/\",\"url\":\"https:\/\/www.cliniquedentairedeneuchatel.ch\/wp-content\/uploads\/logo_wordpress.png\",\"contentUrl\":\"https:\/\/www.cliniquedentairedeneuchatel.ch\/wp-content\/uploads\/logo_wordpress.png\",\"width\":869,\"height\":402,\"caption\":\"Clinique Dentaire de Neuch\u00e2tel | Votre dentiste \u00e0 Neuch\u00e2tel\"},\"image\":{\"@id\":\"https:\/\/www.cliniquedentairedeneuchatel.ch\/#\/schema\/logo\/image\/\"},\"sameAs\":[\"https:\/\/www.facebook.com\/cliniquedentaireNeuchatel\"]}]}<\/script>\n<!-- \/ Yoast SEO plugin. -->","yoast_head_json":{"title":"Avant\/Apr\u00e8s | Clinique Dentaire de Neuch\u00e2tel | Dentiste d&#039;urgence | Sourire | Avant\/Apr\u00e8s","description":"\u0412 \u043d\u0430\u0448\u0435\u0439 \u0441\u0442\u043e\u043c\u0430\u0442\u043e\u043b\u043e\u0433\u0438\u0447\u0435\u0441\u043a\u043e\u0439 \u043a\u043b\u0438\u043d\u0438\u043a\u0435 \u043c\u044b \u0441\u0447\u0438\u0442\u0430\u0435\u043c, \u0447\u0442\u043e \u0437\u0434\u043e\u0440\u043e\u0432\u0430\u044f \u0443\u043b\u044b\u0431\u043a\u0430 \u044f\u0432\u043b\u044f\u0435\u0442\u0441\u044f \u043a\u043b\u044e\u0447\u043e\u043c \u043a \u0445\u043e\u0440\u043e\u0448\u0435\u043c\u0443 \u0441\u0430\u043c\u043e\u0447\u0443\u0432\u0441\u0442\u0432\u0438\u044e \u0438 \u0443\u0441\u043f\u0435\u0448\u043d\u043e\u0439 \u0436\u0438\u0437\u043d\u0438. \u0414\u043e \u043f\u043e\u0441\u043b\u0435","robots":{"index":"index","follow":"follow","max-snippet":"max-snippet:-1","max-image-preview":"max-image-preview:large","max-video-preview":"max-video-preview:-1"},"canonical":"https:\/\/www.cliniquedentairedeneuchatel.ch\/ru\/cas-cliniques\/","og_locale":"ru_RU","og_type":"article","og_title":"Avant\/Apr\u00e8s | Clinique Dentaire de Neuch\u00e2tel | Dentiste d&#039;urgence | Sourire | Avant\/Apr\u00e8s","og_description":"Dans notre clinique dentaire, nous croyons qu\u2019un sourire sain est la cl\u00e9 pour se sentir bien dans sa peau et avoir une vie r\u00e9ussie. Avant\/Apr\u00e8s","og_url":"https:\/\/www.cliniquedentairedeneuchatel.ch\/ru\/cas-cliniques\/","og_site_name":"Clinique Dentaire de Neuch\u00e2tel | Dentiste d&#039;urgence","article_publisher":"https:\/\/www.facebook.com\/cliniquedentaireNeuchatel","article_modified_time":"2023-11-14T11:03:58+00:00","og_image":[{"width":1080,"height":1080,"url":"https:\/\/www.cliniquedentairedeneuchatel.ch\/wp-content\/uploads\/transformation-du-sourire-a-laide-de-restaurations-en-ceramique-min.jpg","type":"image\/jpeg"}],"twitter_card":"summary_large_image","twitter_misc":{"\u041f\u0440\u0438\u043c\u0435\u0440\u043d\u043e\u0435 \u0432\u0440\u0435\u043c\u044f \u0434\u043b\u044f \u0447\u0442\u0435\u043d\u0438\u044f":"18 \u043c\u0438\u043d\u0443\u0442"},"schema":{"@context":"https:\/\/schema.org","@graph":[{"@type":"WebPage","@id":"https:\/\/www.cliniquedentairedeneuchatel.ch\/cas-cliniques\/","url":"https:\/\/www.cliniquedentairedeneuchatel.ch\/cas-cliniques\/","name":"Avant\/Apr\u00e8s | Clinique Dentaire de Neuch\u00e2tel | Dentiste d&#039;urgence | Sourire | Avant\/Apr\u00e8s","isPartOf":{"@id":"https:\/\/www.cliniquedentairedeneuchatel.ch\/#website"},"primaryImageOfPage":{"@id":"https:\/\/www.cliniquedentairedeneuchatel.ch\/cas-cliniques\/#primaryimage"},"image":{"@id":"https:\/\/www.cliniquedentairedeneuchatel.ch\/cas-cliniques\/#primaryimage"},"thumbnailUrl":"https:\/\/www.cliniquedentairedeneuchatel.ch\/wp-content\/uploads\/transformation-du-sourire-a-laide-de-restaurations-en-ceramique-min.jpg","datePublished":"2020-12-15T08:13:24+00:00","dateModified":"2023-11-14T11:03:58+00:00","description":"\u0412 \u043d\u0430\u0448\u0435\u0439 \u0441\u0442\u043e\u043c\u0430\u0442\u043e\u043b\u043e\u0433\u0438\u0447\u0435\u0441\u043a\u043e\u0439 \u043a\u043b\u0438\u043d\u0438\u043a\u0435 \u043c\u044b \u0441\u0447\u0438\u0442\u0430\u0435\u043c, \u0447\u0442\u043e \u0437\u0434\u043e\u0440\u043e\u0432\u0430\u044f \u0443\u043b\u044b\u0431\u043a\u0430 \u044f\u0432\u043b\u044f\u0435\u0442\u0441\u044f \u043a\u043b\u044e\u0447\u043e\u043c \u043a \u0445\u043e\u0440\u043e\u0448\u0435\u043c\u0443 \u0441\u0430\u043c\u043e\u0447\u0443\u0432\u0441\u0442\u0432\u0438\u044e \u0438 \u0443\u0441\u043f\u0435\u0448\u043d\u043e\u0439 \u0436\u0438\u0437\u043d\u0438. \u0414\u043e \u043f\u043e\u0441\u043b\u0435","breadcrumb":{"@id":"https:\/\/www.cliniquedentairedeneuchatel.ch\/cas-cliniques\/#breadcrumb"},"inLanguage":"ru-RU","potentialAction":[{"@type":"ReadAction","target":["https:\/\/www.cliniquedentairedeneuchatel.ch\/cas-cliniques\/"]}]},{"@type":"ImageObject","inLanguage":"ru-RU","@id":"https:\/\/www.cliniquedentairedeneuchatel.ch\/cas-cliniques\/#primaryimage","url":"https:\/\/www.cliniquedentairedeneuchatel.ch\/wp-content\/uploads\/transformation-du-sourire-a-laide-de-restaurations-en-ceramique-min.jpg","contentUrl":"https:\/\/www.cliniquedentairedeneuchatel.ch\/wp-content\/uploads\/transformation-du-sourire-a-laide-de-restaurations-en-ceramique-min.jpg","width":1080,"height":1080,"caption":"transformation du sourire \u00e0 l\u2019aide de restaurations en c\u00e9ramique"},{"@type":"BreadcrumbList","@id":"https:\/\/www.cliniquedentairedeneuchatel.ch\/cas-cliniques\/#breadcrumb","itemListElement":[{"@type":"ListItem","position":1,"name":"Accueil","item":"https:\/\/www.cliniquedentairedeneuchatel.ch\/"},{"@type":"ListItem","position":2,"name":"Avant\/Apr\u00e8s"}]},{"@type":"WebSite","@id":"https:\/\/www.cliniquedentairedeneuchatel.ch\/#website","url":"https:\/\/www.cliniquedentairedeneuchatel.ch\/","name":"Clinique Dentaire de Neuch\u00e2tel | Dentiste d&#039;urgence","description":"\u00ab\u0412\u0430\u0448\u0430 \u043a\u043b\u0438\u043d\u0438\u043a\u0430\u2026 \u0441 \u0437\u0430\u0431\u043e\u0442\u043e\u0439 \u043e \u0432\u0430\u0448\u0435\u043c \u0437\u0434\u043e\u0440\u043e\u0432\u044c\u0435\u2026\u00bb","publisher":{"@id":"https:\/\/www.cliniquedentairedeneuchatel.ch\/#organization"},"potentialAction":[{"@type":"SearchAction","target":{"@type":"EntryPoint","urlTemplate":"https:\/\/www.cliniquedentairedeneuchatel.ch\/?s={search_term_string}"},"query-input":{"@type":"PropertyValueSpecification","valueRequired":true,"valueName":"search_term_string"}}],"inLanguage":"ru-RU"},{"@type":"Organization","@id":"https:\/\/www.cliniquedentairedeneuchatel.ch\/#organization","name":"Clinique Dentaire de Neuch\u00e2tel | Votre dentiste \u00e0 Neuch\u00e2tel","url":"https:\/\/www.cliniquedentairedeneuchatel.ch\/","logo":{"@type":"ImageObject","inLanguage":"ru-RU","@id":"https:\/\/www.cliniquedentairedeneuchatel.ch\/#\/schema\/logo\/image\/","url":"https:\/\/www.cliniquedentairedeneuchatel.ch\/wp-content\/uploads\/logo_wordpress.png","contentUrl":"https:\/\/www.cliniquedentairedeneuchatel.ch\/wp-content\/uploads\/logo_wordpress.png","width":869,"height":402,"caption":"Clinique Dentaire de Neuch\u00e2tel | Votre dentiste \u00e0 Neuch\u00e2tel"},"image":{"@id":"https:\/\/www.cliniquedentairedeneuchatel.ch\/#\/schema\/logo\/image\/"},"sameAs":["https:\/\/www.facebook.com\/cliniquedentaireNeuchatel"]}]}},"_links":{"self":[{"href":"https:\/\/www.cliniquedentairedeneuchatel.ch\/ru\/wp-json\/wp\/v2\/pages\/1899","targetHints":{"allow":["GET"]}}],"collection":[{"href":"https:\/\/www.cliniquedentairedeneuchatel.ch\/ru\/wp-json\/wp\/v2\/pages"}],"about":[{"href":"https:\/\/www.cliniquedentairedeneuchatel.ch\/ru\/wp-json\/wp\/v2\/types\/page"}],"author":[{"embeddable":true,"href":"https:\/\/www.cliniquedentairedeneuchatel.ch\/ru\/wp-json\/wp\/v2\/users\/1"}],"replies":[{"embeddable":true,"href":"https:\/\/www.cliniquedentairedeneuchatel.ch\/ru\/wp-json\/wp\/v2\/comments?post=1899"}],"version-history":[{"count":0,"href":"https:\/\/www.cliniquedentairedeneuchatel.ch\/ru\/wp-json\/wp\/v2\/pages\/1899\/revisions"}],"wp:featuredmedia":[{"embeddable":true,"href":"https:\/\/www.cliniquedentairedeneuchatel.ch\/ru\/wp-json\/wp\/v2\/media\/1930"}],"wp:attachment":[{"href":"https:\/\/www.cliniquedentairedeneuchatel.ch\/ru\/wp-json\/wp\/v2\/media?parent=1899"}],"curies":[{"name":"wp","href":"https:\/\/api.w.org\/{rel}","templated":true}]}}