{"version":"1.0","provider_name":"Clinique Dentaire de Neuch\u00e2tel | Dentiste d&#039;urgence","provider_url":"https:\/\/www.cliniquedentairedeneuchatel.ch\/ru","author_name":"admin","author_url":"https:\/\/www.cliniquedentairedeneuchatel.ch\/ru\/author\/admin\/","title":"Apn\u00e9es du sommeil | Clinique Dentaire de Neuch\u00e2tel | Dentiste d&#039;urgence | Maux | apn\u00e9e","type":"rich","width":600,"height":338,"html":"<blockquote class=\"wp-embedded-content\" data-secret=\"quYZg4JdwU\"><a href=\"https:\/\/www.cliniquedentairedeneuchatel.ch\/ru\/apnee-du-sommeil\/\">\u0430\u043f\u043d\u043e\u044d \u0432\u043e \u0441\u043d\u0435<\/a><\/blockquote><iframe sandbox=\"allow-scripts\" security=\"restricted\" src=\"https:\/\/www.cliniquedentairedeneuchatel.ch\/ru\/apnee-du-sommeil\/embed\/#?secret=quYZg4JdwU\" width=\"600\" height=\"338\" title=\"\u00abApn\u00e9es du sommeil\u00bb &#8212; Clinique Dentaire de Neuch\u00e2tel | Dentiste d&#039;urgence\" data-secret=\"quYZg4JdwU\" frameborder=\"0\" marginwidth=\"0\" marginheight=\"0\" scrolling=\"no\" class=\"wp-embedded-content\"><\/iframe><script type=\"text\/javascript\">\n\/* <![CDATA[ *\/\n\/*! This file is auto-generated *\/\n!function(d,l){\"use strict\";l.querySelector&&d.addEventListener&&\"undefined\"!=typeof URL&&(d.wp=d.wp||{},d.wp.receiveEmbedMessage||(d.wp.receiveEmbedMessage=function(e){var t=e.data;if((t||t.secret||t.message||t.value)&&!\/[^a-zA-Z0-9]\/.test(t.secret)){for(var s,r,n,a=l.querySelectorAll('iframe[data-secret=\"'+t.secret+'\"]'),o=l.querySelectorAll('blockquote[data-secret=\"'+t.secret+'\"]'),c=new RegExp(\"^https?:$\",\"i\"),i=0;i<o.length;i++)o[i].style.display=\"none\";for(i=0;i<a.length;i++)s=a[i],e.source===s.contentWindow&&(s.removeAttribute(\"style\"),\"height\"===t.message?(1e3<(r=parseInt(t.value,10))?r=1e3:~~r<200&&(r=200),s.height=r):\"link\"===t.message&&(r=new URL(s.getAttribute(\"src\")),n=new URL(t.value),c.test(n.protocol))&&n.host===r.host&&l.activeElement===s&&(d.top.location.href=t.value))}},d.addEventListener(\"message\",d.wp.receiveEmbedMessage,!1),l.addEventListener(\"DOMContentLoaded\",function(){for(var e,t,s=l.querySelectorAll(\"iframe.wp-embedded-content\"),r=0;r<s.length;r++)(t=(e=s[r]).getAttribute(\"data-secret\"))||(t=Math.random().toString(36).substring(2,12),e.src+=\"#?secret=\"+t,e.setAttribute(\"data-secret\",t)),e.contentWindow.postMessage({message:\"ready\",secret:t},\"*\")},!1)))}(window,document);\n\/* ]]> *\/\n<\/script>","thumbnail_url":"https:\/\/www.cliniquedentairedeneuchatel.ch\/wp-content\/uploads\/Image_Orthese.jpg","thumbnail_width":1024,"thumbnail_height":768,"description":"Lorsqu\u2019on souffre de SAOS (Syndrome de l\u2019Apn\u00e9e Obstructive du Sommeil), les voies a\u00e9riennes sup\u00e9rieures se retrouvent obstru\u00e9es durant le sommeil sans que le dormeur ne s\u2019en rende compte. Il s\u2019en suit des r\u00e9veils fr\u00e9quents et brefs durant la nuit. Cela se manifeste le plus fr\u00e9quemment par une somnolence durant la journ\u00e9e, maux de t\u00eate et bouche s\u00e8che au r\u00e9veil, perte de m\u00e9moire et difficult\u00e9 \u00e0 se concentrer.L\u2019OAM est une orth\u00e8se se pr\u00e9sentant sous forme de goutti\u00e8res qui maintiennent la m\u00e2choire inf\u00e9rieure en position l\u00e9g\u00e8rement avanc\u00e9e afin de lib\u00e9rer les voies a\u00e9riennes sup\u00e9rieures permettant un meilleur passage d\u2019air."}