{"id":16,"date":"2011-04-21T21:22:00","date_gmt":"2011-04-21T21:22:00","guid":{"rendered":"http:\/\/www.cliniquedentairedeneuchatel.ch\/?page_id=16"},"modified":"2023-10-18T09:18:39","modified_gmt":"2023-10-18T09:18:39","slug":"implants-dentaire","status":"publish","type":"page","link":"https:\/\/www.cliniquedentairedeneuchatel.ch\/en\/implants-dentaire\/","title":{"rendered":"Dental implants"},"content":{"rendered":"\n[et_pb_section fb_built=\u00a0\u00bb1&Prime; _builder_version=\u00a0\u00bb4.7.3&Prime; _module_preset=\u00a0\u00bbdefault\u00a0\u00bb custom_padding=\u00a0\u00bb||0px|||\u00a0\u00bb][et_pb_row _builder_version=\u00a0\u00bb4.7.3&Prime; _module_preset=\u00a0\u00bbdefault\u00a0\u00bb][et_pb_column type=\u00a0\u00bb4_4&Prime; _builder_version=\u00a0\u00bb4.7.3&Prime; _module_preset=\u00a0\u00bbdefault\u00a0\u00bb][et_pb_text _builder_version=\u00a0\u00bb4.7.3&Prime; _module_preset=\u00a0\u00bbdefault\u00a0\u00bb]<h1>IMPLANTS DENTAIRES<\/h1>[\/et_pb_text][\/et_pb_column][\/et_pb_row][\/et_pb_section][et_pb_section fb_built=\u00a0\u00bb1&Prime; _builder_version=\u00a0\u00bb4.7.3&Prime; _module_preset=\u00a0\u00bbdefault\u00a0\u00bb custom_padding=\u00a0\u00bb0px||0px|||\u00a0\u00bb][et_pb_row column_structure=\u00a0\u00bb1_2,1_2&Prime; _builder_version=\u00a0\u00bb4.7.3&Prime; _module_preset=\u00a0\u00bbdefault\u00a0\u00bb custom_padding=\u00a0\u00bb0px|||||\u00a0\u00bb][et_pb_column type=\u00a0\u00bb1_2&Prime; _builder_version=\u00a0\u00bb4.7.3&Prime; _module_preset=\u00a0\u00bbdefault\u00a0\u00bb][et_pb_text _builder_version=\u00a0\u00bb4.7.3&Prime; _module_preset=\u00a0\u00bbdefault\u00a0\u00bb]<p style=\"text-align: justify;\">L\u2019implant dentaire est une petite vis en titane destin\u00e9e \u00e0 remplacer la racine d\u2019une dent manquante. Cet implant est ins\u00e9r\u00e9 sous anesth\u00e9sie locale dans la m\u00e2choire sup\u00e9rieure ou inf\u00e9rieure.<br \/> Nous r\u00e9alisons cette intervention dans notre clinique gr\u00e2ce \u00e0 une chirurgie traditionnelle ou une chirurgie minimale invasive, s\u00e9curis\u00e9e, guid\u00e9e par ordinateur \u00e0 l\u2019aide de la technologie r\u00e9volutionnaire Nobel Guide.<br \/> Les avantages d\u2019une telle intervention sont un raccourcissement notable de la dur\u00e9e op\u00e9ratoire, un confort et s\u00e9curit\u00e9 maximale pour nos patients ainsi que l\u2019absence de douleur durant l\u2019intervention et pendant la phase post-op\u00e9ratoire.<\/p>[\/et_pb_text][\/et_pb_column][et_pb_column type=\u00a0\u00bb1_2&Prime; _builder_version=\u00a0\u00bb4.7.3&Prime; _module_preset=\u00a0\u00bbdefault\u00a0\u00bb][et_pb_image src=\u00a0\u00bbhttps:\/\/www.cliniquedentairedeneuchatel.ch\/wp-content\/uploads\/Implants-dentaires-300&#215;225.jpg\u00a0\u00bb alt=\u00a0\u00bbImplants dentaires\u00a0\u00bb title_text=\u00a0\u00bbImplantologie traditionnelle\u00a0\u00bb align=\u00a0\u00bbcenter\u00a0\u00bb _builder_version=\u00a0\u00bb4.7.3&Prime; _module_preset=\u00a0\u00bbdefault\u00a0\u00bb custom_padding=\u00a0\u00bb|0px||0px||\u00a0\u00bb][\/et_pb_image][\/et_pb_column][\/et_pb_row][\/et_pb_section][et_pb_section fb_built=\u00a0\u00bb1&Prime; _builder_version=\u00a0\u00bb4.7.3&Prime; _module_preset=\u00a0\u00bbdefault\u00a0\u00bb custom_padding=\u00a0\u00bb0px||0px|||\u00a0\u00bb][et_pb_row _builder_version=\u00a0\u00bb4.7.3&Prime; _module_preset=\u00a0\u00bbdefault\u00a0\u00bb custom_padding=\u00a0\u00bb0px|||||\u00a0\u00bb][et_pb_column type=\u00a0\u00bb4_4&Prime; _builder_version=\u00a0\u00bb4.7.3&Prime; _module_preset=\u00a0\u00bbdefault\u00a0\u00bb][et_pb_text _builder_version=\u00a0\u00bb4.7.3&Prime; _module_preset=\u00a0\u00bbdefault\u00a0\u00bb]<h2>Qu\u2019est-ce que nobel guide\u00a0?<\/h2>[\/et_pb_text][\/et_pb_column][\/et_pb_row][\/et_pb_section][et_pb_section fb_built=\u00a0\u00bb1&Prime; _builder_version=\u00a0\u00bb4.7.3&Prime; _module_preset=\u00a0\u00bbdefault\u00a0\u00bb custom_padding=\u00a0\u00bb0px||0px|||\u00a0\u00bb][et_pb_row _builder_version=\u00a0\u00bb4.7.3&Prime; _module_preset=\u00a0\u00bbdefault\u00a0\u00bb custom_padding=\u00a0\u00bb0px|||||\u00a0\u00bb][et_pb_column type=\u00a0\u00bb4_4&Prime; _builder_version=\u00a0\u00bb4.7.3&Prime; _module_preset=\u00a0\u00bbdefault\u00a0\u00bb][et_pb_text _builder_version=\u00a0\u00bb4.7.3&Prime; _module_preset=\u00a0\u00bbdefault\u00a0\u00bb]<p style=\"text-align: justify;\"><span>Gr\u00e2ce \u00e0 la technologie Suisse Nobel Guide, la pose d\u2019implants dentaires devient une intervention quasi indolore et tr\u00e8s fiable. En effet, suite \u00e0 un examen m\u00e9ticuleux de la bouche du patient par le m\u00e9decin-dentiste, un scanner dento-facial est r\u00e9alis\u00e9. Gr\u00e2ce \u00e0 un logiciel informatique et la visualisation en 3D de la m\u00e2choire du patient, le m\u00e9decin-dentiste planifie les \u00e9tapes de son intervention de mani\u00e8re informatis\u00e9e, en choisissant la position id\u00e9ale, le mod\u00e8le et la taille des implants.<\/span><br \/><span>Apr\u00e8s avoir r\u00e9colt\u00e9 et planifi\u00e9 toutes les donn\u00e9es, un guide chirurgical sur mesure est r\u00e9alis\u00e9, s\u2019adaptant parfaitement \u00e0 l\u2019anatomie de la m\u00e2choire du patient. Suite \u00e0 cela, le m\u00e9decin-dentiste posera les implants dentaires au travers de petits trous calibr\u00e9s dans le guide chirurgical. Cette technique r\u00e9volutionnaire permet de poser les implants dentaires en toute s\u00e9curit\u00e9, sans aucune incision ni points de sutures, \u00e9vitant ainsi les oed\u00e8mes, inflammations et douleurs post-op\u00e9ratoires, favorisant ainsi une meilleure cicatrisation des tissus biologiques.<\/span><br \/><span>Le jour m\u00eame de l\u2019intervention, les patients ont \u00e9galement la possibilit\u00e9 de repartir de la clinique avec les dents provisoires directement fix\u00e9es sur les implants. Plusieurs mois apr\u00e8s l\u2019intervention, lorsque l\u2019os a parfaitement cicatris\u00e9e, les dents d\u00e9finitives sont fix\u00e9es sur les implants.<\/span><\/p>[\/et_pb_text][\/et_pb_column][\/et_pb_row][\/et_pb_section][et_pb_section fb_built=\u00a0\u00bb1&Prime; _builder_version=\u00a0\u00bb4.7.3&Prime; _module_preset=\u00a0\u00bbdefault\u00a0\u00bb custom_padding=\u00a0\u00bb0px||0px|||\u00a0\u00bb][et_pb_row _builder_version=\u00a0\u00bb4.7.3&Prime; _module_preset=\u00a0\u00bbdefault\u00a0\u00bb custom_padding=\u00a0\u00bb||80px|||\u00a0\u00bb][et_pb_column type=\u00a0\u00bb4_4&Prime; _builder_version=\u00a0\u00bb4.7.3&Prime; _module_preset=\u00a0\u00bbdefault\u00a0\u00bb][et_pb_video src=\u00a0\u00bbhttps:\/\/www.cliniquedentairedeneuchatel.ch\/wp-content\/uploads\/Implants_dentaires.mp4&Prime; _builder_version=\u00a0\u00bb4.7.3&Prime; _module_preset=\u00a0\u00bbdefault\u00a0\u00bb][\/et_pb_video][\/et_pb_column][\/et_pb_row][\/et_pb_section][et_pb_section fb_built=\u00a0\u00bb1&Prime; _builder_version=\u00a0\u00bb4.7.4&Prime; _module_preset=\u00a0\u00bbdefault\u00a0\u00bb background_color=\u00a0\u00bbrgba(0,0,0,0.9)\u00a0\u00bb min_height=\u00a0\u00bb165px\u00a0\u00bb custom_margin=\u00a0\u00bb-2px|||||\u00a0\u00bb custom_padding=\u00a0\u00bb0px||0px|||\u00a0\u00bb hover_enabled=\u00a0\u00bb0&Prime; locked=\u00a0\u00bboff\u00a0\u00bb sticky_enabled=\u00a0\u00bb0&Prime;][et_pb_row column_structure=\u00a0\u00bb1_3,1_3,1_3&Prime; _builder_version=\u00a0\u00bb4.6.6&Prime; _module_preset=\u00a0\u00bbdefault\u00a0\u00bb min_height=\u00a0\u00bb180px\u00a0\u00bb custom_padding=\u00a0\u00bb||29px|||\u00a0\u00bb][et_pb_column type=\u00a0\u00bb1_3&Prime; _builder_version=\u00a0\u00bb4.6.6&Prime; _module_preset=\u00a0\u00bbdefault\u00a0\u00bb][et_pb_text _builder_version=\u00a0\u00bb4.7.4&Prime; _module_preset=\u00a0\u00bbdefault\u00a0\u00bb text_text_color=\u00a0\u00bb#ffffff\u00a0\u00bb header_4_text_color=\u00a0\u00bb#ffffff\u00a0\u00bb]<h4 class=\"et_pb_module_header\" style=\"text-align: center;\"><span>Nos horaires<\/span><\/h4>\n<div class=\"et_pb_blurb_description\">\n<p style=\"text-align: center;\"><span>Du lundi au vendredi<\/span><br \/><span>8h00 \u2013 12h00 | 13h00 \u2013 18h00<\/span><\/p>\n<p style=\"text-align: center;\"><span>Jeudi<\/span><br \/><span>08h00 \u2013 12h00 | 13h00 \u2013 20h00<\/span><\/p>\n<\/div>[\/et_pb_text][\/et_pb_column][et_pb_column type=\u00a0\u00bb1_3&Prime; _builder_version=\u00a0\u00bb4.6.6&Prime; _module_preset=\u00a0\u00bbdefault\u00a0\u00bb][et_pb_text _builder_version=\u00a0\u00bb4.7.4&Prime; _module_preset=\u00a0\u00bbdefault\u00a0\u00bb text_text_color=\u00a0\u00bb#ffffff\u00a0\u00bb header_4_text_color=\u00a0\u00bb#ffffff\u00a0\u00bb locked=\u00a0\u00bboff\u00a0\u00bb]<h4 class=\"et_pb_module_header\" style=\"text-align: center;\"><span>Adresse<\/span><\/h4>\n<div class=\"et_pb_blurb_description\">\n<p style=\"text-align: center;\"><span>Clinique dentaire de Neuch\u00e2tel<\/span><\/p>\n<p style=\"text-align: center;\"><span>Place Pury 7<\/span><\/p>\n<p style=\"text-align: center;\"><span>2000 Neuch\u00e2tel<\/span><\/p>\n<\/div>[\/et_pb_text][\/et_pb_column][et_pb_column type=\u00a0\u00bb1_3&Prime; _builder_version=\u00a0\u00bb4.6.6&Prime; _module_preset=\u00a0\u00bbdefault\u00a0\u00bb][et_pb_text _builder_version=\u00a0\u00bb4.7.7&Prime; _module_preset=\u00a0\u00bbdefault\u00a0\u00bb text_text_color=\u00a0\u00bb#ffffff\u00a0\u00bb link_text_color=\u00a0\u00bb#ffffff\u00a0\u00bb header_4_text_color=\u00a0\u00bb#ffffff\u00a0\u00bb hover_enabled=\u00a0\u00bb0&Prime; locked=\u00a0\u00bboff\u00a0\u00bb sticky_enabled=\u00a0\u00bb0&Prime;]<h4 class=\"et_pb_module_header\" style=\"text-align: center;\"><span>Contact<\/span><\/h4>\n<div class=\"et_pb_blurb_description\">\n<p style=\"text-align: center;\"><span><a href=\"tel:+41327241924\">+41 32 724 19 24<\/a><\/span><\/p>\n<p style=\"text-align: center;\"><a href=\"mailto:info@c-d-n.ch\"><\/a><a href=\"mailto:info@c-d-n.ch\">info@c-d-n.ch<\/a><\/p>\n<p style=\"text-align: center;\"><a href=\"http:\/\/www.c-d-n.ch\/\">www.c-d-n.ch<\/a><\/p>\n<\/div>\n[\/et_pb_text][\/et_pb_column][\/et_pb_row][\/et_pb_section][et_pb_section fb_built=\u00a0\u00bb1&Prime; _builder_version=\u00a0\u00bb4.7.3&Prime; _module_preset=\u00a0\u00bbdefault\u00a0\u00bb use_background_color_gradient=\u00a0\u00bbon\u00a0\u00bb background_color_gradient_start=\u00a0\u00bb#ffffff\u00a0\u00bb background_color_gradient_end=\u00a0\u00bb#d9bdb2&Prime; background_color_gradient_type=\u00a0\u00bbradial\u00a0\u00bb min_height=\u00a0\u00bb280px\u00a0\u00bb custom_padding=\u00a0\u00bb0px||29px|||\u00a0\u00bb background_last_edited=\u00a0\u00bbon|phone\u00a0\u00bb background_color_gradient_type_phone=\u00a0\u00bblinear\u00a0\u00bb background_color_gradient_direction_radial_phone=\u00a0\u00bbcenter\u00a0\u00bb locked=\u00a0\u00bboff\u00a0\u00bb][et_pb_row _builder_version=\u00a0\u00bb4.7.2&Prime; _module_preset=\u00a0\u00bbdefault\u00a0\u00bb custom_padding=\u00a0\u00bb||0px|||\u00a0\u00bb][et_pb_column type=\u00a0\u00bb4_4&Prime; _builder_version=\u00a0\u00bb4.7.2&Prime; _module_preset=\u00a0\u00bbdefault\u00a0\u00bb][et_pb_text _builder_version=\u00a0\u00bb4.7.3&Prime; _module_preset=\u00a0\u00bbdefault\u00a0\u00bb]<h3 style=\"text-align: center;\">TRAITEMENTS DENTAIRES<\/h3>[\/et_pb_text][\/et_pb_column][\/et_pb_row][et_pb_row column_structure=\u00a0\u00bb1_4,1_4,1_4,1_4&Prime; _builder_version=\u00a0\u00bb4.7.2&Prime; _module_preset=\u00a0\u00bbdefault\u00a0\u00bb custom_padding=\u00a0\u00bb||0px|||\u00a0\u00bb][et_pb_column type=\u00a0\u00bb1_4&Prime; _builder_version=\u00a0\u00bb4.7.2&Prime; _module_preset=\u00a0\u00bbdefault\u00a0\u00bb][et_pb_blurb title=\u00a0\u00bbEsth\u00e9tique dentaire\u00a0\u00bb url=\u00a0\u00bb@ET-DC@eyJkeW5hbWljIjp0cnVlLCJjb250ZW50IjoicG9zdF9saW5rX3VybF9wYWdlIiwic2V0dGluZ3MiOnsicG9zdF9pZCI6IjQwIn19@\u00a0\u00bb image=\u00a0\u00bbhttps:\/\/www.cliniquedentairedeneuchatel.ch\/wp-content\/uploads\/Image_Esthetique_dentaire-300&#215;225.jpg\u00a0\u00bb alt=\u00a0\u00bbEsth\u00e9tique dentaire\u00a0\u00bb icon_placement=\u00a0\u00bbleft\u00a0\u00bb icon_placement_tablet=\u00a0\u00bb\u00a0\u00bb icon_placement_phone=\u00a0\u00bbleft\u00a0\u00bb icon_placement_last_edited=\u00a0\u00bbon|phone\u00a0\u00bb image_max_width_tablet=\u00a0\u00bb\u00a0\u00bb image_max_width_phone=\u00a0\u00bb100%\u00a0\u00bb image_max_width_last_edited=\u00a0\u00bbon|phone\u00a0\u00bb _builder_version=\u00a0\u00bb4.7.7&Prime; _dynamic_attributes=\u00a0\u00bblink_option_url,url\u00a0\u00bb _module_preset=\u00a0\u00bbdefault\u00a0\u00bb header_text_align=\u00a0\u00bbleft\u00a0\u00bb header_font_size=\u00a0\u00bb14px\u00a0\u00bb text_orientation=\u00a0\u00bbcenter\u00a0\u00bb module_alignment=\u00a0\u00bbleft\u00a0\u00bb custom_padding=\u00a0\u00bb|0px||||\u00a0\u00bb link_option_url=\u00a0\u00bb@ET-DC@eyJkeW5hbWljIjp0cnVlLCJjb250ZW50IjoicG9zdF9saW5rX3VybF9wYWdlIiwic2V0dGluZ3MiOnsicG9zdF9pZCI6IjQwIn19@\u00a0\u00bb header_font_size_tablet=\u00a0\u00bb14px\u00a0\u00bb header_font_size_phone=\u00a0\u00bb14px\u00a0\u00bb header_font_size_last_edited=\u00a0\u00bbon|tablet\u00a0\u00bb border_width_all_image=\u00a0\u00bb0px\u00a0\u00bb filter_opacity__hover_enabled=\u00a0\u00bbon|hover\u00a0\u00bb filter_opacity__hover=\u00a0\u00bb40%\u00a0\u00bb][\/et_pb_blurb][\/et_pb_column][et_pb_column type=\u00a0\u00bb1_4&Prime; _builder_version=\u00a0\u00bb4.7.2&Prime; _module_preset=\u00a0\u00bbdefault\u00a0\u00bb][et_pb_blurb title=\u00a0\u00bbImplantologie traditionnelle\u00a0\u00bb url=\u00a0\u00bb@ET-DC@eyJkeW5hbWljIjp0cnVlLCJjb250ZW50IjoicG9zdF9saW5rX3VybF9wYWdlIiwic2V0dGluZ3MiOnsicG9zdF9pZCI6IjE2In19@\u00a0\u00bb image=\u00a0\u00bbhttps:\/\/www.cliniquedentairedeneuchatel.ch\/wp-content\/uploads\/Implants-dentaires-300&#215;225.jpg\u00a0\u00bb alt=\u00a0\u00bbImplants dentaires\u00a0\u00bb icon_placement=\u00a0\u00bbleft\u00a0\u00bb icon_placement_tablet=\u00a0\u00bb\u00a0\u00bb icon_placement_phone=\u00a0\u00bbleft\u00a0\u00bb icon_placement_last_edited=\u00a0\u00bbon|phone\u00a0\u00bb image_max_width_tablet=\u00a0\u00bb\u00a0\u00bb image_max_width_phone=\u00a0\u00bb100%\u00a0\u00bb image_max_width_last_edited=\u00a0\u00bbon|phone\u00a0\u00bb _builder_version=\u00a0\u00bb4.7.7&Prime; _dynamic_attributes=\u00a0\u00bburl,link_option_url\u00a0\u00bb _module_preset=\u00a0\u00bbdefault\u00a0\u00bb header_text_align=\u00a0\u00bbleft\u00a0\u00bb header_font_size=\u00a0\u00bb14px\u00a0\u00bb text_orientation=\u00a0\u00bbcenter\u00a0\u00bb link_option_url=\u00a0\u00bb@ET-DC@eyJkeW5hbWljIjp0cnVlLCJjb250ZW50IjoicG9zdF9saW5rX3VybF9wYWdlIiwic2V0dGluZ3MiOnsicG9zdF9pZCI6IjE2In19@\u00a0\u00bb header_font_size_tablet=\u00a0\u00bb\u00a0\u00bb header_font_size_phone=\u00a0\u00bb14px\u00a0\u00bb header_font_size_last_edited=\u00a0\u00bbon|tablet\u00a0\u00bb filter_opacity__hover_enabled=\u00a0\u00bbon|hover\u00a0\u00bb filter_opacity__hover=\u00a0\u00bb40%\u00a0\u00bb][\/et_pb_blurb][\/et_pb_column][et_pb_column type=\u00a0\u00bb1_4&Prime; _builder_version=\u00a0\u00bb4.7.2&Prime; _module_preset=\u00a0\u00bbdefault\u00a0\u00bb][et_pb_blurb title=\u00a0\u00bbParodontologie\u00a0\u00bb url=\u00a0\u00bb@ET-DC@eyJkeW5hbWljIjp0cnVlLCJjb250ZW50IjoicG9zdF9saW5rX3VybF9wYWdlIiwic2V0dGluZ3MiOnsicG9zdF9pZCI6IjIyIn19@\u00a0\u00bb image=\u00a0\u00bbhttp:\/\/www.cliniquedentairedeneuchatel.ch\/wp-content\/uploads\/Image_Implantologie-300&#215;225.jpg\u00a0\u00bb alt=\u00a0\u00bbParodontologie\u00a0\u00bb icon_placement=\u00a0\u00bbleft\u00a0\u00bb icon_placement_tablet=\u00a0\u00bb\u00a0\u00bb icon_placement_phone=\u00a0\u00bbleft\u00a0\u00bb icon_placement_last_edited=\u00a0\u00bbon|phone\u00a0\u00bb _builder_version=\u00a0\u00bb4.7.7&Prime; _dynamic_attributes=\u00a0\u00bburl,link_option_url\u00a0\u00bb _module_preset=\u00a0\u00bbdefault\u00a0\u00bb header_text_align=\u00a0\u00bbleft\u00a0\u00bb header_font_size=\u00a0\u00bb14px\u00a0\u00bb text_orientation=\u00a0\u00bbcenter\u00a0\u00bb link_option_url=\u00a0\u00bb@ET-DC@eyJkeW5hbWljIjp0cnVlLCJjb250ZW50IjoicG9zdF9saW5rX3VybF9wYWdlIiwic2V0dGluZ3MiOnsicG9zdF9pZCI6IjIyIn19@\u00a0\u00bb header_font_size_tablet=\u00a0\u00bb\u00a0\u00bb header_font_size_phone=\u00a0\u00bb14px\u00a0\u00bb header_font_size_last_edited=\u00a0\u00bbon|desktop\u00a0\u00bb filter_opacity__hover_enabled=\u00a0\u00bbon|hover\u00a0\u00bb filter_opacity__hover=\u00a0\u00bb40%\u00a0\u00bb][\/et_pb_blurb][\/et_pb_column][et_pb_column type=\u00a0\u00bb1_4&Prime; _builder_version=\u00a0\u00bb4.7.2&Prime; _module_preset=\u00a0\u00bbdefault\u00a0\u00bb][et_pb_blurb title=\u00a0\u00bbChirurgie oral\u00a0\u00bb url=\u00a0\u00bb@ET-DC@eyJkeW5hbWljIjp0cnVlLCJjb250ZW50IjoicG9zdF9saW5rX3VybF9wYWdlIiwic2V0dGluZ3MiOnsicG9zdF9pZCI6IjkxNCJ9fQ==@\u00a0\u00bb image=\u00a0\u00bbhttp:\/\/www.cliniquedentairedeneuchatel.ch\/wp-content\/uploads\/Image_Chirurgie_Oral-300&#215;225.jpg\u00a0\u00bb alt=\u00a0\u00bbChirurgie Oral\u00a0\u00bb icon_placement=\u00a0\u00bbleft\u00a0\u00bb icon_placement_tablet=\u00a0\u00bb\u00a0\u00bb icon_placement_phone=\u00a0\u00bbleft\u00a0\u00bb icon_placement_last_edited=\u00a0\u00bbon|phone\u00a0\u00bb _builder_version=\u00a0\u00bb4.7.7&Prime; _dynamic_attributes=\u00a0\u00bburl\u00a0\u00bb _module_preset=\u00a0\u00bbdefault\u00a0\u00bb header_text_align=\u00a0\u00bbleft\u00a0\u00bb header_font_size=\u00a0\u00bb14px\u00a0\u00bb text_orientation=\u00a0\u00bbcenter\u00a0\u00bb width=\u00a0\u00bb100%\u00a0\u00bb header_font_size_tablet=\u00a0\u00bb\u00a0\u00bb header_font_size_phone=\u00a0\u00bb14px\u00a0\u00bb header_font_size_last_edited=\u00a0\u00bbon|desktop\u00a0\u00bb filter_opacity__hover_enabled=\u00a0\u00bbon|hover\u00a0\u00bb filter_opacity__hover=\u00a0\u00bb40%\u00a0\u00bb][\/et_pb_blurb][\/et_pb_column][\/et_pb_row][et_pb_row column_structure=\u00a0\u00bb1_4,1_4,1_4,1_4&Prime; _builder_version=\u00a0\u00bb4.7.2&Prime; _module_preset=\u00a0\u00bbdefault\u00a0\u00bb custom_padding=\u00a0\u00bb||0px|||\u00a0\u00bb][et_pb_column type=\u00a0\u00bb1_4&Prime; _builder_version=\u00a0\u00bb4.7.2&Prime; _module_preset=\u00a0\u00bbdefault\u00a0\u00bb][et_pb_blurb title=\u00a0\u00bbSoins des caries\u00a0\u00bb url=\u00a0\u00bb@ET-DC@eyJkeW5hbWljIjp0cnVlLCJjb250ZW50IjoicG9zdF9saW5rX3VybF9wYWdlIiwic2V0dGluZ3MiOnsicG9zdF9pZCI6IjIwIn19@\u00a0\u00bb image=\u00a0\u00bbhttp:\/\/www.cliniquedentairedeneuchatel.ch\/wp-content\/uploads\/Image_Soins_des_caries-300&#215;225.jpg\u00a0\u00bb alt=\u00a0\u00bbSoins des caries\u00a0\u00bb icon_placement=\u00a0\u00bbleft\u00a0\u00bb icon_placement_tablet=\u00a0\u00bb\u00a0\u00bb icon_placement_phone=\u00a0\u00bbleft\u00a0\u00bb icon_placement_last_edited=\u00a0\u00bbon|phone\u00a0\u00bb _builder_version=\u00a0\u00bb4.7.7&Prime; _dynamic_attributes=\u00a0\u00bburl\u00a0\u00bb _module_preset=\u00a0\u00bbdefault\u00a0\u00bb header_text_align=\u00a0\u00bbleft\u00a0\u00bb header_font_size=\u00a0\u00bb14px\u00a0\u00bb text_orientation=\u00a0\u00bbcenter\u00a0\u00bb header_font_size_tablet=\u00a0\u00bb\u00a0\u00bb header_font_size_phone=\u00a0\u00bb14px\u00a0\u00bb header_font_size_last_edited=\u00a0\u00bbon|phone\u00a0\u00bb filter_opacity__hover_enabled=\u00a0\u00bbon|hover\u00a0\u00bb filter_opacity__hover=\u00a0\u00bb40%\u00a0\u00bb][\/et_pb_blurb][\/et_pb_column][et_pb_column type=\u00a0\u00bb1_4&Prime; _builder_version=\u00a0\u00bb4.7.2&Prime; _module_preset=\u00a0\u00bbdefault\u00a0\u00bb][et_pb_blurb title=\u00a0\u00bbTraitement de racine\u00a0\u00bb url=\u00a0\u00bb@ET-DC@eyJkeW5hbWljIjp0cnVlLCJjb250ZW50IjoicG9zdF9saW5rX3VybF9wYWdlIiwic2V0dGluZ3MiOnsicG9zdF9pZCI6IjkyNCJ9fQ==@\u00a0\u00bb image=\u00a0\u00bbhttp:\/\/www.cliniquedentairedeneuchatel.ch\/wp-content\/uploads\/Image_Traitement_de_racine-300&#215;225.jpg\u00a0\u00bb alt=\u00a0\u00bbTraitement de racine\u00a0\u00bb icon_placement=\u00a0\u00bbleft\u00a0\u00bb icon_placement_tablet=\u00a0\u00bb\u00a0\u00bb icon_placement_phone=\u00a0\u00bbleft\u00a0\u00bb icon_placement_last_edited=\u00a0\u00bbon|desktop\u00a0\u00bb image_max_width_tablet=\u00a0\u00bb\u00a0\u00bb image_max_width_phone=\u00a0\u00bb100%\u00a0\u00bb image_max_width_last_edited=\u00a0\u00bbon|phone\u00a0\u00bb _builder_version=\u00a0\u00bb4.7.7&Prime; _dynamic_attributes=\u00a0\u00bburl\u00a0\u00bb _module_preset=\u00a0\u00bbdefault\u00a0\u00bb header_text_align=\u00a0\u00bbleft\u00a0\u00bb header_font_size=\u00a0\u00bb14px\u00a0\u00bb text_orientation=\u00a0\u00bbcenter\u00a0\u00bb header_font_size_tablet=\u00a0\u00bb\u00a0\u00bb header_font_size_phone=\u00a0\u00bb14px\u00a0\u00bb header_font_size_last_edited=\u00a0\u00bbon|phone\u00a0\u00bb filter_opacity__hover_enabled=\u00a0\u00bbon|hover\u00a0\u00bb filter_opacity__hover=\u00a0\u00bb40%\u00a0\u00bb][\/et_pb_blurb][\/et_pb_column][et_pb_column type=\u00a0\u00bb1_4&Prime; _builder_version=\u00a0\u00bb4.7.2&Prime; _module_preset=\u00a0\u00bbdefault\u00a0\u00bb][et_pb_blurb title=\u00a0\u00bbSoins aux enfants\u00a0\u00bb url=\u00a0\u00bb@ET-DC@eyJkeW5hbWljIjp0cnVlLCJjb250ZW50IjoicG9zdF9saW5rX3VybF9wYWdlIiwic2V0dGluZ3MiOnsicG9zdF9pZCI6IjkzMiJ9fQ==@\u00a0\u00bb image=\u00a0\u00bbhttp:\/\/www.cliniquedentairedeneuchatel.ch\/wp-content\/uploads\/Image_Soins_aux_enfants-300&#215;225.jpg\u00a0\u00bb alt=\u00a0\u00bbSoins aux enfants\u00a0\u00bb icon_placement=\u00a0\u00bbleft\u00a0\u00bb icon_placement_tablet=\u00a0\u00bb\u00a0\u00bb icon_placement_phone=\u00a0\u00bbleft\u00a0\u00bb icon_placement_last_edited=\u00a0\u00bbon|phone\u00a0\u00bb _builder_version=\u00a0\u00bb4.7.7&Prime; _dynamic_attributes=\u00a0\u00bburl\u00a0\u00bb _module_preset=\u00a0\u00bbdefault\u00a0\u00bb header_text_align=\u00a0\u00bbleft\u00a0\u00bb header_font_size=\u00a0\u00bb14px\u00a0\u00bb text_orientation=\u00a0\u00bbcenter\u00a0\u00bb header_font_size_tablet=\u00a0\u00bb\u00a0\u00bb header_font_size_phone=\u00a0\u00bb14px\u00a0\u00bb header_font_size_last_edited=\u00a0\u00bbon|phone\u00a0\u00bb filter_opacity__hover_enabled=\u00a0\u00bbon|hover\u00a0\u00bb filter_opacity__hover=\u00a0\u00bb40%\u00a0\u00bb][\/et_pb_blurb][\/et_pb_column][et_pb_column type=\u00a0\u00bb1_4&Prime; _builder_version=\u00a0\u00bb4.7.2&Prime; _module_preset=\u00a0\u00bbdefault\u00a0\u00bb][et_pb_blurb title=\u00a0\u00bbD\u00e9tartrage et blanchiment\u00a0\u00bb url=\u00a0\u00bb@ET-DC@eyJkeW5hbWljIjp0cnVlLCJjb250ZW50IjoicG9zdF9saW5rX3VybF9wYWdlIiwic2V0dGluZ3MiOnsicG9zdF9pZCI6IjkzNyJ9fQ==@\u00a0\u00bb image=\u00a0\u00bbhttp:\/\/www.cliniquedentairedeneuchatel.ch\/wp-content\/uploads\/Image_detartrage_et_blanchiment-300&#215;225.jpg\u00a0\u00bb alt=\u00a0\u00bbD\u00e9tartrage et blanchiment\u00a0\u00bb icon_placement=\u00a0\u00bbleft\u00a0\u00bb icon_placement_tablet=\u00a0\u00bb\u00a0\u00bb icon_placement_phone=\u00a0\u00bbleft\u00a0\u00bb icon_placement_last_edited=\u00a0\u00bbon|phone\u00a0\u00bb _builder_version=\u00a0\u00bb4.7.7&Prime; _dynamic_attributes=\u00a0\u00bburl\u00a0\u00bb _module_preset=\u00a0\u00bbdefault\u00a0\u00bb header_text_align=\u00a0\u00bbleft\u00a0\u00bb header_font_size=\u00a0\u00bb14px\u00a0\u00bb text_orientation=\u00a0\u00bbcenter\u00a0\u00bb header_font_size_tablet=\u00a0\u00bb\u00a0\u00bb header_font_size_phone=\u00a0\u00bb14px\u00a0\u00bb header_font_size_last_edited=\u00a0\u00bbon|phone\u00a0\u00bb filter_opacity__hover_enabled=\u00a0\u00bbon|hover\u00a0\u00bb filter_opacity__hover=\u00a0\u00bb40%\u00a0\u00bb][\/et_pb_blurb][\/et_pb_column][\/et_pb_row][et_pb_row column_structure=\u00a0\u00bb1_4,1_4,1_4,1_4&Prime; _builder_version=\u00a0\u00bb4.7.2&Prime; _module_preset=\u00a0\u00bbdefault\u00a0\u00bb custom_padding=\u00a0\u00bb||0px|||\u00a0\u00bb][et_pb_column type=\u00a0\u00bb1_4&Prime; _builder_version=\u00a0\u00bb4.7.2&Prime; _module_preset=\u00a0\u00bbdefault\u00a0\u00bb][et_pb_blurb title=\u00a0\u00bbProth\u00e8se dentaire\u00a0\u00bb url=\u00a0\u00bb@ET-DC@eyJkeW5hbWljIjp0cnVlLCJjb250ZW50IjoicG9zdF9saW5rX3VybF9wYWdlIiwic2V0dGluZ3MiOnsicG9zdF9pZCI6Ijk0MyJ9fQ==@\u00a0\u00bb image=\u00a0\u00bbhttp:\/\/www.cliniquedentairedeneuchatel.ch\/wp-content\/uploads\/Image_Prothese_dentaire_fixees-300&#215;225.jpg\u00a0\u00bb alt=\u00a0\u00bbProth\u00e8se dentaire fix\u00e9es\u00a0\u00bb icon_placement=\u00a0\u00bbleft\u00a0\u00bb icon_placement_tablet=\u00a0\u00bb\u00a0\u00bb icon_placement_phone=\u00a0\u00bbleft\u00a0\u00bb icon_placement_last_edited=\u00a0\u00bbon|phone\u00a0\u00bb _builder_version=\u00a0\u00bb4.7.7&Prime; _dynamic_attributes=\u00a0\u00bburl\u00a0\u00bb _module_preset=\u00a0\u00bbdefault\u00a0\u00bb header_text_align=\u00a0\u00bbleft\u00a0\u00bb header_font_size=\u00a0\u00bb14px\u00a0\u00bb text_orientation=\u00a0\u00bbcenter\u00a0\u00bb header_font_size_tablet=\u00a0\u00bb\u00a0\u00bb header_font_size_phone=\u00a0\u00bb14px\u00a0\u00bb header_font_size_last_edited=\u00a0\u00bbon|phone\u00a0\u00bb filter_opacity__hover_enabled=\u00a0\u00bbon|hover\u00a0\u00bb filter_opacity__hover=\u00a0\u00bb40%\u00a0\u00bb][\/et_pb_blurb][\/et_pb_column][et_pb_column type=\u00a0\u00bb1_4&Prime; _builder_version=\u00a0\u00bb4.7.2&Prime; _module_preset=\u00a0\u00bbdefault\u00a0\u00bb][et_pb_blurb title=\u00a0\u00bbTraitement des troubles de l\u2019articulation temporomandibulaire\u00a0\u00bb url=\u00a0\u00bb@ET-DC@eyJkeW5hbWljIjp0cnVlLCJjb250ZW50IjoicG9zdF9saW5rX3VybF9wYWdlIiwic2V0dGluZ3MiOnsicG9zdF9pZCI6Ijk4MiJ9fQ==@\u00a0\u00bb image=\u00a0\u00bbhttp:\/\/www.cliniquedentairedeneuchatel.ch\/wp-content\/uploads\/Image_Traitement_articulation-300&#215;225.jpg\u00a0\u00bb alt=\u00a0\u00bbTraitement articulation\u00a0\u00bb icon_placement=\u00a0\u00bbleft\u00a0\u00bb icon_placement_tablet=\u00a0\u00bb\u00a0\u00bb icon_placement_phone=\u00a0\u00bbleft\u00a0\u00bb icon_placement_last_edited=\u00a0\u00bbon|phone\u00a0\u00bb _builder_version=\u00a0\u00bb4.7.7&Prime; _dynamic_attributes=\u00a0\u00bburl\u00a0\u00bb _module_preset=\u00a0\u00bbdefault\u00a0\u00bb header_font_size=\u00a0\u00bb14px\u00a0\u00bb header_font_size_tablet=\u00a0\u00bb\u00a0\u00bb header_font_size_phone=\u00a0\u00bb14px\u00a0\u00bb header_font_size_last_edited=\u00a0\u00bbon|phone\u00a0\u00bb filter_opacity__hover_enabled=\u00a0\u00bbon|hover\u00a0\u00bb filter_opacity__hover=\u00a0\u00bb40%\u00a0\u00bb][\/et_pb_blurb][\/et_pb_column][et_pb_column type=\u00a0\u00bb1_4&Prime; _builder_version=\u00a0\u00bb4.7.2&Prime; _module_preset=\u00a0\u00bbdefault\u00a0\u00bb][et_pb_blurb title=\u00a0\u00bbTraitement du bruxisme\u00a0\u00bb url=\u00a0\u00bb@ET-DC@eyJkeW5hbWljIjp0cnVlLCJjb250ZW50IjoicG9zdF9saW5rX3VybF9wYWdlIiwic2V0dGluZ3MiOnsicG9zdF9pZCI6Ijk4OSJ9fQ==@\u00a0\u00bb image=\u00a0\u00bbhttp:\/\/www.cliniquedentairedeneuchatel.ch\/wp-content\/uploads\/Image_Traitement_bruxisme-300&#215;225.jpg\u00a0\u00bb alt=\u00a0\u00bbTraitement bruxisme\u00a0\u00bb icon_placement=\u00a0\u00bbleft\u00a0\u00bb icon_placement_tablet=\u00a0\u00bb\u00a0\u00bb icon_placement_phone=\u00a0\u00bbleft\u00a0\u00bb icon_placement_last_edited=\u00a0\u00bbon|phone\u00a0\u00bb _builder_version=\u00a0\u00bb4.7.7&Prime; _dynamic_attributes=\u00a0\u00bburl\u00a0\u00bb _module_preset=\u00a0\u00bbdefault\u00a0\u00bb header_text_align=\u00a0\u00bbleft\u00a0\u00bb header_font_size=\u00a0\u00bb14px\u00a0\u00bb text_orientation=\u00a0\u00bbcenter\u00a0\u00bb header_font_size_tablet=\u00a0\u00bb\u00a0\u00bb header_font_size_phone=\u00a0\u00bb14px\u00a0\u00bb header_font_size_last_edited=\u00a0\u00bbon|phone\u00a0\u00bb filter_opacity__hover_enabled=\u00a0\u00bbon|hover\u00a0\u00bb filter_opacity__hover=\u00a0\u00bb40%\u00a0\u00bb][\/et_pb_blurb][\/et_pb_column][et_pb_column type=\u00a0\u00bb1_4&Prime; _builder_version=\u00a0\u00bb4.7.2&Prime; _module_preset=\u00a0\u00bbdefault\u00a0\u00bb][et_pb_blurb title=\u00a0\u00bbOrth\u00e8se d\u2019avanc\u00e9e mandibulaire NARVAL\u00a0\u00bb url=\u00a0\u00bb@ET-DC@eyJkeW5hbWljIjp0cnVlLCJjb250ZW50IjoicG9zdF9saW5rX3VybF9wYWdlIiwic2V0dGluZ3MiOnsicG9zdF9pZCI6IjEwMTEifX0=@\u00a0\u00bb image=\u00a0\u00bbhttp:\/\/www.cliniquedentairedeneuchatel.ch\/wp-content\/uploads\/Image_Orthese-300&#215;225.jpg\u00a0\u00bb alt=\u00a0\u00bbOrth\u00e8se d\u2019avanc\u00e9e mandibulaire NARVAL\u00a0\u00bb icon_placement=\u00a0\u00bbleft\u00a0\u00bb icon_placement_tablet=\u00a0\u00bb\u00a0\u00bb icon_placement_phone=\u00a0\u00bbleft\u00a0\u00bb icon_placement_last_edited=\u00a0\u00bbon|phone\u00a0\u00bb _builder_version=\u00a0\u00bb4.7.7&Prime; _dynamic_attributes=\u00a0\u00bburl\u00a0\u00bb _module_preset=\u00a0\u00bbdefault\u00a0\u00bb header_text_align=\u00a0\u00bbleft\u00a0\u00bb header_font_size=\u00a0\u00bb14px\u00a0\u00bb text_orientation=\u00a0\u00bbcenter\u00a0\u00bb header_text_align_tablet=\u00a0\u00bb\u00a0\u00bb header_text_align_phone=\u00a0\u00bbleft\u00a0\u00bb header_text_align_last_edited=\u00a0\u00bbon|phone\u00a0\u00bb header_font_size_tablet=\u00a0\u00bb\u00a0\u00bb header_font_size_phone=\u00a0\u00bb14px\u00a0\u00bb header_font_size_last_edited=\u00a0\u00bbon|phone\u00a0\u00bb filter_opacity__hover_enabled=\u00a0\u00bbon|hover\u00a0\u00bb filter_opacity__hover=\u00a0\u00bb40%\u00a0\u00bb][\/et_pb_blurb][\/et_pb_column][\/et_pb_row][\/et_pb_section]\n","protected":false},"excerpt":{"rendered":"<p>IMPLANTS DENTAIRESL\u2019implant dentaire est une petite vis en titane destin\u00e9e \u00e0 remplacer la racine d\u2019une dent manquante. Cet implant est ins\u00e9r\u00e9 sous anesth\u00e9sie locale dans la m\u00e2choire sup\u00e9rieure ou inf\u00e9rieure. Nous r\u00e9alisons cette intervention dans notre clinique gr\u00e2ce \u00e0 une chirurgie traditionnelle ou une chirurgie minimale invasive, s\u00e9curis\u00e9e, guid\u00e9e par ordinateur \u00e0 l\u2019aide de la [&hellip;]<\/p>\n","protected":false},"author":1,"featured_media":630,"parent":0,"menu_order":0,"comment_status":"open","ping_status":"closed","template":"","meta":{"_et_pb_use_builder":"on","_et_pb_old_content":"L'implant dentaire est une petite vis en titane destin\u00e9e \u00e0 remplacer la racine d'une dent naturelle manquante. Cet implant est ins\u00e9r\u00e9 sous anesth\u00e9sie locale dans la m\u00e2choire sup\u00e9rieure ou inf\u00e9rieure. Quelques mois plus tard, l'os ayant cicatris\u00e9 au contact de l'implant, on pourra proc\u00e9der \u00e0 la confection de la couronne ou pont sus-jacent.\r\n\r\nSp\u00e9cialis\u00e9s dans l'implantologie, nous r\u00e9alisons cette intervention dans notre clinique gr\u00e2ce \u00e0 une chirurgie traditionnelle ou une chirurgie s\u00e9curis\u00e9e, guid\u00e9e par ordinateur \u00e0 l'aide de la technologie Nobel Guide. Les avantages d'une telle intervention sont un raccourcissement notable de la dur\u00e9e op\u00e9ratoire, un confort et s\u00e9curit\u00e9 maximale pour le patient ainsi que l'absence de douleur durant l'intervention et pendant la phase post-op\u00e9ratoire. Ceci nous permet aussi d'offrir des traitements aux conditions pr\u00e9alables tr\u00e8s difficiles et m\u00eame de soigner des cas qui au premier abord semblent sans espoir.\r\n\r\n[youtube width=\"430\" height=\"350\"]http:\/\/www.youtube.com\/watch?v=W3Vorububjc[\/youtube]\r\n\r\nPour en savoir plus:\r\n\r\n<a href=\"http:\/\/www.nobelbiocare.com\/fr\/splash\/\" target=\"_blank\"><img class=\"alignnone size-full wp-image-86\" title=\"nobelbiocare\" src=\"http:\/\/www.cliniquedentairedeneuchatel.ch\/wp-content\/uploads\/nobelbiocare.png\" alt=\"\" width=\"85\" height=\"39\" \/><\/a>\r\n\r\n<a href=\"http:\/\/www.straumann.com\/\" target=\"_blank\"><img class=\"alignnone size-full wp-image-283\" title=\"straumann\" src=\"http:\/\/www.cliniquedentairedeneuchatel.ch\/wp-content\/uploads\/straumann.jpg\" alt=\"\" width=\"112\" height=\"27\" \/><\/a>","_et_gb_content_width":"","footnotes":""},"class_list":["post-16","page","type-page","status-publish","has-post-thumbnail","hentry"],"yoast_head":"<!-- This site is optimized with the Yoast SEO plugin v26.8 - https:\/\/yoast.com\/product\/yoast-seo-wordpress\/ -->\n<title>Implants dentaires | Clinique Dentaire de Neuch\u00e2tel | Dentiste d&#039;urgence<\/title>\n<meta name=\"description\" content=\"L\u2019implant dentaire est une petite vis en titane destin\u00e9e \u00e0 remplacer la racine d\u2019une dent manquante. Cet implant est ins\u00e9r\u00e9 sous anesth\u00e9sie locale dans la m\u00e2choire sup\u00e9rieure ou inf\u00e9rieure.\" \/>\n<meta name=\"robots\" content=\"index, follow, max-snippet:-1, max-image-preview:large, max-video-preview:-1\" \/>\n<link rel=\"canonical\" href=\"https:\/\/www.cliniquedentairedeneuchatel.ch\/en\/implants-dentaire\/\" \/>\n<meta property=\"og:locale\" content=\"en_GB\" \/>\n<meta property=\"og:type\" content=\"article\" \/>\n<meta property=\"og:title\" content=\"Implants dentaires | Clinique Dentaire de Neuch\u00e2tel | Dentiste d&#039;urgence\" \/>\n<meta property=\"og:description\" content=\"L\u2019implant dentaire est une petite vis en titane destin\u00e9e \u00e0 remplacer la racine d\u2019une dent manquante. Cet implant est ins\u00e9r\u00e9 sous anesth\u00e9sie locale dans la m\u00e2choire sup\u00e9rieure ou inf\u00e9rieure.\" \/>\n<meta property=\"og:url\" content=\"https:\/\/www.cliniquedentairedeneuchatel.ch\/en\/implants-dentaire\/\" \/>\n<meta property=\"og:site_name\" content=\"Clinique Dentaire de Neuch\u00e2tel | Dentiste d&#039;urgence\" \/>\n<meta property=\"article:publisher\" content=\"https:\/\/www.facebook.com\/cliniquedentaireNeuchatel\" \/>\n<meta property=\"article:modified_time\" content=\"2023-10-18T09:18:39+00:00\" \/>\n<meta property=\"og:image\" content=\"https:\/\/www.cliniquedentairedeneuchatel.ch\/wp-content\/uploads\/Implants-dentaires.jpg\" \/>\n\t<meta property=\"og:image:width\" content=\"1024\" \/>\n\t<meta property=\"og:image:height\" content=\"768\" \/>\n\t<meta property=\"og:image:type\" content=\"image\/jpeg\" \/>\n<meta name=\"twitter:card\" content=\"summary_large_image\" \/>\n<meta name=\"twitter:label1\" content=\"Estimated reading time\" \/>\n\t<meta name=\"twitter:data1\" content=\"4 minutes\" \/>\n<script type=\"application\/ld+json\" class=\"yoast-schema-graph\">{\"@context\":\"https:\/\/schema.org\",\"@graph\":[{\"@type\":\"WebPage\",\"@id\":\"https:\/\/www.cliniquedentairedeneuchatel.ch\/implants-dentaire\/\",\"url\":\"https:\/\/www.cliniquedentairedeneuchatel.ch\/implants-dentaire\/\",\"name\":\"Implants dentaires | Clinique Dentaire de Neuch\u00e2tel | Dentiste d&#039;urgence\",\"isPartOf\":{\"@id\":\"https:\/\/www.cliniquedentairedeneuchatel.ch\/#website\"},\"primaryImageOfPage\":{\"@id\":\"https:\/\/www.cliniquedentairedeneuchatel.ch\/implants-dentaire\/#primaryimage\"},\"image\":{\"@id\":\"https:\/\/www.cliniquedentairedeneuchatel.ch\/implants-dentaire\/#primaryimage\"},\"thumbnailUrl\":\"https:\/\/www.cliniquedentairedeneuchatel.ch\/wp-content\/uploads\/Implants-dentaires.jpg\",\"datePublished\":\"2011-04-21T21:22:00+00:00\",\"dateModified\":\"2023-10-18T09:18:39+00:00\",\"description\":\"L\u2019implant dentaire est une petite vis en titane destin\u00e9e \u00e0 remplacer la racine d\u2019une dent manquante. Cet implant est ins\u00e9r\u00e9 sous anesth\u00e9sie locale dans la m\u00e2choire sup\u00e9rieure ou inf\u00e9rieure.\",\"breadcrumb\":{\"@id\":\"https:\/\/www.cliniquedentairedeneuchatel.ch\/implants-dentaire\/#breadcrumb\"},\"inLanguage\":\"en-GB\",\"potentialAction\":[{\"@type\":\"ReadAction\",\"target\":[\"https:\/\/www.cliniquedentairedeneuchatel.ch\/implants-dentaire\/\"]}]},{\"@type\":\"ImageObject\",\"inLanguage\":\"en-GB\",\"@id\":\"https:\/\/www.cliniquedentairedeneuchatel.ch\/implants-dentaire\/#primaryimage\",\"url\":\"https:\/\/www.cliniquedentairedeneuchatel.ch\/wp-content\/uploads\/Implants-dentaires.jpg\",\"contentUrl\":\"https:\/\/www.cliniquedentairedeneuchatel.ch\/wp-content\/uploads\/Implants-dentaires.jpg\",\"width\":1024,\"height\":768,\"caption\":\"Implants dentaires\"},{\"@type\":\"BreadcrumbList\",\"@id\":\"https:\/\/www.cliniquedentairedeneuchatel.ch\/implants-dentaire\/#breadcrumb\",\"itemListElement\":[{\"@type\":\"ListItem\",\"position\":1,\"name\":\"Accueil\",\"item\":\"https:\/\/www.cliniquedentairedeneuchatel.ch\/\"},{\"@type\":\"ListItem\",\"position\":2,\"name\":\"Implants dentaires\"}]},{\"@type\":\"WebSite\",\"@id\":\"https:\/\/www.cliniquedentairedeneuchatel.ch\/#website\",\"url\":\"https:\/\/www.cliniquedentairedeneuchatel.ch\/\",\"name\":\"Clinique Dentaire de Neuch\u00e2tel | Dentiste d&#039;urgence\",\"description\":\"&quot;Votre clinique... tout en douceur...&quot;\",\"publisher\":{\"@id\":\"https:\/\/www.cliniquedentairedeneuchatel.ch\/#organization\"},\"potentialAction\":[{\"@type\":\"SearchAction\",\"target\":{\"@type\":\"EntryPoint\",\"urlTemplate\":\"https:\/\/www.cliniquedentairedeneuchatel.ch\/?s={search_term_string}\"},\"query-input\":{\"@type\":\"PropertyValueSpecification\",\"valueRequired\":true,\"valueName\":\"search_term_string\"}}],\"inLanguage\":\"en-GB\"},{\"@type\":\"Organization\",\"@id\":\"https:\/\/www.cliniquedentairedeneuchatel.ch\/#organization\",\"name\":\"Clinique Dentaire de Neuch\u00e2tel | Votre dentiste \u00e0 Neuch\u00e2tel\",\"url\":\"https:\/\/www.cliniquedentairedeneuchatel.ch\/\",\"logo\":{\"@type\":\"ImageObject\",\"inLanguage\":\"en-GB\",\"@id\":\"https:\/\/www.cliniquedentairedeneuchatel.ch\/#\/schema\/logo\/image\/\",\"url\":\"https:\/\/www.cliniquedentairedeneuchatel.ch\/wp-content\/uploads\/logo_wordpress.png\",\"contentUrl\":\"https:\/\/www.cliniquedentairedeneuchatel.ch\/wp-content\/uploads\/logo_wordpress.png\",\"width\":869,\"height\":402,\"caption\":\"Clinique Dentaire de Neuch\u00e2tel | Votre dentiste \u00e0 Neuch\u00e2tel\"},\"image\":{\"@id\":\"https:\/\/www.cliniquedentairedeneuchatel.ch\/#\/schema\/logo\/image\/\"},\"sameAs\":[\"https:\/\/www.facebook.com\/cliniquedentaireNeuchatel\"]}]}<\/script>\n<!-- \/ Yoast SEO plugin. -->","yoast_head_json":{"title":"Implants dentaires | Clinique Dentaire de Neuch\u00e2tel | Dentiste d&#039;urgence","description":"A dental implant is a small titanium screw used to replace the root of a missing tooth. This implant is inserted under local anesthesia in the upper or lower jaw.","robots":{"index":"index","follow":"follow","max-snippet":"max-snippet:-1","max-image-preview":"max-image-preview:large","max-video-preview":"max-video-preview:-1"},"canonical":"https:\/\/www.cliniquedentairedeneuchatel.ch\/en\/implants-dentaire\/","og_locale":"en_GB","og_type":"article","og_title":"Implants dentaires | Clinique Dentaire de Neuch\u00e2tel | Dentiste d&#039;urgence","og_description":"L\u2019implant dentaire est une petite vis en titane destin\u00e9e \u00e0 remplacer la racine d\u2019une dent manquante. Cet implant est ins\u00e9r\u00e9 sous anesth\u00e9sie locale dans la m\u00e2choire sup\u00e9rieure ou inf\u00e9rieure.","og_url":"https:\/\/www.cliniquedentairedeneuchatel.ch\/en\/implants-dentaire\/","og_site_name":"Clinique Dentaire de Neuch\u00e2tel | Dentiste d&#039;urgence","article_publisher":"https:\/\/www.facebook.com\/cliniquedentaireNeuchatel","article_modified_time":"2023-10-18T09:18:39+00:00","og_image":[{"width":1024,"height":768,"url":"https:\/\/www.cliniquedentairedeneuchatel.ch\/wp-content\/uploads\/Implants-dentaires.jpg","type":"image\/jpeg"}],"twitter_card":"summary_large_image","twitter_misc":{"Estimated reading time":"4 minutes"},"schema":{"@context":"https:\/\/schema.org","@graph":[{"@type":"WebPage","@id":"https:\/\/www.cliniquedentairedeneuchatel.ch\/implants-dentaire\/","url":"https:\/\/www.cliniquedentairedeneuchatel.ch\/implants-dentaire\/","name":"Implants dentaires | Clinique Dentaire de Neuch\u00e2tel | Dentiste d&#039;urgence","isPartOf":{"@id":"https:\/\/www.cliniquedentairedeneuchatel.ch\/#website"},"primaryImageOfPage":{"@id":"https:\/\/www.cliniquedentairedeneuchatel.ch\/implants-dentaire\/#primaryimage"},"image":{"@id":"https:\/\/www.cliniquedentairedeneuchatel.ch\/implants-dentaire\/#primaryimage"},"thumbnailUrl":"https:\/\/www.cliniquedentairedeneuchatel.ch\/wp-content\/uploads\/Implants-dentaires.jpg","datePublished":"2011-04-21T21:22:00+00:00","dateModified":"2023-10-18T09:18:39+00:00","description":"A dental implant is a small titanium screw used to replace the root of a missing tooth. This implant is inserted under local anesthesia in the upper or lower jaw.","breadcrumb":{"@id":"https:\/\/www.cliniquedentairedeneuchatel.ch\/implants-dentaire\/#breadcrumb"},"inLanguage":"en-GB","potentialAction":[{"@type":"ReadAction","target":["https:\/\/www.cliniquedentairedeneuchatel.ch\/implants-dentaire\/"]}]},{"@type":"ImageObject","inLanguage":"en-GB","@id":"https:\/\/www.cliniquedentairedeneuchatel.ch\/implants-dentaire\/#primaryimage","url":"https:\/\/www.cliniquedentairedeneuchatel.ch\/wp-content\/uploads\/Implants-dentaires.jpg","contentUrl":"https:\/\/www.cliniquedentairedeneuchatel.ch\/wp-content\/uploads\/Implants-dentaires.jpg","width":1024,"height":768,"caption":"Implants dentaires"},{"@type":"BreadcrumbList","@id":"https:\/\/www.cliniquedentairedeneuchatel.ch\/implants-dentaire\/#breadcrumb","itemListElement":[{"@type":"ListItem","position":1,"name":"Accueil","item":"https:\/\/www.cliniquedentairedeneuchatel.ch\/"},{"@type":"ListItem","position":2,"name":"Implants dentaires"}]},{"@type":"WebSite","@id":"https:\/\/www.cliniquedentairedeneuchatel.ch\/#website","url":"https:\/\/www.cliniquedentairedeneuchatel.ch\/","name":"Clinique Dentaire de Neuch\u00e2tel | Dentiste d&#039;urgence","description":"\"Your clinic... with a gentle touch...\"","publisher":{"@id":"https:\/\/www.cliniquedentairedeneuchatel.ch\/#organization"},"potentialAction":[{"@type":"SearchAction","target":{"@type":"EntryPoint","urlTemplate":"https:\/\/www.cliniquedentairedeneuchatel.ch\/?s={search_term_string}"},"query-input":{"@type":"PropertyValueSpecification","valueRequired":true,"valueName":"search_term_string"}}],"inLanguage":"en-GB"},{"@type":"Organization","@id":"https:\/\/www.cliniquedentairedeneuchatel.ch\/#organization","name":"Clinique Dentaire de Neuch\u00e2tel | Votre dentiste \u00e0 Neuch\u00e2tel","url":"https:\/\/www.cliniquedentairedeneuchatel.ch\/","logo":{"@type":"ImageObject","inLanguage":"en-GB","@id":"https:\/\/www.cliniquedentairedeneuchatel.ch\/#\/schema\/logo\/image\/","url":"https:\/\/www.cliniquedentairedeneuchatel.ch\/wp-content\/uploads\/logo_wordpress.png","contentUrl":"https:\/\/www.cliniquedentairedeneuchatel.ch\/wp-content\/uploads\/logo_wordpress.png","width":869,"height":402,"caption":"Clinique Dentaire de Neuch\u00e2tel | Votre dentiste \u00e0 Neuch\u00e2tel"},"image":{"@id":"https:\/\/www.cliniquedentairedeneuchatel.ch\/#\/schema\/logo\/image\/"},"sameAs":["https:\/\/www.facebook.com\/cliniquedentaireNeuchatel"]}]}},"_links":{"self":[{"href":"https:\/\/www.cliniquedentairedeneuchatel.ch\/en\/wp-json\/wp\/v2\/pages\/16","targetHints":{"allow":["GET"]}}],"collection":[{"href":"https:\/\/www.cliniquedentairedeneuchatel.ch\/en\/wp-json\/wp\/v2\/pages"}],"about":[{"href":"https:\/\/www.cliniquedentairedeneuchatel.ch\/en\/wp-json\/wp\/v2\/types\/page"}],"author":[{"embeddable":true,"href":"https:\/\/www.cliniquedentairedeneuchatel.ch\/en\/wp-json\/wp\/v2\/users\/1"}],"replies":[{"embeddable":true,"href":"https:\/\/www.cliniquedentairedeneuchatel.ch\/en\/wp-json\/wp\/v2\/comments?post=16"}],"version-history":[{"count":0,"href":"https:\/\/www.cliniquedentairedeneuchatel.ch\/en\/wp-json\/wp\/v2\/pages\/16\/revisions"}],"wp:featuredmedia":[{"embeddable":true,"href":"https:\/\/www.cliniquedentairedeneuchatel.ch\/en\/wp-json\/wp\/v2\/media\/630"}],"wp:attachment":[{"href":"https:\/\/www.cliniquedentairedeneuchatel.ch\/en\/wp-json\/wp\/v2\/media?parent=16"}],"curies":[{"name":"wp","href":"https:\/\/api.w.org\/{rel}","templated":true}]}}