{"version":"1.0","provider_name":"Clinique Dentaire de Neuch\u00e2tel | Dentiste d&#039;urgence","provider_url":"https:\/\/www.cliniquedentairedeneuchatel.ch\/en","author_name":"admin","author_url":"https:\/\/www.cliniquedentairedeneuchatel.ch\/en\/author\/admin\/","title":"Traitements esth\u00e9tiques | Clinique Dentaire de Neuch\u00e2tel | Dentiste d&#039;urgence | Sourire | beaut\u00e9","type":"rich","width":600,"height":338,"html":"<blockquote class=\"wp-embedded-content\" data-secret=\"sQCBN4zq0y\"><a href=\"https:\/\/www.cliniquedentairedeneuchatel.ch\/en\/traitements-esthetiques\/\">Esthetic treatments<\/a><\/blockquote><iframe sandbox=\"allow-scripts\" security=\"restricted\" src=\"https:\/\/www.cliniquedentairedeneuchatel.ch\/en\/traitements-esthetiques\/embed\/#?secret=sQCBN4zq0y\" width=\"600\" height=\"338\" title=\"&#8220;Traitements esth\u00e9tiques&#8221; &#8212; Clinique Dentaire de Neuch\u00e2tel | Dentiste d&#039;urgence\" data-secret=\"sQCBN4zq0y\" frameborder=\"0\" marginwidth=\"0\" marginheight=\"0\" scrolling=\"no\" class=\"wp-embedded-content\"><\/iframe><script type=\"text\/javascript\">\n\/* <![CDATA[ *\/\n\/*! This file is auto-generated *\/\n!function(d,l){\"use strict\";l.querySelector&&d.addEventListener&&\"undefined\"!=typeof URL&&(d.wp=d.wp||{},d.wp.receiveEmbedMessage||(d.wp.receiveEmbedMessage=function(e){var t=e.data;if((t||t.secret||t.message||t.value)&&!\/[^a-zA-Z0-9]\/.test(t.secret)){for(var s,r,n,a=l.querySelectorAll('iframe[data-secret=\"'+t.secret+'\"]'),o=l.querySelectorAll('blockquote[data-secret=\"'+t.secret+'\"]'),c=new RegExp(\"^https?:$\",\"i\"),i=0;i<o.length;i++)o[i].style.display=\"none\";for(i=0;i<a.length;i++)s=a[i],e.source===s.contentWindow&&(s.removeAttribute(\"style\"),\"height\"===t.message?(1e3<(r=parseInt(t.value,10))?r=1e3:~~r<200&&(r=200),s.height=r):\"link\"===t.message&&(r=new URL(s.getAttribute(\"src\")),n=new URL(t.value),c.test(n.protocol))&&n.host===r.host&&l.activeElement===s&&(d.top.location.href=t.value))}},d.addEventListener(\"message\",d.wp.receiveEmbedMessage,!1),l.addEventListener(\"DOMContentLoaded\",function(){for(var e,t,s=l.querySelectorAll(\"iframe.wp-embedded-content\"),r=0;r<s.length;r++)(t=(e=s[r]).getAttribute(\"data-secret\"))||(t=Math.random().toString(36).substring(2,12),e.src+=\"#?secret=\"+t,e.setAttribute(\"data-secret\",t)),e.contentWindow.postMessage({message:\"ready\",secret:t},\"*\")},!1)))}(window,document);\n\/* ]]> *\/\n<\/script>","thumbnail_url":"https:\/\/www.cliniquedentairedeneuchatel.ch\/wp-content\/uploads\/Image_Couple_-en_train_de_rire.jpg","thumbnail_width":1920,"thumbnail_height":1080,"description":"La perception de la beaut\u00e9 est personnelle, elle est bas\u00e9e sur notre exp\u00e9rience de vie, nos pr\u00e9dispositions et l\u2019alchimie. Si l\u2019on ne peut mesurer la beaut\u00e9 d\u2019une personne, on peut mesurer l\u2019harmonie d\u2019un visage."}