{"id":943,"date":"2020-11-18T08:49:11","date_gmt":"2020-11-18T08:49:11","guid":{"rendered":"https:\/\/www.cliniquedentairedeneuchatel.ch\/?page_id=943"},"modified":"2023-11-14T10:58:31","modified_gmt":"2023-11-14T10:58:31","slug":"protheses","status":"publish","type":"page","link":"https:\/\/www.cliniquedentairedeneuchatel.ch\/de\/protheses\/","title":{"rendered":"Prothesen"},"content":{"rendered":"<p>[et_pb_section fb_built=\u00a0\u00bb1&Prime; _builder_version=\u00a0\u00bb4.18.0&Prime; _module_preset=\u00a0\u00bbdefault\u00a0\u00bb da_disable_devices=\u00a0\u00bboff|off|off\u00a0\u00bb locked=\u00a0\u00bboff\u00a0\u00bb global_colors_info=\u00a0\u00bb{}\u00a0\u00bb da_is_popup=\u00a0\u00bboff\u00a0\u00bb da_exit_intent=\u00a0\u00bboff\u00a0\u00bb da_has_close=\u00a0\u00bbon\u00a0\u00bb da_alt_close=\u00a0\u00bboff\u00a0\u00bb da_dark_close=\u00a0\u00bboff\u00a0\u00bb da_not_modal=\u00a0\u00bbon\u00a0\u00bb da_is_singular=\u00a0\u00bboff\u00a0\u00bb da_with_loader=\u00a0\u00bboff\u00a0\u00bb da_has_shadow=\u00a0\u00bbon\u00a0\u00bb][et_pb_row _builder_version=\u00a0\u00bb4.18.0&Prime; _module_preset=\u00a0\u00bbdefault\u00a0\u00bb custom_padding=\u00a0\u00bb0px||0px|||\u00a0\u00bb global_colors_info=\u00a0\u00bb{}\u00a0\u00bb][et_pb_column type=\u00a0\u00bb4_4&Prime; _builder_version=\u00a0\u00bb4.18.0&Prime; _module_preset=\u00a0\u00bbdefault\u00a0\u00bb global_colors_info=\u00a0\u00bb{}\u00a0\u00bb][et_pb_text _builder_version=\u00a0\u00bb4.18.0&Prime; _module_preset=\u00a0\u00bbdefault\u00a0\u00bb header_font_size=\u00a0\u00bb50px\u00a0\u00bb header_line_height=\u00a0\u00bb1.2em\u00a0\u00bb animation_style=\u00a0\u00bbfade\u00a0\u00bb header_font_size_tablet=\u00a0\u00bb60px\u00a0\u00bb header_font_size_phone=\u00a0\u00bb40px\u00a0\u00bb header_font_size_last_edited=\u00a0\u00bbon|phone\u00a0\u00bb global_colors_info=\u00a0\u00bb{}\u00a0\u00bb]<\/p>\n<h1 style=\"text-align: center;\"><span class=\"color_15\">Proth\u00e8ses<\/span><\/h1>\n<p>[\/et_pb_text][et_pb_text _builder_version=\u00a0\u00bb4.18.0&Prime; _module_preset=\u00a0\u00bbdefault\u00a0\u00bb text_font_size=\u00a0\u00bb20px\u00a0\u00bb text_orientation=\u00a0\u00bbcenter\u00a0\u00bb width_tablet=\u00a0\u00bb\u00a0\u00bb width_phone=\u00a0\u00bb\u00a0\u00bb width_last_edited=\u00a0\u00bbon|desktop\u00a0\u00bb max_width=\u00a0\u00bb90%\u00a0\u00bb max_width_tablet=\u00a0\u00bb90%\u00a0\u00bb max_width_phone=\u00a0\u00bb90%\u00a0\u00bb max_width_last_edited=\u00a0\u00bbon|tablet\u00a0\u00bb module_alignment=\u00a0\u00bbcenter\u00a0\u00bb animation_style=\u00a0\u00bbfade\u00a0\u00bb text_font_size_tablet=\u00a0\u00bb16px\u00a0\u00bb text_font_size_phone=\u00a0\u00bb16px\u00a0\u00bb text_font_size_last_edited=\u00a0\u00bbon|phone\u00a0\u00bb global_colors_info=\u00a0\u00bb{}\u00a0\u00bb]<\/p>\n<p style=\"text-align: center;\">Redonnez vie \u00e0 votre sourire avec des proth\u00e8ses dentaires sur-mesure.<\/p>\n<p>[\/et_pb_text][et_pb_button button_url=\u00a0\u00bb@ET-DC@eyJkeW5hbWljIjp0cnVlLCJjb250ZW50IjoicG9zdF9saW5rX3VybF9wYWdlIiwic2V0dGluZ3MiOnsicG9zdF9pZCI6IjcifX0=@\u00a0\u00bb button_text=\u00a0\u00bbNous contacter\u00a0\u00bb button_alignment=\u00a0\u00bbcenter\u00a0\u00bb _builder_version=\u00a0\u00bb4.18.0&Prime; _dynamic_attributes=\u00a0\u00bbbutton_url\u00a0\u00bb _module_preset=\u00a0\u00bbdefault\u00a0\u00bb custom_button=\u00a0\u00bbon\u00a0\u00bb button_border_width=\u00a0\u00bb1px\u00a0\u00bb button_border_radius=\u00a0\u00bb10px\u00a0\u00bb animation_style=\u00a0\u00bbflip\u00a0\u00bb global_colors_info=\u00a0\u00bb{}\u00a0\u00bb][\/et_pb_button][\/et_pb_column][\/et_pb_row][\/et_pb_section][et_pb_section fb_built=\u00a0\u00bb1&Prime; _builder_version=\u00a0\u00bb4.18.0&Prime; _module_preset=\u00a0\u00bbdefault\u00a0\u00bb custom_padding=\u00a0\u00bb0px|||||\u00a0\u00bb da_disable_devices=\u00a0\u00bboff|off|off\u00a0\u00bb locked=\u00a0\u00bboff\u00a0\u00bb global_colors_info=\u00a0\u00bb{}\u00a0\u00bb da_is_popup=\u00a0\u00bboff\u00a0\u00bb da_exit_intent=\u00a0\u00bboff\u00a0\u00bb da_has_close=\u00a0\u00bbon\u00a0\u00bb da_alt_close=\u00a0\u00bboff\u00a0\u00bb da_dark_close=\u00a0\u00bboff\u00a0\u00bb da_not_modal=\u00a0\u00bbon\u00a0\u00bb da_is_singular=\u00a0\u00bboff\u00a0\u00bb da_with_loader=\u00a0\u00bboff\u00a0\u00bb da_has_shadow=\u00a0\u00bbon\u00a0\u00bb][et_pb_row _builder_version=\u00a0\u00bb4.18.0&Prime; _module_preset=\u00a0\u00bbdefault\u00a0\u00bb custom_padding=\u00a0\u00bb0px||0px|||\u00a0\u00bb global_colors_info=\u00a0\u00bb{}\u00a0\u00bb][et_pb_column type=\u00a0\u00bb4_4&Prime; _builder_version=\u00a0\u00bb4.18.0&Prime; _module_preset=\u00a0\u00bbdefault\u00a0\u00bb global_colors_info=\u00a0\u00bb{}\u00a0\u00bb][et_pb_text _builder_version=\u00a0\u00bb4.18.0&Prime; _module_preset=\u00a0\u00bbdefault\u00a0\u00bb animation_style=\u00a0\u00bbfade\u00a0\u00bb global_colors_info=\u00a0\u00bb{}\u00a0\u00bb]<\/p>\n<div data-packed=\"true\" data-vertical-text=\"false\" class=\"txtNew\" id=\"comp-kh3jnjmb2\">\n<h2 class=\"font_2\">Restaurer, remplacer, red\u00e9finir votre sourire<\/h2>\n<\/div>\n<p>[\/et_pb_text][et_pb_text _builder_version=\u00a0\u00bb4.18.0&Prime; _module_preset=\u00a0\u00bbdefault\u00a0\u00bb animation_style=\u00a0\u00bbfade\u00a0\u00bb global_colors_info=\u00a0\u00bb{}\u00a0\u00bb]<\/p>\n<p style=\"text-align: justify;\"><span>La proth\u00e8se dentaire est un dispositif m\u00e9dical permettant la restauration d\u2019une dent cass\u00e9e ou largement ab\u00eem\u00e9e par la carie. Elle permet \u00e9galement de remplacer une ou plusieurs dents manquantes. \u00a0La fonction d\u2019une proth\u00e8se dentaire est de r\u00e9tablir la fonction masticatoire qui est la base d\u2019une bonne sant\u00e9 g\u00e9n\u00e9rale, mais \u00e9galement de restaurer l\u2019esth\u00e9tique et la phonation.<\/span><\/p>\n<p>[\/et_pb_text][\/et_pb_column][\/et_pb_row][et_pb_row column_structure=\u00a0\u00bb3_5,2_5&Prime; _builder_version=\u00a0\u00bb4.18.0&Prime; _module_preset=\u00a0\u00bbdefault\u00a0\u00bb custom_margin=\u00a0\u00bb50px|auto||auto||\u00a0\u00bb custom_padding=\u00a0\u00bb0px||0px|||\u00a0\u00bb global_colors_info=\u00a0\u00bb{}\u00a0\u00bb][et_pb_column type=\u00a0\u00bb3_5&Prime; _builder_version=\u00a0\u00bb4.18.0&Prime; _module_preset=\u00a0\u00bbdefault\u00a0\u00bb global_colors_info=\u00a0\u00bb{}\u00a0\u00bb][et_pb_text _builder_version=\u00a0\u00bb4.18.0&Prime; _module_preset=\u00a0\u00bbdefault\u00a0\u00bb animation_style=\u00a0\u00bbfade\u00a0\u00bb global_colors_info=\u00a0\u00bb{}\u00a0\u00bb]<\/p>\n<div data-packed=\"true\" data-vertical-text=\"false\" class=\"txtNew\" id=\"comp-kh3jnjmb2\">\n<h3 class=\"font_2\"><span class=\"color_15\">Quelles proth\u00e8ses dentaires\u00a0choisir\u00a0?<\/span><\/h3>\n<\/div>\n<p>[\/et_pb_text][et_pb_text _builder_version=\u00a0\u00bb4.18.0&Prime; _module_preset=\u00a0\u00bbdefault\u00a0\u00bb animation_style=\u00a0\u00bbfade\u00a0\u00bb global_colors_info=\u00a0\u00bb{}\u00a0\u00bb]<\/p>\n<p style=\"text-align: justify;\"><strong>Les proth\u00e8ses fixes\u00a0:<\/strong>\u00a0<span>les proth\u00e8ses fixes sont fix\u00e9es en bouche sur des dents existantes (ponts\/couronnes) ou sur des implants. Ce sont les traitements dont le confort s\u2019apparente le plus aux dents naturelles.<\/span><\/p>\n<p>[\/et_pb_text][\/et_pb_column][et_pb_column type=\u00a0\u00bb2_5&Prime; _builder_version=\u00a0\u00bb4.18.0&Prime; _module_preset=\u00a0\u00bbdefault\u00a0\u00bb global_colors_info=\u00a0\u00bb{}\u00a0\u00bb][et_pb_image src=\u00a0\u00bbhttps:\/\/www.cliniquedentairedeneuchatel.ch\/wp-content\/uploads\/protheses_fixes.jpg\u00a0\u00bb alt=\u00a0\u00bbImage Proth\u00e8se fixes\u00a0\u00bb title_text=\u00a0\u00bbproth\u00e8ses fixes\u00a0\u00bb align=\u00a0\u00bbright\u00a0\u00bb align_tablet=\u00a0\u00bbcenter\u00a0\u00bb align_phone=\u00a0\u00bbcenter\u00a0\u00bb align_last_edited=\u00a0\u00bbon|phone\u00a0\u00bb _builder_version=\u00a0\u00bb4.18.0&Prime; _module_preset=\u00a0\u00bbdefault\u00a0\u00bb width=\u00a0\u00bb75%\u00a0\u00bb custom_padding=\u00a0\u00bb|0px||0px||\u00a0\u00bb animation_style=\u00a0\u00bbfade\u00a0\u00bb global_colors_info=\u00a0\u00bb{}\u00a0\u00bb][\/et_pb_image][\/et_pb_column][\/et_pb_row][et_pb_row column_structure=\u00a0\u00bb3_5,2_5&Prime; _builder_version=\u00a0\u00bb4.18.0&Prime; _module_preset=\u00a0\u00bbdefault\u00a0\u00bb custom_margin=\u00a0\u00bb50px|auto||auto||\u00a0\u00bb custom_padding=\u00a0\u00bb0px||0px|||\u00a0\u00bb global_colors_info=\u00a0\u00bb{}\u00a0\u00bb][et_pb_column type=\u00a0\u00bb3_5&Prime; _builder_version=\u00a0\u00bb4.18.0&Prime; _module_preset=\u00a0\u00bbdefault\u00a0\u00bb global_colors_info=\u00a0\u00bb{}\u00a0\u00bb][et_pb_text _builder_version=\u00a0\u00bb4.18.0&Prime; _module_preset=\u00a0\u00bbdefault\u00a0\u00bb animation_style=\u00a0\u00bbfade\u00a0\u00bb global_colors_info=\u00a0\u00bb{}\u00a0\u00bb]<\/p>\n<p><strong>les proth\u00e8ses amovibles :\u00a0<\/strong>Ces derniers ne sont pas fix\u00e9s en bouches et doivent \u00eatre enlever pour le nettoyage. Ce sont des alternatives \u00e9conomiques \u00e0 la proth\u00e8se fixe.<\/p>\n<p>[\/et_pb_text][\/et_pb_column][et_pb_column type=\u00a0\u00bb2_5&Prime; _builder_version=\u00a0\u00bb4.18.0&Prime; _module_preset=\u00a0\u00bbdefault\u00a0\u00bb global_colors_info=\u00a0\u00bb{}\u00a0\u00bb][et_pb_image src=\u00a0\u00bbhttps:\/\/www.cliniquedentairedeneuchatel.ch\/wp-content\/uploads\/rendered19.jpg\u00a0\u00bb alt=\u00a0\u00bbImage proth\u00e8ses amovibles\u00a0\u00bb title_text=\u00a0\u00bbProth\u00e8ses amovibles\u00a0\u00bb align=\u00a0\u00bbright\u00a0\u00bb align_tablet=\u00a0\u00bbcenter\u00a0\u00bb align_phone=\u00a0\u00bbcenter\u00a0\u00bb align_last_edited=\u00a0\u00bbon|phone\u00a0\u00bb _builder_version=\u00a0\u00bb4.18.0&Prime; _module_preset=\u00a0\u00bbdefault\u00a0\u00bb width=\u00a0\u00bb75%\u00a0\u00bb custom_padding=\u00a0\u00bb|0px||0px||\u00a0\u00bb animation_style=\u00a0\u00bbfade\u00a0\u00bb global_colors_info=\u00a0\u00bb{}\u00a0\u00bb][\/et_pb_image][et_pb_image src=\u00a0\u00bbhttps:\/\/www.cliniquedentairedeneuchatel.ch\/wp-content\/uploads\/Protheses_amovible1.jpg\u00a0\u00bb alt=\u00a0\u00bbImage proth\u00e8ses amovibles\u00a0\u00bb title_text=\u00a0\u00bbProth\u00e8ses amovibles\u00a0\u00bb align=\u00a0\u00bbright\u00a0\u00bb align_tablet=\u00a0\u00bbcenter\u00a0\u00bb align_phone=\u00a0\u00bbcenter\u00a0\u00bb align_last_edited=\u00a0\u00bbon|phone\u00a0\u00bb _builder_version=\u00a0\u00bb4.18.0&Prime; _module_preset=\u00a0\u00bbdefault\u00a0\u00bb width=\u00a0\u00bb75%\u00a0\u00bb custom_padding=\u00a0\u00bb|0px||0px||\u00a0\u00bb animation_style=\u00a0\u00bbfade\u00a0\u00bb global_colors_info=\u00a0\u00bb{}\u00a0\u00bb][\/et_pb_image][\/et_pb_column][\/et_pb_row][et_pb_row column_structure=\u00a0\u00bb3_5,2_5&Prime; _builder_version=\u00a0\u00bb4.18.0&Prime; _module_preset=\u00a0\u00bbdefault\u00a0\u00bb custom_margin=\u00a0\u00bb50px|auto||auto||\u00a0\u00bb custom_padding=\u00a0\u00bb0px||0px|||\u00a0\u00bb global_colors_info=\u00a0\u00bb{}\u00a0\u00bb][et_pb_column type=\u00a0\u00bb3_5&Prime; _builder_version=\u00a0\u00bb4.18.0&Prime; _module_preset=\u00a0\u00bbdefault\u00a0\u00bb global_colors_info=\u00a0\u00bb{}\u00a0\u00bb][et_pb_text _builder_version=\u00a0\u00bb4.18.0&Prime; _module_preset=\u00a0\u00bbdefault\u00a0\u00bb animation_style=\u00a0\u00bbfade\u00a0\u00bb global_colors_info=\u00a0\u00bb{}\u00a0\u00bb]<\/p>\n<p style=\"text-align: justify;\"><strong>Les proth\u00e8se hybrides\u00a0:<\/strong> Ces derniers se distinguent des proth\u00e8ses amovibles par leurs forts ancrages sur des dents restantes ou sur des implants. Cela constitue la version interm\u00e9diaire en terme de confort qui s\u2019approche parfois de la proth\u00e8se fixe.<\/p>\n<p>[\/et_pb_text][\/et_pb_column][et_pb_column type=\u00a0\u00bb2_5&Prime; _builder_version=\u00a0\u00bb4.18.0&Prime; _module_preset=\u00a0\u00bbdefault\u00a0\u00bb global_colors_info=\u00a0\u00bb{}\u00a0\u00bb][et_pb_image src=\u00a0\u00bbhttps:\/\/www.cliniquedentairedeneuchatel.ch\/wp-content\/uploads\/protheses_-hybrides.jpg\u00a0\u00bb alt=\u00a0\u00bbimage Proth\u00e8ses hybrides\u00a0\u00bb title_text=\u00a0\u00bbProth\u00e8ses hybrides\u00a0\u00bb align=\u00a0\u00bbright\u00a0\u00bb align_tablet=\u00a0\u00bbcenter\u00a0\u00bb align_phone=\u00a0\u00bbcenter\u00a0\u00bb align_last_edited=\u00a0\u00bbon|phone\u00a0\u00bb _builder_version=\u00a0\u00bb4.18.0&Prime; _module_preset=\u00a0\u00bbdefault\u00a0\u00bb width=\u00a0\u00bb75%\u00a0\u00bb custom_padding=\u00a0\u00bb|0px||0px||\u00a0\u00bb animation_style=\u00a0\u00bbfade\u00a0\u00bb global_colors_info=\u00a0\u00bb{}\u00a0\u00bb][\/et_pb_image][\/et_pb_column][\/et_pb_row][\/et_pb_section][et_pb_section fb_built=\u00a0\u00bb1&Prime; _builder_version=\u00a0\u00bb4.18.0&Prime; _module_preset=\u00a0\u00bbdefault\u00a0\u00bb background_color=\u00a0\u00bb#cbb5a9&Prime; da_disable_devices=\u00a0\u00bboff|off|off\u00a0\u00bb locked=\u00a0\u00bboff\u00a0\u00bb global_colors_info=\u00a0\u00bb{}\u00a0\u00bb da_is_popup=\u00a0\u00bboff\u00a0\u00bb da_exit_intent=\u00a0\u00bboff\u00a0\u00bb da_has_close=\u00a0\u00bbon\u00a0\u00bb da_alt_close=\u00a0\u00bboff\u00a0\u00bb da_dark_close=\u00a0\u00bboff\u00a0\u00bb da_not_modal=\u00a0\u00bbon\u00a0\u00bb da_is_singular=\u00a0\u00bboff\u00a0\u00bb da_with_loader=\u00a0\u00bboff\u00a0\u00bb da_has_shadow=\u00a0\u00bbon\u00a0\u00bb][et_pb_row column_structure=\u00a0\u00bb1_3,1_3,1_3&Prime; use_custom_gutter=\u00a0\u00bbon\u00a0\u00bb make_equal=\u00a0\u00bbon\u00a0\u00bb _builder_version=\u00a0\u00bb4.18.0&Prime; _module_preset=\u00a0\u00bbdefault\u00a0\u00bb width=\u00a0\u00bb70%\u00a0\u00bb max_width=\u00a0\u00bb100%\u00a0\u00bb custom_padding=\u00a0\u00bb||||false|false\u00a0\u00bb global_colors_info=\u00a0\u00bb{}\u00a0\u00bb][et_pb_column type=\u00a0\u00bb1_3&Prime; _builder_version=\u00a0\u00bb4.18.0&Prime; _module_preset=\u00a0\u00bbdefault\u00a0\u00bb global_colors_info=\u00a0\u00bb{}\u00a0\u00bb][et_pb_blurb title=\u00a0\u00bbNos horaires\u00a0\u00bb use_icon=\u00a0\u00bbon\u00a0\u00bb font_icon=\u00a0\u00bb&#xf017;||fa||400&Prime; icon_color=\u00a0\u00bb#FFFFFF\u00a0\u00bb image_icon_background_color=\u00a0\u00bbRGBA(255,255,255,0)\u00a0\u00bb image_icon_width=\u00a0\u00bb65px\u00a0\u00bb image_icon_width_tablet=\u00a0\u00bb85px\u00a0\u00bb image_icon_width_phone=\u00a0\u00bb68px\u00a0\u00bb image_icon_width_last_edited=\u00a0\u00bbon|phone\u00a0\u00bb _builder_version=\u00a0\u00bb4.18.0&Prime; _module_preset=\u00a0\u00bbdefault\u00a0\u00bb header_level=\u00a0\u00bbh2&Prime; header_text_align=\u00a0\u00bbcenter\u00a0\u00bb header_text_color=\u00a0\u00bb#FFFFFF\u00a0\u00bb header_font_size=\u00a0\u00bb38px\u00a0\u00bb body_font_size=\u00a0\u00bb20px\u00a0\u00bb body_line_height=\u00a0\u00bb1.8em\u00a0\u00bb text_orientation=\u00a0\u00bbcenter\u00a0\u00bb module_alignment=\u00a0\u00bbright\u00a0\u00bb custom_margin=\u00a0\u00bb0px||||false|false\u00a0\u00bb custom_padding=\u00a0\u00bb0px||||false|false\u00a0\u00bb animation_style=\u00a0\u00bbfade\u00a0\u00bb header_font_size_tablet=\u00a0\u00bb38px\u00a0\u00bb header_font_size_phone=\u00a0\u00bb48px\u00a0\u00bb header_font_size_last_edited=\u00a0\u00bbon|phone\u00a0\u00bb body_font_size_tablet=\u00a0\u00bb16px\u00a0\u00bb body_font_size_phone=\u00a0\u00bb16px\u00a0\u00bb body_font_size_last_edited=\u00a0\u00bbon|phone\u00a0\u00bb global_colors_info=\u00a0\u00bb{}\u00a0\u00bb]<\/p>\n<p style=\"text-align: center;\"><span style=\"color: #ffffff;\">Du lundi au vendredi<\/span><br \/><span style=\"color: #ffffff;\">8h00 \u2013 13h00 | 14h00 \u2013 18h00<\/span><\/p>\n<p>[\/et_pb_blurb][\/et_pb_column][et_pb_column type=\u00a0\u00bb1_3&Prime; _builder_version=\u00a0\u00bb4.18.0&Prime; _module_preset=\u00a0\u00bbdefault\u00a0\u00bb global_colors_info=\u00a0\u00bb{}\u00a0\u00bb][et_pb_blurb title=\u00a0\u00bbAdresse\u00a0\u00bb use_icon=\u00a0\u00bbon\u00a0\u00bb font_icon=\u00a0\u00bb&#xe074;||divi||400&Prime; icon_color=\u00a0\u00bb#FFFFFF\u00a0\u00bb image_icon_background_color=\u00a0\u00bbRGBA(255,255,255,0)\u00a0\u00bb image_icon_width=\u00a0\u00bb65px\u00a0\u00bb image_icon_width_tablet=\u00a0\u00bb85px\u00a0\u00bb image_icon_width_phone=\u00a0\u00bb68px\u00a0\u00bb image_icon_width_last_edited=\u00a0\u00bbon|phone\u00a0\u00bb _builder_version=\u00a0\u00bb4.18.0&Prime; _module_preset=\u00a0\u00bbdefault\u00a0\u00bb header_level=\u00a0\u00bbh2&Prime; header_text_align=\u00a0\u00bbcenter\u00a0\u00bb header_text_color=\u00a0\u00bb#FFFFFF\u00a0\u00bb header_font_size=\u00a0\u00bb38px\u00a0\u00bb body_font_size=\u00a0\u00bb20px\u00a0\u00bb body_line_height=\u00a0\u00bb1.8em\u00a0\u00bb text_orientation=\u00a0\u00bbcenter\u00a0\u00bb module_alignment=\u00a0\u00bbright\u00a0\u00bb custom_margin=\u00a0\u00bb0px||||false|false\u00a0\u00bb custom_padding=\u00a0\u00bb0px||||false|false\u00a0\u00bb animation_style=\u00a0\u00bbfade\u00a0\u00bb header_font_size_tablet=\u00a0\u00bb38px\u00a0\u00bb header_font_size_phone=\u00a0\u00bb48px\u00a0\u00bb header_font_size_last_edited=\u00a0\u00bbon|phone\u00a0\u00bb body_font_size_tablet=\u00a0\u00bb16px\u00a0\u00bb body_font_size_phone=\u00a0\u00bb16px\u00a0\u00bb body_font_size_last_edited=\u00a0\u00bbon|tablet\u00a0\u00bb global_colors_info=\u00a0\u00bb{}\u00a0\u00bb]<\/p>\n<p style=\"text-align: center;\"><span style=\"color: #ffffff;\">Place Pury 7<br \/><\/span><span style=\"color: #ffffff;\">2000 Neuch\u00e2tel<\/span><\/p>\n<p>[\/et_pb_blurb][\/et_pb_column][et_pb_column type=\u00a0\u00bb1_3&Prime; _builder_version=\u00a0\u00bb4.18.0&Prime; _module_preset=\u00a0\u00bbdefault\u00a0\u00bb global_colors_info=\u00a0\u00bb{}\u00a0\u00bb][et_pb_blurb title=\u00a0\u00bbContact\u00a0\u00bb use_icon=\u00a0\u00bbon\u00a0\u00bb font_icon=\u00a0\u00bb&#xf87b;||fa||900&Prime; icon_color=\u00a0\u00bb#FFFFFF\u00a0\u00bb image_icon_background_color=\u00a0\u00bbRGBA(255,255,255,0)\u00a0\u00bb image_icon_width=\u00a0\u00bb65px\u00a0\u00bb image_icon_width_tablet=\u00a0\u00bb85px\u00a0\u00bb image_icon_width_phone=\u00a0\u00bb68px\u00a0\u00bb image_icon_width_last_edited=\u00a0\u00bbon|phone\u00a0\u00bb _builder_version=\u00a0\u00bb4.18.0&Prime; _module_preset=\u00a0\u00bbdefault\u00a0\u00bb header_level=\u00a0\u00bbh2&Prime; header_text_align=\u00a0\u00bbcenter\u00a0\u00bb header_text_color=\u00a0\u00bb#FFFFFF\u00a0\u00bb header_font_size=\u00a0\u00bb38px\u00a0\u00bb body_font_size=\u00a0\u00bb20px\u00a0\u00bb body_line_height=\u00a0\u00bb1.8em\u00a0\u00bb text_orientation=\u00a0\u00bbcenter\u00a0\u00bb module_alignment=\u00a0\u00bbright\u00a0\u00bb custom_margin=\u00a0\u00bb0px||||false|false\u00a0\u00bb custom_padding=\u00a0\u00bb0px||||false|false\u00a0\u00bb animation_style=\u00a0\u00bbfade\u00a0\u00bb header_font_size_tablet=\u00a0\u00bb38px\u00a0\u00bb header_font_size_phone=\u00a0\u00bb48px\u00a0\u00bb header_font_size_last_edited=\u00a0\u00bbon|phone\u00a0\u00bb body_font_size_tablet=\u00a0\u00bb16px\u00a0\u00bb body_font_size_phone=\u00a0\u00bb16px\u00a0\u00bb body_font_size_last_edited=\u00a0\u00bbon|phone\u00a0\u00bb global_colors_info=\u00a0\u00bb{}\u00a0\u00bb]<\/p>\n<p><span style=\"color: #ffffff;\"><a href=\"tel:+41327241924\" style=\"color: #ffffff;\">+41 32 724 19 24<\/a><br \/><\/span><span style=\"color: #ffffff;\"><\/span><a href=\"mailto:info@c-d-n.ch\" style=\"color: #ffffff;\"><\/a><a href=\"mailto:info@c-d-n.ch\" style=\"color: #ffffff;\">info@c-d-n.ch<\/a><\/p>\n<p>[\/et_pb_blurb][\/et_pb_column][\/et_pb_row][\/et_pb_section][et_pb_section fb_built=\u00a0\u00bb1&Prime; _builder_version=\u00a0\u00bb4.18.0&Prime; _module_preset=\u00a0\u00bbdefault\u00a0\u00bb min_height=\u00a0\u00bb280px\u00a0\u00bb custom_padding=\u00a0\u00bb0px||29px|||\u00a0\u00bb background_last_edited=\u00a0\u00bbon|phone\u00a0\u00bb background_color_gradient_type_phone=\u00a0\u00bblinear\u00a0\u00bb background_color_gradient_direction_radial_phone=\u00a0\u00bbcenter\u00a0\u00bb da_disable_devices=\u00a0\u00bboff|off|off\u00a0\u00bb locked=\u00a0\u00bboff\u00a0\u00bb global_colors_info=\u00a0\u00bb{}\u00a0\u00bb da_is_popup=\u00a0\u00bboff\u00a0\u00bb da_exit_intent=\u00a0\u00bboff\u00a0\u00bb da_has_close=\u00a0\u00bbon\u00a0\u00bb da_alt_close=\u00a0\u00bboff\u00a0\u00bb da_dark_close=\u00a0\u00bboff\u00a0\u00bb da_not_modal=\u00a0\u00bbon\u00a0\u00bb da_is_singular=\u00a0\u00bboff\u00a0\u00bb da_with_loader=\u00a0\u00bboff\u00a0\u00bb da_has_shadow=\u00a0\u00bbon\u00a0\u00bb][et_pb_row _builder_version=\u00a0\u00bb4.16&Prime; _module_preset=\u00a0\u00bbdefault\u00a0\u00bb custom_padding=\u00a0\u00bb||0px|||\u00a0\u00bb global_colors_info=\u00a0\u00bb{}\u00a0\u00bb][et_pb_column type=\u00a0\u00bb4_4&Prime; _builder_version=\u00a0\u00bb4.16&Prime; _module_preset=\u00a0\u00bbdefault\u00a0\u00bb global_colors_info=\u00a0\u00bb{}\u00a0\u00bb][et_pb_text _builder_version=\u00a0\u00bb4.18.0&Prime; _module_preset=\u00a0\u00bbdefault\u00a0\u00bb header_text_align=\u00a0\u00bbleft\u00a0\u00bb header_2_text_align=\u00a0\u00bbcenter\u00a0\u00bb header_2_font_size=\u00a0\u00bb50px\u00a0\u00bb module_alignment=\u00a0\u00bbcenter\u00a0\u00bb custom_margin=\u00a0\u00bb5%||||false|false\u00a0\u00bb custom_margin_tablet=\u00a0\u00bb10%||||false|false\u00a0\u00bb custom_margin_phone=\u00a0\u00bb10%||||false|false\u00a0\u00bb custom_margin_last_edited=\u00a0\u00bbon|tablet\u00a0\u00bb custom_padding=\u00a0\u00bb||||false|false\u00a0\u00bb animation_style=\u00a0\u00bbfade\u00a0\u00bb global_colors_info=\u00a0\u00bb{}\u00a0\u00bb]<\/p>\n<div class=\"et_pb_module et_pb_text et_pb_text_12  et_pb_text_align_left et_pb_bg_layout_light\">\n<div class=\"et_pb_text_inner\">\n<h2>Traitements dentaires<\/h2>\n<\/div>\n<\/div>\n<div class=\"et_pb_module et_pb_text et_pb_text_13  et_pb_text_align_left et_pb_bg_layout_light\">\n<div class=\"et_pb_text_inner\"><\/div>\n<\/div>\n<p>[\/et_pb_text][\/et_pb_column][\/et_pb_row][et_pb_row column_structure=\u00a0\u00bb1_4,1_4,1_4,1_4&Prime; _builder_version=\u00a0\u00bb4.18.0&Prime; _module_preset=\u00a0\u00bbdefault\u00a0\u00bb custom_padding=\u00a0\u00bb||0px|||\u00a0\u00bb animation_style=\u00a0\u00bbfade\u00a0\u00bb locked=\u00a0\u00bboff\u00a0\u00bb global_colors_info=\u00a0\u00bb{}\u00a0\u00bb][et_pb_column type=\u00a0\u00bb1_4&Prime; _builder_version=\u00a0\u00bb4.16&Prime; _module_preset=\u00a0\u00bbdefault\u00a0\u00bb global_colors_info=\u00a0\u00bb{}\u00a0\u00bb][et_pb_blurb title=\u00a0\u00bbEsth\u00e9tique Dentaire\u00a0\u00bb url=\u00a0\u00bb@ET-DC@eyJkeW5hbWljIjp0cnVlLCJjb250ZW50IjoicG9zdF9saW5rX3VybF9wYWdlIiwic2V0dGluZ3MiOnsicG9zdF9pZCI6IjQwIn19@\u00a0\u00bb alt=\u00a0\u00bbSoins des caries\u00a0\u00bb icon_placement=\u00a0\u00bbleft\u00a0\u00bb icon_placement_tablet=\u00a0\u00bb\u00a0\u00bb icon_placement_phone=\u00a0\u00bbleft\u00a0\u00bb icon_placement_last_edited=\u00a0\u00bbon|phone\u00a0\u00bb _builder_version=\u00a0\u00bb4.23.1&Prime; _dynamic_attributes=\u00a0\u00bburl\u00a0\u00bb _module_preset=\u00a0\u00bbdefault\u00a0\u00bb header_font=\u00a0\u00bb||||||||\u00a0\u00bb header_text_align=\u00a0\u00bbleft\u00a0\u00bb header_font_size=\u00a0\u00bb20px\u00a0\u00bb text_orientation=\u00a0\u00bbcenter\u00a0\u00bb hover_enabled=\u00a0\u00bb0&Prime; header_text_align_tablet=\u00a0\u00bbcenter\u00a0\u00bb header_text_align_phone=\u00a0\u00bbcenter\u00a0\u00bb header_text_align_last_edited=\u00a0\u00bbon|phone\u00a0\u00bb header_font_size_tablet=\u00a0\u00bb\u00a0\u00bb header_font_size_phone=\u00a0\u00bb14px\u00a0\u00bb header_font_size_last_edited=\u00a0\u00bbon|phone\u00a0\u00bb global_colors_info=\u00a0\u00bb{}\u00a0\u00bb filter_opacity__hover_enabled=\u00a0\u00bbon|hover\u00a0\u00bb filter_opacity__hover=\u00a0\u00bb40%\u00a0\u00bb sticky_enabled=\u00a0\u00bb0&Prime;][\/et_pb_blurb][\/et_pb_column][et_pb_column type=\u00a0\u00bb1_4&Prime; _builder_version=\u00a0\u00bb4.16&Prime; _module_preset=\u00a0\u00bbdefault\u00a0\u00bb global_colors_info=\u00a0\u00bb{}\u00a0\u00bb][et_pb_blurb title=\u00a0\u00bbImplantologie Traditionnelle\u00a0\u00bb url=\u00a0\u00bb@ET-DC@eyJkeW5hbWljIjp0cnVlLCJjb250ZW50IjoicG9zdF9saW5rX3VybF9wYWdlIiwic2V0dGluZ3MiOnsicG9zdF9pZCI6IjE2In19@\u00a0\u00bb alt=\u00a0\u00bbTraitement de racine\u00a0\u00bb icon_placement=\u00a0\u00bbleft\u00a0\u00bb icon_placement_tablet=\u00a0\u00bb\u00a0\u00bb icon_placement_phone=\u00a0\u00bbleft\u00a0\u00bb icon_placement_last_edited=\u00a0\u00bbon|phone\u00a0\u00bb _builder_version=\u00a0\u00bb4.23.1&Prime; _dynamic_attributes=\u00a0\u00bburl\u00a0\u00bb _module_preset=\u00a0\u00bbdefault\u00a0\u00bb header_font=\u00a0\u00bb||||||||\u00a0\u00bb header_text_align=\u00a0\u00bbleft\u00a0\u00bb header_font_size=\u00a0\u00bb20px\u00a0\u00bb text_orientation=\u00a0\u00bbcenter\u00a0\u00bb hover_enabled=\u00a0\u00bb0&Prime; header_text_align_tablet=\u00a0\u00bbcenter\u00a0\u00bb header_text_align_phone=\u00a0\u00bbcenter\u00a0\u00bb header_text_align_last_edited=\u00a0\u00bbon|phone\u00a0\u00bb header_font_size_tablet=\u00a0\u00bb\u00a0\u00bb header_font_size_phone=\u00a0\u00bb14px\u00a0\u00bb header_font_size_last_edited=\u00a0\u00bbon|phone\u00a0\u00bb global_colors_info=\u00a0\u00bb{}\u00a0\u00bb filter_opacity__hover_enabled=\u00a0\u00bbon|hover\u00a0\u00bb filter_opacity__hover=\u00a0\u00bb40%\u00a0\u00bb sticky_enabled=\u00a0\u00bb0&Prime;][\/et_pb_blurb][\/et_pb_column][et_pb_column type=\u00a0\u00bb1_4&Prime; _builder_version=\u00a0\u00bb4.16&Prime; _module_preset=\u00a0\u00bbdefault\u00a0\u00bb global_colors_info=\u00a0\u00bb{}\u00a0\u00bb][et_pb_blurb title=\u00a0\u00bbParodontologie\u00a0\u00bb url=\u00a0\u00bb@ET-DC@eyJkeW5hbWljIjp0cnVlLCJjb250ZW50IjoicG9zdF9saW5rX3VybF9wYWdlIiwic2V0dGluZ3MiOnsicG9zdF9pZCI6IjIyIn19@\u00a0\u00bb alt=\u00a0\u00bbSoins aux enfants\u00a0\u00bb icon_placement=\u00a0\u00bbleft\u00a0\u00bb icon_placement_tablet=\u00a0\u00bb\u00a0\u00bb icon_placement_phone=\u00a0\u00bbleft\u00a0\u00bb icon_placement_last_edited=\u00a0\u00bbon|phone\u00a0\u00bb _builder_version=\u00a0\u00bb4.18.0&Prime; _dynamic_attributes=\u00a0\u00bburl\u00a0\u00bb _module_preset=\u00a0\u00bbdefault\u00a0\u00bb header_font=\u00a0\u00bb||||||||\u00a0\u00bb header_text_align=\u00a0\u00bbleft\u00a0\u00bb header_font_size=\u00a0\u00bb20px\u00a0\u00bb text_orientation=\u00a0\u00bbcenter\u00a0\u00bb header_text_align_tablet=\u00a0\u00bbcenter\u00a0\u00bb header_text_align_phone=\u00a0\u00bbcenter\u00a0\u00bb header_text_align_last_edited=\u00a0\u00bbon|phone\u00a0\u00bb header_font_size_tablet=\u00a0\u00bb\u00a0\u00bb header_font_size_phone=\u00a0\u00bb14px\u00a0\u00bb header_font_size_last_edited=\u00a0\u00bbon|phone\u00a0\u00bb global_colors_info=\u00a0\u00bb{}\u00a0\u00bb filter_opacity__hover_enabled=\u00a0\u00bbon|hover\u00a0\u00bb filter_opacity__hover=\u00a0\u00bb40%\u00a0\u00bb][\/et_pb_blurb][\/et_pb_column][et_pb_column type=\u00a0\u00bb1_4&Prime; _builder_version=\u00a0\u00bb4.16&Prime; _module_preset=\u00a0\u00bbdefault\u00a0\u00bb global_colors_info=\u00a0\u00bb{}\u00a0\u00bb][et_pb_blurb title=\u00a0\u00bbChirugie orale\u00a0\u00bb url=\u00a0\u00bb@ET-DC@eyJkeW5hbWljIjp0cnVlLCJjb250ZW50IjoicG9zdF9saW5rX3VybF9wYWdlIiwic2V0dGluZ3MiOnsicG9zdF9pZCI6IjkxNCJ9fQ==@\u00a0\u00bb alt=\u00a0\u00bbD\u00e9tartrage et blanchiment\u00a0\u00bb icon_placement=\u00a0\u00bbleft\u00a0\u00bb icon_placement_tablet=\u00a0\u00bb\u00a0\u00bb icon_placement_phone=\u00a0\u00bbleft\u00a0\u00bb icon_placement_last_edited=\u00a0\u00bbon|phone\u00a0\u00bb _builder_version=\u00a0\u00bb4.23.1&Prime; _dynamic_attributes=\u00a0\u00bburl\u00a0\u00bb _module_preset=\u00a0\u00bbdefault\u00a0\u00bb header_font=\u00a0\u00bb||||||||\u00a0\u00bb header_text_align=\u00a0\u00bbleft\u00a0\u00bb header_font_size=\u00a0\u00bb20px\u00a0\u00bb text_orientation=\u00a0\u00bbcenter\u00a0\u00bb hover_enabled=\u00a0\u00bb0&Prime; header_text_align_tablet=\u00a0\u00bbcenter\u00a0\u00bb header_text_align_phone=\u00a0\u00bbcenter\u00a0\u00bb header_text_align_last_edited=\u00a0\u00bbon|phone\u00a0\u00bb header_font_size_tablet=\u00a0\u00bb\u00a0\u00bb header_font_size_phone=\u00a0\u00bb14px\u00a0\u00bb header_font_size_last_edited=\u00a0\u00bbon|phone\u00a0\u00bb global_colors_info=\u00a0\u00bb{}\u00a0\u00bb filter_opacity__hover_enabled=\u00a0\u00bbon|hover\u00a0\u00bb filter_opacity__hover=\u00a0\u00bb40%\u00a0\u00bb sticky_enabled=\u00a0\u00bb0&Prime;][\/et_pb_blurb][\/et_pb_column][\/et_pb_row][et_pb_row column_structure=\u00a0\u00bb1_4,1_4,1_4,1_4&Prime; _builder_version=\u00a0\u00bb4.18.0&Prime; _module_preset=\u00a0\u00bbdefault\u00a0\u00bb custom_padding=\u00a0\u00bb||0px|||\u00a0\u00bb animation_style=\u00a0\u00bbfade\u00a0\u00bb global_colors_info=\u00a0\u00bb{}\u00a0\u00bb][et_pb_column type=\u00a0\u00bb1_4&Prime; _builder_version=\u00a0\u00bb4.16&Prime; _module_preset=\u00a0\u00bbdefault\u00a0\u00bb global_colors_info=\u00a0\u00bb{}\u00a0\u00bb][et_pb_blurb title=\u00a0\u00bbSoins des caries\u00a0\u00bb url=\u00a0\u00bb@ET-DC@eyJkeW5hbWljIjp0cnVlLCJjb250ZW50IjoicG9zdF9saW5rX3VybF9wYWdlIiwic2V0dGluZ3MiOnsicG9zdF9pZCI6IjIwIn19@\u00a0\u00bb alt=\u00a0\u00bbSoins des caries\u00a0\u00bb icon_placement=\u00a0\u00bbleft\u00a0\u00bb icon_placement_tablet=\u00a0\u00bb\u00a0\u00bb icon_placement_phone=\u00a0\u00bbleft\u00a0\u00bb icon_placement_last_edited=\u00a0\u00bbon|phone\u00a0\u00bb _builder_version=\u00a0\u00bb4.18.0&Prime; _dynamic_attributes=\u00a0\u00bburl\u00a0\u00bb _module_preset=\u00a0\u00bbdefault\u00a0\u00bb header_font=\u00a0\u00bb||||||||\u00a0\u00bb header_text_align=\u00a0\u00bbleft\u00a0\u00bb header_font_size=\u00a0\u00bb20px\u00a0\u00bb text_orientation=\u00a0\u00bbcenter\u00a0\u00bb header_text_align_tablet=\u00a0\u00bbcenter\u00a0\u00bb header_text_align_phone=\u00a0\u00bbcenter\u00a0\u00bb header_text_align_last_edited=\u00a0\u00bbon|phone\u00a0\u00bb header_font_size_tablet=\u00a0\u00bb\u00a0\u00bb header_font_size_phone=\u00a0\u00bb14px\u00a0\u00bb header_font_size_last_edited=\u00a0\u00bbon|phone\u00a0\u00bb global_colors_info=\u00a0\u00bb{}\u00a0\u00bb filter_opacity__hover_enabled=\u00a0\u00bbon|hover\u00a0\u00bb filter_opacity__hover=\u00a0\u00bb40%\u00a0\u00bb][\/et_pb_blurb][\/et_pb_column][et_pb_column type=\u00a0\u00bb1_4&Prime; _builder_version=\u00a0\u00bb4.16&Prime; _module_preset=\u00a0\u00bbdefault\u00a0\u00bb global_colors_info=\u00a0\u00bb{}\u00a0\u00bb][et_pb_blurb title=\u00a0\u00bbTraitement de racine\u00a0\u00bb url=\u00a0\u00bb@ET-DC@eyJkeW5hbWljIjp0cnVlLCJjb250ZW50IjoicG9zdF9saW5rX3VybF9wYWdlIiwic2V0dGluZ3MiOnsicG9zdF9pZCI6IjkyNCJ9fQ==@\u00a0\u00bb alt=\u00a0\u00bbTraitement de racine\u00a0\u00bb icon_placement=\u00a0\u00bbleft\u00a0\u00bb icon_placement_tablet=\u00a0\u00bb\u00a0\u00bb icon_placement_phone=\u00a0\u00bbleft\u00a0\u00bb icon_placement_last_edited=\u00a0\u00bbon|phone\u00a0\u00bb _builder_version=\u00a0\u00bb4.18.0&Prime; _dynamic_attributes=\u00a0\u00bburl\u00a0\u00bb _module_preset=\u00a0\u00bbdefault\u00a0\u00bb header_font=\u00a0\u00bb||||||||\u00a0\u00bb header_text_align=\u00a0\u00bbleft\u00a0\u00bb header_font_size=\u00a0\u00bb20px\u00a0\u00bb text_orientation=\u00a0\u00bbcenter\u00a0\u00bb header_text_align_tablet=\u00a0\u00bbcenter\u00a0\u00bb header_text_align_phone=\u00a0\u00bbcenter\u00a0\u00bb header_text_align_last_edited=\u00a0\u00bbon|phone\u00a0\u00bb header_font_size_tablet=\u00a0\u00bb\u00a0\u00bb header_font_size_phone=\u00a0\u00bb14px\u00a0\u00bb header_font_size_last_edited=\u00a0\u00bbon|phone\u00a0\u00bb global_colors_info=\u00a0\u00bb{}\u00a0\u00bb filter_opacity__hover_enabled=\u00a0\u00bbon|hover\u00a0\u00bb filter_opacity__hover=\u00a0\u00bb40%\u00a0\u00bb][\/et_pb_blurb][\/et_pb_column][et_pb_column type=\u00a0\u00bb1_4&Prime; _builder_version=\u00a0\u00bb4.16&Prime; _module_preset=\u00a0\u00bbdefault\u00a0\u00bb global_colors_info=\u00a0\u00bb{}\u00a0\u00bb][et_pb_blurb title=\u00a0\u00bbSoins aux enfants\u00a0\u00bb url=\u00a0\u00bb@ET-DC@eyJkeW5hbWljIjp0cnVlLCJjb250ZW50IjoicG9zdF9saW5rX3VybF9wYWdlIiwic2V0dGluZ3MiOnsicG9zdF9pZCI6IjkzMiJ9fQ==@\u00a0\u00bb alt=\u00a0\u00bbSoins aux enfants\u00a0\u00bb icon_placement=\u00a0\u00bbleft\u00a0\u00bb icon_placement_tablet=\u00a0\u00bb\u00a0\u00bb icon_placement_phone=\u00a0\u00bbleft\u00a0\u00bb icon_placement_last_edited=\u00a0\u00bbon|phone\u00a0\u00bb _builder_version=\u00a0\u00bb4.18.0&Prime; _dynamic_attributes=\u00a0\u00bburl\u00a0\u00bb _module_preset=\u00a0\u00bbdefault\u00a0\u00bb header_font=\u00a0\u00bb||||||||\u00a0\u00bb header_text_align=\u00a0\u00bbleft\u00a0\u00bb header_font_size=\u00a0\u00bb20px\u00a0\u00bb text_orientation=\u00a0\u00bbcenter\u00a0\u00bb header_text_align_tablet=\u00a0\u00bbcenter\u00a0\u00bb header_text_align_phone=\u00a0\u00bbcenter\u00a0\u00bb header_text_align_last_edited=\u00a0\u00bbon|phone\u00a0\u00bb header_font_size_tablet=\u00a0\u00bb\u00a0\u00bb header_font_size_phone=\u00a0\u00bb14px\u00a0\u00bb header_font_size_last_edited=\u00a0\u00bbon|phone\u00a0\u00bb global_colors_info=\u00a0\u00bb{}\u00a0\u00bb filter_opacity__hover_enabled=\u00a0\u00bbon|hover\u00a0\u00bb filter_opacity__hover=\u00a0\u00bb40%\u00a0\u00bb][\/et_pb_blurb][\/et_pb_column][et_pb_column type=\u00a0\u00bb1_4&Prime; _builder_version=\u00a0\u00bb4.16&Prime; _module_preset=\u00a0\u00bbdefault\u00a0\u00bb global_colors_info=\u00a0\u00bb{}\u00a0\u00bb][et_pb_blurb title=\u00a0\u00bbD\u00e9tartrage et blanchiment\u00a0\u00bb url=\u00a0\u00bb@ET-DC@eyJkeW5hbWljIjp0cnVlLCJjb250ZW50IjoicG9zdF9saW5rX3VybF9wYWdlIiwic2V0dGluZ3MiOnsicG9zdF9pZCI6IjkzNyJ9fQ==@\u00a0\u00bb alt=\u00a0\u00bbD\u00e9tartrage et blanchiment\u00a0\u00bb icon_placement=\u00a0\u00bbleft\u00a0\u00bb icon_placement_tablet=\u00a0\u00bb\u00a0\u00bb icon_placement_phone=\u00a0\u00bbleft\u00a0\u00bb icon_placement_last_edited=\u00a0\u00bbon|phone\u00a0\u00bb _builder_version=\u00a0\u00bb4.18.0&Prime; _dynamic_attributes=\u00a0\u00bburl\u00a0\u00bb _module_preset=\u00a0\u00bbdefault\u00a0\u00bb header_font=\u00a0\u00bb||||||||\u00a0\u00bb header_text_align=\u00a0\u00bbleft\u00a0\u00bb header_font_size=\u00a0\u00bb20px\u00a0\u00bb text_orientation=\u00a0\u00bbcenter\u00a0\u00bb header_text_align_tablet=\u00a0\u00bbcenter\u00a0\u00bb header_text_align_phone=\u00a0\u00bbcenter\u00a0\u00bb header_text_align_last_edited=\u00a0\u00bbon|phone\u00a0\u00bb header_font_size_tablet=\u00a0\u00bb\u00a0\u00bb header_font_size_phone=\u00a0\u00bb14px\u00a0\u00bb header_font_size_last_edited=\u00a0\u00bbon|phone\u00a0\u00bb global_colors_info=\u00a0\u00bb{}\u00a0\u00bb filter_opacity__hover_enabled=\u00a0\u00bbon|hover\u00a0\u00bb filter_opacity__hover=\u00a0\u00bb40%\u00a0\u00bb][\/et_pb_blurb][\/et_pb_column][\/et_pb_row][et_pb_row column_structure=\u00a0\u00bb1_4,1_4,1_4,1_4&Prime; _builder_version=\u00a0\u00bb4.18.0&Prime; _module_preset=\u00a0\u00bbdefault\u00a0\u00bb custom_padding=\u00a0\u00bb||0px|||\u00a0\u00bb animation_style=\u00a0\u00bbfade\u00a0\u00bb global_colors_info=\u00a0\u00bb{}\u00a0\u00bb][et_pb_column type=\u00a0\u00bb1_4&Prime; _builder_version=\u00a0\u00bb4.16&Prime; _module_preset=\u00a0\u00bbdefault\u00a0\u00bb global_colors_info=\u00a0\u00bb{}\u00a0\u00bb][et_pb_blurb title=\u00a0\u00bbProth\u00e8se dentaire\u00a0\u00bb url=\u00a0\u00bb@ET-DC@eyJkeW5hbWljIjp0cnVlLCJjb250ZW50IjoicG9zdF9saW5rX3VybF9wYWdlIiwic2V0dGluZ3MiOnsicG9zdF9pZCI6Ijk0MyJ9fQ==@\u00a0\u00bb alt=\u00a0\u00bbProth\u00e8se dentaire fix\u00e9es\u00a0\u00bb icon_placement=\u00a0\u00bbleft\u00a0\u00bb icon_placement_tablet=\u00a0\u00bb\u00a0\u00bb icon_placement_phone=\u00a0\u00bbleft\u00a0\u00bb icon_placement_last_edited=\u00a0\u00bbon|phone\u00a0\u00bb _builder_version=\u00a0\u00bb4.18.0&Prime; _dynamic_attributes=\u00a0\u00bburl\u00a0\u00bb _module_preset=\u00a0\u00bbdefault\u00a0\u00bb header_font=\u00a0\u00bb||||||||\u00a0\u00bb header_text_align=\u00a0\u00bbleft\u00a0\u00bb header_font_size=\u00a0\u00bb20px\u00a0\u00bb text_orientation=\u00a0\u00bbcenter\u00a0\u00bb header_text_align_tablet=\u00a0\u00bbcenter\u00a0\u00bb header_text_align_phone=\u00a0\u00bbcenter\u00a0\u00bb header_text_align_last_edited=\u00a0\u00bbon|phone\u00a0\u00bb header_font_size_tablet=\u00a0\u00bb\u00a0\u00bb header_font_size_phone=\u00a0\u00bb14px\u00a0\u00bb header_font_size_last_edited=\u00a0\u00bbon|phone\u00a0\u00bb global_colors_info=\u00a0\u00bb{}\u00a0\u00bb filter_opacity__hover_enabled=\u00a0\u00bbon|hover\u00a0\u00bb filter_opacity__hover=\u00a0\u00bb40%\u00a0\u00bb][\/et_pb_blurb][\/et_pb_column][et_pb_column type=\u00a0\u00bb1_4&Prime; _builder_version=\u00a0\u00bb4.16&Prime; _module_preset=\u00a0\u00bbdefault\u00a0\u00bb global_colors_info=\u00a0\u00bb{}\u00a0\u00bb][et_pb_blurb title=\u00a0\u00bbTroubles de l&rsquo;ATM\u00a0\u00bb url=\u00a0\u00bb@ET-DC@eyJkeW5hbWljIjp0cnVlLCJjb250ZW50IjoicG9zdF9saW5rX3VybF9wYWdlIiwic2V0dGluZ3MiOnsicG9zdF9pZCI6Ijk4MiJ9fQ==@\u00a0\u00bb alt=\u00a0\u00bbTraitement articulation\u00a0\u00bb icon_placement=\u00a0\u00bbleft\u00a0\u00bb icon_placement_tablet=\u00a0\u00bb\u00a0\u00bb icon_placement_phone=\u00a0\u00bbleft\u00a0\u00bb icon_placement_last_edited=\u00a0\u00bbon|phone\u00a0\u00bb _builder_version=\u00a0\u00bb4.18.0&Prime; _dynamic_attributes=\u00a0\u00bburl\u00a0\u00bb _module_preset=\u00a0\u00bbdefault\u00a0\u00bb header_font=\u00a0\u00bb||||||||\u00a0\u00bb header_text_align=\u00a0\u00bbleft\u00a0\u00bb header_font_size=\u00a0\u00bb20px\u00a0\u00bb text_orientation=\u00a0\u00bbcenter\u00a0\u00bb header_text_align_tablet=\u00a0\u00bbcenter\u00a0\u00bb header_text_align_phone=\u00a0\u00bbcenter\u00a0\u00bb header_text_align_last_edited=\u00a0\u00bbon|phone\u00a0\u00bb header_font_size_tablet=\u00a0\u00bb\u00a0\u00bb header_font_size_phone=\u00a0\u00bb14px\u00a0\u00bb header_font_size_last_edited=\u00a0\u00bbon|phone\u00a0\u00bb global_colors_info=\u00a0\u00bb{}\u00a0\u00bb filter_opacity__hover_enabled=\u00a0\u00bbon|hover\u00a0\u00bb filter_opacity__hover=\u00a0\u00bb40%\u00a0\u00bb][\/et_pb_blurb][\/et_pb_column][et_pb_column type=\u00a0\u00bb1_4&Prime; _builder_version=\u00a0\u00bb4.16&Prime; _module_preset=\u00a0\u00bbdefault\u00a0\u00bb global_colors_info=\u00a0\u00bb{}\u00a0\u00bb][et_pb_blurb title=\u00a0\u00bbTraitement du bruxisme\u00a0\u00bb url=\u00a0\u00bb@ET-DC@eyJkeW5hbWljIjp0cnVlLCJjb250ZW50IjoicG9zdF9saW5rX3VybF9wYWdlIiwic2V0dGluZ3MiOnsicG9zdF9pZCI6Ijk4OSJ9fQ==@\u00a0\u00bb alt=\u00a0\u00bbTraitement bruxisme\u00a0\u00bb icon_placement=\u00a0\u00bbleft\u00a0\u00bb icon_placement_tablet=\u00a0\u00bb\u00a0\u00bb icon_placement_phone=\u00a0\u00bbleft\u00a0\u00bb icon_placement_last_edited=\u00a0\u00bbon|phone\u00a0\u00bb _builder_version=\u00a0\u00bb4.18.0&Prime; _dynamic_attributes=\u00a0\u00bburl\u00a0\u00bb _module_preset=\u00a0\u00bbdefault\u00a0\u00bb header_font=\u00a0\u00bb||||||||\u00a0\u00bb header_text_align=\u00a0\u00bbleft\u00a0\u00bb header_font_size=\u00a0\u00bb20px\u00a0\u00bb text_orientation=\u00a0\u00bbcenter\u00a0\u00bb header_text_align_tablet=\u00a0\u00bbcenter\u00a0\u00bb header_text_align_phone=\u00a0\u00bbcenter\u00a0\u00bb header_text_align_last_edited=\u00a0\u00bbon|phone\u00a0\u00bb header_font_size_tablet=\u00a0\u00bb\u00a0\u00bb header_font_size_phone=\u00a0\u00bb14px\u00a0\u00bb header_font_size_last_edited=\u00a0\u00bbon|phone\u00a0\u00bb global_colors_info=\u00a0\u00bb{}\u00a0\u00bb filter_opacity__hover_enabled=\u00a0\u00bbon|hover\u00a0\u00bb filter_opacity__hover=\u00a0\u00bb40%\u00a0\u00bb][\/et_pb_blurb][\/et_pb_column][et_pb_column type=\u00a0\u00bb1_4&Prime; _builder_version=\u00a0\u00bb4.16&Prime; _module_preset=\u00a0\u00bbdefault\u00a0\u00bb global_colors_info=\u00a0\u00bb{}\u00a0\u00bb][et_pb_blurb title=\u00a0\u00bbApn\u00e9es du sommeil\u00a0\u00bb url=\u00a0\u00bb@ET-DC@eyJkeW5hbWljIjp0cnVlLCJjb250ZW50IjoicG9zdF9saW5rX3VybF9wYWdlIiwic2V0dGluZ3MiOnsicG9zdF9pZCI6IjEwMTEifX0=@\u00a0\u00bb alt=\u00a0\u00bbOrth\u00e8se d\u2019avanc\u00e9e mandibulaire NARVAL\u00a0\u00bb icon_placement=\u00a0\u00bbleft\u00a0\u00bb icon_placement_tablet=\u00a0\u00bb\u00a0\u00bb icon_placement_phone=\u00a0\u00bbleft\u00a0\u00bb icon_placement_last_edited=\u00a0\u00bbon|phone\u00a0\u00bb _builder_version=\u00a0\u00bb4.18.0&Prime; _dynamic_attributes=\u00a0\u00bburl\u00a0\u00bb _module_preset=\u00a0\u00bbdefault\u00a0\u00bb header_font=\u00a0\u00bb||||||||\u00a0\u00bb header_text_align=\u00a0\u00bbleft\u00a0\u00bb header_font_size=\u00a0\u00bb20px\u00a0\u00bb text_orientation=\u00a0\u00bbcenter\u00a0\u00bb header_text_align_tablet=\u00a0\u00bbcenter\u00a0\u00bb header_text_align_phone=\u00a0\u00bbcenter\u00a0\u00bb header_text_align_last_edited=\u00a0\u00bbon|phone\u00a0\u00bb header_font_size_tablet=\u00a0\u00bb\u00a0\u00bb header_font_size_phone=\u00a0\u00bb14px\u00a0\u00bb header_font_size_last_edited=\u00a0\u00bbon|phone\u00a0\u00bb global_colors_info=\u00a0\u00bb{}\u00a0\u00bb filter_opacity__hover_enabled=\u00a0\u00bbon|hover\u00a0\u00bb filter_opacity__hover=\u00a0\u00bb40%\u00a0\u00bb][\/et_pb_blurb][\/et_pb_column][\/et_pb_row][\/et_pb_section]<\/p>\n","protected":false},"excerpt":{"rendered":"<p>Proth\u00e8sesRedonnez vie \u00e0 votre sourire avec des proth\u00e8ses dentaires sur-mesure. Restaurer, remplacer, red\u00e9finir votre sourire La proth\u00e8se dentaire est un dispositif m\u00e9dical permettant la restauration d\u2019une dent cass\u00e9e ou largement ab\u00eem\u00e9e par la carie. Elle permet \u00e9galement de remplacer une ou plusieurs dents manquantes. \u00a0La fonction d\u2019une proth\u00e8se dentaire est de r\u00e9tablir la fonction masticatoire [&hellip;]<\/p>\n","protected":false},"author":1,"featured_media":639,"parent":0,"menu_order":0,"comment_status":"open","ping_status":"closed","template":"","meta":{"_et_pb_use_builder":"on","_et_pb_old_content":"La parodontite est une maladie d'origine bact\u00e9rienne caus\u00e9e par le tartre provoquant la destruction des tissus de soutien de la dent (gencives, os, ligaments et c\u00e9ment).Le traitement consiste \u00e0 nettoyer la surface radiculaire des dents (d\u00e9tartrage en profondeur) diminuant le saignement, la douleur et la mobilit\u00e9 des dents.","_et_gb_content_width":"","footnotes":""},"class_list":["post-943","page","type-page","status-publish","has-post-thumbnail","hentry"],"yoast_head":"<!-- This site is optimized with the Yoast SEO plugin v26.8 - https:\/\/yoast.com\/product\/yoast-seo-wordpress\/ -->\n<title>Proth\u00e8ses | Clinique Dentaire de Neuch\u00e2tel | Dentiste d&#039;urgence | 3 Proth\u00e8ses | Dentiste<\/title>\n<meta name=\"description\" content=\"Proth\u00e8ses fixes - amovibles - hybrides La proth\u00e8se dentaire est un dispositif m\u00e9dical permettant la restauration d\u2019une dent cass\u00e9e ou largement ab\u00eem\u00e9e par la carie. Elle permet \u00e9galement de remplacer une ou plusieurs dents manquantes.\" \/>\n<meta name=\"robots\" content=\"index, follow, max-snippet:-1, max-image-preview:large, max-video-preview:-1\" \/>\n<link rel=\"canonical\" href=\"https:\/\/www.cliniquedentairedeneuchatel.ch\/de\/protheses\/\" \/>\n<meta property=\"og:locale\" content=\"de_DE\" \/>\n<meta property=\"og:type\" content=\"article\" \/>\n<meta property=\"og:title\" content=\"Proth\u00e8ses | Clinique Dentaire de Neuch\u00e2tel | Dentiste d&#039;urgence | 3 Proth\u00e8ses | Dentiste\" \/>\n<meta property=\"og:description\" content=\"Proth\u00e8ses fixes - amovibles - hybrides La proth\u00e8se dentaire est un dispositif m\u00e9dical permettant la restauration d\u2019une dent cass\u00e9e ou largement ab\u00eem\u00e9e par la carie. Elle permet \u00e9galement de remplacer une ou plusieurs dents manquantes.\" \/>\n<meta property=\"og:url\" content=\"https:\/\/www.cliniquedentairedeneuchatel.ch\/de\/protheses\/\" \/>\n<meta property=\"og:site_name\" content=\"Clinique Dentaire de Neuch\u00e2tel | Dentiste d&#039;urgence\" \/>\n<meta property=\"article:publisher\" content=\"https:\/\/www.facebook.com\/cliniquedentaireNeuchatel\" \/>\n<meta property=\"article:modified_time\" content=\"2023-11-14T10:58:31+00:00\" \/>\n<meta property=\"og:image\" content=\"https:\/\/www.cliniquedentairedeneuchatel.ch\/wp-content\/uploads\/Image_Prothese_dentaire_fixees.jpg\" \/>\n\t<meta property=\"og:image:width\" content=\"1024\" \/>\n\t<meta property=\"og:image:height\" content=\"768\" \/>\n\t<meta property=\"og:image:type\" content=\"image\/jpeg\" \/>\n<meta name=\"twitter:card\" content=\"summary_large_image\" \/>\n<meta name=\"twitter:label1\" content=\"Gesch\u00e4tzte Lesezeit\" \/>\n\t<meta name=\"twitter:data1\" content=\"17 Minuten\" \/>\n<script type=\"application\/ld+json\" class=\"yoast-schema-graph\">{\"@context\":\"https:\/\/schema.org\",\"@graph\":[{\"@type\":\"WebPage\",\"@id\":\"https:\/\/www.cliniquedentairedeneuchatel.ch\/protheses\/\",\"url\":\"https:\/\/www.cliniquedentairedeneuchatel.ch\/protheses\/\",\"name\":\"Proth\u00e8ses | Clinique Dentaire de Neuch\u00e2tel | Dentiste d&#039;urgence | 3 Proth\u00e8ses | Dentiste\",\"isPartOf\":{\"@id\":\"https:\/\/www.cliniquedentairedeneuchatel.ch\/#website\"},\"primaryImageOfPage\":{\"@id\":\"https:\/\/www.cliniquedentairedeneuchatel.ch\/protheses\/#primaryimage\"},\"image\":{\"@id\":\"https:\/\/www.cliniquedentairedeneuchatel.ch\/protheses\/#primaryimage\"},\"thumbnailUrl\":\"https:\/\/www.cliniquedentairedeneuchatel.ch\/wp-content\/uploads\/Image_Prothese_dentaire_fixees.jpg\",\"datePublished\":\"2020-11-18T08:49:11+00:00\",\"dateModified\":\"2023-11-14T10:58:31+00:00\",\"description\":\"Proth\u00e8ses fixes - amovibles - hybrides La proth\u00e8se dentaire est un dispositif m\u00e9dical permettant la restauration d\u2019une dent cass\u00e9e ou largement ab\u00eem\u00e9e par la carie. Elle permet \u00e9galement de remplacer une ou plusieurs dents manquantes.\",\"breadcrumb\":{\"@id\":\"https:\/\/www.cliniquedentairedeneuchatel.ch\/protheses\/#breadcrumb\"},\"inLanguage\":\"de-CH\",\"potentialAction\":[{\"@type\":\"ReadAction\",\"target\":[\"https:\/\/www.cliniquedentairedeneuchatel.ch\/protheses\/\"]}]},{\"@type\":\"ImageObject\",\"inLanguage\":\"de-CH\",\"@id\":\"https:\/\/www.cliniquedentairedeneuchatel.ch\/protheses\/#primaryimage\",\"url\":\"https:\/\/www.cliniquedentairedeneuchatel.ch\/wp-content\/uploads\/Image_Prothese_dentaire_fixees.jpg\",\"contentUrl\":\"https:\/\/www.cliniquedentairedeneuchatel.ch\/wp-content\/uploads\/Image_Prothese_dentaire_fixees.jpg\",\"width\":1024,\"height\":768,\"caption\":\"Proth\u00e8se\"},{\"@type\":\"BreadcrumbList\",\"@id\":\"https:\/\/www.cliniquedentairedeneuchatel.ch\/protheses\/#breadcrumb\",\"itemListElement\":[{\"@type\":\"ListItem\",\"position\":1,\"name\":\"Accueil\",\"item\":\"https:\/\/www.cliniquedentairedeneuchatel.ch\/\"},{\"@type\":\"ListItem\",\"position\":2,\"name\":\"Proth\u00e8ses\"}]},{\"@type\":\"WebSite\",\"@id\":\"https:\/\/www.cliniquedentairedeneuchatel.ch\/#website\",\"url\":\"https:\/\/www.cliniquedentairedeneuchatel.ch\/\",\"name\":\"Clinique Dentaire de Neuch\u00e2tel | Dentiste d&#039;urgence\",\"description\":\"&quot;Votre clinique... tout en douceur...&quot;\",\"publisher\":{\"@id\":\"https:\/\/www.cliniquedentairedeneuchatel.ch\/#organization\"},\"potentialAction\":[{\"@type\":\"SearchAction\",\"target\":{\"@type\":\"EntryPoint\",\"urlTemplate\":\"https:\/\/www.cliniquedentairedeneuchatel.ch\/?s={search_term_string}\"},\"query-input\":{\"@type\":\"PropertyValueSpecification\",\"valueRequired\":true,\"valueName\":\"search_term_string\"}}],\"inLanguage\":\"de-CH\"},{\"@type\":\"Organization\",\"@id\":\"https:\/\/www.cliniquedentairedeneuchatel.ch\/#organization\",\"name\":\"Clinique Dentaire de Neuch\u00e2tel | Votre dentiste \u00e0 Neuch\u00e2tel\",\"url\":\"https:\/\/www.cliniquedentairedeneuchatel.ch\/\",\"logo\":{\"@type\":\"ImageObject\",\"inLanguage\":\"de-CH\",\"@id\":\"https:\/\/www.cliniquedentairedeneuchatel.ch\/#\/schema\/logo\/image\/\",\"url\":\"https:\/\/www.cliniquedentairedeneuchatel.ch\/wp-content\/uploads\/logo_wordpress.png\",\"contentUrl\":\"https:\/\/www.cliniquedentairedeneuchatel.ch\/wp-content\/uploads\/logo_wordpress.png\",\"width\":869,\"height\":402,\"caption\":\"Clinique Dentaire de Neuch\u00e2tel | Votre dentiste \u00e0 Neuch\u00e2tel\"},\"image\":{\"@id\":\"https:\/\/www.cliniquedentairedeneuchatel.ch\/#\/schema\/logo\/image\/\"},\"sameAs\":[\"https:\/\/www.facebook.com\/cliniquedentaireNeuchatel\"]}]}<\/script>\n<!-- \/ Yoast SEO plugin. -->","yoast_head_json":{"title":"Proth\u00e8ses | Clinique Dentaire de Neuch\u00e2tel | Dentiste d&#039;urgence | 3 Proth\u00e8ses | Dentiste","description":"Proth\u00e8ses fixes - amovibles - hybrides La proth\u00e8se dentaire est un dispositif m\u00e9dical permettant la restauration d\u2019une dent cass\u00e9e ou largement ab\u00eem\u00e9e par la carie. Elle permet \u00e9galement de remplacer une ou plusieurs dents manquantes.","robots":{"index":"index","follow":"follow","max-snippet":"max-snippet:-1","max-image-preview":"max-image-preview:large","max-video-preview":"max-video-preview:-1"},"canonical":"https:\/\/www.cliniquedentairedeneuchatel.ch\/de\/protheses\/","og_locale":"de_DE","og_type":"article","og_title":"Proth\u00e8ses | Clinique Dentaire de Neuch\u00e2tel | Dentiste d&#039;urgence | 3 Proth\u00e8ses | Dentiste","og_description":"Proth\u00e8ses fixes - amovibles - hybrides La proth\u00e8se dentaire est un dispositif m\u00e9dical permettant la restauration d\u2019une dent cass\u00e9e ou largement ab\u00eem\u00e9e par la carie. Elle permet \u00e9galement de remplacer une ou plusieurs dents manquantes.","og_url":"https:\/\/www.cliniquedentairedeneuchatel.ch\/de\/protheses\/","og_site_name":"Clinique Dentaire de Neuch\u00e2tel | Dentiste d&#039;urgence","article_publisher":"https:\/\/www.facebook.com\/cliniquedentaireNeuchatel","article_modified_time":"2023-11-14T10:58:31+00:00","og_image":[{"width":1024,"height":768,"url":"https:\/\/www.cliniquedentairedeneuchatel.ch\/wp-content\/uploads\/Image_Prothese_dentaire_fixees.jpg","type":"image\/jpeg"}],"twitter_card":"summary_large_image","twitter_misc":{"Gesch\u00e4tzte Lesezeit":"17 Minuten"},"schema":{"@context":"https:\/\/schema.org","@graph":[{"@type":"WebPage","@id":"https:\/\/www.cliniquedentairedeneuchatel.ch\/protheses\/","url":"https:\/\/www.cliniquedentairedeneuchatel.ch\/protheses\/","name":"Proth\u00e8ses | Clinique Dentaire de Neuch\u00e2tel | Dentiste d&#039;urgence | 3 Proth\u00e8ses | Dentiste","isPartOf":{"@id":"https:\/\/www.cliniquedentairedeneuchatel.ch\/#website"},"primaryImageOfPage":{"@id":"https:\/\/www.cliniquedentairedeneuchatel.ch\/protheses\/#primaryimage"},"image":{"@id":"https:\/\/www.cliniquedentairedeneuchatel.ch\/protheses\/#primaryimage"},"thumbnailUrl":"https:\/\/www.cliniquedentairedeneuchatel.ch\/wp-content\/uploads\/Image_Prothese_dentaire_fixees.jpg","datePublished":"2020-11-18T08:49:11+00:00","dateModified":"2023-11-14T10:58:31+00:00","description":"Proth\u00e8ses fixes - amovibles - hybrides La proth\u00e8se dentaire est un dispositif m\u00e9dical permettant la restauration d\u2019une dent cass\u00e9e ou largement ab\u00eem\u00e9e par la carie. Elle permet \u00e9galement de remplacer une ou plusieurs dents manquantes.","breadcrumb":{"@id":"https:\/\/www.cliniquedentairedeneuchatel.ch\/protheses\/#breadcrumb"},"inLanguage":"de-CH","potentialAction":[{"@type":"ReadAction","target":["https:\/\/www.cliniquedentairedeneuchatel.ch\/protheses\/"]}]},{"@type":"ImageObject","inLanguage":"de-CH","@id":"https:\/\/www.cliniquedentairedeneuchatel.ch\/protheses\/#primaryimage","url":"https:\/\/www.cliniquedentairedeneuchatel.ch\/wp-content\/uploads\/Image_Prothese_dentaire_fixees.jpg","contentUrl":"https:\/\/www.cliniquedentairedeneuchatel.ch\/wp-content\/uploads\/Image_Prothese_dentaire_fixees.jpg","width":1024,"height":768,"caption":"Proth\u00e8se"},{"@type":"BreadcrumbList","@id":"https:\/\/www.cliniquedentairedeneuchatel.ch\/protheses\/#breadcrumb","itemListElement":[{"@type":"ListItem","position":1,"name":"Accueil","item":"https:\/\/www.cliniquedentairedeneuchatel.ch\/"},{"@type":"ListItem","position":2,"name":"Proth\u00e8ses"}]},{"@type":"WebSite","@id":"https:\/\/www.cliniquedentairedeneuchatel.ch\/#website","url":"https:\/\/www.cliniquedentairedeneuchatel.ch\/","name":"Clinique Dentaire de Neuch\u00e2tel | Dentiste d&#039;urgence","description":"&quot;Votre clinique... tout en douceur...&quot;","publisher":{"@id":"https:\/\/www.cliniquedentairedeneuchatel.ch\/#organization"},"potentialAction":[{"@type":"SearchAction","target":{"@type":"EntryPoint","urlTemplate":"https:\/\/www.cliniquedentairedeneuchatel.ch\/?s={search_term_string}"},"query-input":{"@type":"PropertyValueSpecification","valueRequired":true,"valueName":"search_term_string"}}],"inLanguage":"de-CH"},{"@type":"Organization","@id":"https:\/\/www.cliniquedentairedeneuchatel.ch\/#organization","name":"Clinique Dentaire de Neuch\u00e2tel | Votre dentiste \u00e0 Neuch\u00e2tel","url":"https:\/\/www.cliniquedentairedeneuchatel.ch\/","logo":{"@type":"ImageObject","inLanguage":"de-CH","@id":"https:\/\/www.cliniquedentairedeneuchatel.ch\/#\/schema\/logo\/image\/","url":"https:\/\/www.cliniquedentairedeneuchatel.ch\/wp-content\/uploads\/logo_wordpress.png","contentUrl":"https:\/\/www.cliniquedentairedeneuchatel.ch\/wp-content\/uploads\/logo_wordpress.png","width":869,"height":402,"caption":"Clinique Dentaire de Neuch\u00e2tel | Votre dentiste \u00e0 Neuch\u00e2tel"},"image":{"@id":"https:\/\/www.cliniquedentairedeneuchatel.ch\/#\/schema\/logo\/image\/"},"sameAs":["https:\/\/www.facebook.com\/cliniquedentaireNeuchatel"]}]}},"_links":{"self":[{"href":"https:\/\/www.cliniquedentairedeneuchatel.ch\/de\/wp-json\/wp\/v2\/pages\/943","targetHints":{"allow":["GET"]}}],"collection":[{"href":"https:\/\/www.cliniquedentairedeneuchatel.ch\/de\/wp-json\/wp\/v2\/pages"}],"about":[{"href":"https:\/\/www.cliniquedentairedeneuchatel.ch\/de\/wp-json\/wp\/v2\/types\/page"}],"author":[{"embeddable":true,"href":"https:\/\/www.cliniquedentairedeneuchatel.ch\/de\/wp-json\/wp\/v2\/users\/1"}],"replies":[{"embeddable":true,"href":"https:\/\/www.cliniquedentairedeneuchatel.ch\/de\/wp-json\/wp\/v2\/comments?post=943"}],"version-history":[{"count":0,"href":"https:\/\/www.cliniquedentairedeneuchatel.ch\/de\/wp-json\/wp\/v2\/pages\/943\/revisions"}],"wp:featuredmedia":[{"embeddable":true,"href":"https:\/\/www.cliniquedentairedeneuchatel.ch\/de\/wp-json\/wp\/v2\/media\/639"}],"wp:attachment":[{"href":"https:\/\/www.cliniquedentairedeneuchatel.ch\/de\/wp-json\/wp\/v2\/media?parent=943"}],"curies":[{"name":"wp","href":"https:\/\/api.w.org\/{rel}","templated":true}]}}