{"id":1011,"date":"2020-11-18T13:44:43","date_gmt":"2020-11-18T13:44:43","guid":{"rendered":"https:\/\/www.cliniquedentairedeneuchatel.ch\/?page_id=1011"},"modified":"2024-12-09T15:37:13","modified_gmt":"2024-12-09T15:37:13","slug":"apnee-du-sommeil","status":"publish","type":"page","link":"https:\/\/www.cliniquedentairedeneuchatel.ch\/de\/apnee-du-sommeil\/","title":{"rendered":"Schlafapnoe"},"content":{"rendered":"<p>[et_pb_section fb_built=\u00a0\u00bb1&Prime; _builder_version=\u00a0\u00bb4.18.0&Prime; _module_preset=\u00a0\u00bbdefault\u00a0\u00bb da_disable_devices=\u00a0\u00bboff|off|off\u00a0\u00bb locked=\u00a0\u00bboff\u00a0\u00bb global_colors_info=\u00a0\u00bb{}\u00a0\u00bb da_is_popup=\u00a0\u00bboff\u00a0\u00bb da_exit_intent=\u00a0\u00bboff\u00a0\u00bb da_has_close=\u00a0\u00bbon\u00a0\u00bb da_alt_close=\u00a0\u00bboff\u00a0\u00bb da_dark_close=\u00a0\u00bboff\u00a0\u00bb da_not_modal=\u00a0\u00bbon\u00a0\u00bb da_is_singular=\u00a0\u00bboff\u00a0\u00bb da_with_loader=\u00a0\u00bboff\u00a0\u00bb da_has_shadow=\u00a0\u00bbon\u00a0\u00bb][et_pb_row _builder_version=\u00a0\u00bb4.18.0&Prime; _module_preset=\u00a0\u00bbdefault\u00a0\u00bb custom_padding=\u00a0\u00bb0px||0px|||\u00a0\u00bb global_colors_info=\u00a0\u00bb{}\u00a0\u00bb][et_pb_column type=\u00a0\u00bb4_4&Prime; _builder_version=\u00a0\u00bb4.18.0&Prime; _module_preset=\u00a0\u00bbdefault\u00a0\u00bb global_colors_info=\u00a0\u00bb{}\u00a0\u00bb][et_pb_text _builder_version=\u00a0\u00bb4.18.0&Prime; _module_preset=\u00a0\u00bbdefault\u00a0\u00bb header_font_size=\u00a0\u00bb50px\u00a0\u00bb header_line_height=\u00a0\u00bb1.2em\u00a0\u00bb animation_style=\u00a0\u00bbfade\u00a0\u00bb header_font_size_tablet=\u00a0\u00bb60px\u00a0\u00bb header_font_size_phone=\u00a0\u00bb40px\u00a0\u00bb header_font_size_last_edited=\u00a0\u00bbon|phone\u00a0\u00bb global_colors_info=\u00a0\u00bb{}\u00a0\u00bb]<\/p>\n<h1 style=\"text-align: center;\"><span class=\"color_15\">Apn\u00e9es du sommeil<\/span><\/h1>\n<p>[\/et_pb_text][et_pb_text _builder_version=\u00a0\u00bb4.18.0&Prime; _module_preset=\u00a0\u00bbdefault\u00a0\u00bb text_font_size=\u00a0\u00bb20px\u00a0\u00bb text_orientation=\u00a0\u00bbcenter\u00a0\u00bb width_tablet=\u00a0\u00bb\u00a0\u00bb width_phone=\u00a0\u00bb\u00a0\u00bb width_last_edited=\u00a0\u00bbon|desktop\u00a0\u00bb max_width=\u00a0\u00bb90%\u00a0\u00bb max_width_tablet=\u00a0\u00bb90%\u00a0\u00bb max_width_phone=\u00a0\u00bb90%\u00a0\u00bb max_width_last_edited=\u00a0\u00bbon|tablet\u00a0\u00bb module_alignment=\u00a0\u00bbcenter\u00a0\u00bb animation_style=\u00a0\u00bbfade\u00a0\u00bb text_font_size_tablet=\u00a0\u00bb16px\u00a0\u00bb text_font_size_phone=\u00a0\u00bb16px\u00a0\u00bb text_font_size_last_edited=\u00a0\u00bbon|phone\u00a0\u00bb global_colors_info=\u00a0\u00bb{}\u00a0\u00bb]<\/p>\n<p style=\"text-align: center;\"><span>Le confort de l&rsquo;Orth\u00e8se Narval pour des nuits r\u00e9paratrices.<\/span><\/p>\n<p>[\/et_pb_text][et_pb_button button_url=\u00a0\u00bb@ET-DC@eyJkeW5hbWljIjp0cnVlLCJjb250ZW50IjoicG9zdF9saW5rX3VybF9wYWdlIiwic2V0dGluZ3MiOnsicG9zdF9pZCI6IjcifX0=@\u00a0\u00bb button_text=\u00a0\u00bbNous contacter\u00a0\u00bb button_alignment=\u00a0\u00bbcenter\u00a0\u00bb _builder_version=\u00a0\u00bb4.18.0&Prime; _dynamic_attributes=\u00a0\u00bbbutton_url\u00a0\u00bb _module_preset=\u00a0\u00bbdefault\u00a0\u00bb custom_button=\u00a0\u00bbon\u00a0\u00bb button_border_width=\u00a0\u00bb1px\u00a0\u00bb button_border_radius=\u00a0\u00bb10px\u00a0\u00bb animation_style=\u00a0\u00bbflip\u00a0\u00bb global_colors_info=\u00a0\u00bb{}\u00a0\u00bb][\/et_pb_button][\/et_pb_column][\/et_pb_row][\/et_pb_section][et_pb_section fb_built=\u00a0\u00bb1&Prime; _builder_version=\u00a0\u00bb4.18.0&Prime; _module_preset=\u00a0\u00bbdefault\u00a0\u00bb custom_padding=\u00a0\u00bb0px|||||\u00a0\u00bb da_disable_devices=\u00a0\u00bboff|off|off\u00a0\u00bb locked=\u00a0\u00bboff\u00a0\u00bb global_colors_info=\u00a0\u00bb{}\u00a0\u00bb da_is_popup=\u00a0\u00bboff\u00a0\u00bb da_exit_intent=\u00a0\u00bboff\u00a0\u00bb da_has_close=\u00a0\u00bbon\u00a0\u00bb da_alt_close=\u00a0\u00bboff\u00a0\u00bb da_dark_close=\u00a0\u00bboff\u00a0\u00bb da_not_modal=\u00a0\u00bbon\u00a0\u00bb da_is_singular=\u00a0\u00bboff\u00a0\u00bb da_with_loader=\u00a0\u00bboff\u00a0\u00bb da_has_shadow=\u00a0\u00bbon\u00a0\u00bb][et_pb_row column_structure=\u00a0\u00bb3_5,2_5&Prime; _builder_version=\u00a0\u00bb4.18.0&Prime; _module_preset=\u00a0\u00bbdefault\u00a0\u00bb custom_padding=\u00a0\u00bb0px||0px|||\u00a0\u00bb global_colors_info=\u00a0\u00bb{}\u00a0\u00bb][et_pb_column type=\u00a0\u00bb3_5&Prime; _builder_version=\u00a0\u00bb4.18.0&Prime; _module_preset=\u00a0\u00bbdefault\u00a0\u00bb global_colors_info=\u00a0\u00bb{}\u00a0\u00bb][et_pb_text _builder_version=\u00a0\u00bb4.18.0&Prime; _module_preset=\u00a0\u00bbdefault\u00a0\u00bb animation_style=\u00a0\u00bbfade\u00a0\u00bb global_colors_info=\u00a0\u00bb{}\u00a0\u00bb]<\/p>\n<div data-packed=\"true\" data-vertical-text=\"false\" class=\"txtNew\" id=\"comp-kh3jnjmb2\">\n<h2 class=\"font_2\"><span>Lib\u00e9rez votre respiration avec l&rsquo;Orth\u00e8se Narval<\/span><\/h2>\n<\/div>\n<p>[\/et_pb_text][et_pb_text _builder_version=\u00a0\u00bb4.18.0&Prime; _module_preset=\u00a0\u00bbdefault\u00a0\u00bb animation_style=\u00a0\u00bbfade\u00a0\u00bb global_colors_info=\u00a0\u00bb{}\u00a0\u00bb]<\/p>\n<p style=\"text-align: justify;\"><span>Lorsqu\u2019on souffre de SAOS (Syndrome de l\u2019Apn\u00e9e Obstructive du Sommeil), les voies a\u00e9riennes sup\u00e9rieures se retrouvent obstru\u00e9es durant le sommeil sans que le dormeur ne s\u2019en rende compte. Il s\u2019en suit des r\u00e9veils fr\u00e9quents et brefs durant la nuit. Cela se manifeste le plus fr\u00e9quemment par une somnolence durant la journ\u00e9e, maux de t\u00eate et bouche s\u00e8che au r\u00e9veil, perte de m\u00e9moire et difficult\u00e9 \u00e0 se concentrer.<\/span><\/p>\n<p style=\"text-align: justify;\"><span>L\u2019OAM est une orth\u00e8se se pr\u00e9sentant sous forme de goutti\u00e8res qui maintiennent la m\u00e2choire inf\u00e9rieure en position l\u00e9g\u00e8rement avanc\u00e9e afin de lib\u00e9rer les voies a\u00e9riennes sup\u00e9rieures permettant un meilleur passage d\u2019air. A la clinique dentaire de Neuch\u00e2tel nous pr\u00e9conisons les orth\u00e8se Narval qui sont \u00e9galement la r\u00e9f\u00e9rence recommand\u00e9e en termes de confort par le CHUV \u00e0 Lausanne.<\/span><\/p>\n<p>[\/et_pb_text][\/et_pb_column][et_pb_column type=\u00a0\u00bb2_5&Prime; _builder_version=\u00a0\u00bb4.18.0&Prime; _module_preset=\u00a0\u00bbdefault\u00a0\u00bb global_colors_info=\u00a0\u00bb{}\u00a0\u00bb][et_pb_image src=\u00a0\u00bbhttps:\/\/www.cliniquedentairedeneuchatel.ch\/wp-content\/uploads\/Image_Orthese.jpg\u00a0\u00bb alt=\u00a0\u00bbOrth\u00e8se d\u2019avanc\u00e9e mandibulaire NARVAL\u00a0\u00bb title_text=\u00a0\u00bbOrth\u00e8se d\u2019avanc\u00e9e mandibulaire NARVAL\u00a0\u00bb align=\u00a0\u00bbright\u00a0\u00bb align_tablet=\u00a0\u00bbcenter\u00a0\u00bb align_phone=\u00a0\u00bbcenter\u00a0\u00bb align_last_edited=\u00a0\u00bbon|phone\u00a0\u00bb _builder_version=\u00a0\u00bb4.18.0&Prime; _module_preset=\u00a0\u00bbdefault\u00a0\u00bb width=\u00a0\u00bb80%\u00a0\u00bb custom_padding=\u00a0\u00bb|0px||0px||\u00a0\u00bb animation_style=\u00a0\u00bbfade\u00a0\u00bb global_colors_info=\u00a0\u00bb{}\u00a0\u00bb][\/et_pb_image][\/et_pb_column][\/et_pb_row][\/et_pb_section][et_pb_section fb_built=\u00a0\u00bb1&Prime; _builder_version=\u00a0\u00bb4.18.0&Prime; _module_preset=\u00a0\u00bbdefault\u00a0\u00bb background_color=\u00a0\u00bb#cbb5a9&Prime; da_disable_devices=\u00a0\u00bboff|off|off\u00a0\u00bb locked=\u00a0\u00bboff\u00a0\u00bb global_colors_info=\u00a0\u00bb{}\u00a0\u00bb da_is_popup=\u00a0\u00bboff\u00a0\u00bb da_exit_intent=\u00a0\u00bboff\u00a0\u00bb da_has_close=\u00a0\u00bbon\u00a0\u00bb da_alt_close=\u00a0\u00bboff\u00a0\u00bb da_dark_close=\u00a0\u00bboff\u00a0\u00bb da_not_modal=\u00a0\u00bbon\u00a0\u00bb da_is_singular=\u00a0\u00bboff\u00a0\u00bb da_with_loader=\u00a0\u00bboff\u00a0\u00bb da_has_shadow=\u00a0\u00bbon\u00a0\u00bb][et_pb_row column_structure=\u00a0\u00bb1_3,1_3,1_3&Prime; use_custom_gutter=\u00a0\u00bbon\u00a0\u00bb make_equal=\u00a0\u00bbon\u00a0\u00bb _builder_version=\u00a0\u00bb4.18.0&Prime; _module_preset=\u00a0\u00bbdefault\u00a0\u00bb width=\u00a0\u00bb70%\u00a0\u00bb max_width=\u00a0\u00bb100%\u00a0\u00bb custom_padding=\u00a0\u00bb||||false|false\u00a0\u00bb global_colors_info=\u00a0\u00bb{}\u00a0\u00bb][et_pb_column type=\u00a0\u00bb1_3&Prime; _builder_version=\u00a0\u00bb4.18.0&Prime; _module_preset=\u00a0\u00bbdefault\u00a0\u00bb global_colors_info=\u00a0\u00bb{}\u00a0\u00bb][et_pb_blurb title=\u00a0\u00bbNos horaires\u00a0\u00bb use_icon=\u00a0\u00bbon\u00a0\u00bb font_icon=\u00a0\u00bb&#xf017;||fa||400&Prime; icon_color=\u00a0\u00bb#FFFFFF\u00a0\u00bb image_icon_background_color=\u00a0\u00bbRGBA(255,255,255,0)\u00a0\u00bb image_icon_width=\u00a0\u00bb65px\u00a0\u00bb image_icon_width_tablet=\u00a0\u00bb85px\u00a0\u00bb image_icon_width_phone=\u00a0\u00bb68px\u00a0\u00bb image_icon_width_last_edited=\u00a0\u00bbon|phone\u00a0\u00bb _builder_version=\u00a0\u00bb4.18.0&Prime; _module_preset=\u00a0\u00bbdefault\u00a0\u00bb header_level=\u00a0\u00bbh2&Prime; header_text_align=\u00a0\u00bbcenter\u00a0\u00bb header_text_color=\u00a0\u00bb#FFFFFF\u00a0\u00bb header_font_size=\u00a0\u00bb38px\u00a0\u00bb body_font_size=\u00a0\u00bb20px\u00a0\u00bb body_line_height=\u00a0\u00bb1.8em\u00a0\u00bb text_orientation=\u00a0\u00bbcenter\u00a0\u00bb module_alignment=\u00a0\u00bbright\u00a0\u00bb custom_margin=\u00a0\u00bb0px||||false|false\u00a0\u00bb custom_padding=\u00a0\u00bb0px||||false|false\u00a0\u00bb animation_style=\u00a0\u00bbfade\u00a0\u00bb header_font_size_tablet=\u00a0\u00bb38px\u00a0\u00bb header_font_size_phone=\u00a0\u00bb48px\u00a0\u00bb header_font_size_last_edited=\u00a0\u00bbon|phone\u00a0\u00bb body_font_size_tablet=\u00a0\u00bb16px\u00a0\u00bb body_font_size_phone=\u00a0\u00bb16px\u00a0\u00bb body_font_size_last_edited=\u00a0\u00bbon|phone\u00a0\u00bb global_colors_info=\u00a0\u00bb{}\u00a0\u00bb]<\/p>\n<p style=\"text-align: center;\"><span style=\"color: #ffffff;\">Du lundi au vendredi<\/span><br \/><span style=\"color: #ffffff;\">8h00 \u2013 13h00 | 14h00 \u2013 18h00<\/span><\/p>\n<p>[\/et_pb_blurb][\/et_pb_column][et_pb_column type=\u00a0\u00bb1_3&Prime; _builder_version=\u00a0\u00bb4.18.0&Prime; _module_preset=\u00a0\u00bbdefault\u00a0\u00bb global_colors_info=\u00a0\u00bb{}\u00a0\u00bb][et_pb_blurb title=\u00a0\u00bbAdresse\u00a0\u00bb use_icon=\u00a0\u00bbon\u00a0\u00bb font_icon=\u00a0\u00bb&#xe074;||divi||400&Prime; icon_color=\u00a0\u00bb#FFFFFF\u00a0\u00bb image_icon_background_color=\u00a0\u00bbRGBA(255,255,255,0)\u00a0\u00bb image_icon_width=\u00a0\u00bb65px\u00a0\u00bb image_icon_width_tablet=\u00a0\u00bb85px\u00a0\u00bb image_icon_width_phone=\u00a0\u00bb68px\u00a0\u00bb image_icon_width_last_edited=\u00a0\u00bbon|phone\u00a0\u00bb _builder_version=\u00a0\u00bb4.18.0&Prime; _module_preset=\u00a0\u00bbdefault\u00a0\u00bb header_level=\u00a0\u00bbh2&Prime; header_text_align=\u00a0\u00bbcenter\u00a0\u00bb header_text_color=\u00a0\u00bb#FFFFFF\u00a0\u00bb header_font_size=\u00a0\u00bb38px\u00a0\u00bb body_font_size=\u00a0\u00bb20px\u00a0\u00bb body_line_height=\u00a0\u00bb1.8em\u00a0\u00bb text_orientation=\u00a0\u00bbcenter\u00a0\u00bb module_alignment=\u00a0\u00bbright\u00a0\u00bb custom_margin=\u00a0\u00bb0px||||false|false\u00a0\u00bb custom_padding=\u00a0\u00bb0px||||false|false\u00a0\u00bb animation_style=\u00a0\u00bbfade\u00a0\u00bb header_font_size_tablet=\u00a0\u00bb38px\u00a0\u00bb header_font_size_phone=\u00a0\u00bb48px\u00a0\u00bb header_font_size_last_edited=\u00a0\u00bbon|phone\u00a0\u00bb body_font_size_tablet=\u00a0\u00bb16px\u00a0\u00bb body_font_size_phone=\u00a0\u00bb16px\u00a0\u00bb body_font_size_last_edited=\u00a0\u00bbon|tablet\u00a0\u00bb global_colors_info=\u00a0\u00bb{}\u00a0\u00bb]<\/p>\n<p style=\"text-align: center;\"><span style=\"color: #ffffff;\">Place Pury 7<br \/><\/span><span style=\"color: #ffffff;\">2000 Neuch\u00e2tel<\/span><\/p>\n<p>[\/et_pb_blurb][\/et_pb_column][et_pb_column type=\u00a0\u00bb1_3&Prime; _builder_version=\u00a0\u00bb4.18.0&Prime; _module_preset=\u00a0\u00bbdefault\u00a0\u00bb global_colors_info=\u00a0\u00bb{}\u00a0\u00bb][et_pb_blurb title=\u00a0\u00bbContact\u00a0\u00bb use_icon=\u00a0\u00bbon\u00a0\u00bb font_icon=\u00a0\u00bb&#xf87b;||fa||900&Prime; icon_color=\u00a0\u00bb#FFFFFF\u00a0\u00bb image_icon_background_color=\u00a0\u00bbRGBA(255,255,255,0)\u00a0\u00bb image_icon_width=\u00a0\u00bb65px\u00a0\u00bb image_icon_width_tablet=\u00a0\u00bb85px\u00a0\u00bb image_icon_width_phone=\u00a0\u00bb68px\u00a0\u00bb image_icon_width_last_edited=\u00a0\u00bbon|phone\u00a0\u00bb _builder_version=\u00a0\u00bb4.18.0&Prime; _module_preset=\u00a0\u00bbdefault\u00a0\u00bb header_level=\u00a0\u00bbh2&Prime; header_text_align=\u00a0\u00bbcenter\u00a0\u00bb header_text_color=\u00a0\u00bb#FFFFFF\u00a0\u00bb header_font_size=\u00a0\u00bb38px\u00a0\u00bb body_font_size=\u00a0\u00bb20px\u00a0\u00bb body_line_height=\u00a0\u00bb1.8em\u00a0\u00bb text_orientation=\u00a0\u00bbcenter\u00a0\u00bb module_alignment=\u00a0\u00bbright\u00a0\u00bb custom_margin=\u00a0\u00bb0px||||false|false\u00a0\u00bb custom_padding=\u00a0\u00bb0px||||false|false\u00a0\u00bb animation_style=\u00a0\u00bbfade\u00a0\u00bb header_font_size_tablet=\u00a0\u00bb38px\u00a0\u00bb header_font_size_phone=\u00a0\u00bb48px\u00a0\u00bb header_font_size_last_edited=\u00a0\u00bbon|phone\u00a0\u00bb body_font_size_tablet=\u00a0\u00bb16px\u00a0\u00bb body_font_size_phone=\u00a0\u00bb16px\u00a0\u00bb body_font_size_last_edited=\u00a0\u00bbon|phone\u00a0\u00bb global_colors_info=\u00a0\u00bb{}\u00a0\u00bb]<\/p>\n<p><span style=\"color: #ffffff;\"><a href=\"tel:+41327241924\" style=\"color: #ffffff;\">+41 32 724 19 24<\/a><br \/><\/span><span style=\"color: #ffffff;\"><\/span><a href=\"mailto:info@c-d-n.ch\" style=\"color: #ffffff;\"><\/a><a href=\"mailto:info@c-d-n.ch\" style=\"color: #ffffff;\">info@c-d-n.ch<\/a><\/p>\n<p>[\/et_pb_blurb][\/et_pb_column][\/et_pb_row][\/et_pb_section][et_pb_section fb_built=\u00a0\u00bb1&Prime; _builder_version=\u00a0\u00bb4.18.0&Prime; _module_preset=\u00a0\u00bbdefault\u00a0\u00bb min_height=\u00a0\u00bb280px\u00a0\u00bb custom_padding=\u00a0\u00bb0px||29px|||\u00a0\u00bb background_last_edited=\u00a0\u00bbon|phone\u00a0\u00bb background_color_gradient_type_phone=\u00a0\u00bblinear\u00a0\u00bb background_color_gradient_direction_radial_phone=\u00a0\u00bbcenter\u00a0\u00bb da_disable_devices=\u00a0\u00bboff|off|off\u00a0\u00bb locked=\u00a0\u00bboff\u00a0\u00bb global_colors_info=\u00a0\u00bb{}\u00a0\u00bb da_is_popup=\u00a0\u00bboff\u00a0\u00bb da_exit_intent=\u00a0\u00bboff\u00a0\u00bb da_has_close=\u00a0\u00bbon\u00a0\u00bb da_alt_close=\u00a0\u00bboff\u00a0\u00bb da_dark_close=\u00a0\u00bboff\u00a0\u00bb da_not_modal=\u00a0\u00bbon\u00a0\u00bb da_is_singular=\u00a0\u00bboff\u00a0\u00bb da_with_loader=\u00a0\u00bboff\u00a0\u00bb da_has_shadow=\u00a0\u00bbon\u00a0\u00bb][et_pb_row _builder_version=\u00a0\u00bb4.16&Prime; _module_preset=\u00a0\u00bbdefault\u00a0\u00bb custom_padding=\u00a0\u00bb||0px|||\u00a0\u00bb global_colors_info=\u00a0\u00bb{}\u00a0\u00bb][et_pb_column type=\u00a0\u00bb4_4&Prime; _builder_version=\u00a0\u00bb4.16&Prime; _module_preset=\u00a0\u00bbdefault\u00a0\u00bb global_colors_info=\u00a0\u00bb{}\u00a0\u00bb][et_pb_text _builder_version=\u00a0\u00bb4.18.0&Prime; _module_preset=\u00a0\u00bbdefault\u00a0\u00bb header_text_align=\u00a0\u00bbleft\u00a0\u00bb header_2_text_align=\u00a0\u00bbcenter\u00a0\u00bb header_2_font_size=\u00a0\u00bb50px\u00a0\u00bb module_alignment=\u00a0\u00bbcenter\u00a0\u00bb custom_margin=\u00a0\u00bb5%||||false|false\u00a0\u00bb custom_margin_tablet=\u00a0\u00bb10%||||false|false\u00a0\u00bb custom_margin_phone=\u00a0\u00bb10%||||false|false\u00a0\u00bb custom_margin_last_edited=\u00a0\u00bbon|tablet\u00a0\u00bb custom_padding=\u00a0\u00bb||||false|false\u00a0\u00bb animation_style=\u00a0\u00bbfade\u00a0\u00bb global_colors_info=\u00a0\u00bb{}\u00a0\u00bb]<\/p>\n<div class=\"et_pb_module et_pb_text et_pb_text_12  et_pb_text_align_left et_pb_bg_layout_light\">\n<div class=\"et_pb_text_inner\">\n<h2>Traitements dentaires<\/h2>\n<\/div>\n<\/div>\n<div class=\"et_pb_module et_pb_text et_pb_text_13  et_pb_text_align_left et_pb_bg_layout_light\">\n<div class=\"et_pb_text_inner\"><\/div>\n<\/div>\n<p>[\/et_pb_text][\/et_pb_column][\/et_pb_row][et_pb_row column_structure=\u00a0\u00bb1_4,1_4,1_4,1_4&Prime; _builder_version=\u00a0\u00bb4.18.0&Prime; _module_preset=\u00a0\u00bbdefault\u00a0\u00bb custom_padding=\u00a0\u00bb||0px|||\u00a0\u00bb animation_style=\u00a0\u00bbfade\u00a0\u00bb locked=\u00a0\u00bboff\u00a0\u00bb global_colors_info=\u00a0\u00bb{}\u00a0\u00bb][et_pb_column type=\u00a0\u00bb1_4&Prime; _builder_version=\u00a0\u00bb4.16&Prime; _module_preset=\u00a0\u00bbdefault\u00a0\u00bb global_colors_info=\u00a0\u00bb{}\u00a0\u00bb][et_pb_blurb title=\u00a0\u00bbEsth\u00e9tique Dentaire\u00a0\u00bb url=\u00a0\u00bb@ET-DC@eyJkeW5hbWljIjp0cnVlLCJjb250ZW50IjoicG9zdF9saW5rX3VybF9wYWdlIiwic2V0dGluZ3MiOnsicG9zdF9pZCI6IjQwIn19@\u00a0\u00bb alt=\u00a0\u00bbSoins des caries\u00a0\u00bb icon_placement=\u00a0\u00bbleft\u00a0\u00bb icon_placement_tablet=\u00a0\u00bb\u00a0\u00bb icon_placement_phone=\u00a0\u00bbleft\u00a0\u00bb icon_placement_last_edited=\u00a0\u00bbon|phone\u00a0\u00bb _builder_version=\u00a0\u00bb4.23.1&Prime; _dynamic_attributes=\u00a0\u00bburl\u00a0\u00bb _module_preset=\u00a0\u00bbdefault\u00a0\u00bb header_font=\u00a0\u00bb||||||||\u00a0\u00bb header_text_align=\u00a0\u00bbleft\u00a0\u00bb header_font_size=\u00a0\u00bb20px\u00a0\u00bb text_orientation=\u00a0\u00bbcenter\u00a0\u00bb header_text_align_tablet=\u00a0\u00bbcenter\u00a0\u00bb header_text_align_phone=\u00a0\u00bbcenter\u00a0\u00bb header_text_align_last_edited=\u00a0\u00bbon|phone\u00a0\u00bb header_font_size_tablet=\u00a0\u00bb\u00a0\u00bb header_font_size_phone=\u00a0\u00bb14px\u00a0\u00bb header_font_size_last_edited=\u00a0\u00bbon|phone\u00a0\u00bb global_colors_info=\u00a0\u00bb{}\u00a0\u00bb filter_opacity__hover_enabled=\u00a0\u00bbon|hover\u00a0\u00bb filter_opacity__hover=\u00a0\u00bb40%\u00a0\u00bb][\/et_pb_blurb][\/et_pb_column][et_pb_column type=\u00a0\u00bb1_4&Prime; _builder_version=\u00a0\u00bb4.16&Prime; _module_preset=\u00a0\u00bbdefault\u00a0\u00bb global_colors_info=\u00a0\u00bb{}\u00a0\u00bb][et_pb_blurb title=\u00a0\u00bbImplantologie Traditionnelle\u00a0\u00bb url=\u00a0\u00bb@ET-DC@eyJkeW5hbWljIjp0cnVlLCJjb250ZW50IjoicG9zdF9saW5rX3VybF9wYWdlIiwic2V0dGluZ3MiOnsicG9zdF9pZCI6IjE2In19@\u00a0\u00bb alt=\u00a0\u00bbTraitement de racine\u00a0\u00bb icon_placement=\u00a0\u00bbleft\u00a0\u00bb icon_placement_tablet=\u00a0\u00bb\u00a0\u00bb icon_placement_phone=\u00a0\u00bbleft\u00a0\u00bb icon_placement_last_edited=\u00a0\u00bbon|phone\u00a0\u00bb _builder_version=\u00a0\u00bb4.23.1&Prime; _dynamic_attributes=\u00a0\u00bburl\u00a0\u00bb _module_preset=\u00a0\u00bbdefault\u00a0\u00bb header_font=\u00a0\u00bb||||||||\u00a0\u00bb header_text_align=\u00a0\u00bbleft\u00a0\u00bb header_font_size=\u00a0\u00bb20px\u00a0\u00bb text_orientation=\u00a0\u00bbcenter\u00a0\u00bb header_text_align_tablet=\u00a0\u00bbcenter\u00a0\u00bb header_text_align_phone=\u00a0\u00bbcenter\u00a0\u00bb header_text_align_last_edited=\u00a0\u00bbon|phone\u00a0\u00bb header_font_size_tablet=\u00a0\u00bb\u00a0\u00bb header_font_size_phone=\u00a0\u00bb14px\u00a0\u00bb header_font_size_last_edited=\u00a0\u00bbon|phone\u00a0\u00bb global_colors_info=\u00a0\u00bb{}\u00a0\u00bb filter_opacity__hover_enabled=\u00a0\u00bbon|hover\u00a0\u00bb filter_opacity__hover=\u00a0\u00bb40%\u00a0\u00bb][\/et_pb_blurb][\/et_pb_column][et_pb_column type=\u00a0\u00bb1_4&Prime; _builder_version=\u00a0\u00bb4.16&Prime; _module_preset=\u00a0\u00bbdefault\u00a0\u00bb global_colors_info=\u00a0\u00bb{}\u00a0\u00bb][et_pb_blurb title=\u00a0\u00bbParodontologie\u00a0\u00bb url=\u00a0\u00bb@ET-DC@eyJkeW5hbWljIjp0cnVlLCJjb250ZW50IjoicG9zdF9saW5rX3VybF9wYWdlIiwic2V0dGluZ3MiOnsicG9zdF9pZCI6IjIyIn19@\u00a0\u00bb alt=\u00a0\u00bbSoins aux enfants\u00a0\u00bb icon_placement=\u00a0\u00bbleft\u00a0\u00bb icon_placement_tablet=\u00a0\u00bb\u00a0\u00bb icon_placement_phone=\u00a0\u00bbleft\u00a0\u00bb icon_placement_last_edited=\u00a0\u00bbon|phone\u00a0\u00bb _builder_version=\u00a0\u00bb4.18.0&Prime; _dynamic_attributes=\u00a0\u00bburl\u00a0\u00bb _module_preset=\u00a0\u00bbdefault\u00a0\u00bb header_font=\u00a0\u00bb||||||||\u00a0\u00bb header_text_align=\u00a0\u00bbleft\u00a0\u00bb header_font_size=\u00a0\u00bb20px\u00a0\u00bb text_orientation=\u00a0\u00bbcenter\u00a0\u00bb header_text_align_tablet=\u00a0\u00bbcenter\u00a0\u00bb header_text_align_phone=\u00a0\u00bbcenter\u00a0\u00bb header_text_align_last_edited=\u00a0\u00bbon|phone\u00a0\u00bb header_font_size_tablet=\u00a0\u00bb\u00a0\u00bb header_font_size_phone=\u00a0\u00bb14px\u00a0\u00bb header_font_size_last_edited=\u00a0\u00bbon|phone\u00a0\u00bb global_colors_info=\u00a0\u00bb{}\u00a0\u00bb filter_opacity__hover_enabled=\u00a0\u00bbon|hover\u00a0\u00bb filter_opacity__hover=\u00a0\u00bb40%\u00a0\u00bb][\/et_pb_blurb][\/et_pb_column][et_pb_column type=\u00a0\u00bb1_4&Prime; _builder_version=\u00a0\u00bb4.16&Prime; _module_preset=\u00a0\u00bbdefault\u00a0\u00bb global_colors_info=\u00a0\u00bb{}\u00a0\u00bb][et_pb_blurb title=\u00a0\u00bbChirugie orale\u00a0\u00bb url=\u00a0\u00bb@ET-DC@eyJkeW5hbWljIjp0cnVlLCJjb250ZW50IjoicG9zdF9saW5rX3VybF9wYWdlIiwic2V0dGluZ3MiOnsicG9zdF9pZCI6IjkxNCJ9fQ==@\u00a0\u00bb alt=\u00a0\u00bbD\u00e9tartrage et blanchiment\u00a0\u00bb icon_placement=\u00a0\u00bbleft\u00a0\u00bb icon_placement_tablet=\u00a0\u00bb\u00a0\u00bb icon_placement_phone=\u00a0\u00bbleft\u00a0\u00bb icon_placement_last_edited=\u00a0\u00bbon|phone\u00a0\u00bb _builder_version=\u00a0\u00bb4.23.1&Prime; _dynamic_attributes=\u00a0\u00bburl\u00a0\u00bb _module_preset=\u00a0\u00bbdefault\u00a0\u00bb header_font=\u00a0\u00bb||||||||\u00a0\u00bb header_text_align=\u00a0\u00bbleft\u00a0\u00bb header_font_size=\u00a0\u00bb20px\u00a0\u00bb text_orientation=\u00a0\u00bbcenter\u00a0\u00bb header_text_align_tablet=\u00a0\u00bbcenter\u00a0\u00bb header_text_align_phone=\u00a0\u00bbcenter\u00a0\u00bb header_text_align_last_edited=\u00a0\u00bbon|phone\u00a0\u00bb header_font_size_tablet=\u00a0\u00bb\u00a0\u00bb header_font_size_phone=\u00a0\u00bb14px\u00a0\u00bb header_font_size_last_edited=\u00a0\u00bbon|phone\u00a0\u00bb global_colors_info=\u00a0\u00bb{}\u00a0\u00bb filter_opacity__hover_enabled=\u00a0\u00bbon|hover\u00a0\u00bb filter_opacity__hover=\u00a0\u00bb40%\u00a0\u00bb][\/et_pb_blurb][\/et_pb_column][\/et_pb_row][et_pb_row column_structure=\u00a0\u00bb1_4,1_4,1_4,1_4&Prime; _builder_version=\u00a0\u00bb4.18.0&Prime; _module_preset=\u00a0\u00bbdefault\u00a0\u00bb custom_padding=\u00a0\u00bb||0px|||\u00a0\u00bb animation_style=\u00a0\u00bbfade\u00a0\u00bb global_colors_info=\u00a0\u00bb{}\u00a0\u00bb][et_pb_column type=\u00a0\u00bb1_4&Prime; _builder_version=\u00a0\u00bb4.16&Prime; _module_preset=\u00a0\u00bbdefault\u00a0\u00bb global_colors_info=\u00a0\u00bb{}\u00a0\u00bb][et_pb_blurb title=\u00a0\u00bbSoins des caries\u00a0\u00bb url=\u00a0\u00bb@ET-DC@eyJkeW5hbWljIjp0cnVlLCJjb250ZW50IjoicG9zdF9saW5rX3VybF9wYWdlIiwic2V0dGluZ3MiOnsicG9zdF9pZCI6IjIwIn19@\u00a0\u00bb alt=\u00a0\u00bbSoins des caries\u00a0\u00bb icon_placement=\u00a0\u00bbleft\u00a0\u00bb icon_placement_tablet=\u00a0\u00bb\u00a0\u00bb icon_placement_phone=\u00a0\u00bbleft\u00a0\u00bb icon_placement_last_edited=\u00a0\u00bbon|phone\u00a0\u00bb _builder_version=\u00a0\u00bb4.18.0&Prime; _dynamic_attributes=\u00a0\u00bburl\u00a0\u00bb _module_preset=\u00a0\u00bbdefault\u00a0\u00bb header_font=\u00a0\u00bb||||||||\u00a0\u00bb header_text_align=\u00a0\u00bbleft\u00a0\u00bb header_font_size=\u00a0\u00bb20px\u00a0\u00bb text_orientation=\u00a0\u00bbcenter\u00a0\u00bb header_text_align_tablet=\u00a0\u00bbcenter\u00a0\u00bb header_text_align_phone=\u00a0\u00bbcenter\u00a0\u00bb header_text_align_last_edited=\u00a0\u00bbon|phone\u00a0\u00bb header_font_size_tablet=\u00a0\u00bb\u00a0\u00bb header_font_size_phone=\u00a0\u00bb14px\u00a0\u00bb header_font_size_last_edited=\u00a0\u00bbon|phone\u00a0\u00bb global_colors_info=\u00a0\u00bb{}\u00a0\u00bb filter_opacity__hover_enabled=\u00a0\u00bbon|hover\u00a0\u00bb filter_opacity__hover=\u00a0\u00bb40%\u00a0\u00bb][\/et_pb_blurb][\/et_pb_column][et_pb_column type=\u00a0\u00bb1_4&Prime; _builder_version=\u00a0\u00bb4.16&Prime; _module_preset=\u00a0\u00bbdefault\u00a0\u00bb global_colors_info=\u00a0\u00bb{}\u00a0\u00bb][et_pb_blurb title=\u00a0\u00bbTraitement de racine\u00a0\u00bb url=\u00a0\u00bb@ET-DC@eyJkeW5hbWljIjp0cnVlLCJjb250ZW50IjoicG9zdF9saW5rX3VybF9wYWdlIiwic2V0dGluZ3MiOnsicG9zdF9pZCI6IjkyNCJ9fQ==@\u00a0\u00bb alt=\u00a0\u00bbTraitement de racine\u00a0\u00bb icon_placement=\u00a0\u00bbleft\u00a0\u00bb icon_placement_tablet=\u00a0\u00bb\u00a0\u00bb icon_placement_phone=\u00a0\u00bbleft\u00a0\u00bb icon_placement_last_edited=\u00a0\u00bbon|phone\u00a0\u00bb _builder_version=\u00a0\u00bb4.18.0&Prime; _dynamic_attributes=\u00a0\u00bburl\u00a0\u00bb _module_preset=\u00a0\u00bbdefault\u00a0\u00bb header_font=\u00a0\u00bb||||||||\u00a0\u00bb header_text_align=\u00a0\u00bbleft\u00a0\u00bb header_font_size=\u00a0\u00bb20px\u00a0\u00bb text_orientation=\u00a0\u00bbcenter\u00a0\u00bb header_text_align_tablet=\u00a0\u00bbcenter\u00a0\u00bb header_text_align_phone=\u00a0\u00bbcenter\u00a0\u00bb header_text_align_last_edited=\u00a0\u00bbon|phone\u00a0\u00bb header_font_size_tablet=\u00a0\u00bb\u00a0\u00bb header_font_size_phone=\u00a0\u00bb14px\u00a0\u00bb header_font_size_last_edited=\u00a0\u00bbon|phone\u00a0\u00bb global_colors_info=\u00a0\u00bb{}\u00a0\u00bb filter_opacity__hover_enabled=\u00a0\u00bbon|hover\u00a0\u00bb filter_opacity__hover=\u00a0\u00bb40%\u00a0\u00bb][\/et_pb_blurb][\/et_pb_column][et_pb_column type=\u00a0\u00bb1_4&Prime; _builder_version=\u00a0\u00bb4.16&Prime; _module_preset=\u00a0\u00bbdefault\u00a0\u00bb global_colors_info=\u00a0\u00bb{}\u00a0\u00bb][et_pb_blurb title=\u00a0\u00bbSoins aux enfants\u00a0\u00bb url=\u00a0\u00bb@ET-DC@eyJkeW5hbWljIjp0cnVlLCJjb250ZW50IjoicG9zdF9saW5rX3VybF9wYWdlIiwic2V0dGluZ3MiOnsicG9zdF9pZCI6IjkzMiJ9fQ==@\u00a0\u00bb alt=\u00a0\u00bbSoins aux enfants\u00a0\u00bb icon_placement=\u00a0\u00bbleft\u00a0\u00bb icon_placement_tablet=\u00a0\u00bb\u00a0\u00bb icon_placement_phone=\u00a0\u00bbleft\u00a0\u00bb icon_placement_last_edited=\u00a0\u00bbon|phone\u00a0\u00bb _builder_version=\u00a0\u00bb4.18.0&Prime; _dynamic_attributes=\u00a0\u00bburl\u00a0\u00bb _module_preset=\u00a0\u00bbdefault\u00a0\u00bb header_font=\u00a0\u00bb||||||||\u00a0\u00bb header_text_align=\u00a0\u00bbleft\u00a0\u00bb header_font_size=\u00a0\u00bb20px\u00a0\u00bb text_orientation=\u00a0\u00bbcenter\u00a0\u00bb header_text_align_tablet=\u00a0\u00bbcenter\u00a0\u00bb header_text_align_phone=\u00a0\u00bbcenter\u00a0\u00bb header_text_align_last_edited=\u00a0\u00bbon|phone\u00a0\u00bb header_font_size_tablet=\u00a0\u00bb\u00a0\u00bb header_font_size_phone=\u00a0\u00bb14px\u00a0\u00bb header_font_size_last_edited=\u00a0\u00bbon|phone\u00a0\u00bb global_colors_info=\u00a0\u00bb{}\u00a0\u00bb filter_opacity__hover_enabled=\u00a0\u00bbon|hover\u00a0\u00bb filter_opacity__hover=\u00a0\u00bb40%\u00a0\u00bb][\/et_pb_blurb][\/et_pb_column][et_pb_column type=\u00a0\u00bb1_4&Prime; _builder_version=\u00a0\u00bb4.16&Prime; _module_preset=\u00a0\u00bbdefault\u00a0\u00bb global_colors_info=\u00a0\u00bb{}\u00a0\u00bb][et_pb_blurb title=\u00a0\u00bbD\u00e9tartrage et blanchiment\u00a0\u00bb url=\u00a0\u00bb@ET-DC@eyJkeW5hbWljIjp0cnVlLCJjb250ZW50IjoicG9zdF9saW5rX3VybF9wYWdlIiwic2V0dGluZ3MiOnsicG9zdF9pZCI6IjkzNyJ9fQ==@\u00a0\u00bb alt=\u00a0\u00bbD\u00e9tartrage et blanchiment\u00a0\u00bb icon_placement=\u00a0\u00bbleft\u00a0\u00bb icon_placement_tablet=\u00a0\u00bb\u00a0\u00bb icon_placement_phone=\u00a0\u00bbleft\u00a0\u00bb icon_placement_last_edited=\u00a0\u00bbon|phone\u00a0\u00bb _builder_version=\u00a0\u00bb4.18.0&Prime; _dynamic_attributes=\u00a0\u00bburl\u00a0\u00bb _module_preset=\u00a0\u00bbdefault\u00a0\u00bb header_font=\u00a0\u00bb||||||||\u00a0\u00bb header_text_align=\u00a0\u00bbleft\u00a0\u00bb header_font_size=\u00a0\u00bb20px\u00a0\u00bb text_orientation=\u00a0\u00bbcenter\u00a0\u00bb header_text_align_tablet=\u00a0\u00bbcenter\u00a0\u00bb header_text_align_phone=\u00a0\u00bbcenter\u00a0\u00bb header_text_align_last_edited=\u00a0\u00bbon|phone\u00a0\u00bb header_font_size_tablet=\u00a0\u00bb\u00a0\u00bb header_font_size_phone=\u00a0\u00bb14px\u00a0\u00bb header_font_size_last_edited=\u00a0\u00bbon|phone\u00a0\u00bb global_colors_info=\u00a0\u00bb{}\u00a0\u00bb filter_opacity__hover_enabled=\u00a0\u00bbon|hover\u00a0\u00bb filter_opacity__hover=\u00a0\u00bb40%\u00a0\u00bb][\/et_pb_blurb][\/et_pb_column][\/et_pb_row][et_pb_row column_structure=\u00a0\u00bb1_4,1_4,1_4,1_4&Prime; _builder_version=\u00a0\u00bb4.18.0&Prime; _module_preset=\u00a0\u00bbdefault\u00a0\u00bb custom_padding=\u00a0\u00bb||0px|||\u00a0\u00bb animation_style=\u00a0\u00bbfade\u00a0\u00bb global_colors_info=\u00a0\u00bb{}\u00a0\u00bb][et_pb_column type=\u00a0\u00bb1_4&Prime; _builder_version=\u00a0\u00bb4.16&Prime; _module_preset=\u00a0\u00bbdefault\u00a0\u00bb global_colors_info=\u00a0\u00bb{}\u00a0\u00bb][et_pb_blurb title=\u00a0\u00bbProth\u00e8se dentaire\u00a0\u00bb url=\u00a0\u00bb@ET-DC@eyJkeW5hbWljIjp0cnVlLCJjb250ZW50IjoicG9zdF9saW5rX3VybF9wYWdlIiwic2V0dGluZ3MiOnsicG9zdF9pZCI6Ijk0MyJ9fQ==@\u00a0\u00bb alt=\u00a0\u00bbProth\u00e8se dentaire fix\u00e9es\u00a0\u00bb icon_placement=\u00a0\u00bbleft\u00a0\u00bb icon_placement_tablet=\u00a0\u00bb\u00a0\u00bb icon_placement_phone=\u00a0\u00bbleft\u00a0\u00bb icon_placement_last_edited=\u00a0\u00bbon|phone\u00a0\u00bb _builder_version=\u00a0\u00bb4.18.0&Prime; _dynamic_attributes=\u00a0\u00bburl\u00a0\u00bb _module_preset=\u00a0\u00bbdefault\u00a0\u00bb header_font=\u00a0\u00bb||||||||\u00a0\u00bb header_text_align=\u00a0\u00bbleft\u00a0\u00bb header_font_size=\u00a0\u00bb20px\u00a0\u00bb text_orientation=\u00a0\u00bbcenter\u00a0\u00bb header_text_align_tablet=\u00a0\u00bbcenter\u00a0\u00bb header_text_align_phone=\u00a0\u00bbcenter\u00a0\u00bb header_text_align_last_edited=\u00a0\u00bbon|phone\u00a0\u00bb header_font_size_tablet=\u00a0\u00bb\u00a0\u00bb header_font_size_phone=\u00a0\u00bb14px\u00a0\u00bb header_font_size_last_edited=\u00a0\u00bbon|phone\u00a0\u00bb global_colors_info=\u00a0\u00bb{}\u00a0\u00bb filter_opacity__hover_enabled=\u00a0\u00bbon|hover\u00a0\u00bb filter_opacity__hover=\u00a0\u00bb40%\u00a0\u00bb][\/et_pb_blurb][\/et_pb_column][et_pb_column type=\u00a0\u00bb1_4&Prime; _builder_version=\u00a0\u00bb4.16&Prime; _module_preset=\u00a0\u00bbdefault\u00a0\u00bb global_colors_info=\u00a0\u00bb{}\u00a0\u00bb][et_pb_blurb title=\u00a0\u00bbTroubles de l&rsquo;ATM\u00a0\u00bb url=\u00a0\u00bb@ET-DC@eyJkeW5hbWljIjp0cnVlLCJjb250ZW50IjoicG9zdF9saW5rX3VybF9wYWdlIiwic2V0dGluZ3MiOnsicG9zdF9pZCI6Ijk4MiJ9fQ==@\u00a0\u00bb alt=\u00a0\u00bbTraitement articulation\u00a0\u00bb icon_placement=\u00a0\u00bbleft\u00a0\u00bb icon_placement_tablet=\u00a0\u00bb\u00a0\u00bb icon_placement_phone=\u00a0\u00bbleft\u00a0\u00bb icon_placement_last_edited=\u00a0\u00bbon|phone\u00a0\u00bb _builder_version=\u00a0\u00bb4.18.0&Prime; _dynamic_attributes=\u00a0\u00bburl\u00a0\u00bb _module_preset=\u00a0\u00bbdefault\u00a0\u00bb header_font=\u00a0\u00bb||||||||\u00a0\u00bb header_text_align=\u00a0\u00bbleft\u00a0\u00bb header_font_size=\u00a0\u00bb20px\u00a0\u00bb text_orientation=\u00a0\u00bbcenter\u00a0\u00bb header_text_align_tablet=\u00a0\u00bbcenter\u00a0\u00bb header_text_align_phone=\u00a0\u00bbcenter\u00a0\u00bb header_text_align_last_edited=\u00a0\u00bbon|phone\u00a0\u00bb header_font_size_tablet=\u00a0\u00bb\u00a0\u00bb header_font_size_phone=\u00a0\u00bb14px\u00a0\u00bb header_font_size_last_edited=\u00a0\u00bbon|phone\u00a0\u00bb global_colors_info=\u00a0\u00bb{}\u00a0\u00bb filter_opacity__hover_enabled=\u00a0\u00bbon|hover\u00a0\u00bb filter_opacity__hover=\u00a0\u00bb40%\u00a0\u00bb][\/et_pb_blurb][\/et_pb_column][et_pb_column type=\u00a0\u00bb1_4&Prime; _builder_version=\u00a0\u00bb4.16&Prime; _module_preset=\u00a0\u00bbdefault\u00a0\u00bb global_colors_info=\u00a0\u00bb{}\u00a0\u00bb][et_pb_blurb title=\u00a0\u00bbTraitement du bruxisme\u00a0\u00bb url=\u00a0\u00bb@ET-DC@eyJkeW5hbWljIjp0cnVlLCJjb250ZW50IjoicG9zdF9saW5rX3VybF9wYWdlIiwic2V0dGluZ3MiOnsicG9zdF9pZCI6Ijk4OSJ9fQ==@\u00a0\u00bb alt=\u00a0\u00bbTraitement bruxisme\u00a0\u00bb icon_placement=\u00a0\u00bbleft\u00a0\u00bb icon_placement_tablet=\u00a0\u00bb\u00a0\u00bb icon_placement_phone=\u00a0\u00bbleft\u00a0\u00bb icon_placement_last_edited=\u00a0\u00bbon|phone\u00a0\u00bb _builder_version=\u00a0\u00bb4.18.0&Prime; _dynamic_attributes=\u00a0\u00bburl\u00a0\u00bb _module_preset=\u00a0\u00bbdefault\u00a0\u00bb header_font=\u00a0\u00bb||||||||\u00a0\u00bb header_text_align=\u00a0\u00bbleft\u00a0\u00bb header_font_size=\u00a0\u00bb20px\u00a0\u00bb text_orientation=\u00a0\u00bbcenter\u00a0\u00bb header_text_align_tablet=\u00a0\u00bbcenter\u00a0\u00bb header_text_align_phone=\u00a0\u00bbcenter\u00a0\u00bb header_text_align_last_edited=\u00a0\u00bbon|phone\u00a0\u00bb header_font_size_tablet=\u00a0\u00bb\u00a0\u00bb header_font_size_phone=\u00a0\u00bb14px\u00a0\u00bb header_font_size_last_edited=\u00a0\u00bbon|phone\u00a0\u00bb global_colors_info=\u00a0\u00bb{}\u00a0\u00bb filter_opacity__hover_enabled=\u00a0\u00bbon|hover\u00a0\u00bb filter_opacity__hover=\u00a0\u00bb40%\u00a0\u00bb][\/et_pb_blurb][\/et_pb_column][et_pb_column type=\u00a0\u00bb1_4&Prime; _builder_version=\u00a0\u00bb4.16&Prime; _module_preset=\u00a0\u00bbdefault\u00a0\u00bb global_colors_info=\u00a0\u00bb{}\u00a0\u00bb][et_pb_blurb title=\u00a0\u00bbApn\u00e9es du sommeil\u00a0\u00bb url=\u00a0\u00bb@ET-DC@eyJkeW5hbWljIjp0cnVlLCJjb250ZW50IjoicG9zdF9saW5rX3VybF9wYWdlIiwic2V0dGluZ3MiOnsicG9zdF9pZCI6IjEwMTEifX0=@\u00a0\u00bb alt=\u00a0\u00bbOrth\u00e8se d\u2019avanc\u00e9e mandibulaire NARVAL\u00a0\u00bb icon_placement=\u00a0\u00bbleft\u00a0\u00bb icon_placement_tablet=\u00a0\u00bb\u00a0\u00bb icon_placement_phone=\u00a0\u00bbleft\u00a0\u00bb icon_placement_last_edited=\u00a0\u00bbon|phone\u00a0\u00bb _builder_version=\u00a0\u00bb4.18.0&Prime; _dynamic_attributes=\u00a0\u00bburl\u00a0\u00bb _module_preset=\u00a0\u00bbdefault\u00a0\u00bb header_font=\u00a0\u00bb||||||||\u00a0\u00bb header_text_align=\u00a0\u00bbleft\u00a0\u00bb header_font_size=\u00a0\u00bb20px\u00a0\u00bb text_orientation=\u00a0\u00bbcenter\u00a0\u00bb header_text_align_tablet=\u00a0\u00bbcenter\u00a0\u00bb header_text_align_phone=\u00a0\u00bbcenter\u00a0\u00bb header_text_align_last_edited=\u00a0\u00bbon|phone\u00a0\u00bb header_font_size_tablet=\u00a0\u00bb\u00a0\u00bb header_font_size_phone=\u00a0\u00bb14px\u00a0\u00bb header_font_size_last_edited=\u00a0\u00bbon|phone\u00a0\u00bb global_colors_info=\u00a0\u00bb{}\u00a0\u00bb filter_opacity__hover_enabled=\u00a0\u00bbon|hover\u00a0\u00bb filter_opacity__hover=\u00a0\u00bb40%\u00a0\u00bb][\/et_pb_blurb][\/et_pb_column][\/et_pb_row][\/et_pb_section]<\/p>\n","protected":false},"excerpt":{"rendered":"<p>Apn\u00e9es du sommeilLe confort de l&rsquo;Orth\u00e8se Narval pour des nuits r\u00e9paratrices. Lib\u00e9rez votre respiration avec l&rsquo;Orth\u00e8se Narval Lorsqu\u2019on souffre de SAOS (Syndrome de l\u2019Apn\u00e9e Obstructive du Sommeil), les voies a\u00e9riennes sup\u00e9rieures se retrouvent obstru\u00e9es durant le sommeil sans que le dormeur ne s\u2019en rende compte. Il s\u2019en suit des r\u00e9veils fr\u00e9quents et brefs durant la [&hellip;]<\/p>\n","protected":false},"author":1,"featured_media":648,"parent":0,"menu_order":0,"comment_status":"open","ping_status":"closed","template":"","meta":{"_et_pb_use_builder":"on","_et_pb_old_content":"La parodontite est une maladie d'origine bact\u00e9rienne caus\u00e9e par le tartre provoquant la destruction des tissus de soutien de la dent (gencives, os, ligaments et c\u00e9ment).Le traitement consiste \u00e0 nettoyer la surface radiculaire des dents (d\u00e9tartrage en profondeur) diminuant le saignement, la douleur et la mobilit\u00e9 des dents.","_et_gb_content_width":"","footnotes":""},"class_list":["post-1011","page","type-page","status-publish","has-post-thumbnail","hentry"],"yoast_head":"<!-- This site is optimized with the Yoast SEO plugin v26.8 - https:\/\/yoast.com\/product\/yoast-seo-wordpress\/ -->\n<title>Apn\u00e9es du sommeil | Clinique Dentaire de Neuch\u00e2tel | Dentiste d&#039;urgence | Maux | apn\u00e9e<\/title>\n<meta name=\"description\" content=\"Lorsqu\u2019on souffre de SAOS (Syndrome de l\u2019Apn\u00e9e Obstructive du Sommeil), les voies a\u00e9riennes sup\u00e9rieures se retrouvent obstru\u00e9es durant le sommeil sans que le dormeur ne s\u2019en rende compte. Il s\u2019en suit des r\u00e9veils fr\u00e9quents et brefs durant la nuit. Cela se manifeste le plus fr\u00e9quemment par une somnolence durant la journ\u00e9e, maux de t\u00eate et bouche s\u00e8che au r\u00e9veil, perte de m\u00e9moire et difficult\u00e9 \u00e0 se concentrer.L\u2019OAM est une orth\u00e8se se pr\u00e9sentant sous forme de goutti\u00e8res qui maintiennent la m\u00e2choire inf\u00e9rieure en position l\u00e9g\u00e8rement avanc\u00e9e afin de lib\u00e9rer les voies a\u00e9riennes sup\u00e9rieures permettant un meilleur passage d\u2019air.\" \/>\n<meta name=\"robots\" content=\"index, follow, max-snippet:-1, max-image-preview:large, max-video-preview:-1\" \/>\n<link rel=\"canonical\" href=\"https:\/\/www.cliniquedentairedeneuchatel.ch\/de\/apnee-du-sommeil\/\" \/>\n<meta property=\"og:locale\" content=\"de_DE\" \/>\n<meta property=\"og:type\" content=\"article\" \/>\n<meta property=\"og:title\" content=\"Apn\u00e9es du sommeil | Clinique Dentaire de Neuch\u00e2tel | Dentiste d&#039;urgence | Maux | apn\u00e9e\" \/>\n<meta property=\"og:description\" content=\"Lorsqu\u2019on souffre de SAOS (Syndrome de l\u2019Apn\u00e9e Obstructive du Sommeil), les voies a\u00e9riennes sup\u00e9rieures se retrouvent obstru\u00e9es durant le sommeil sans que le dormeur ne s\u2019en rende compte. Il s\u2019en suit des r\u00e9veils fr\u00e9quents et brefs durant la nuit. Cela se manifeste le plus fr\u00e9quemment par une somnolence durant la journ\u00e9e, maux de t\u00eate et bouche s\u00e8che au r\u00e9veil, perte de m\u00e9moire et difficult\u00e9 \u00e0 se concentrer.L\u2019OAM est une orth\u00e8se se pr\u00e9sentant sous forme de goutti\u00e8res qui maintiennent la m\u00e2choire inf\u00e9rieure en position l\u00e9g\u00e8rement avanc\u00e9e afin de lib\u00e9rer les voies a\u00e9riennes sup\u00e9rieures permettant un meilleur passage d\u2019air.\" \/>\n<meta property=\"og:url\" content=\"https:\/\/www.cliniquedentairedeneuchatel.ch\/de\/apnee-du-sommeil\/\" \/>\n<meta property=\"og:site_name\" content=\"Clinique Dentaire de Neuch\u00e2tel | Dentiste d&#039;urgence\" \/>\n<meta property=\"article:publisher\" content=\"https:\/\/www.facebook.com\/cliniquedentaireNeuchatel\" \/>\n<meta property=\"article:modified_time\" content=\"2024-12-09T15:37:13+00:00\" \/>\n<meta property=\"og:image\" content=\"https:\/\/www.cliniquedentairedeneuchatel.ch\/wp-content\/uploads\/Image_Orthese.jpg\" \/>\n\t<meta property=\"og:image:width\" content=\"1024\" \/>\n\t<meta property=\"og:image:height\" content=\"768\" \/>\n\t<meta property=\"og:image:type\" content=\"image\/jpeg\" \/>\n<meta name=\"twitter:card\" content=\"summary_large_image\" \/>\n<meta name=\"twitter:label1\" content=\"Gesch\u00e4tzte Lesezeit\" \/>\n\t<meta name=\"twitter:data1\" content=\"2 Minuten\" \/>\n<script type=\"application\/ld+json\" class=\"yoast-schema-graph\">{\"@context\":\"https:\/\/schema.org\",\"@graph\":[{\"@type\":\"WebPage\",\"@id\":\"https:\/\/www.cliniquedentairedeneuchatel.ch\/apnee-du-sommeil\/\",\"url\":\"https:\/\/www.cliniquedentairedeneuchatel.ch\/apnee-du-sommeil\/\",\"name\":\"Apn\u00e9es du sommeil | Clinique Dentaire de Neuch\u00e2tel | Dentiste d&#039;urgence | Maux | apn\u00e9e\",\"isPartOf\":{\"@id\":\"https:\/\/www.cliniquedentairedeneuchatel.ch\/#website\"},\"primaryImageOfPage\":{\"@id\":\"https:\/\/www.cliniquedentairedeneuchatel.ch\/apnee-du-sommeil\/#primaryimage\"},\"image\":{\"@id\":\"https:\/\/www.cliniquedentairedeneuchatel.ch\/apnee-du-sommeil\/#primaryimage\"},\"thumbnailUrl\":\"https:\/\/www.cliniquedentairedeneuchatel.ch\/wp-content\/uploads\/Image_Orthese.jpg\",\"datePublished\":\"2020-11-18T13:44:43+00:00\",\"dateModified\":\"2024-12-09T15:37:13+00:00\",\"description\":\"Lorsqu\u2019on souffre de SAOS (Syndrome de l\u2019Apn\u00e9e Obstructive du Sommeil), les voies a\u00e9riennes sup\u00e9rieures se retrouvent obstru\u00e9es durant le sommeil sans que le dormeur ne s\u2019en rende compte. Il s\u2019en suit des r\u00e9veils fr\u00e9quents et brefs durant la nuit. Cela se manifeste le plus fr\u00e9quemment par une somnolence durant la journ\u00e9e, maux de t\u00eate et bouche s\u00e8che au r\u00e9veil, perte de m\u00e9moire et difficult\u00e9 \u00e0 se concentrer.L\u2019OAM est une orth\u00e8se se pr\u00e9sentant sous forme de goutti\u00e8res qui maintiennent la m\u00e2choire inf\u00e9rieure en position l\u00e9g\u00e8rement avanc\u00e9e afin de lib\u00e9rer les voies a\u00e9riennes sup\u00e9rieures permettant un meilleur passage d\u2019air.\",\"breadcrumb\":{\"@id\":\"https:\/\/www.cliniquedentairedeneuchatel.ch\/apnee-du-sommeil\/#breadcrumb\"},\"inLanguage\":\"de-CH\",\"potentialAction\":[{\"@type\":\"ReadAction\",\"target\":[\"https:\/\/www.cliniquedentairedeneuchatel.ch\/apnee-du-sommeil\/\"]}]},{\"@type\":\"ImageObject\",\"inLanguage\":\"de-CH\",\"@id\":\"https:\/\/www.cliniquedentairedeneuchatel.ch\/apnee-du-sommeil\/#primaryimage\",\"url\":\"https:\/\/www.cliniquedentairedeneuchatel.ch\/wp-content\/uploads\/Image_Orthese.jpg\",\"contentUrl\":\"https:\/\/www.cliniquedentairedeneuchatel.ch\/wp-content\/uploads\/Image_Orthese.jpg\",\"width\":1024,\"height\":768,\"caption\":\"Orth\u00e8se d\u2019avanc\u00e9e mandibulaire NARVAL\"},{\"@type\":\"BreadcrumbList\",\"@id\":\"https:\/\/www.cliniquedentairedeneuchatel.ch\/apnee-du-sommeil\/#breadcrumb\",\"itemListElement\":[{\"@type\":\"ListItem\",\"position\":1,\"name\":\"Accueil\",\"item\":\"https:\/\/www.cliniquedentairedeneuchatel.ch\/\"},{\"@type\":\"ListItem\",\"position\":2,\"name\":\"Apn\u00e9es du sommeil\"}]},{\"@type\":\"WebSite\",\"@id\":\"https:\/\/www.cliniquedentairedeneuchatel.ch\/#website\",\"url\":\"https:\/\/www.cliniquedentairedeneuchatel.ch\/\",\"name\":\"Clinique Dentaire de Neuch\u00e2tel | Dentiste d&#039;urgence\",\"description\":\"&quot;Votre clinique... tout en douceur...&quot;\",\"publisher\":{\"@id\":\"https:\/\/www.cliniquedentairedeneuchatel.ch\/#organization\"},\"potentialAction\":[{\"@type\":\"SearchAction\",\"target\":{\"@type\":\"EntryPoint\",\"urlTemplate\":\"https:\/\/www.cliniquedentairedeneuchatel.ch\/?s={search_term_string}\"},\"query-input\":{\"@type\":\"PropertyValueSpecification\",\"valueRequired\":true,\"valueName\":\"search_term_string\"}}],\"inLanguage\":\"de-CH\"},{\"@type\":\"Organization\",\"@id\":\"https:\/\/www.cliniquedentairedeneuchatel.ch\/#organization\",\"name\":\"Clinique Dentaire de Neuch\u00e2tel | Votre dentiste \u00e0 Neuch\u00e2tel\",\"url\":\"https:\/\/www.cliniquedentairedeneuchatel.ch\/\",\"logo\":{\"@type\":\"ImageObject\",\"inLanguage\":\"de-CH\",\"@id\":\"https:\/\/www.cliniquedentairedeneuchatel.ch\/#\/schema\/logo\/image\/\",\"url\":\"https:\/\/www.cliniquedentairedeneuchatel.ch\/wp-content\/uploads\/logo_wordpress.png\",\"contentUrl\":\"https:\/\/www.cliniquedentairedeneuchatel.ch\/wp-content\/uploads\/logo_wordpress.png\",\"width\":869,\"height\":402,\"caption\":\"Clinique Dentaire de Neuch\u00e2tel | Votre dentiste \u00e0 Neuch\u00e2tel\"},\"image\":{\"@id\":\"https:\/\/www.cliniquedentairedeneuchatel.ch\/#\/schema\/logo\/image\/\"},\"sameAs\":[\"https:\/\/www.facebook.com\/cliniquedentaireNeuchatel\"]}]}<\/script>\n<!-- \/ Yoast SEO plugin. -->","yoast_head_json":{"title":"Apn\u00e9es du sommeil | Clinique Dentaire de Neuch\u00e2tel | Dentiste d&#039;urgence | Maux | apn\u00e9e","description":"Lorsqu\u2019on souffre de SAOS (Syndrome de l\u2019Apn\u00e9e Obstructive du Sommeil), les voies a\u00e9riennes sup\u00e9rieures se retrouvent obstru\u00e9es durant le sommeil sans que le dormeur ne s\u2019en rende compte. Il s\u2019en suit des r\u00e9veils fr\u00e9quents et brefs durant la nuit. Cela se manifeste le plus fr\u00e9quemment par une somnolence durant la journ\u00e9e, maux de t\u00eate et bouche s\u00e8che au r\u00e9veil, perte de m\u00e9moire et difficult\u00e9 \u00e0 se concentrer.L\u2019OAM est une orth\u00e8se se pr\u00e9sentant sous forme de goutti\u00e8res qui maintiennent la m\u00e2choire inf\u00e9rieure en position l\u00e9g\u00e8rement avanc\u00e9e afin de lib\u00e9rer les voies a\u00e9riennes sup\u00e9rieures permettant un meilleur passage d\u2019air.","robots":{"index":"index","follow":"follow","max-snippet":"max-snippet:-1","max-image-preview":"max-image-preview:large","max-video-preview":"max-video-preview:-1"},"canonical":"https:\/\/www.cliniquedentairedeneuchatel.ch\/de\/apnee-du-sommeil\/","og_locale":"de_DE","og_type":"article","og_title":"Apn\u00e9es du sommeil | Clinique Dentaire de Neuch\u00e2tel | Dentiste d&#039;urgence | Maux | apn\u00e9e","og_description":"Lorsqu\u2019on souffre de SAOS (Syndrome de l\u2019Apn\u00e9e Obstructive du Sommeil), les voies a\u00e9riennes sup\u00e9rieures se retrouvent obstru\u00e9es durant le sommeil sans que le dormeur ne s\u2019en rende compte. Il s\u2019en suit des r\u00e9veils fr\u00e9quents et brefs durant la nuit. Cela se manifeste le plus fr\u00e9quemment par une somnolence durant la journ\u00e9e, maux de t\u00eate et bouche s\u00e8che au r\u00e9veil, perte de m\u00e9moire et difficult\u00e9 \u00e0 se concentrer.L\u2019OAM est une orth\u00e8se se pr\u00e9sentant sous forme de goutti\u00e8res qui maintiennent la m\u00e2choire inf\u00e9rieure en position l\u00e9g\u00e8rement avanc\u00e9e afin de lib\u00e9rer les voies a\u00e9riennes sup\u00e9rieures permettant un meilleur passage d\u2019air.","og_url":"https:\/\/www.cliniquedentairedeneuchatel.ch\/de\/apnee-du-sommeil\/","og_site_name":"Clinique Dentaire de Neuch\u00e2tel | Dentiste d&#039;urgence","article_publisher":"https:\/\/www.facebook.com\/cliniquedentaireNeuchatel","article_modified_time":"2024-12-09T15:37:13+00:00","og_image":[{"width":1024,"height":768,"url":"https:\/\/www.cliniquedentairedeneuchatel.ch\/wp-content\/uploads\/Image_Orthese.jpg","type":"image\/jpeg"}],"twitter_card":"summary_large_image","twitter_misc":{"Gesch\u00e4tzte Lesezeit":"2 Minuten"},"schema":{"@context":"https:\/\/schema.org","@graph":[{"@type":"WebPage","@id":"https:\/\/www.cliniquedentairedeneuchatel.ch\/apnee-du-sommeil\/","url":"https:\/\/www.cliniquedentairedeneuchatel.ch\/apnee-du-sommeil\/","name":"Apn\u00e9es du sommeil | Clinique Dentaire de Neuch\u00e2tel | Dentiste d&#039;urgence | Maux | apn\u00e9e","isPartOf":{"@id":"https:\/\/www.cliniquedentairedeneuchatel.ch\/#website"},"primaryImageOfPage":{"@id":"https:\/\/www.cliniquedentairedeneuchatel.ch\/apnee-du-sommeil\/#primaryimage"},"image":{"@id":"https:\/\/www.cliniquedentairedeneuchatel.ch\/apnee-du-sommeil\/#primaryimage"},"thumbnailUrl":"https:\/\/www.cliniquedentairedeneuchatel.ch\/wp-content\/uploads\/Image_Orthese.jpg","datePublished":"2020-11-18T13:44:43+00:00","dateModified":"2024-12-09T15:37:13+00:00","description":"Lorsqu\u2019on souffre de SAOS (Syndrome de l\u2019Apn\u00e9e Obstructive du Sommeil), les voies a\u00e9riennes sup\u00e9rieures se retrouvent obstru\u00e9es durant le sommeil sans que le dormeur ne s\u2019en rende compte. Il s\u2019en suit des r\u00e9veils fr\u00e9quents et brefs durant la nuit. Cela se manifeste le plus fr\u00e9quemment par une somnolence durant la journ\u00e9e, maux de t\u00eate et bouche s\u00e8che au r\u00e9veil, perte de m\u00e9moire et difficult\u00e9 \u00e0 se concentrer.L\u2019OAM est une orth\u00e8se se pr\u00e9sentant sous forme de goutti\u00e8res qui maintiennent la m\u00e2choire inf\u00e9rieure en position l\u00e9g\u00e8rement avanc\u00e9e afin de lib\u00e9rer les voies a\u00e9riennes sup\u00e9rieures permettant un meilleur passage d\u2019air.","breadcrumb":{"@id":"https:\/\/www.cliniquedentairedeneuchatel.ch\/apnee-du-sommeil\/#breadcrumb"},"inLanguage":"de-CH","potentialAction":[{"@type":"ReadAction","target":["https:\/\/www.cliniquedentairedeneuchatel.ch\/apnee-du-sommeil\/"]}]},{"@type":"ImageObject","inLanguage":"de-CH","@id":"https:\/\/www.cliniquedentairedeneuchatel.ch\/apnee-du-sommeil\/#primaryimage","url":"https:\/\/www.cliniquedentairedeneuchatel.ch\/wp-content\/uploads\/Image_Orthese.jpg","contentUrl":"https:\/\/www.cliniquedentairedeneuchatel.ch\/wp-content\/uploads\/Image_Orthese.jpg","width":1024,"height":768,"caption":"Orth\u00e8se d\u2019avanc\u00e9e mandibulaire NARVAL"},{"@type":"BreadcrumbList","@id":"https:\/\/www.cliniquedentairedeneuchatel.ch\/apnee-du-sommeil\/#breadcrumb","itemListElement":[{"@type":"ListItem","position":1,"name":"Accueil","item":"https:\/\/www.cliniquedentairedeneuchatel.ch\/"},{"@type":"ListItem","position":2,"name":"Apn\u00e9es du sommeil"}]},{"@type":"WebSite","@id":"https:\/\/www.cliniquedentairedeneuchatel.ch\/#website","url":"https:\/\/www.cliniquedentairedeneuchatel.ch\/","name":"Clinique Dentaire de Neuch\u00e2tel | Dentiste d&#039;urgence","description":"&quot;Votre clinique... tout en douceur...&quot;","publisher":{"@id":"https:\/\/www.cliniquedentairedeneuchatel.ch\/#organization"},"potentialAction":[{"@type":"SearchAction","target":{"@type":"EntryPoint","urlTemplate":"https:\/\/www.cliniquedentairedeneuchatel.ch\/?s={search_term_string}"},"query-input":{"@type":"PropertyValueSpecification","valueRequired":true,"valueName":"search_term_string"}}],"inLanguage":"de-CH"},{"@type":"Organization","@id":"https:\/\/www.cliniquedentairedeneuchatel.ch\/#organization","name":"Clinique Dentaire de Neuch\u00e2tel | Votre dentiste \u00e0 Neuch\u00e2tel","url":"https:\/\/www.cliniquedentairedeneuchatel.ch\/","logo":{"@type":"ImageObject","inLanguage":"de-CH","@id":"https:\/\/www.cliniquedentairedeneuchatel.ch\/#\/schema\/logo\/image\/","url":"https:\/\/www.cliniquedentairedeneuchatel.ch\/wp-content\/uploads\/logo_wordpress.png","contentUrl":"https:\/\/www.cliniquedentairedeneuchatel.ch\/wp-content\/uploads\/logo_wordpress.png","width":869,"height":402,"caption":"Clinique Dentaire de Neuch\u00e2tel | Votre dentiste \u00e0 Neuch\u00e2tel"},"image":{"@id":"https:\/\/www.cliniquedentairedeneuchatel.ch\/#\/schema\/logo\/image\/"},"sameAs":["https:\/\/www.facebook.com\/cliniquedentaireNeuchatel"]}]}},"_links":{"self":[{"href":"https:\/\/www.cliniquedentairedeneuchatel.ch\/de\/wp-json\/wp\/v2\/pages\/1011","targetHints":{"allow":["GET"]}}],"collection":[{"href":"https:\/\/www.cliniquedentairedeneuchatel.ch\/de\/wp-json\/wp\/v2\/pages"}],"about":[{"href":"https:\/\/www.cliniquedentairedeneuchatel.ch\/de\/wp-json\/wp\/v2\/types\/page"}],"author":[{"embeddable":true,"href":"https:\/\/www.cliniquedentairedeneuchatel.ch\/de\/wp-json\/wp\/v2\/users\/1"}],"replies":[{"embeddable":true,"href":"https:\/\/www.cliniquedentairedeneuchatel.ch\/de\/wp-json\/wp\/v2\/comments?post=1011"}],"version-history":[{"count":1,"href":"https:\/\/www.cliniquedentairedeneuchatel.ch\/de\/wp-json\/wp\/v2\/pages\/1011\/revisions"}],"predecessor-version":[{"id":3367,"href":"https:\/\/www.cliniquedentairedeneuchatel.ch\/de\/wp-json\/wp\/v2\/pages\/1011\/revisions\/3367"}],"wp:featuredmedia":[{"embeddable":true,"href":"https:\/\/www.cliniquedentairedeneuchatel.ch\/de\/wp-json\/wp\/v2\/media\/648"}],"wp:attachment":[{"href":"https:\/\/www.cliniquedentairedeneuchatel.ch\/de\/wp-json\/wp\/v2\/media?parent=1011"}],"curies":[{"name":"wp","href":"https:\/\/api.w.org\/{rel}","templated":true}]}}